
{"id":7193,"date":"2024-04-04T15:18:55","date_gmt":"2024-04-04T15:18:55","guid":{"rendered":"https:\/\/www.npf.ie\/an-chead-athbhreithniu-ar-an-gcreat-pleanala-naisiunta\/"},"modified":"2024-09-13T13:30:18","modified_gmt":"2024-09-13T13:30:18","slug":"an-chead-athbhreithniu-ar-an-gcreat-pleanala-naisiunta","status":"publish","type":"page","link":"https:\/\/www.npf.ie\/ga\/an-chead-athbhreithniu-ar-an-gcreat-pleanala-naisiunta\/","title":{"rendered":"An Ch\u00e9ad Athbhreithni\u00fa ar an gCreat Plean\u00e1la N\u00e1isi\u00fanta"},"content":{"rendered":"\n<section class=\"inherit-container-width wp-block-group alignfull has-ast-global-color-8-background-color has-background is-layout-constrained wp-block-group-is-layout-constrained\">\n<div class=\"wp-block-columns is-layout-flex wp-container-core-columns-is-layout-28f84493 wp-block-columns-is-layout-flex\">\n<div class=\"wp-block-column ticss-df6151e4 has-ast-global-color-8-background-color has-background is-layout-flow wp-block-column-is-layout-flow\" style=\"padding-top:var(--wp--preset--spacing--50);padding-right:var(--wp--preset--spacing--50);padding-bottom:var(--wp--preset--spacing--50);padding-left:var(--wp--preset--spacing--50)\">\n<div class=\"wp-block-columns is-layout-flex wp-container-core-columns-is-layout-28f84493 wp-block-columns-is-layout-flex\">\n<div class=\"wp-block-column is-layout-flow wp-block-column-is-layout-flow\">\n<h2 class=\"wp-block-heading has-text-align-left\"><strong>R\u00e1iteas \u00f3n Rialtas maidir leis an gC\u00e9ad Athbhreithni\u00fa ar an gCreat N\u00e1isi\u00fanta Plean\u00e1la (CNP)<\/strong> &#8211; <strong>5 M\u00e1rta 2024<\/strong><\/h2>\n\n\n\n<p style=\"font-size:22px\">D\u2019aontaigh an Rialtas inniu, an 5 M\u00e1rta 2024, go nd\u00e9anfa\u00ed faomhadh an Chreata N\u00e1isi\u00fanta Plean\u00e1la athbhreithnithe a chur siar agus t\u00e1 aml\u00edne athbhreithnithe leagtha amach acu don phr\u00f3iseas.<\/p>\n\n\n\n<p style=\"font-size:22px\">De bhun Alt 20C (5)(b) den Acht um Plean\u00e1il agus Forbairt, 2000 (arna leas\u00fa), t\u00e1 r\u00e1iteas foilsithe ag an Rialtas lena m\u00edn\u00edtear c\u00e9n f\u00e1th ar chinn an Rialtas gan athbhreithni\u00fa a dh\u00e9anamh ar an gCreat. \u00c1ir\u00edtear leis an R\u00e1iteas aml\u00edne athbhreithnithe freisin.<\/p>\n\n\n\n<p style=\"font-size:22px\">Is \u00e9ard a bheidh i gceist leis an aml\u00edne athbhreithnithe don phr\u00f3iseas athbhreithnithe n\u00e1 foilsi\u00fa an dr\u00e9acht-CNP athbhreithnithe agus na meas\u00fanuithe teicni\u00fala a th\u00e9ann leis le haghaidh comhairli\u00fach\u00e1in phoibl\u00ed n\u00e1isi\u00fanta i m\u00ed an Mheithimh 2024. Ina dhiaidh sin beidh C\u00e9im Leasaithe i m\u00ed L\u00fanasa 2024 chun meas\u00fan\u00fa agus breithni\u00fa a dh\u00e9anamh ar na haighneachta\u00ed a fuarthas agus chun aon leasuithe \u00e1bhartha a chur i bhfeidhm. Foilseofar an doicim\u00e9ad cr\u00edochnaithe, faoi r\u00e9ir formheasa, i m\u00ed Mhe\u00e1n F\u00f3mhair 2024.<\/p>\n<\/div>\n\n\n\n<div class=\"wp-block-column is-vertically-aligned-center ticss-f0d51eeb has-ast-global-color-6-background-color has-background is-layout-flow wp-block-column-is-layout-flow\" style=\"padding-top:var(--wp--preset--spacing--50);padding-right:var(--wp--preset--spacing--50);padding-bottom:var(--wp--preset--spacing--50);padding-left:var(--wp--preset--spacing--50);flex-basis:35%\">\n<p class=\"has-text-color\" style=\"color:#211f21;font-size:22px\">T\u00e1 R\u00e1iteas an Rialtas ar f\u00e1il anseo:<\/p>\n\n\n\n<div class=\"wp-block-buttons is-content-justification-left is-layout-flex wp-container-core-buttons-is-layout-fc4fd283 wp-block-buttons-is-layout-flex\">\n<div class=\"wp-block-button has-custom-font-size has-medium-font-size\"><a class=\"wp-block-button__link wp-element-button\" href=\"https:\/\/www.gov.ie\/en\/press-release\/b7288-statement-from-department-of-housing-local-government-and-heritage\/\" target=\"_blank\" rel=\"noreferrer noopener\">Preasr\u00e1iteas<\/a><\/div>\n<\/div>\n<\/div>\n<\/div>\n<\/div>\n<\/div>\n<\/section>\n\n<section class=\"inherit-container-width wp-block-group alignfull has-background is-layout-constrained wp-block-group-is-layout-constrained\" style=\"background:linear-gradient(135deg,rgb(33,103,96) 0%,rgb(53,142,133) 100%)\">\n<div class=\"wp-block-columns is-layout-flex wp-container-core-columns-is-layout-28f84493 wp-block-columns-is-layout-flex\">\n<div class=\"wp-block-column ticss-df6151e4 has-background is-layout-flow wp-block-column-is-layout-flow\" style=\"background-color:#00000029;padding-top:var(--wp--preset--spacing--50);padding-right:var(--wp--preset--spacing--50);padding-bottom:var(--wp--preset--spacing--50);padding-left:var(--wp--preset--spacing--50)\">\n<div class=\"wp-block-columns is-layout-flex wp-container-core-columns-is-layout-28f84493 wp-block-columns-is-layout-flex\">\n<div class=\"wp-block-column is-layout-flow wp-block-column-is-layout-flow\">\n<h2 class=\"wp-block-heading has-text-align-center has-ast-global-color-5-color has-text-color has-link-color wp-elements-e0bde00b16f0a0cd00e01a5628c92383\">An Ch\u00e9ad Athbhreithni\u00fa ar an gCreat Plean\u00e1la N\u00e1isi\u00fanta<\/h2>\n\n\n\n<p class=\"has-ast-global-color-5-color has-text-color has-link-color wp-elements-2f58d242c795812d4eaf18b3d89009c0\" style=\"font-size:22px\">D&#8217;fhormheas an Rialtas tos\u00fa an phr\u00f3isis chun athbhreithni\u00fa a dh\u00e9anamh ar an gCreat Plean\u00e1la N\u00e1isi\u00fanta (CPN) agus an Treochl\u00e1r don Chead Athbhreithni\u00fa sin a fhoilsi\u00fa. Leanann s\u00e9 sin cinneadh an Rialtais chun dul ar aghaidh le tabhairt faoi athbhreithni\u00fa ar an CPN, d\u00e1 bhfor\u00e1iltear san Acht um Plean\u00e1il agus Forbairt, 2000 agus chun an Treochl\u00e1r, a leagann amach an pr\u00f3iseas agus an aml\u00edne don athbhreithni\u00fa a fhoilsi\u00fa.<\/p>\n\n\n\n<p class=\"has-ast-global-color-5-color has-text-color has-link-color wp-elements-bf76733c96c3c5480c2ea81a973c7a17\" style=\"font-size:22px\">An Treochl\u00e1r:<\/p>\n\n\n\n<ul style=\"font-size:22px\" class=\"has-ast-global-color-5-color has-text-color has-link-color wp-block-list wp-elements-d900fbf9188b7361d688887e84569e2e\">\n<li style=\"font-size:22px\">leagann s\u00e9 amach pr\u00f3iseas agus cusp\u00f3ir an athbhreithnithe don CNP;<\/li>\n\n\n\n<li style=\"font-size:22px\">ullmha\u00edodh \u00e9 chun p\u00e1irtithe leasmhara uile an athbhreithnithe a chur ar an eolas;<\/li>\n\n\n\n<li style=\"font-size:22px\">leagann s\u00e9 amach c\u00falra an phr\u00f3isis agus na hachair ama do gach c\u00e9im an athbhreithnithe; agus<\/li>\n\n\n\n<li style=\"font-size:22px\">daingn\u00edonn s\u00e9 na pr\u00f3isis chomhairli\u00fach\u00e1in at\u00e1 bainteach leis an athbhreithni\u00fa.<\/li>\n<\/ul>\n<\/div>\n\n\n\n<div class=\"wp-block-column is-vertically-aligned-center ticss-f0d51eeb has-background is-layout-flow wp-block-column-is-layout-flow\" style=\"background-color:#0c4c45;padding-top:var(--wp--preset--spacing--50);padding-right:var(--wp--preset--spacing--50);padding-bottom:var(--wp--preset--spacing--50);padding-left:var(--wp--preset--spacing--50);flex-basis:35%\">\n<p class=\"has-ast-global-color-5-color has-text-color has-link-color wp-elements-e3c3aecfcca17a4f883d1fc7e92390aa\" style=\"font-size:22px\">Is f\u00e9idir amharc ar \u201cAn Ch\u00e9ad Athbhreithni\u00fa ar an gCreat Plean\u00e1la N\u00e1isi\u00fanta\u201d ar an su\u00edomh gr\u00e9as\u00e1in gov.ie.<\/p>\n\n\n\n<div class=\"wp-block-buttons is-content-justification-left is-layout-flex wp-container-core-buttons-is-layout-fc4fd283 wp-block-buttons-is-layout-flex\">\n<div class=\"wp-block-button has-custom-font-size is-style-fill has-medium-font-size\"><a class=\"wp-block-button__link has-ast-global-color-5-color has-text-color has-link-color has-text-align-center wp-element-button\" href=\"https:\/\/www.gov.ie\/pdf\/?file=https:\/\/assets.gov.ie\/261206\/107b5edc-533d-4f74-8c85-00763d457503.pdf#page=null\" target=\"_blank\" rel=\"noreferrer noopener\">Treochl\u00e1r<\/a><\/div>\n\n\n\n<div class=\"wp-block-button has-custom-font-size has-medium-font-size\"><a class=\"wp-block-button__link has-ast-global-color-5-color has-text-color has-link-color wp-element-button\" href=\"https:\/\/www.gov.ie\/en\/press-release\/aac78-minister-obrien-outlines-revision-process-for-national-planning-framework\/\" target=\"_blank\" rel=\"noreferrer noopener\">Preasr\u00e1iteas<\/a><\/div>\n<\/div>\n<\/div>\n<\/div>\n<\/div>\n<\/div>\n<\/section>\n\n<div class=\"wp-block-cover alignfull wp-duotone-unset-1\" style=\"min-height:302px;aspect-ratio:unset;\"><span aria-hidden=\"true\" class=\"wp-block-cover__background has-background-dim-0 has-background-dim\"><\/span><img loading=\"lazy\" decoding=\"async\" width=\"1500\" height=\"443\" class=\"wp-block-cover__image-background wp-image-3888\" alt=\"\" src=\"https:\/\/www.npf.ie\/wp-content\/uploads\/urdfbanner.jpg\" style=\"object-position:25% 57%\" data-object-fit=\"cover\" data-object-position=\"25% 57%\" srcset=\"https:\/\/www.npf.ie\/wp-content\/uploads\/urdfbanner.jpg 1500w, https:\/\/www.npf.ie\/wp-content\/uploads\/urdfbanner-300x89.jpg 300w, https:\/\/www.npf.ie\/wp-content\/uploads\/urdfbanner-768x227.jpg 768w, https:\/\/www.npf.ie\/wp-content\/uploads\/urdfbanner-1024x302.jpg 1024w, https:\/\/www.npf.ie\/wp-content\/uploads\/urdfbanner-780x230.jpg 780w, https:\/\/www.npf.ie\/wp-content\/uploads\/urdfbanner-1120x331.jpg 1120w\" sizes=\"auto, (max-width: 1500px) 100vw, 1500px\" \/><div class=\"wp-block-cover__inner-container is-layout-flow wp-block-cover-is-layout-flow\">\n<p class=\"has-text-align-center has-large-font-size\"><\/p>\n<\/div><\/div>\n\n<section class=\"inherit-container-width wp-block-group alignfull has-ast-global-color-8-background-color has-background is-layout-constrained wp-block-group-is-layout-constrained\">\n<div class=\"wp-block-columns is-layout-flex wp-container-core-columns-is-layout-28f84493 wp-block-columns-is-layout-flex\">\n<div class=\"wp-block-column ticss-df6151e4 has-ast-global-color-8-background-color has-background is-layout-flow wp-block-column-is-layout-flow\" style=\"padding-top:var(--wp--preset--spacing--50);padding-right:var(--wp--preset--spacing--50);padding-bottom:var(--wp--preset--spacing--50);padding-left:var(--wp--preset--spacing--50)\">\n<div class=\"wp-block-columns is-layout-flex wp-container-core-columns-is-layout-28f84493 wp-block-columns-is-layout-flex\">\n<div class=\"wp-block-column is-layout-flow wp-block-column-is-layout-flow\">\n<h2 class=\"wp-block-heading has-text-align-left\">Tuarasc\u00e1il an tSainghr\u00fapa don Ch\u00e9ad Athbhreithni\u00fa ar an gCreat Plean\u00e1la N\u00e1isi\u00fanta<\/h2>\n\n\n\n<p style=\"font-size:22px\">Ar an 20 Meitheamh 2023, d&#8217;fhormheas an Rialtas tos\u00fa an phr\u00f3isis chun tabhairt faoin gC\u00e9ad Athbhreithni\u00fa ar an gCreat Plean\u00e1la N\u00e1isi\u00fanta (CPN), i gcomhr\u00e9ir le hAlt 20C (5) den Acht um Plean\u00e1il agus Forbairt, 2000 (arna leas\u00fa) agus an\u00a0<a href=\"https:\/\/www.gov.ie\/pdf\/?file=https:\/\/assets.gov.ie\/261206\/107b5edc-533d-4f74-8c85-00763d457503.pdf#page=null\">Treochl\u00e1r don Ch\u00e9ad Athbhreithni\u00fa a fhoilsi\u00fa<\/a>\u00a0.<\/p>\n\n\n\n<p style=\"font-size:22px\">Buna\u00edodh Sainghr\u00fapa ar a bhfuil tri\u00far saineolaithe neamhsple\u00e1cha a bhfuil taith\u00ed acu ar phlean\u00e1il sp\u00e1s\u00falachta, ar fhorbairt eacnama\u00edoch agus sh\u00f3isialta agus ar chosaint an chomhshaoil, i m\u00ed an Mh\u00e1rta 2023. D\u2019iarr an tAire Tith\u00edochta, Rialtais \u00c1iti\u00fail agus Oidhreachta ar an Sainghr\u00fapa forbhreathn\u00fa ardleibh\u00e9il a shol\u00e1thar ar an CNP, a foils\u00edodh in 2018, agus nithe a aithint a bheadh le pl\u00e9 sa ch\u00e9ad athbhreithni\u00fa reacht\u00fail ar an CNP.<\/p>\n\n\n\n<p style=\"font-size:22px\">Chuir an Sainghr\u00fapa a dtuarasc\u00e1il faoi bhr\u00e1id an Aire O\u2019Brien ar an 16 L\u00fanasa 2023, agus beidh s\u00e9 mar bhonn eolais anois le hullmh\u00fa \u2018P\u00e1ip\u00e9ar Saincheisteanna\u2019 at\u00e1 \u00e1 fhorbairt faoi l\u00e1thair le haghaidh comhairli\u00fach\u00e1n le p\u00e1irtithe leasmhara.<\/p>\n<\/div>\n\n\n\n<div class=\"wp-block-column is-vertically-aligned-center ticss-f0d51eeb has-ast-global-color-6-background-color has-background is-layout-flow wp-block-column-is-layout-flow\" style=\"padding-top:var(--wp--preset--spacing--50);padding-right:var(--wp--preset--spacing--50);padding-bottom:var(--wp--preset--spacing--50);padding-left:var(--wp--preset--spacing--50);flex-basis:35%\">\n<p class=\"has-text-color\" style=\"color:#211f21;font-size:22px\">Is f\u00e9idir amharc ar \u201cThuarasc\u00e1il an tSainghr\u00fapa don Ch\u00e9ad Athbhreithni\u00fa ar an gCreat Plean\u00e1la N\u00e1isi\u00fanta\u201d ar an su\u00edomh gr\u00e9as\u00e1in gov.ie.<\/p>\n\n\n\n<div class=\"wp-block-buttons is-content-justification-left is-layout-flex wp-container-core-buttons-is-layout-fc4fd283 wp-block-buttons-is-layout-flex\">\n<div class=\"wp-block-button has-custom-font-size has-medium-font-size\"><a class=\"wp-block-button__link wp-element-button\" href=\"https:\/\/www.gov.ie\/pdf\/?file=https:\/\/assets.gov.ie\/269769\/2849f227-34e6-46da-82ff-6775c8fcb646.pdf\">\u00cdosl\u00f3d\u00e1il<\/a><\/div>\n<\/div>\n<\/div>\n<\/div>\n<\/div>\n<\/div>\n<\/section>\n","protected":false},"excerpt":{"rendered":"<p>R\u00e1iteas \u00f3n Rialtas maidir leis an gC\u00e9ad Athbhreithni\u00fa ar an gCreat N\u00e1isi\u00fanta Plean\u00e1la (CNP) &#8211; 5 M\u00e1rta 2024 D\u2019aontaigh an [&hellip;]<\/p>\n","protected":false},"author":7,"featured_media":0,"parent":0,"menu_order":0,"comment_status":"closed","ping_status":"closed","template":"","meta":{"_uag_custom_page_level_css":"","site-sidebar-layout":"default","site-content-layout":"","ast-site-content-layout":"default","site-content-style":"default","site-sidebar-style":"default","ast-global-header-display":"","ast-banner-title-visibility":"","ast-main-header-display":"","ast-hfb-above-header-display":"","ast-hfb-below-header-display":"","ast-hfb-mobile-header-display":"","site-post-title":"","ast-breadcrumbs-content":"","ast-featured-img":"","footer-sml-layout":"","ast-disable-related-posts":"","theme-transparent-header-meta":"","adv-header-id-meta":"","stick-header-meta":"","header-above-stick-meta":"","header-main-stick-meta":"","header-below-stick-meta":"","astra-migrate-meta-layouts":"default","ast-page-background-enabled":"default","ast-page-background-meta":{"desktop":{"background-color":"var(--ast-global-color-5)","background-image":"","background-repeat":"repeat","background-position":"center center","background-size":"auto","background-attachment":"scroll","background-type":"","background-media":"","overlay-type":"","overlay-color":"","overlay-opacity":"","overlay-gradient":""},"tablet":{"background-color":"","background-image":"","background-repeat":"repeat","background-position":"center center","background-size":"auto","background-attachment":"scroll","background-type":"","background-media":"","overlay-type":"","overlay-color":"","overlay-opacity":"","overlay-gradient":""},"mobile":{"background-color":"","background-image":"","background-repeat":"repeat","background-position":"center center","background-size":"auto","background-attachment":"scroll","background-type":"","background-media":"","overlay-type":"","overlay-color":"","overlay-opacity":"","overlay-gradient":""}},"ast-content-background-meta":{"desktop":{"background-color":"var(--ast-global-color-4)","background-image":"","background-repeat":"repeat","background-position":"center center","background-size":"auto","background-attachment":"scroll","background-type":"","background-media":"","overlay-type":"","overlay-color":"","overlay-opacity":"","overlay-gradient":""},"tablet":{"background-color":"var(--ast-global-color-4)","background-image":"","background-repeat":"repeat","background-position":"center center","background-size":"auto","background-attachment":"scroll","background-type":"","background-media":"","overlay-type":"","overlay-color":"","overlay-opacity":"","overlay-gradient":""},"mobile":{"background-color":"var(--ast-global-color-4)","background-image":"","background-repeat":"repeat","background-position":"center center","background-size":"auto","background-attachment":"scroll","background-type":"","background-media":"","overlay-type":"","overlay-color":"","overlay-opacity":"","overlay-gradient":""}},"footnotes":""},"class_list":["post-7193","page","type-page","status-publish","hentry"],"yoast_head":"<!-- This site is optimized with the Yoast SEO plugin v27.5 - https:\/\/yoast.com\/product\/yoast-seo-wordpress\/ -->\n<title>An Ch\u00e9ad Athbhreithni\u00fa ar an gCreat Plean\u00e1la N\u00e1isi\u00fanta - The National Planning Framework<\/title>\n<meta name=\"robots\" content=\"index, follow, max-snippet:-1, max-image-preview:large, max-video-preview:-1\" \/>\n<link rel=\"canonical\" href=\"https:\/\/www.npf.ie\/ga\/an-chead-athbhreithniu-ar-an-gcreat-pleanala-naisiunta\/\" \/>\n<meta property=\"og:locale\" content=\"ga_IE\" \/>\n<meta property=\"og:type\" content=\"article\" \/>\n<meta property=\"og:title\" content=\"An Ch\u00e9ad Athbhreithni\u00fa ar an gCreat Plean\u00e1la N\u00e1isi\u00fanta - The National Planning Framework\" \/>\n<meta property=\"og:description\" content=\"R\u00e1iteas \u00f3n Rialtas maidir leis an gC\u00e9ad Athbhreithni\u00fa ar an gCreat N\u00e1isi\u00fanta Plean\u00e1la (CNP) &#8211; 5 M\u00e1rta 2024 D\u2019aontaigh an [&hellip;]\" \/>\n<meta property=\"og:url\" content=\"https:\/\/www.npf.ie\/ga\/an-chead-athbhreithniu-ar-an-gcreat-pleanala-naisiunta\/\" \/>\n<meta property=\"og:site_name\" content=\"The National Planning Framework\" \/>\n<meta property=\"article:modified_time\" content=\"2024-09-13T13:30:18+00:00\" \/>\n<meta property=\"og:image\" content=\"https:\/\/www.npf.ie\/wp-content\/uploads\/urdfbanner.jpg\" \/>\n<meta name=\"twitter:card\" content=\"summary_large_image\" \/>\n<meta name=\"twitter:label1\" content=\"Est. reading time\" \/>\n\t<meta name=\"twitter:data1\" content=\"3 minutes\" \/>\n<script type=\"application\/ld+json\" class=\"yoast-schema-graph\">{\"@context\":\"https:\\\/\\\/schema.org\",\"@graph\":[{\"@type\":\"WebPage\",\"@id\":\"https:\\\/\\\/www.npf.ie\\\/ga\\\/an-chead-athbhreithniu-ar-an-gcreat-pleanala-naisiunta\\\/\",\"url\":\"https:\\\/\\\/www.npf.ie\\\/ga\\\/an-chead-athbhreithniu-ar-an-gcreat-pleanala-naisiunta\\\/\",\"name\":\"An Ch\u00e9ad Athbhreithni\u00fa ar an gCreat Plean\u00e1la N\u00e1isi\u00fanta - The National Planning Framework\",\"isPartOf\":{\"@id\":\"https:\\\/\\\/www.npf.ie\\\/ga\\\/#website\"},\"primaryImageOfPage\":{\"@id\":\"https:\\\/\\\/www.npf.ie\\\/ga\\\/an-chead-athbhreithniu-ar-an-gcreat-pleanala-naisiunta\\\/#primaryimage\"},\"image\":{\"@id\":\"https:\\\/\\\/www.npf.ie\\\/ga\\\/an-chead-athbhreithniu-ar-an-gcreat-pleanala-naisiunta\\\/#primaryimage\"},\"thumbnailUrl\":\"https:\\\/\\\/www.npf.ie\\\/wp-content\\\/uploads\\\/urdfbanner.jpg\",\"datePublished\":\"2024-04-04T15:18:55+00:00\",\"dateModified\":\"2024-09-13T13:30:18+00:00\",\"breadcrumb\":{\"@id\":\"https:\\\/\\\/www.npf.ie\\\/ga\\\/an-chead-athbhreithniu-ar-an-gcreat-pleanala-naisiunta\\\/#breadcrumb\"},\"inLanguage\":\"ga-IE\",\"potentialAction\":[{\"@type\":\"ReadAction\",\"target\":[\"https:\\\/\\\/www.npf.ie\\\/ga\\\/an-chead-athbhreithniu-ar-an-gcreat-pleanala-naisiunta\\\/\"]}]},{\"@type\":\"ImageObject\",\"inLanguage\":\"ga-IE\",\"@id\":\"https:\\\/\\\/www.npf.ie\\\/ga\\\/an-chead-athbhreithniu-ar-an-gcreat-pleanala-naisiunta\\\/#primaryimage\",\"url\":\"https:\\\/\\\/www.npf.ie\\\/wp-content\\\/uploads\\\/urdfbanner.jpg\",\"contentUrl\":\"https:\\\/\\\/www.npf.ie\\\/wp-content\\\/uploads\\\/urdfbanner.jpg\"},{\"@type\":\"BreadcrumbList\",\"@id\":\"https:\\\/\\\/www.npf.ie\\\/ga\\\/an-chead-athbhreithniu-ar-an-gcreat-pleanala-naisiunta\\\/#breadcrumb\",\"itemListElement\":[{\"@type\":\"ListItem\",\"position\":1,\"name\":\"Home\",\"item\":\"https:\\\/\\\/www.npf.ie\\\/ga\\\/\"},{\"@type\":\"ListItem\",\"position\":2,\"name\":\"An Ch\u00e9ad Athbhreithni\u00fa ar an gCreat Plean\u00e1la N\u00e1isi\u00fanta\"}]},{\"@type\":\"WebSite\",\"@id\":\"https:\\\/\\\/www.npf.ie\\\/ga\\\/#website\",\"url\":\"https:\\\/\\\/www.npf.ie\\\/ga\\\/\",\"name\":\"National Planning Framework\",\"description\":\"\",\"publisher\":{\"@id\":\"https:\\\/\\\/www.npf.ie\\\/ga\\\/#organization\"},\"potentialAction\":[{\"@type\":\"SearchAction\",\"target\":{\"@type\":\"EntryPoint\",\"urlTemplate\":\"https:\\\/\\\/www.npf.ie\\\/ga\\\/?s={search_term_string}\"},\"query-input\":{\"@type\":\"PropertyValueSpecification\",\"valueRequired\":true,\"valueName\":\"search_term_string\"}}],\"inLanguage\":\"ga-IE\"},{\"@type\":\"Organization\",\"@id\":\"https:\\\/\\\/www.npf.ie\\\/ga\\\/#organization\",\"name\":\"Department of Housing, Local Government and Heritage\",\"url\":\"https:\\\/\\\/www.npf.ie\\\/ga\\\/\",\"logo\":{\"@type\":\"ImageObject\",\"inLanguage\":\"ga-IE\",\"@id\":\"https:\\\/\\\/www.npf.ie\\\/ga\\\/#\\\/schema\\\/logo\\\/image\\\/\",\"url\":\"https:\\\/\\\/www.npf.ie\\\/wp-content\\\/uploads\\\/npf_logo_feb18_horizontal-3-1-1.png\",\"contentUrl\":\"https:\\\/\\\/www.npf.ie\\\/wp-content\\\/uploads\\\/npf_logo_feb18_horizontal-3-1-1.png\",\"width\":255,\"height\":46,\"caption\":\"Department of Housing, Local Government and Heritage\"},\"image\":{\"@id\":\"https:\\\/\\\/www.npf.ie\\\/ga\\\/#\\\/schema\\\/logo\\\/image\\\/\"}}]}<\/script>\n<!-- \/ Yoast SEO plugin. -->","yoast_head_json":{"title":"An Ch\u00e9ad Athbhreithni\u00fa ar an gCreat Plean\u00e1la N\u00e1isi\u00fanta - The National Planning Framework","robots":{"index":"index","follow":"follow","max-snippet":"max-snippet:-1","max-image-preview":"max-image-preview:large","max-video-preview":"max-video-preview:-1"},"canonical":"https:\/\/www.npf.ie\/ga\/an-chead-athbhreithniu-ar-an-gcreat-pleanala-naisiunta\/","og_locale":"ga_IE","og_type":"article","og_title":"An Ch\u00e9ad Athbhreithni\u00fa ar an gCreat Plean\u00e1la N\u00e1isi\u00fanta - The National Planning Framework","og_description":"R\u00e1iteas \u00f3n Rialtas maidir leis an gC\u00e9ad Athbhreithni\u00fa ar an gCreat N\u00e1isi\u00fanta Plean\u00e1la (CNP) &#8211; 5 M\u00e1rta 2024 D\u2019aontaigh an [&hellip;]","og_url":"https:\/\/www.npf.ie\/ga\/an-chead-athbhreithniu-ar-an-gcreat-pleanala-naisiunta\/","og_site_name":"The National Planning Framework","article_modified_time":"2024-09-13T13:30:18+00:00","og_image":[{"url":"https:\/\/www.npf.ie\/wp-content\/uploads\/urdfbanner.jpg","type":"","width":"","height":""}],"twitter_card":"summary_large_image","twitter_misc":{"Est. reading time":"3 minutes"},"schema":{"@context":"https:\/\/schema.org","@graph":[{"@type":"WebPage","@id":"https:\/\/www.npf.ie\/ga\/an-chead-athbhreithniu-ar-an-gcreat-pleanala-naisiunta\/","url":"https:\/\/www.npf.ie\/ga\/an-chead-athbhreithniu-ar-an-gcreat-pleanala-naisiunta\/","name":"An Ch\u00e9ad Athbhreithni\u00fa ar an gCreat Plean\u00e1la N\u00e1isi\u00fanta - The National Planning Framework","isPartOf":{"@id":"https:\/\/www.npf.ie\/ga\/#website"},"primaryImageOfPage":{"@id":"https:\/\/www.npf.ie\/ga\/an-chead-athbhreithniu-ar-an-gcreat-pleanala-naisiunta\/#primaryimage"},"image":{"@id":"https:\/\/www.npf.ie\/ga\/an-chead-athbhreithniu-ar-an-gcreat-pleanala-naisiunta\/#primaryimage"},"thumbnailUrl":"https:\/\/www.npf.ie\/wp-content\/uploads\/urdfbanner.jpg","datePublished":"2024-04-04T15:18:55+00:00","dateModified":"2024-09-13T13:30:18+00:00","breadcrumb":{"@id":"https:\/\/www.npf.ie\/ga\/an-chead-athbhreithniu-ar-an-gcreat-pleanala-naisiunta\/#breadcrumb"},"inLanguage":"ga-IE","potentialAction":[{"@type":"ReadAction","target":["https:\/\/www.npf.ie\/ga\/an-chead-athbhreithniu-ar-an-gcreat-pleanala-naisiunta\/"]}]},{"@type":"ImageObject","inLanguage":"ga-IE","@id":"https:\/\/www.npf.ie\/ga\/an-chead-athbhreithniu-ar-an-gcreat-pleanala-naisiunta\/#primaryimage","url":"https:\/\/www.npf.ie\/wp-content\/uploads\/urdfbanner.jpg","contentUrl":"https:\/\/www.npf.ie\/wp-content\/uploads\/urdfbanner.jpg"},{"@type":"BreadcrumbList","@id":"https:\/\/www.npf.ie\/ga\/an-chead-athbhreithniu-ar-an-gcreat-pleanala-naisiunta\/#breadcrumb","itemListElement":[{"@type":"ListItem","position":1,"name":"Home","item":"https:\/\/www.npf.ie\/ga\/"},{"@type":"ListItem","position":2,"name":"An Ch\u00e9ad Athbhreithni\u00fa ar an gCreat Plean\u00e1la N\u00e1isi\u00fanta"}]},{"@type":"WebSite","@id":"https:\/\/www.npf.ie\/ga\/#website","url":"https:\/\/www.npf.ie\/ga\/","name":"National Planning Framework","description":"","publisher":{"@id":"https:\/\/www.npf.ie\/ga\/#organization"},"potentialAction":[{"@type":"SearchAction","target":{"@type":"EntryPoint","urlTemplate":"https:\/\/www.npf.ie\/ga\/?s={search_term_string}"},"query-input":{"@type":"PropertyValueSpecification","valueRequired":true,"valueName":"search_term_string"}}],"inLanguage":"ga-IE"},{"@type":"Organization","@id":"https:\/\/www.npf.ie\/ga\/#organization","name":"Department of Housing, Local Government and Heritage","url":"https:\/\/www.npf.ie\/ga\/","logo":{"@type":"ImageObject","inLanguage":"ga-IE","@id":"https:\/\/www.npf.ie\/ga\/#\/schema\/logo\/image\/","url":"https:\/\/www.npf.ie\/wp-content\/uploads\/npf_logo_feb18_horizontal-3-1-1.png","contentUrl":"https:\/\/www.npf.ie\/wp-content\/uploads\/npf_logo_feb18_horizontal-3-1-1.png","width":255,"height":46,"caption":"Department of Housing, Local Government and Heritage"},"image":{"@id":"https:\/\/www.npf.ie\/ga\/#\/schema\/logo\/image\/"}}]}},"spectra_custom_meta":{"adv-header-id-meta":[""],"stick-header-meta":[""],"theme-transparent-header-meta":[""],"ast-site-content-layout":["default"],"_top_nav_excluded":[""],"_cms_nav_minihome":[""],"_last_translation_edit_mode":["translation-editor"],"_cmplz_remote_scanned_post":["1"],"site-post-title":[""],"_wp_page_template":[""],"_wpml_word_count":["{\"total\":520,\"to_translate\":{\"en\":520}}"],"amazonS3_cache":["a:2:{s:46:\"\/\/www.npf.ie\/wp-content\/uploads\/urdfbanner.jpg\";a:2:{s:2:\"id\";i:3888;s:11:\"source_type\";s:13:\"media-library\";}s:46:\"\/\/cdn.npf.ie\/wp-content\/uploads\/urdfbanner.jpg\";a:2:{s:2:\"id\";i:3888;s:11:\"source_type\";s:13:\"media-library\";}}"],"slide_template":["default"],"_uagb_previous_block_counts":["a:90:{s:21:\"uagb\/advanced-heading\";i:0;s:15:\"uagb\/blockquote\";i:0;s:12:\"uagb\/buttons\";i:0;s:18:\"uagb\/buttons-child\";i:0;s:19:\"uagb\/call-to-action\";i:0;s:15:\"uagb\/cf7-styler\";i:0;s:11:\"uagb\/column\";i:0;s:12:\"uagb\/columns\";i:0;s:14:\"uagb\/container\";i:0;s:21:\"uagb\/content-timeline\";i:0;s:27:\"uagb\/content-timeline-child\";i:0;s:14:\"uagb\/countdown\";i:0;s:12:\"uagb\/counter\";i:0;s:8:\"uagb\/faq\";i:0;s:14:\"uagb\/faq-child\";i:0;s:10:\"uagb\/forms\";i:0;s:17:\"uagb\/forms-accept\";i:0;s:19:\"uagb\/forms-checkbox\";i:0;s:15:\"uagb\/forms-date\";i:0;s:16:\"uagb\/forms-email\";i:0;s:17:\"uagb\/forms-hidden\";i:0;s:15:\"uagb\/forms-name\";i:0;s:16:\"uagb\/forms-phone\";i:0;s:16:\"uagb\/forms-radio\";i:0;s:17:\"uagb\/forms-select\";i:0;s:19:\"uagb\/forms-textarea\";i:0;s:17:\"uagb\/forms-toggle\";i:0;s:14:\"uagb\/forms-url\";i:0;s:14:\"uagb\/gf-styler\";i:0;s:15:\"uagb\/google-map\";i:0;s:11:\"uagb\/how-to\";i:0;s:16:\"uagb\/how-to-step\";i:0;s:9:\"uagb\/icon\";i:0;s:14:\"uagb\/icon-list\";i:0;s:20:\"uagb\/icon-list-child\";i:0;s:10:\"uagb\/image\";i:0;s:18:\"uagb\/image-gallery\";i:0;s:13:\"uagb\/info-box\";i:0;s:18:\"uagb\/inline-notice\";i:0;s:11:\"uagb\/lottie\";i:0;s:21:\"uagb\/marketing-button\";i:0;s:10:\"uagb\/modal\";i:0;s:18:\"uagb\/popup-builder\";i:0;s:16:\"uagb\/post-button\";i:0;s:18:\"uagb\/post-carousel\";i:0;s:17:\"uagb\/post-excerpt\";i:0;s:14:\"uagb\/post-grid\";i:0;s:15:\"uagb\/post-image\";i:0;s:17:\"uagb\/post-masonry\";i:0;s:14:\"uagb\/post-meta\";i:0;s:18:\"uagb\/post-taxonomy\";i:0;s:18:\"uagb\/post-timeline\";i:0;s:15:\"uagb\/post-title\";i:0;s:20:\"uagb\/restaurant-menu\";i:0;s:26:\"uagb\/restaurant-menu-child\";i:0;s:11:\"uagb\/review\";i:0;s:12:\"uagb\/section\";i:0;s:14:\"uagb\/separator\";i:0;s:11:\"uagb\/slider\";i:0;s:17:\"uagb\/slider-child\";i:0;s:17:\"uagb\/social-share\";i:0;s:23:\"uagb\/social-share-child\";i:0;s:16:\"uagb\/star-rating\";i:0;s:23:\"uagb\/sure-cart-checkout\";i:0;s:22:\"uagb\/sure-cart-product\";i:0;s:15:\"uagb\/sure-forms\";i:0;s:22:\"uagb\/table-of-contents\";i:0;s:9:\"uagb\/tabs\";i:0;s:15:\"uagb\/tabs-child\";i:0;s:18:\"uagb\/taxonomy-list\";i:0;s:9:\"uagb\/team\";i:0;s:16:\"uagb\/testimonial\";i:0;s:14:\"uagb\/wp-search\";i:0;s:19:\"uagb\/instagram-feed\";i:0;s:10:\"uagb\/login\";i:0;s:17:\"uagb\/loop-builder\";i:0;s:18:\"uagb\/loop-category\";i:0;s:20:\"uagb\/loop-pagination\";i:0;s:15:\"uagb\/loop-reset\";i:0;s:16:\"uagb\/loop-search\";i:0;s:14:\"uagb\/loop-sort\";i:0;s:17:\"uagb\/loop-wrapper\";i:0;s:13:\"uagb\/register\";i:0;s:19:\"uagb\/register-email\";i:0;s:24:\"uagb\/register-first-name\";i:0;s:23:\"uagb\/register-last-name\";i:0;s:22:\"uagb\/register-password\";i:0;s:30:\"uagb\/register-reenter-password\";i:0;s:19:\"uagb\/register-terms\";i:0;s:22:\"uagb\/register-username\";i:0;}"],"_uag_page_assets":["a:9:{s:3:\"css\";s:5444:\".wp-block-uagb-container.uagb-block-5aee6c9c.wp-block-uagb-container{color: var(--ast-global-color-5);}.wp-block-uagb-container.uagb-block-5aee6c9c.wp-block-uagb-container *{color: var(--ast-global-color-5);}.wp-block-uagb-container.uagb-block-5aee6c9c .uagb-container__shape-top svg{width: calc( 100% + 1.3px );}.wp-block-uagb-container.uagb-block-5aee6c9c .uagb-container__shape.uagb-container__shape-top .uagb-container__shape-fill{fill: rgba(51,51,51,1);}.wp-block-uagb-container.uagb-block-5aee6c9c .uagb-container__shape-bottom svg{width: calc( 100% + 1.3px );}.wp-block-uagb-container.uagb-block-5aee6c9c .uagb-container__shape.uagb-container__shape-bottom .uagb-container__shape-fill{fill: rgba(51,51,51,1);}.wp-block-uagb-container.uagb-block-5aee6c9c .uagb-container__video-wrap video{opacity: 1;}.wp-block-uagb-container.uagb-is-root-container .uagb-block-5aee6c9c{max-width: 100%;width: 100%;}.wp-block-uagb-container.uagb-is-root-container.alignfull.uagb-block-5aee6c9c > .uagb-container-inner-blocks-wrap{--inner-content-custom-width: min( 100%, 1200px);max-width: var(--inner-content-custom-width);width: 100%;flex-direction: column;align-items: center;justify-content: center;flex-wrap: nowrap;row-gap: 20px;column-gap: 20px;}.wp-block-uagb-container.uagb-block-5aee6c9c{box-shadow: 0px 0px   #00000070 ;padding-top: 10px;padding-bottom: 10px;padding-left: 10px;padding-right: 10px;margin-top:  !important;margin-bottom:  !important;overflow: visible;order: initial;border-color: inherit;background-color: #30665f;;row-gap: 20px;column-gap: 20px;}@media only screen and (max-width: 976px) {.wp-block-uagb-container.uagb-is-root-container .uagb-block-5aee6c9c{width: 100%;}.wp-block-uagb-container.uagb-is-root-container.alignfull.uagb-block-5aee6c9c > .uagb-container-inner-blocks-wrap{--inner-content-custom-width: min( 100%, 1024px);max-width: var(--inner-content-custom-width);width: 100%;}.wp-block-uagb-container.uagb-block-5aee6c9c{padding-top: 10px;padding-bottom: 10px;padding-left: 10px;padding-right: 10px;margin-top:  !important;margin-bottom:  !important;order: initial;background-color: #30665f;;}}@media only screen and (max-width: 767px) {.wp-block-uagb-container.uagb-is-root-container .uagb-block-5aee6c9c{max-width: 100%;width: 100%;}.wp-block-uagb-container.uagb-is-root-container.alignfull.uagb-block-5aee6c9c > .uagb-container-inner-blocks-wrap{--inner-content-custom-width: min( 100%, 767px);max-width: var(--inner-content-custom-width);width: 100%;flex-wrap: wrap;}.wp-block-uagb-container.uagb-block-5aee6c9c{padding-top: 10px;padding-bottom: 10px;padding-left: 10px;padding-right: 10px;margin-top:  !important;margin-bottom:  !important;order: initial;background-color: #30665f;;}}.wp-block-uagb-container.uagb-block-58e00206.wp-block-uagb-container{color: var(--ast-global-color-5);}.wp-block-uagb-container.uagb-block-58e00206.wp-block-uagb-container *{color: var(--ast-global-color-5);}.wp-block-uagb-container.uagb-block-58e00206 .uagb-container__shape-top svg{width: calc( 100% + 1.3px );}.wp-block-uagb-container.uagb-block-58e00206 .uagb-container__shape.uagb-container__shape-top .uagb-container__shape-fill{fill: rgba(51,51,51,1);}.wp-block-uagb-container.uagb-block-58e00206 .uagb-container__shape-bottom svg{width: calc( 100% + 1.3px );}.wp-block-uagb-container.uagb-block-58e00206 .uagb-container__shape.uagb-container__shape-bottom .uagb-container__shape-fill{fill: rgba(51,51,51,1);}.wp-block-uagb-container.uagb-block-58e00206 .uagb-container__video-wrap video{opacity: 1;}.wp-block-uagb-container.uagb-is-root-container .uagb-block-58e00206{max-width: 100%;width: 100%;}.wp-block-uagb-container.uagb-is-root-container.alignfull.uagb-block-58e00206 > .uagb-container-inner-blocks-wrap{--inner-content-custom-width: min( 100%, 1200px);max-width: var(--inner-content-custom-width);width: 100%;flex-direction: column;align-items: center;justify-content: center;flex-wrap: nowrap;row-gap: 20px;column-gap: 20px;}.wp-block-uagb-container.uagb-block-58e00206{box-shadow: 0px 0px   #00000070 ;padding-top: 10px;padding-bottom: 10px;padding-left: 10px;padding-right: 10px;margin-top:  !important;margin-bottom:  !important;overflow: visible;order: initial;border-color: inherit;background-color: #30665f;;row-gap: 20px;column-gap: 20px;}@media only screen and (max-width: 976px) {.wp-block-uagb-container.uagb-is-root-container .uagb-block-58e00206{width: 100%;}.wp-block-uagb-container.uagb-is-root-container.alignfull.uagb-block-58e00206 > .uagb-container-inner-blocks-wrap{--inner-content-custom-width: min( 100%, 1024px);max-width: var(--inner-content-custom-width);width: 100%;}.wp-block-uagb-container.uagb-block-58e00206{padding-top: 10px;padding-bottom: 10px;padding-left: 10px;padding-right: 10px;margin-top:  !important;margin-bottom:  !important;order: initial;background-color: #30665f;;}}@media only screen and (max-width: 767px) {.wp-block-uagb-container.uagb-is-root-container .uagb-block-58e00206{max-width: 100%;width: 100%;}.wp-block-uagb-container.uagb-is-root-container.alignfull.uagb-block-58e00206 > .uagb-container-inner-blocks-wrap{--inner-content-custom-width: min( 100%, 767px);max-width: var(--inner-content-custom-width);width: 100%;flex-wrap: wrap;}.wp-block-uagb-container.uagb-block-58e00206{padding-top: 10px;padding-bottom: 10px;padding-left: 10px;padding-right: 10px;margin-top:  !important;margin-bottom:  !important;order: initial;background-color: #30665f;;}}\";s:2:\"js\";s:0:\"\";s:18:\"current_block_list\";a:11:{i:0;s:10:\"core\/group\";i:1;s:12:\"core\/columns\";i:2;s:11:\"core\/column\";i:5;s:12:\"core\/heading\";i:6;s:14:\"core\/paragraph\";i:7;s:12:\"core\/buttons\";i:8;s:11:\"core\/button\";i:9;s:9:\"core\/list\";i:10;s:14:\"core\/list-item\";i:11;s:10:\"core\/cover\";i:12;s:14:\"uagb\/container\";}s:8:\"uag_flag\";b:1;s:11:\"uag_version\";s:10:\"1777548960\";s:6:\"gfonts\";a:0:{}s:10:\"gfonts_url\";s:0:\"\";s:12:\"gfonts_files\";a:0:{}s:14:\"uag_faq_layout\";b:0;}"]},"uagb_featured_image_src":{"full":false,"thumbnail":false,"medium":false,"medium_large":false,"large":false,"1536x1536":false,"2048x2048":false},"uagb_author_info":{"display_name":"Business Solutions","author_link":"https:\/\/www.npf.ie\/ga\/author\/bobby\/"},"uagb_comment_info":0,"uagb_excerpt":"R\u00e1iteas \u00f3n Rialtas maidir leis an gC\u00e9ad Athbhreithni\u00fa ar an gCreat N\u00e1isi\u00fanta Plean\u00e1la (CNP) &#8211; 5 M\u00e1rta 2024 D\u2019aontaigh an [&hellip;]","_links":{"self":[{"href":"https:\/\/www.npf.ie\/ga\/wp-json\/wp\/v2\/pages\/7193","targetHints":{"allow":["GET"]}}],"collection":[{"href":"https:\/\/www.npf.ie\/ga\/wp-json\/wp\/v2\/pages"}],"about":[{"href":"https:\/\/www.npf.ie\/ga\/wp-json\/wp\/v2\/types\/page"}],"author":[{"embeddable":true,"href":"https:\/\/www.npf.ie\/ga\/wp-json\/wp\/v2\/users\/7"}],"replies":[{"embeddable":true,"href":"https:\/\/www.npf.ie\/ga\/wp-json\/wp\/v2\/comments?post=7193"}],"version-history":[{"count":10,"href":"https:\/\/www.npf.ie\/ga\/wp-json\/wp\/v2\/pages\/7193\/revisions"}],"predecessor-version":[{"id":7907,"href":"https:\/\/www.npf.ie\/ga\/wp-json\/wp\/v2\/pages\/7193\/revisions\/7907"}],"wp:attachment":[{"href":"https:\/\/www.npf.ie\/ga\/wp-json\/wp\/v2\/media?parent=7193"}],"curies":[{"name":"wp","href":"https:\/\/api.w.org\/{rel}","templated":true}]}}