
{"id":3967,"date":"2018-11-28T10:47:38","date_gmt":"2018-11-28T10:47:38","guid":{"rendered":"https:\/\/www.npf.ie\/aighneachtai-comhairliuchan-reamhdhreachta\/"},"modified":"2018-12-19T15:34:51","modified_gmt":"2018-12-19T15:34:51","slug":"aighneachtai-comhairliuchan-reamhdhreachta","status":"publish","type":"page","link":"https:\/\/www.npf.ie\/ga\/aighneachtai-comhairliuchan-reamhdhreachta\/","title":{"rendered":"Aighneachta\u00ed <br\/>(Comhairli\u00fach\u00e1n R\u00e9amhdhr\u00e9achta)"},"content":{"rendered":"<div class=\"wpb-content-wrapper\"><p>[vc_row][vc_column][vc_column_text]<\/p>\n<h4>Fuarthas&nbsp;na haighneachta\u00ed seo a leanas mar chuid den <strong><a href=\"https:\/\/www.npf.ie\/ga\/comhchomhairle-reamh-dhreachta\/\">Chomhairli\u00fach\u00e1n R\u00e9amhdhr\u00e9achta<\/a>.<\/strong><\/h4>\n<p>[\/vc_column_text]<div style=\"clear:both; width:100%; height:60px\"><\/div>[\/vc_column][\/vc_row][vc_row][vc_column width=&#8221;1\/2&#8243;][vc_column_text]1-330<\/p>\n<p>[\/vc_column_text][vc_column_text]<\/p>\n<div class=\"submissions\">\n<p><a href=\"https:\/\/www.npf.ie\/wp-content\/uploads\/2017\/09\/0001-Conor-Tiernan.compressed.pdf\">0001 Conor Tiernan<\/a><a href=\"https:\/\/www.npf.ie\/wp-content\/uploads\/2017\/09\/0002-Grainne-Conaty.compressed.pdf\">0002 Grainne Conaty<\/a><\/p>\n<p><a href=\"https:\/\/www.npf.ie\/wp-content\/uploads\/2017\/09\/0003-David-Whyte.compressed.pdf\">0003 David Whyte<\/a><\/p>\n<p><a href=\"https:\/\/www.npf.ie\/wp-content\/uploads\/2017\/09\/0004-Jack-Barry.compressed.pdf\">0004 Jack Barry<\/a><\/p>\n<p><a href=\"https:\/\/www.npf.ie\/wp-content\/uploads\/2017\/09\/0005-James-Kerins.compressed.pdf\">0005 James Kerins<\/a><\/p>\n<p><a href=\"https:\/\/www.npf.ie\/wp-content\/uploads\/2017\/09\/0006-John-Byrne.compressed.pdf\">0006 John Byrne<\/a><\/p>\n<p><a href=\"https:\/\/www.npf.ie\/wp-content\/uploads\/2017\/09\/0007-Oliver-Browne.compressed.pdf\">0007 Oliver Browne<\/a><\/p>\n<p><a href=\"https:\/\/www.npf.ie\/wp-content\/uploads\/2017\/09\/0008-Owen-Curran.compressed.pdf\">0008 Owen Curran<\/a><\/p>\n<p><a href=\"https:\/\/www.npf.ie\/wp-content\/uploads\/2017\/09\/0009-Stephen-Clarke.compressed.pdf\">0009 Stephen Clarke<\/a><\/p>\n<p><a href=\"https:\/\/www.npf.ie\/wp-content\/uploads\/2017\/09\/0010-Richard-Burke.compressed.pdf\">0010 Richard Burke<\/a><\/p>\n<p><a href=\"https:\/\/www.npf.ie\/wp-content\/uploads\/2017\/09\/0011-Michael-Fahy.compressed.pdf\">0011 Michael Fahy<\/a><\/p>\n<p><a href=\"https:\/\/www.npf.ie\/wp-content\/uploads\/2017\/09\/0012-Kevin-Buckley.compressed.pdf\">0012 Kevin Buckley<\/a><\/p>\n<p><a href=\"https:\/\/www.npf.ie\/wp-content\/uploads\/2017\/09\/0013-Jason-Kenny-1.compressed.pdf\">0013 Jason Kenny 1<\/a><\/p>\n<p><a href=\"https:\/\/www.npf.ie\/wp-content\/uploads\/2017\/09\/0014-Trevor-Stanley.compressed.pdf\">0014 Trevor Stanley<\/a><\/p>\n<p><a href=\"https:\/\/www.npf.ie\/wp-content\/uploads\/2017\/09\/0015-John-Jordan.compressed.pdf\">0015 John Jordan<\/a><\/p>\n<p><a href=\"https:\/\/www.npf.ie\/wp-content\/uploads\/2017\/09\/0016-Jason-Kenny-2.compressed.pdf\">0016 Jason Kenny 2<\/a><\/p>\n<p><a href=\"https:\/\/www.npf.ie\/wp-content\/uploads\/2017\/09\/0017-Danny-Burke.compressed.pdf\">0017 Danny Burke<\/a><\/p>\n<p><a href=\"https:\/\/www.npf.ie\/wp-content\/uploads\/2017\/09\/0018-Emmet-Flanagan.compressed.pdf\">0018 Emmet Flanagan<\/a><\/p>\n<p><a href=\"https:\/\/www.npf.ie\/wp-content\/uploads\/2017\/09\/0019-Cllr-Noel-Cribbin.compressed.pdf\">0019 An Comh. Noel Cribbin<\/a><\/p>\n<p><a href=\"https:\/\/www.npf.ie\/wp-content\/uploads\/2017\/09\/0020-Fergus-OBrien.compressed.pdf\">0020 Fergus O\u2019Brien<\/a><\/p>\n<p><a href=\"https:\/\/www.npf.ie\/wp-content\/uploads\/2017\/09\/0021-Jason-Kenny-3.compressed.pdf\">0021 Jason Kenny 3<\/a><\/p>\n<p><a href=\"https:\/\/www.npf.ie\/wp-content\/uploads\/2017\/09\/0022-Jason-Kenny-4.compressed.pdf\">0022 Jason Kenny 4<\/a><\/p>\n<p><a href=\"https:\/\/www.npf.ie\/wp-content\/uploads\/2017\/09\/0023-Seamus-Fagan.compressed.pdf\">0023 Seamus Fagan<\/a><\/p>\n<p><a href=\"https:\/\/www.npf.ie\/wp-content\/uploads\/2017\/09\/0024-Gerard-Corcoran.compressed.pdf\">0024 Gerard Corcoran<\/a><\/p>\n<p><a href=\"https:\/\/www.npf.ie\/wp-content\/uploads\/2017\/09\/0025-Gerard-Corcoran-2.compressed.pdf\">0025 Gerard Corcoran 2<\/a><\/p>\n<p><a href=\"https:\/\/www.npf.ie\/wp-content\/uploads\/2017\/09\/0026-Gerard-Corcoran-4.compressed.pdf\">0026 Gerard Corcoran 4<\/a><\/p>\n<p><a href=\"https:\/\/www.npf.ie\/wp-content\/uploads\/2017\/09\/0027-Gerard-Corcoran-3.compressed.pdf\">0027 Gerard Corcoran 3<\/a><\/p>\n<p><a href=\"https:\/\/www.npf.ie\/wp-content\/uploads\/2017\/09\/0028-Gerard-Corcoran-5.compressed.pdf\">0028 Gerard Corcoran 5<\/a><\/p>\n<p><a href=\"https:\/\/www.npf.ie\/wp-content\/uploads\/2017\/09\/0029-Brendan-Boyle.compressed.pdf\">0029 Brendan Boyle<\/a><\/p>\n<p><a href=\"https:\/\/www.npf.ie\/wp-content\/uploads\/2017\/09\/0030-Jason-Kenny-8.compressed.pdf\">0030 Jason Kenny 8<\/a><\/p>\n<p><a href=\"https:\/\/www.npf.ie\/wp-content\/uploads\/2017\/09\/0031-Jason-Kenny-5.compressed.pdf\">0031 Jason Kenny 5<\/a><\/p>\n<p><a href=\"https:\/\/www.npf.ie\/wp-content\/uploads\/2017\/09\/0032-Vincent-Holmes.compressed.pdf\">0032 Vincent Holmes<\/a><\/p>\n<p><a href=\"https:\/\/www.npf.ie\/wp-content\/uploads\/2017\/09\/0033-Tom-Horrigan.compressed.pdf\">0033 Tom Horrigan<\/a><\/p>\n<p><a href=\"https:\/\/www.npf.ie\/wp-content\/uploads\/2017\/09\/0034-Liam-Mac-Mathuna.compressed.pdf\">0034 Liam Mac Mathuna<\/a><\/p>\n<p><a href=\"https:\/\/www.npf.ie\/wp-content\/uploads\/2017\/09\/0035-Dr.-Powell-West-Wicklow-Gifted-Childrens-Association.compressed.pdf\">0035 An Dr Powell &#8211; West Wicklow Gifted Children\u2019s Association<\/a><\/p>\n<p><a href=\"https:\/\/www.npf.ie\/wp-content\/uploads\/2017\/09\/0036-Caroline-Phelan-Glaway-City-Council.compressed.pdf\">0036 Caroline Phelan, Comhairle Cathrach na Gaillimhe<\/a><\/p>\n<p><a href=\"https:\/\/www.npf.ie\/wp-content\/uploads\/2017\/09\/0037-Brendan-Guiden-RIAI.compressed.pdf\">0037 Brendan Guiden RIAI<\/a><\/p>\n<p><a href=\"https:\/\/www.npf.ie\/wp-content\/uploads\/2017\/09\/0038-Brian-Flaherty.compressed.pdf\">0038 Brian Flaherty<\/a><\/p>\n<p><a href=\"https:\/\/www.npf.ie\/wp-content\/uploads\/2017\/09\/0039-Joe-Palmer.compressed.pdf\">0039 Joe Palmer<\/a><\/p>\n<p><a href=\"https:\/\/www.npf.ie\/wp-content\/uploads\/2017\/09\/0040-Shane-Cooney.compressed.pdf\">0040 Shane Cooney<\/a><\/p>\n<p><a href=\"https:\/\/www.npf.ie\/wp-content\/uploads\/2017\/09\/0041-Jason-Kenny-9.compressed.pdf\">0041 Jason Kenny 9<\/a><\/p>\n<p><a href=\"https:\/\/www.npf.ie\/wp-content\/uploads\/2017\/09\/0042-Jason-Kenny-6.compressed.pdf\">0042 Jason Kenny 6<\/a><\/p>\n<p><a href=\"https:\/\/www.npf.ie\/wp-content\/uploads\/2017\/09\/0043-Jason-Kenny-7.compressed.pdf\">0043 Jason Kenny 7<\/a><\/p>\n<p><a href=\"https:\/\/www.npf.ie\/wp-content\/uploads\/2017\/09\/0044-Alex-Wilsdon-1.compressed.pdf\">0044 Alex Wilsdon 1<\/a><\/p>\n<p><a href=\"https:\/\/www.npf.ie\/wp-content\/uploads\/2017\/09\/0045-Alex-Wilsdon-2.compressed.pdf\">0045 Alex Wilsdon 2<\/a><\/p>\n<p><a href=\"https:\/\/www.npf.ie\/wp-content\/uploads\/2017\/09\/0046-Jason-Kenny-10.compressed.pdf\">0046 Jason Kenny 10<\/a><\/p>\n<p><a href=\"https:\/\/www.npf.ie\/wp-content\/uploads\/2017\/09\/0047-Peter-MacNulty-Tourism-Development-International.compressed.pdf\">0047 Peter MacNulty &#8211; Forbairt Turas\u00f3ireachta Idirn\u00e1isi\u00fanta<\/a><\/p>\n<p><a href=\"https:\/\/www.npf.ie\/wp-content\/uploads\/2017\/09\/0048-Nicola-Kelly-1.compressed.pdf\">0048 Nicola Kelly 1<\/a><\/p>\n<p><a href=\"https:\/\/www.npf.ie\/wp-content\/uploads\/2017\/09\/0049-Nicola-Kenny-2.compressed.pdf\">0049 Nicola Kenny 2<\/a><\/p>\n<p><a href=\"https:\/\/www.npf.ie\/wp-content\/uploads\/2017\/09\/0050-Mike-and-Angela-Parle.compressed.pdf\">0050 Mike agus Angela Parle<\/a><\/p>\n<p><a href=\"https:\/\/www.npf.ie\/wp-content\/uploads\/2017\/09\/0051-Michael-Molloy-1.compressed.pdf\">0051 Michael Molloy 1<\/a><\/p>\n<p><a href=\"https:\/\/www.npf.ie\/wp-content\/uploads\/2017\/09\/0052-Aaron-Murphy.compressed.pdf\">0052 Aaron Murphy<\/a><\/p>\n<p><a href=\"https:\/\/www.npf.ie\/wp-content\/uploads\/2017\/09\/0053-Caroline-Jolley.compressed.pdf\">0053 Caroline Jolley<\/a><\/p>\n<p><a href=\"https:\/\/www.npf.ie\/wp-content\/uploads\/2017\/09\/0054-Don-Reilly.compressed.pdf\">0054 Don Reilly<\/a><\/p>\n<p><a href=\"https:\/\/www.npf.ie\/wp-content\/uploads\/2017\/09\/0055-David-OConnor.compressed.pdf\">0055 David O\u2019Connor<\/a><\/p>\n<p><a href=\"https:\/\/www.npf.ie\/wp-content\/uploads\/2017\/09\/0056-Gerard-Quigley.compressed.pdf\">0056 Gerard Quigley<\/a><\/p>\n<p><a href=\"https:\/\/www.npf.ie\/wp-content\/uploads\/2017\/09\/0057-Jason-Kenny-12.compressed.pdf\">0057 Jason Kenny 12<\/a><\/p>\n<p><a href=\"https:\/\/www.npf.ie\/wp-content\/uploads\/2017\/09\/0058-Jason-Kenny-11.compressed.pdf\">0058 Jason Kenny 11<\/a><\/p>\n<p><a href=\"https:\/\/www.npf.ie\/wp-content\/uploads\/2017\/09\/0059-John-Moran-Mayo-Plus.compressed.pdf\">0059 John Moran &#8211; Maigh Eo Plus<\/a><\/p>\n<p><a href=\"https:\/\/www.npf.ie\/wp-content\/uploads\/2017\/09\/0060-David-Tamas-1.compressed.pdf\">0060 David Tamas 1<\/a><\/p>\n<p><a href=\"https:\/\/www.npf.ie\/wp-content\/uploads\/2017\/09\/0061-David-Tamas-2.compressed.pdf\">0061 David Tamas 2<\/a><\/p>\n<p><a href=\"https:\/\/www.npf.ie\/wp-content\/uploads\/2017\/09\/0062-Andy-Redmond.compressed.pdf\">0062 Andy Redmond<\/a><\/p>\n<p><a href=\"https:\/\/www.npf.ie\/wp-content\/uploads\/2017\/09\/0063-David-Dixon.compressed.pdf\">0063 David Dixon<\/a><\/p>\n<p><a href=\"https:\/\/www.npf.ie\/wp-content\/uploads\/2017\/09\/0064-Gordon-DArcy.compressed.pdf\">0064 Gordon D\u2019Arcy<\/a><\/p>\n<p><a href=\"https:\/\/www.npf.ie\/wp-content\/uploads\/2017\/09\/0065-Robin-Mosse.compressed.pdf\">0065 Robin Mosse<\/a><\/p>\n<p><a href=\"https:\/\/www.npf.ie\/wp-content\/uploads\/2017\/09\/0066-Tim-Twomey.compressed.pdf\">0066 Tim Twomey<\/a><\/p>\n<p><a href=\"https:\/\/www.npf.ie\/wp-content\/uploads\/2017\/09\/0067-Cllr-William-Lavelle.compressed.pdf\">0067 An Comh. William Lavelle<\/a><\/p>\n<p><a href=\"https:\/\/www.npf.ie\/wp-content\/uploads\/2017\/09\/0068-Pat-Brereton-DCU.compressed.pdf\">0068 Pat Brereton &#8211; DCU<\/a><\/p>\n<p><a href=\"https:\/\/www.npf.ie\/wp-content\/uploads\/2017\/09\/0069-Rachel-Mescall-Fitzpatrick-Carambola.compressed.pdf\">0069 Rachel Mescall-Fitzpatrick &#8211; Carambola<\/a><\/p>\n<p><a href=\"https:\/\/www.npf.ie\/wp-content\/uploads\/2017\/09\/0070-Julie-Mortimer.compressed.pdf\">0070 Julie Mortimer<\/a><\/p>\n<p><a href=\"https:\/\/www.npf.ie\/wp-content\/uploads\/2017\/09\/0071-Marie-Smith.compressed.pdf\">0071 Marie Smith<\/a><\/p>\n<p><a href=\"https:\/\/www.npf.ie\/wp-content\/uploads\/2017\/09\/0072-Tadhg-Kenna.compressed.pdf\">0072 Tadhg Kenna<\/a><\/p>\n<p><a href=\"https:\/\/www.npf.ie\/wp-content\/uploads\/2017\/09\/0073-Clara-Clark-Cycling-Without-Age.compressed.pdf\">0073 Clara Clark &#8211; Cycling Without Age<\/a><\/p>\n<p><a href=\"https:\/\/www.npf.ie\/wp-content\/uploads\/2017\/09\/0074-Galway-Limerick-City-Region.compressed.pdf\">0074 R\u00e9igi\u00fan na Gaillimhe &#8211; Chathair Luimnigh<\/a><\/p>\n<p><a href=\"https:\/\/www.npf.ie\/wp-content\/uploads\/2017\/09\/0075-Gerry-McCormack.compressed.pdf\">0075 Gerry McCormack<\/a><\/p>\n<p><a href=\"https:\/\/www.npf.ie\/wp-content\/uploads\/2017\/09\/0076-Garrett-Fox-1.compressed.pdf\">0076 Garrett Fox 1<\/a><\/p>\n<p><a href=\"https:\/\/www.npf.ie\/wp-content\/uploads\/2017\/09\/0077-Breffin\u00b0-Lennon.compressed.pdf\">0077 Breffin\u00ed Lennon<\/a><\/p>\n<p><a href=\"https:\/\/www.npf.ie\/wp-content\/uploads\/2017\/09\/0078-Jamie-Tanner.compressed.pdf\">0078 Jamie Tanner<\/a><\/p>\n<p><a href=\"https:\/\/www.npf.ie\/wp-content\/uploads\/2017\/09\/0079-S\u00c7amus-OFlaherty.compressed.pdf\">0079 S\u00e9amus O\u2019Flaherty<\/a><\/p>\n<p><a href=\"https:\/\/www.npf.ie\/wp-content\/uploads\/2017\/09\/0080-Brian-Stanley-TD.compressed.pdf\">0080 Brian Stanley TD<\/a><\/p>\n<p><a href=\"https:\/\/www.npf.ie\/wp-content\/uploads\/2017\/09\/0081-Prof-Edmond-Byrne-UCC.compressed.pdf\">0081 An tOll. Edmond Byrne &#8211; Col\u00e1iste na hOllscoile Corcaigh<\/a><\/p>\n<p><a href=\"https:\/\/www.npf.ie\/wp-content\/uploads\/2017\/09\/0082-John-Hosford.compressed.pdf\">0082 John Hosford<\/a><\/p>\n<p><a href=\"https:\/\/www.npf.ie\/wp-content\/uploads\/2017\/09\/0083-Sean-Corcoran.compressed.pdf\">0083 Sean Corcoran<\/a><\/p>\n<p><a href=\"https:\/\/www.npf.ie\/wp-content\/uploads\/2017\/09\/0084-Rob-Matthews.compressed.pdf\">0084 Rob Matthews<\/a><\/p>\n<p><a href=\"https:\/\/www.npf.ie\/wp-content\/uploads\/2017\/09\/0085-Niamh-Ryan.compressed.pdf\">0085 Niamh Ryan<\/a><\/p>\n<p><a href=\"https:\/\/www.npf.ie\/wp-content\/uploads\/2017\/09\/0086-Joseph-Kelly-1.compressed.pdf\">0086 Joseph Kelly 1<\/a><\/p>\n<p><a href=\"https:\/\/www.npf.ie\/wp-content\/uploads\/2017\/09\/0087-Joseph-Kelly-2.compressed.pdf\">0087 Joseph Kelly 2<\/a><\/p>\n<p><a href=\"https:\/\/www.npf.ie\/wp-content\/uploads\/2017\/09\/0088-Joseph-Kelly-3.compressed.pdf\">0088 Joseph Kelly 3<\/a><\/p>\n<p><a href=\"https:\/\/www.npf.ie\/wp-content\/uploads\/2017\/09\/0089-Joseph-Kelly-4.compressed.pdf\">0089 Joseph Kelly 4<\/a><\/p>\n<p><a href=\"https:\/\/www.npf.ie\/wp-content\/uploads\/2017\/09\/0090-Joseph-Kelly-5.compressed.pdf\">0090 Joseph Kelly 5<\/a><\/p>\n<p><a href=\"https:\/\/www.npf.ie\/wp-content\/uploads\/2017\/09\/0091-Joseph-Kelly-6.compressed.pdf\">0091 Joseph Kelly 6<\/a><\/p>\n<p><a href=\"https:\/\/www.npf.ie\/wp-content\/uploads\/2017\/09\/0092-Joseph-Kelly-7.compressed.pdf\">0092 Joseph Kelly 7<\/a><\/p>\n<p><a href=\"https:\/\/www.npf.ie\/wp-content\/uploads\/2017\/09\/0093-Madelaine-Murray.compressed.pdf\">0093 Madelaine Murray<\/a><\/p>\n<p><a href=\"https:\/\/www.npf.ie\/wp-content\/uploads\/2017\/09\/0094-Alan-OConnor.compressed.pdf\">0094 Alan O\u2019Connor<\/a><\/p>\n<p><a href=\"https:\/\/www.npf.ie\/wp-content\/uploads\/2017\/09\/0095-Royal-Irish-Academy-of-Music-Deborah-Kelleher.compressed.pdf\">0095 Acadamh R\u00edoga Ceoil na h\u00c9ireann &#8211; Deborah Kelleher<\/a><\/p>\n<p><a href=\"https:\/\/www.npf.ie\/wp-content\/uploads\/2017\/09\/0096-Hannah-OFlaherty.compressed.pdf\">0096 Hannah O\u2019Flaherty<\/a><\/p>\n<p><a href=\"https:\/\/www.npf.ie\/wp-content\/uploads\/2017\/09\/0097-Prof-Irene-Sheridan-CIT.compressed.pdf\">0097 An tOll. Irene Sheridan &#8211; Institi\u00faid Teicneola\u00edochta Chorca\u00ed<\/a><\/p>\n<p><a href=\"https:\/\/www.npf.ie\/wp-content\/uploads\/2017\/09\/0098-Aaron-ODoherty.compressed.pdf\">0098 Aaron O\u2019Doherty<\/a><\/p>\n<p><a href=\"https:\/\/www.npf.ie\/wp-content\/uploads\/2017\/09\/0099-Caroline-Joyce.compressed.pdf\">0099 Caroline Joyce<\/a><\/p>\n<p><a href=\"https:\/\/www.npf.ie\/wp-content\/uploads\/2017\/09\/0100-Aisling-Deng.compressed.pdf\">0100 Aisling Deng<\/a><\/p>\n<p><a href=\"https:\/\/www.npf.ie\/wp-content\/uploads\/2017\/09\/0101-Breffni-OBrien.compressed.pdf\">0101 Breffni O\u2019Brien<\/a><\/p>\n<p><a href=\"https:\/\/www.npf.ie\/wp-content\/uploads\/2017\/09\/0102-Henriette-Roessing.compressed.pdf\">0102 Henriette Roessing<\/a><\/p>\n<p><a href=\"https:\/\/www.npf.ie\/wp-content\/uploads\/2017\/09\/0103-Brian-Conneally.compressed.pdf\">0103 Brian Conneally<\/a><\/p>\n<p><a href=\"https:\/\/www.npf.ie\/wp-content\/uploads\/2017\/09\/0104-Nicholas-Dawes.compressed.pdf\">0104 Nicholas Dawe<\/a>s<br \/>\n<a href=\"https:\/\/www.npf.ie\/wp-content\/uploads\/2017\/09\/0105-Minister-Chris-Hazzard-Department-for-Infrastructure-NI.compressed.pdf\">0105 An tAire Chris Hazzard &#8211; Roinn Bonneagair Thuaisceart \u00c9ireann<\/a><\/p>\n<p><a href=\"https:\/\/www.npf.ie\/wp-content\/uploads\/2017\/09\/0106-Caroline-Joyce-2.compressed.pdf\">0106 Caroline Joyce 2<\/a><\/p>\n<p><a href=\"https:\/\/www.npf.ie\/wp-content\/uploads\/2017\/09\/0107-Annie-Sheehan.compressed.pdf\">0107 Annie Sheehan<\/a><\/p>\n<p><a href=\"https:\/\/www.npf.ie\/wp-content\/uploads\/2017\/09\/0108-Brendan-Gilmer.compressed.pdf\">0108 Brendan Gilmer<\/a><\/p>\n<p><a href=\"https:\/\/www.npf.ie\/wp-content\/uploads\/2017\/09\/0109-Barry-Fleming-Highway-Wholesalers-Ltd.compressed.pdf\">0109 Barry Fleming &#8211; Highway Wholesalers Ltd<\/a><\/p>\n<p><a href=\"https:\/\/www.npf.ie\/wp-content\/uploads\/2017\/09\/0110-Robert-Rockett.compressed.pdf\">0110 Robert Rockett<\/a><\/p>\n<p><a href=\"https:\/\/www.npf.ie\/wp-content\/uploads\/2017\/09\/0111-John-Cully.compressed.pdf\">0111 John Cully<\/a><\/p>\n<p><a href=\"https:\/\/www.npf.ie\/wp-content\/uploads\/2017\/09\/0112-Trevor-Ryan.compressed.pdf\">0112 Trevor Ryan<\/a><\/p>\n<p><a href=\"https:\/\/www.npf.ie\/wp-content\/uploads\/2017\/09\/0113-Sheila-Gilmartin.compressed.pdf\">0113 Sheila Gilmartin<\/a><\/p>\n<p><a href=\"https:\/\/www.npf.ie\/wp-content\/uploads\/2017\/09\/0114-Cllr-Gerry-Warnock.compressed.pdf\">0114 An Comh. Gerry Warnock<\/a><\/p>\n<p><a href=\"https:\/\/www.npf.ie\/wp-content\/uploads\/2017\/09\/0115-Jason-Ryan.compressed.pdf\">0115 Jason Ryan<\/a><\/p>\n<p><a href=\"https:\/\/www.npf.ie\/wp-content\/uploads\/2017\/09\/0116-Gerard-Corcoran.compressed.pdf\">0116 Gerard Corcoran<\/a><\/p>\n<p><a href=\"https:\/\/www.npf.ie\/wp-content\/uploads\/2017\/09\/0117-John-Fitzgerald-Wild-Way-Tours.compressed.pdf\">0117 John Fitzgerald &#8211; Wild Way Tours<\/a><\/p>\n<p><a href=\"https:\/\/www.npf.ie\/wp-content\/uploads\/2017\/09\/0118-Ivan-Cummins.compressed.pdf\">0118 Ivan Cummins<\/a><\/p>\n<p><a href=\"https:\/\/www.npf.ie\/wp-content\/uploads\/2017\/09\/0119-Nigel-de-Haas.compressed.pdf\">0119 Nigel de Haas<\/a><\/p>\n<p><a href=\"https:\/\/www.npf.ie\/wp-content\/uploads\/2017\/09\/0120-John-Buckley.compressed.pdf\">0120 John Buckley<\/a><\/p>\n<p><a href=\"https:\/\/www.npf.ie\/wp-content\/uploads\/2017\/09\/0121-Christopher-ORourke-Group.compressed.pdf\">0121 Christopher O Rourke Group<\/a><\/p>\n<p><a href=\"https:\/\/www.npf.ie\/wp-content\/uploads\/2017\/09\/0122-Guanren-Wang.compressed.pdf\">0122 Guanren Wang<\/a><\/p>\n<p><a href=\"https:\/\/www.npf.ie\/wp-content\/uploads\/2017\/09\/0123-Michael-Mannix.compressed.pdf\">0123 Michael Mannix<\/a><\/p>\n<p><a href=\"https:\/\/www.npf.ie\/wp-content\/uploads\/2017\/09\/0124-Gridlink-Action-Group.compressed.pdf\">0124 Gr\u00fapa Gn\u00edomha\u00edochta Gridlink<\/a><\/p>\n<p><a href=\"https:\/\/www.npf.ie\/wp-content\/uploads\/2017\/09\/0125-Engineers-Ireland-West-Region.compressed.pdf\">0125 Innealt\u00f3ir\u00ed na h\u00c9ireann &#8211; Iardheisceart na h\u00c9ireann<\/a><\/p>\n<p><a href=\"https:\/\/www.npf.ie\/wp-content\/uploads\/2017\/09\/0126-Kieran-Cunnane.compressed.pdf\">0126 Kieran Cunnane<\/a><\/p>\n<p><a href=\"https:\/\/www.npf.ie\/wp-content\/uploads\/2017\/09\/0127-Keep-Ireland-Open.compressed.pdf\">0127 Keep Ireland Open<\/a><\/p>\n<p><a href=\"https:\/\/www.npf.ie\/wp-content\/uploads\/2017\/09\/0128-DCU-Age-Friendly.compressed.pdf\">0128 Ollscoil Chathair Bhaile \u00c1tha Cliath &#8211; Age Friendly<\/a><\/p>\n<p><a href=\"https:\/\/www.npf.ie\/wp-content\/uploads\/2017\/09\/0129-LERO-Irish-Software-Research-Centre-UL.compressed.pdf\">0129 &#8211; LERO &#8211; Ionad na h\u00c9ireann um Thaighde ar Bhogearra\u00ed, Ollscoil Luimn\u00edgh<\/a><\/p>\n<p><a href=\"https:\/\/www.npf.ie\/wp-content\/uploads\/2017\/09\/0130-Diarmuid-Curtin.compressed.pdf\">0130 Diarmuid Curtin<\/a><\/p>\n<p><a href=\"https:\/\/www.npf.ie\/wp-content\/uploads\/2017\/09\/0131-Midlands-Airport-Developments-Ltd.compressed.pdf\">0131 Midlands Airport Developments Ltd<\/a><\/p>\n<p><a href=\"https:\/\/www.npf.ie\/wp-content\/uploads\/2017\/09\/0132-Bretts-Hardware.compressed.pdf\">0132 Bretts Hardware<\/a><\/p>\n<p><a href=\"https:\/\/www.npf.ie\/wp-content\/uploads\/2017\/09\/0133-Dan-Cody.compressed.pdf\">0133 Dan Cody<\/a><\/p>\n<p><a href=\"https:\/\/www.npf.ie\/wp-content\/uploads\/2017\/09\/0134-Comharchumann-Forbartha-an-Leith-Tri\u00a3igh-Teo.compressed.pdf\">0134 Comharchumann Forbartha an Leith Tri\u00faigh Teo<\/a><\/p>\n<p><a href=\"https:\/\/www.npf.ie\/wp-content\/uploads\/2017\/09\/0135-Tom-Geoghegan.compressed.pdf\">0135 Tom Geoghegan<\/a><\/p>\n<p><a href=\"https:\/\/www.npf.ie\/wp-content\/uploads\/2017\/09\/0136-Irish-Cancer-Society.compressed.pdf\">0136 Cumann Ailse na h\u00c9ireann<\/a><\/p>\n<p><a href=\"https:\/\/www.npf.ie\/wp-content\/uploads\/2017\/09\/0137-Cllr-Oliver-Tully.compressed.pdf\">0137 An Comh. Oliver Tully<\/a><\/p>\n<p><a href=\"https:\/\/www.npf.ie\/wp-content\/uploads\/2017\/09\/0138-Thomastown-Community-Network.compressed.pdf\">0138 L\u00edonra Pobail Bhaile Thom\u00e1is<\/a><\/p>\n<p><a href=\"https:\/\/www.npf.ie\/wp-content\/uploads\/2017\/09\/0139-Robbie-Grace-REA-Grace-Estate-Agent.compressed.pdf\">0139 Robbie Grace &#8211; REA Grace Estate Agent<\/a><\/p>\n<p><a href=\"https:\/\/www.npf.ie\/wp-content\/uploads\/2017\/09\/0140-Anne-Marie-Fox.compressed.pdf\">0140 Anne-Marie Fox<\/a><\/p>\n<p><a href=\"https:\/\/www.npf.ie\/wp-content\/uploads\/2017\/09\/0141-John-Aylward.compressed.pdf\">0141 John Aylward<\/a><\/p>\n<p><a href=\"https:\/\/www.npf.ie\/wp-content\/uploads\/2017\/09\/0142-Michael-Connolly.compressed.pdf\">0142 Michael Connolly<\/a><\/p>\n<p><a href=\"https:\/\/www.npf.ie\/wp-content\/uploads\/2017\/09\/0143-James-OHea.compressed.pdf\">0143 James O\u2019Hea<\/a><\/p>\n<p><a href=\"https:\/\/www.npf.ie\/wp-content\/uploads\/2017\/09\/0144-Pat-Dunphy.compressed.pdf\">0144 Pat Dunphy<\/a><\/p>\n<p><a href=\"https:\/\/www.npf.ie\/wp-content\/uploads\/2017\/09\/0145-Thomas-Jennings.compressed.pdf\">0145 Thomas Jennings<\/a><\/p>\n<p><a href=\"https:\/\/www.npf.ie\/wp-content\/uploads\/2017\/09\/0146-Kevin-Lynch.compressed.pdf\">0146 Kevin Lynch<\/a><\/p>\n<p><a href=\"https:\/\/www.npf.ie\/wp-content\/uploads\/2017\/09\/0147-Kilkenny-PPN.compressed.pdf\">0147 L\u00edonra Rannph\u00e1irt\u00edochta Poibl\u00ed Chill Chainnigh<\/a><\/p>\n<p><a href=\"https:\/\/www.npf.ie\/wp-content\/uploads\/2017\/09\/0148-Ferrybank-Community-Development-Residents-Group.compressed.pdf\">0148 Gr\u00fapa \u00c1itritheoir\u00ed Forbartha Cheantar Phort an Chalaidh<\/a><\/p>\n<p><a href=\"https:\/\/www.npf.ie\/wp-content\/uploads\/2017\/09\/0149-James-Gibbons.compressed.pdf\">0149 James Gibbons<\/a><\/p>\n<p><a href=\"https:\/\/www.npf.ie\/wp-content\/uploads\/2017\/09\/0150-Cllr-Paul-Canning.pdf\">0150 An Comh. Paul Canning<\/a><\/p>\n<p><a href=\"https:\/\/www.npf.ie\/wp-content\/uploads\/2017\/09\/0151-Members-Limerick-City-and-County-Council.compressed.pdf\">0151 Comhalta\u00ed Chomhairl\u00ed Cathrach agus Contae Phort L\u00e1irge<\/a><\/p>\n<p><a href=\"https:\/\/www.npf.ie\/wp-content\/uploads\/2017\/09\/0152-ASH-Ireland.compressed.pdf\">0152 ASH \u00c9ireann<\/a><a href=\"https:\/\/www.npf.ie\/wp-content\/uploads\/2017\/09\/0153-Sligo-Tourism-Ltd.compressed.pdf\">0153 Sligo Tourism Ltd<\/a><\/p>\n<p><a href=\"https:\/\/www.npf.ie\/wp-content\/uploads\/2017\/09\/0154-Matthew-Murphy.compressed.pdf\">0154 Matthew Murphy<\/a><\/p>\n<p><a href=\"https:\/\/www.npf.ie\/wp-content\/uploads\/2017\/09\/0155-Paul-OBrien.compressed.pdf\">0155 Paul O\u2019Brien<\/a><\/p>\n<p><a href=\"https:\/\/www.npf.ie\/wp-content\/uploads\/2017\/09\/0156-Music-Generation-National-Development-Office-Concert-Hall.compressed.pdf\">0156 Oifig Forbartha N\u00e1isi\u00fanta Music Generation &#8211; Ceol\u00e1ras na h\u00c9ireann<\/a><\/p>\n<p><a href=\"https:\/\/www.npf.ie\/wp-content\/uploads\/2017\/09\/0157-St-Catherines-Carlow-Travellers.compressed.pdf\">0157 St Catherines &#8211; Lucht Si\u00fail Cheatharlach<\/a><\/p>\n<p><a href=\"https:\/\/www.npf.ie\/wp-content\/uploads\/2017\/09\/0158-Derek-Daly.compressed.pdf\">0158 Derek Daly<\/a><a href=\"https:\/\/www.npf.ie\/wp-content\/uploads\/2017\/09\/0159-Limerick-City-\u2021gra-FF.compressed.pdf\">0159 \u00d3gra FF i gCathair Luimnigh<\/a><\/p>\n<p><a href=\"https:\/\/www.npf.ie\/wp-content\/uploads\/2017\/09\/0160-Kilkenny-GAA-Supporters-Club.compressed.pdf\">0160 Club Tacad\u00f3ir\u00ed CLG Chill Cheannaigh<\/a><\/p>\n<p><a href=\"https:\/\/www.npf.ie\/wp-content\/uploads\/2017\/09\/0161-National-Sculpture-Factory.compressed.pdf\">0161 National Sculpture Factory Cork<\/a><\/p>\n<p><a href=\"https:\/\/www.npf.ie\/wp-content\/uploads\/2017\/09\/0162-Adrian-OKeeffe.compressed.pdf\">0162 Adrian O\u2019Keeffe<\/a><\/p>\n<p><a href=\"https:\/\/www.npf.ie\/wp-content\/uploads\/2017\/09\/0163-Gerry-Galvin-Pat-Sexton-Tom-Maher-Vincent-Hussey.compressed.pdf\">0163 Gerry Galvin, Pat Sexton, Tom Maher, Vincent Hussey<\/a><\/p>\n<p><a href=\"https:\/\/www.npf.ie\/wp-content\/uploads\/2017\/09\/0164-Hamilton-Young-Architects.compressed.pdf\">0164 Hamilton Young Architects<\/a><\/p>\n<p><a href=\"https:\/\/www.npf.ie\/wp-content\/uploads\/2017\/09\/0165-FLAME-Former-Local-Authority-Members-Eire.compressed.pdf\">0165 FLAME &#8211; Former Local Authority Members \u00c9ire<\/a><\/p>\n<p><a href=\"https:\/\/www.npf.ie\/wp-content\/uploads\/2017\/09\/0166-John-Cuddihy.compressed.pdf\">0166 John Cuddihy<\/a><\/p>\n<p><a href=\"https:\/\/www.npf.ie\/wp-content\/uploads\/2017\/09\/0167-South-Dublin-County-Council.compressed.pdf\">0167 Comhairle Contae \u00c1tha Cliath Theas<\/a><\/p>\n<p><a href=\"https:\/\/www.npf.ie\/wp-content\/uploads\/2017\/09\/0168-Construction-Industry-Federation.compressed.pdf\">0168 C\u00f3naidhm Thionscal na Foirgn\u00edochta<\/a><\/p>\n<p><a href=\"https:\/\/www.npf.ie\/wp-content\/uploads\/2017\/09\/0169-Kilkenny-IFA.compressed.pdf\">0169 Cumann Feirmeoir\u00ed na h\u00c9ireann, Cill Chainnigh<\/a><\/p>\n<p><a href=\"https:\/\/www.npf.ie\/wp-content\/uploads\/2017\/09\/0170-Ray-Breen.compressed.pdf\">0170 Ray Breen<\/a><\/p>\n<p><a href=\"https:\/\/www.npf.ie\/wp-content\/uploads\/2017\/09\/0171-Gerard-Buggy.compressed.pdf\">0171 Gerard Buggy<\/a><\/p>\n<p><a href=\"https:\/\/www.npf.ie\/wp-content\/uploads\/2017\/09\/0172-Seamus-Kelly.compressed.pdf\">0172 Seamus Kelly<\/a><\/p>\n<p><a href=\"https:\/\/www.npf.ie\/wp-content\/uploads\/2017\/09\/0173-Vincent-Roche.compressed.pdf\">0173 Vincent Roche<\/a><\/p>\n<p><a href=\"https:\/\/www.npf.ie\/wp-content\/uploads\/2017\/09\/0174-Patrick-C-Horan-Co-Chartered-Accountants.compressed.pdf\">0174 Patrick C Horan &amp; Co Chartered Accountants<\/a><\/p>\n<p><a href=\"https:\/\/www.npf.ie\/wp-content\/uploads\/2017\/09\/0175-Tullamore-Chamber.compressed.pdf\">0175 Comhlachas Tr\u00e1cht\u00e1la Thulach Mh\u00f3r<\/a><\/p>\n<p><a href=\"https:\/\/www.npf.ie\/wp-content\/uploads\/2017\/09\/0176-Lorraine-Sheridan.compressed.pdf\">0176 Lorraine Sheridan<\/a><\/p>\n<p><a href=\"https:\/\/www.npf.ie\/wp-content\/uploads\/2017\/09\/0177-Diarmuid-Kennelly.compressed.pdf\">0177 Diarmuid Kennelly<\/a><\/p>\n<p><a href=\"https:\/\/www.npf.ie\/wp-content\/uploads\/2017\/09\/0178-Bart-Zdrojowy.compressed.pdf\">0178 Bart Zdrojowy<\/a><\/p>\n<p><a href=\"https:\/\/www.npf.ie\/wp-content\/uploads\/2017\/09\/0179-E-Hunter.compressed.pdf\">0179 E Hunter<\/a><\/p>\n<p><a href=\"https:\/\/www.npf.ie\/wp-content\/uploads\/2017\/09\/0180-Coughlan-Engineering.compressed.pdf\">0180 Coughlan Engineering<\/a><\/p>\n<p><a href=\"https:\/\/www.npf.ie\/wp-content\/uploads\/2017\/09\/0181-Miriam-Fitzpatrick.compressed.pdf\">0181 Miriam Fitzpatric<\/a><\/p>\n<p><a href=\"https:\/\/www.npf.ie\/wp-content\/uploads\/2017\/09\/0182-Brigid-Murphy-Ballyragget-Development-Association.compressed.pdf\">0182 Brigid Murphy &#8211; Cumann Forbartha Bh\u00e9al \u00c1tha Ragad<\/a><\/p>\n<p><a href=\"https:\/\/www.npf.ie\/wp-content\/uploads\/2017\/09\/0183-Tullamore-Hardware.compressed.pdf\">0183 Tullamore Hardware<\/a><a href=\"https:\/\/www.npf.ie\/wp-content\/uploads\/2017\/09\/0184-ASTR-Ltd.compressed.pdf\">0184 ASTR Ltd<\/a><\/p>\n<p><a href=\"https:\/\/www.npf.ie\/wp-content\/uploads\/2017\/09\/0185-Clare-CC-LIT-and-the-Limerick-and-Clare-ETB.compressed.pdf\">0185 Comhairle Contae an Chl\u00e1ir, Institi\u00faid Teicneola\u00edochta Luimnigh agus Bord Oideachais agus Oili\u00fana an Chl\u00e1ir<\/a><\/p>\n<p><a href=\"https:\/\/www.npf.ie\/wp-content\/uploads\/2017\/09\/0186-Fixmyi-Wireless.compressed.pdf\">0186 Fixmyi Wireless<\/a><\/p>\n<p><a href=\"https:\/\/www.npf.ie\/wp-content\/uploads\/2017\/09\/0187-Northern-Ireland-Environment-Agency.compressed.pdf\">0187 Gn\u00edomhaireacht Comhshaoil Thuaisceart \u00c9ireann<\/a><\/p>\n<p><a href=\"https:\/\/www.npf.ie\/wp-content\/uploads\/2017\/09\/0188-Department-of-AgricultureFood-and-the-Marine.compressed.pdf\">0188 An Roinn Talmha\u00edochta, Bia agus Mara<\/a><\/p>\n<p><a href=\"https:\/\/www.npf.ie\/wp-content\/uploads\/2017\/09\/0189-Eastern-and-Midland-Regional-Assembly.compressed.pdf\">0189 Tion\u00f3l R\u00e9igi\u00fanach an Oirthir agus L\u00e1r T\u00edre<\/a><\/p>\n<p><a href=\"https:\/\/www.npf.ie\/wp-content\/uploads\/2017\/09\/0190-Kelpac-Medical.compressed.pdf\">0190 Kelpac Medical<\/a><\/p>\n<p><a href=\"https:\/\/www.npf.ie\/wp-content\/uploads\/2017\/09\/0191-John-McGowan.compressed.pdf\">0191 John McGowan<\/a><\/p>\n<p><a href=\"https:\/\/www.npf.ie\/wp-content\/uploads\/2017\/09\/0192-Evan-Keating.compressed.pdf\">0192 Evan Keating<\/a><\/p>\n<p><a href=\"https:\/\/www.npf.ie\/wp-content\/uploads\/2017\/09\/0193-Dick-Gleeson-Trinity-Haus.compressed.pdf\">0193 Dick Gleeson &#8211; Trinity Haus<\/a><\/p>\n<p><a href=\"https:\/\/www.npf.ie\/wp-content\/uploads\/2017\/09\/0194-Association-of-Local-Authority-Arts-Officers.compressed.pdf\">0194 Cumann Oifigeach Eala\u00edon na n\u00dadar\u00e1s \u00c1iti\u00fail<\/a><\/p>\n<p><a href=\"https:\/\/www.npf.ie\/wp-content\/uploads\/2017\/09\/0195-SLR-on-behalf-of-Port-of-Waterford-Company.compressed.pdf\">0195 SLR thar ceann Chomhlacht Chalafort Phort L\u00e1irge<\/a><\/p>\n<p><a href=\"https:\/\/www.npf.ie\/wp-content\/uploads\/2017\/09\/0196-OCG-Office-Centres-Ltd.compressed.pdf\">0196 OCG Office Centres Ltd<\/a><\/p>\n<p><a href=\"https:\/\/www.npf.ie\/wp-content\/uploads\/2017\/09\/0197-Mullingar-Chamber-1.compressed.pdf\">0197 Comhlachas Tr\u00e1cht\u00e1la an Mhuilinn Chearr 1<\/a><\/p>\n<p><a href=\"https:\/\/www.npf.ie\/wp-content\/uploads\/2017\/09\/0198-Molloy-Environmental-Services.compressed.pdf\">0198 Molloy Environmental Services<\/a><\/p>\n<p><a href=\"https:\/\/www.npf.ie\/wp-content\/uploads\/2017\/09\/0199-Mollin-Estates.compressed.pdf\">0199 Mollin Estates<\/a><\/p>\n<p><a href=\"https:\/\/www.npf.ie\/wp-content\/uploads\/2017\/09\/0200-KCLR-96FM.compressed.pdf\">0200 KCLR 96FM<\/a><\/p>\n<\/div>\n<p>[\/vc_column_text][vc_column_text]<\/p>\n<div class=\"submissions\">\n<p><a href=\"https:\/\/www.npf.ie\/wp-content\/uploads\/2017\/09\/0201-InGranite-Recon-Ltd.compressed.pdf\">0201 InGranite Recon Ltd<\/a><\/p>\n<p><a href=\"https:\/\/www.npf.ie\/wp-content\/uploads\/2017\/09\/0202-Inland-Fisheries-Ireland.compressed.pdf\">0202 Iascaigh Int\u00edre \u00c9ireann<\/a><\/p>\n<p><a href=\"https:\/\/www.npf.ie\/wp-content\/uploads\/2017\/09\/0203-Elected-Members-of-Kilkenny-County-Council.compressed.pdf\">0203 Comhalta\u00ed Tofa Chomhairle Contae Chill Cheannaigh<\/a><\/p>\n<p><a href=\"https:\/\/www.npf.ie\/wp-content\/uploads\/2017\/09\/0204-Fit-it-Out.compressed.pdf\">0204 Fit it Out<\/a><\/p>\n<p><a href=\"https:\/\/www.npf.ie\/wp-content\/uploads\/2017\/09\/0205-Elected-Members-of-Longford-County-Council.compressed.pdf\">0205 Comhalta\u00ed Tofa Chomhairle Contae an Longfoirt<\/a><\/p>\n<p><a href=\"https:\/\/www.npf.ie\/wp-content\/uploads\/2017\/09\/0206-Michael-McCarthy.compressed.pdf\">0206 Michael McCarthy<\/a><\/p>\n<p><a href=\"https:\/\/www.npf.ie\/wp-content\/uploads\/2017\/09\/0207-University-College-Cork.compressed.pdf\">0207 Col\u00e1iste na hOllscoile Corcaigh<\/a><\/p>\n<p><a href=\"https:\/\/www.npf.ie\/wp-content\/uploads\/2017\/09\/0208-Michael-Boyle.compressed.pdf\">0208 Michael Boyle<\/a><\/p>\n<p><a href=\"https:\/\/www.npf.ie\/wp-content\/uploads\/2017\/09\/0209-Crystal-Leiker.compressed.pdf\">0209 Crystal Leiker<\/a><\/p>\n<p><a href=\"https:\/\/www.npf.ie\/wp-content\/uploads\/2017\/09\/0210-Research-Education-Foundation-at-Sligo-University-Hospital.compressed.pdf\">0210 Fond\u00faireacht Taighde &amp; Oideachais in Ospid\u00e9al Ollscoile Shligigh<\/a><\/p>\n<p><a href=\"https:\/\/www.npf.ie\/wp-content\/uploads\/2017\/09\/0211-Maud-Conry.compressed.pdf\">0211 Maud Conry<\/a><\/p>\n<p><a href=\"https:\/\/www.npf.ie\/wp-content\/uploads\/2017\/09\/0212-Siobhan-Carroll.compressed.pdf\">0212 Siobhan Carroll<\/a><\/p>\n<p><a href=\"https:\/\/www.npf.ie\/wp-content\/uploads\/2017\/09\/0213-Traolach-\u2021-Fionn\u2020in.compressed.pdf\">0213 Traolach \u00d3 Fionn\u00e1in<\/a><\/p>\n<p><a href=\"https:\/\/www.npf.ie\/wp-content\/uploads\/2017\/09\/0214-Dr-Warren-Whitney.compressed.pdf\">0214 An Dr Warren Whitney<\/a><\/p>\n<p><a href=\"https:\/\/www.npf.ie\/wp-content\/uploads\/2017\/09\/0215-Dr-Brid-Quinn.compressed.pdf\">0215 An Dr Brid Quinn<\/a><\/p>\n<p><a href=\"https:\/\/www.npf.ie\/wp-content\/uploads\/2017\/09\/0216-Kilkenny-and-Carlow-Education-and-Training-Board.compressed.pdf\">0216 Bord Oideachais agus Oili\u00fana Chill Cheannaigh agus Cheatharlach<\/a><\/p>\n<p><a href=\"https:\/\/www.npf.ie\/wp-content\/uploads\/2017\/09\/0217-Stephen-Cooney.compressed.pdf\">0217 Stephen Cooney<\/a><\/p>\n<p><a href=\"https:\/\/www.npf.ie\/wp-content\/uploads\/2017\/09\/0218-Holly-Hickey.compressed.pdf\">0218 Holly Hickey<\/a><\/p>\n<p><a href=\"https:\/\/www.npf.ie\/wp-content\/uploads\/2017\/09\/0219-Claremorris-Chamber.compressed.pdf\">0219 Comhlachas Tr\u00e1cht\u00e1la Chl\u00e1r Chlainne Mhuiris<\/a><\/p>\n<p><a href=\"https:\/\/www.npf.ie\/wp-content\/uploads\/2017\/09\/0220-Gerald-McCarthy.compressed.pdf\">0220 Gerald McCarthy<\/a><\/p>\n<p><a href=\"https:\/\/www.npf.ie\/wp-content\/uploads\/2017\/09\/0221-All-Ireland-Smart-Cities-Forum.compressed.pdf\">0221 F\u00f3ram Uile-\u00c9ireann um Chathracha Cliste<\/a><\/p>\n<p><a href=\"https:\/\/www.npf.ie\/wp-content\/uploads\/2017\/09\/0222-Mike-Molloy.compressed.pdf\">0222 Mike Molloy<\/a><\/p>\n<p><a href=\"https:\/\/www.npf.ie\/wp-content\/uploads\/2017\/09\/0223-David-Cullinane.compressed.pdf\">0223 David Cullinane<\/a><\/p>\n<p><a href=\"https:\/\/www.npf.ie\/wp-content\/uploads\/2017\/09\/0224-Dublin-Institute-of-Technology.compressed.pdf\">0224 Institi\u00faid Teicneola\u00edochta Bhaile \u00c1tha Cliath<\/a><\/p>\n<p><a href=\"https:\/\/www.npf.ie\/wp-content\/uploads\/2017\/09\/0225-Irish-Academy-of-Engineering.compressed.pdf\">0225 Acadamh Innealt\u00f3ireachta na h\u00c9ireann<\/a><\/p>\n<p><a href=\"https:\/\/www.npf.ie\/wp-content\/uploads\/2017\/09\/0226-Gladys-Bowles.compressed.pdf\">0226 Gladys Bowles<\/a><\/p>\n<p><a href=\"https:\/\/www.npf.ie\/wp-content\/uploads\/2017\/09\/0227-Cllr-Fidelis-Doherty.compressed.pdf\">0227 An Comh. Fidelis Doherty<\/a><\/p>\n<p><a href=\"https:\/\/www.npf.ie\/wp-content\/uploads\/2017\/09\/0228-CORPO.compressed.pdf\">0228 CORPO<\/a><\/p>\n<p><a href=\"https:\/\/www.npf.ie\/wp-content\/uploads\/2017\/09\/0229-Cllr-John-Naughten.compressed.pdf\">0229 An Comh. John Naughten<\/a><\/p>\n<p><a href=\"https:\/\/www.npf.ie\/wp-content\/uploads\/2017\/09\/0230-Institute-of-Technology-Carlow.compressed.pdf\">0230 Institi\u00faid Teicneola\u00edochta Cheatharlach<\/a><\/p>\n<p><a href=\"https:\/\/www.npf.ie\/wp-content\/uploads\/2017\/09\/0231-David-Hughes-Architect.compressed.pdf\">0231 David Hughes Architect<\/a><\/p>\n<p><a href=\"https:\/\/www.npf.ie\/wp-content\/uploads\/2017\/09\/0232-Climate-Change-Advisory-Council.compressed.pdf\">0232 An Chomhairle Comhairli\u00fach\u00e1in um Athr\u00fa Aer\u00e1ide<\/a><\/p>\n<p><a href=\"https:\/\/www.npf.ie\/wp-content\/uploads\/2017\/09\/0233-Cllr-Andrew-Montague.compressed.pdf\">0233 An Comh. Andrew Montague<\/a><\/p>\n<p><a href=\"https:\/\/www.npf.ie\/wp-content\/uploads\/2017\/09\/0234-Monard-Concerned-Residents-Group.compressed.pdf\">0234 Cumann \u00c1itritheoir\u00ed Buartha na M\u00f3na Airde<\/a><\/p>\n<p><a href=\"https:\/\/www.npf.ie\/wp-content\/uploads\/2017\/09\/0235-Alan-Hand.compressed.pdf\">0235 Alan Hand<\/a><\/p>\n<p><a href=\"https:\/\/www.npf.ie\/wp-content\/uploads\/2017\/09\/0236-Liz-OBrien.compressed.pdf\">0236 Liz O\u2019Brien<\/a><\/p>\n<p><a href=\"https:\/\/www.npf.ie\/wp-content\/uploads\/2017\/09\/0237-No-Fry-Zone-4-Kids-Committee.compressed.pdf\">0237 No Fry Zone 4 Kids Committee<\/a><\/p>\n<p><a href=\"https:\/\/www.npf.ie\/wp-content\/uploads\/2017\/09\/0238-Paul-Nolan.compressed.pdf\">0238 Paul Nolan<\/a><\/p>\n<p><a href=\"https:\/\/www.npf.ie\/wp-content\/uploads\/2017\/09\/0239-Robert-Fitzgerald.compressed.pdf\">0239 Robert Fitzgerald<\/a><\/p>\n<p><a href=\"https:\/\/www.npf.ie\/wp-content\/uploads\/2017\/09\/0240-Roscommon-County-Council.compressed.pdf\">0240 Comhairle Contae Ros Com\u00e1in<\/a><\/p>\n<p><a href=\"https:\/\/www.npf.ie\/wp-content\/uploads\/2017\/09\/0241-Shane-McIntyre.compressed.pdf\">0241 Shane McIntyre<\/a><\/p>\n<p><a href=\"https:\/\/www.npf.ie\/wp-content\/uploads\/2017\/09\/0242-Wellman-International-Limited.compressed.pdf\">0242 Wellman International Limited<\/a><\/p>\n<p><a href=\"https:\/\/www.npf.ie\/wp-content\/uploads\/2017\/09\/0243-Veronica-Conlan-1.compressed.pdf\">0243 Veronica Conlan 1<\/a><\/p>\n<p><a href=\"https:\/\/www.npf.ie\/wp-content\/uploads\/2017\/09\/0244-Veronica-Conlan-2.compressed.pdf\">0244 Veronica Conlan 2<\/a><\/p>\n<p><a href=\"https:\/\/www.npf.ie\/wp-content\/uploads\/2017\/09\/0245-Kilcloon-Environmental-Action-Association.compressed.pdf\">0245 Cumann Gn\u00edomha\u00edochta Comhshaoil Choill Chluana<\/a><\/p>\n<p><a href=\"https:\/\/www.npf.ie\/wp-content\/uploads\/2017\/09\/0246-Inlcusion-Ireland.compressed.pdf\">0246 Cuimsi\u00fa \u00c9ireann<\/a><\/p>\n<p><a href=\"https:\/\/www.npf.ie\/wp-content\/uploads\/2017\/09\/0247-Institute-of-Tech-Blanchardstown.compressed.pdf\">0247 Institi\u00faid Teicneola\u00edochta Bhaile Bhlains\u00e9ir<\/a><\/p>\n<p><a href=\"https:\/\/www.npf.ie\/wp-content\/uploads\/2017\/09\/0248-Irish-Concrete-Federation.compressed.pdf\">0248 C\u00f3naidhm Coincr\u00e9ite na h\u00c9ireann<\/a><\/p>\n<p><a href=\"https:\/\/www.npf.ie\/wp-content\/uploads\/2017\/09\/0249-Irish-Green-Building-Council.compressed.pdf\">0249 Irish Green Building Council<\/a><\/p>\n<p><a href=\"https:\/\/www.npf.ie\/wp-content\/uploads\/2017\/09\/0250-University-of-Limerick.compressed.pdf\">0250 Ollscoil Luimnigh<\/a><\/p>\n<p><a href=\"https:\/\/www.npf.ie\/wp-content\/uploads\/2017\/09\/0251-Westpark-Shannon.compressed.pdf\">0251 Westpark Shannon<\/a><\/p>\n<p><a href=\"https:\/\/www.npf.ie\/wp-content\/uploads\/2017\/09\/0252-Samaritans-Ireland.compressed.pdf\">0252 Sam\u00e1raigh na h\u00c9ireann<\/a><\/p>\n<p><a href=\"https:\/\/www.npf.ie\/wp-content\/uploads\/2017\/09\/0253-Shannon-Foynes-Port-Company.compressed.pdf\">0253 Cuideachta Poirt na Sionainne agus Fhainge<\/a><\/p>\n<p><a href=\"https:\/\/www.npf.ie\/wp-content\/uploads\/2017\/09\/0254-Galway-Educate-Together.compressed.pdf\">0254 Foghlaim le Ch\u00e9ile, Gaillimh<\/a><\/p>\n<p><a href=\"https:\/\/www.npf.ie\/wp-content\/uploads\/2017\/09\/0255-Brendan-Donohoe.compressed.pdf\">0255 Brendan Donohoe<\/a><\/p>\n<p><a href=\"https:\/\/www.npf.ie\/wp-content\/uploads\/2017\/09\/0256-Cllr.-Tom\u2020s-Breathnach-Cllr.-Maurice-Shortall.compressed.pdf\">0256 An Comh. Tom\u00e1s Breathnach &amp; An Comh. Maurice Shortall<\/a><\/p>\n<p><a href=\"https:\/\/www.npf.ie\/wp-content\/uploads\/2017\/09\/0257-Margaret-OBrien.compressed.pdf\">0257 Margaret O\u2019Brien<\/a><\/p>\n<p><a href=\"https:\/\/www.npf.ie\/wp-content\/uploads\/2017\/09\/0258-Pavee-Point-Traveller-and-Roma-Centre.compressed.pdf\">0258 Ionad Pavee don Lucht Si\u00fail agus do phobal na Romach<\/a><\/p>\n<p><a href=\"https:\/\/www.npf.ie\/wp-content\/uploads\/2017\/09\/0259-Dr-Owen-Douglas.compressed.pdf\">0259 An Dr Owen Douglas<\/a><\/p>\n<p><a href=\"https:\/\/www.npf.ie\/wp-content\/uploads\/2017\/09\/0260-Cllr-Peter-Feeney.compressed.pdf\">0260 An Comh. Peter Feeney<\/a><\/p>\n<p><a href=\"https:\/\/www.npf.ie\/wp-content\/uploads\/2017\/09\/0261-Midland-Travel.compressed.pdf\">0261 Taisteal i L\u00e1r na T\u00edre<\/a><\/p>\n<p><a href=\"https:\/\/www.npf.ie\/wp-content\/uploads\/2017\/09\/0262-Cavan-County-Council.compressed.pdf\">0262 Comhairle Chontae an Chabh\u00e1in<\/a><\/p>\n<p><a href=\"https:\/\/www.npf.ie\/wp-content\/uploads\/2017\/09\/0263-Clare-LCDC.compressed.pdf\">0263 Coiste um Fhorbairt Pobail \u00c1iti\u00fail an Chl\u00e1ir<\/a><\/p>\n<p><a href=\"https:\/\/www.npf.ie\/wp-content\/uploads\/2017\/09\/0264-Cork-Branch-Construction-Industry-Federation..compressed.pdf\">0264 C\u00f3naidhm Thionscal na Foirgn\u00edochta &#8211; Craobh Chorca\u00ed<\/a><\/p>\n<p><a href=\"https:\/\/www.npf.ie\/wp-content\/uploads\/2017\/09\/0265-DCU-ICT.compressed.pdf\">0265 Ollscoil Chathair Bhaile \u00c1tha Cliath &#8211; TFC<\/a><\/p>\n<p><a href=\"https:\/\/www.npf.ie\/wp-content\/uploads\/2017\/09\/0266-St.-Patricks-N.S.-Strangsmills-Kilmacow-KB.compressed.pdf\">0266 &#8211; Scoil N\u00e1isi\u00fanta Ph\u00e1draig, Muileann an Strangaigh, Cill Mhic Bh\u00faith, KB<\/a><\/p>\n<p><a href=\"https:\/\/www.npf.ie\/wp-content\/uploads\/2017\/09\/0267-Tobacco-Free-Ireland-Programme-HSE.compressed.pdf\">0267 Tobacco Free Ireland Programme, FSS<\/a><\/p>\n<p><a href=\"https:\/\/www.npf.ie\/wp-content\/uploads\/2017\/09\/0268-Sacyr.compressed.pdf\">0268 Sacyr<\/a><\/p>\n<p><a href=\"https:\/\/www.npf.ie\/wp-content\/uploads\/2017\/09\/0269-Quinn-Industrial-Holdings-DAC.compressed.pdf\">0269 Quinn Industrial Holdings DAC<\/a><\/p>\n<p><a href=\"https:\/\/www.npf.ie\/wp-content\/uploads\/2017\/09\/0270-SUSTINEO.compressed.pdf\">0270 SUSTINEO<\/a><\/p>\n<p><a href=\"https:\/\/www.npf.ie\/wp-content\/uploads\/2017\/09\/0271-RGFI.compressed.pdf\">0271 RGFI<\/a><\/p>\n<p><a href=\"https:\/\/www.npf.ie\/wp-content\/uploads\/2017\/09\/0272-McDonald-International.compressed.pdf\">0272 McDonald International<\/a><\/p>\n<p><a href=\"https:\/\/www.npf.ie\/wp-content\/uploads\/2017\/09\/0273-Mark-Keogh.pdf\">0273 Mark Keogh<\/a><\/p>\n<p><a href=\"https:\/\/www.npf.ie\/wp-content\/uploads\/0274-Iarnro\u0301d-E\u0301ireann.pdf\">0274 Iarnro\u0301d E\u0301ireann<\/a><\/p>\n<p><a href=\"https:\/\/www.npf.ie\/wp-content\/uploads\/2017\/09\/0275-Association-of-Town-City-Management.compressed.pdf\">0275 Association of Town &amp; City Management<\/a><\/p>\n<p><a href=\"https:\/\/www.npf.ie\/wp-content\/uploads\/2017\/09\/0276-Transport-Infrastructure-Ireland.compressed.pdf\">0276 Bonneagar Iompair \u00c9ireann<\/a><\/p>\n<p><a href=\"https:\/\/www.npf.ie\/wp-content\/uploads\/2017\/09\/0277-Lakeland-Dairies.compressed.pdf\">0277 Lakeland Dairies<\/a><\/p>\n<p><a href=\"https:\/\/www.npf.ie\/wp-content\/uploads\/2017\/09\/0278-Mid-West-Limerick-City-Region.compressed.pdf\">0278 R\u00e9igi\u00fan Chathair Luimnigh san Iarthar L\u00e1ir<\/a><\/p>\n<p><a href=\"https:\/\/www.npf.ie\/wp-content\/uploads\/2017\/09\/0279-Future-Analytics.compressed.pdf\">0279 Future Analytics<\/a><\/p>\n<p><a href=\"https:\/\/www.npf.ie\/wp-content\/uploads\/2017\/09\/0280-James-Harnett.compressed.pdf\">0280 James Harnett<\/a><\/p>\n<p><a href=\"https:\/\/www.npf.ie\/wp-content\/uploads\/2017\/09\/0281-Garrett-Fox-2.compressed.pdf\">0281 Garrett Fox 2<\/a><\/p>\n<p><a href=\"https:\/\/www.npf.ie\/wp-content\/uploads\/2017\/09\/0282-Western-Inter-County-Railway-Committee.compressed.pdf\">0282 An Coiste Iarnr\u00f3id Idirchontae Thiar<\/a><\/p>\n<p><a href=\"https:\/\/www.npf.ie\/wp-content\/uploads\/2017\/09\/0283-Gerry-McCormack-2.compressed.pdf\">0283 Gerry McCormack 2<\/a><\/p>\n<p><a href=\"https:\/\/www.npf.ie\/wp-content\/uploads\/2017\/09\/0284-E-Monks-The-Irish-Electromagnetic-Radiation-Victims-Network.compressed.pdf\">0284 E Monks &#8211; L\u00edonra \u00c9ireannach d\u2019\u00cdospartaigh Rada\u00edochta Leictreamaighn\u00e9adaigh<\/a><\/p>\n<p><a href=\"https:\/\/www.npf.ie\/wp-content\/uploads\/2017\/09\/0285-Breda-Campion-Johnstown-Active-Retired.compressed.pdf\">0285 Breda Campion &#8211; Daoine Gn\u00edomhacha ar Scor Bhaile Eoin<\/a><\/p>\n<p><a href=\"https:\/\/www.npf.ie\/wp-content\/uploads\/2017\/09\/0286-Carlow-PPN.compressed.pdf\">0286 L\u00edonra Rannph\u00e1irt\u00edochta Poibl\u00ed Cheatharlach<\/a><\/p>\n<p><a href=\"https:\/\/www.npf.ie\/wp-content\/uploads\/2017\/09\/0287-Mattie-McGrath-TD.compressed.pdf\">0287 Mattie McGrath TD<\/a><\/p>\n<p><a href=\"https:\/\/www.npf.ie\/wp-content\/uploads\/2017\/09\/0288-ICMOS-Ireland.compressed.pdf\">0288 ICOMOS \u00c9ireann<\/a><\/p>\n<p><a href=\"https:\/\/www.npf.ie\/wp-content\/uploads\/2017\/09\/0289-Cheeverstown.compressed.pdf\">0289 Cheeverstown<\/a><\/p>\n<p><a href=\"https:\/\/www.npf.ie\/wp-content\/uploads\/2017\/09\/0290-Eastern-and-Midland-Regional-Assembly.compressed.pdf\">0290 Tion\u00f3l R\u00e9igi\u00fanach an Oirthir agus L\u00e1r T\u00edre<\/a><\/p>\n<p><a href=\"https:\/\/www.npf.ie\/wp-content\/uploads\/2017\/09\/0291-Sheila-Deegan-Limerick-City-and-County-Council.compressed.pdf\">0291 Sheila Deegan &#8211; Comhairle Cathrach agus Contae Phort L\u00e1irge<\/a><\/p>\n<p><a href=\"https:\/\/www.npf.ie\/wp-content\/uploads\/2017\/09\/0292-Waterford-Chamber.compressed.pdf\">0292 Comhlachas Tr\u00e1cht\u00e1la Phort L\u00e1irge<\/a><\/p>\n<p><a href=\"https:\/\/www.npf.ie\/wp-content\/uploads\/2017\/09\/0293-Cork-County-Cork-City-Council.compressed.pdf\">0293 Comhairl\u00ed Contae agus Cathrach Chorca\u00ed<\/a><\/p>\n<p><a href=\"https:\/\/www.npf.ie\/wp-content\/uploads\/2017\/09\/0294-Traveller-Health-Unit-HSE-Mid-West.compressed.pdf\">0294 Aonad Sl\u00e1inte don Lucht Si\u00fail, FSS an L\u00e1r-iarthair<\/a><\/p>\n<p><a href=\"https:\/\/www.npf.ie\/wp-content\/uploads\/2017\/09\/0295-Senan-Cooke-Communities-Creating-Jobs.compressed.pdf\">0295 Senan Cooke &#8211; Communities Creating Jobs<\/a><\/p>\n<p><a href=\"https:\/\/www.npf.ie\/wp-content\/uploads\/2017\/09\/0296-Waterford-Civic-Trust.compressed.pdf\">0296 Iontaobhas Cathartha Phort L\u00e1irge<\/a><\/p>\n<p><a href=\"https:\/\/www.npf.ie\/wp-content\/uploads\/2017\/09\/0297-Eamon-Nolan.compressed.pdf\">0297 Eamon Nolan<\/a><\/p>\n<p><a href=\"https:\/\/www.npf.ie\/wp-content\/uploads\/2017\/09\/0298-Tipperary-LCDC.compressed.pdf\">0298 Coiste um Fhorbairt Pobail \u00c1iti\u00fail Thiobraid \u00c1rann<\/a><\/p>\n<p><a href=\"https:\/\/www.npf.ie\/wp-content\/uploads\/2017\/09\/0299-Darragh-Murphy.compressed.pdf\">0299 Darragh Murphy<\/a><\/p>\n<p><a href=\"https:\/\/www.npf.ie\/wp-content\/uploads\/2017\/09\/0300-Cllr-Martina-Kinane.compressed.pdf\">0300 An Comh. Martina Kinane<\/a><\/p>\n<p><a href=\"https:\/\/www.npf.ie\/wp-content\/uploads\/2017\/09\/0301-ETBI.compressed.pdf\">0301 Boird Oideachais agus Oili\u00fana na h\u00c9ireann<\/a><\/p>\n<p><a href=\"https:\/\/www.npf.ie\/wp-content\/uploads\/2017\/09\/0302-HSE-Public-Health-Medicine-Environment-and-Health-Group.compressed.pdf\">0302 Gr\u00fapa Sl\u00e1inte Poibl\u00ed don Leigheas agus don Timpeallacht FSS<\/a><\/p>\n<p><a href=\"https:\/\/www.npf.ie\/wp-content\/uploads\/2017\/09\/0303-Anne-Howard-Genvest.compressed.pdf\">0303 Anne Howard Genvest<\/a><\/p>\n<p><a href=\"https:\/\/www.npf.ie\/wp-content\/uploads\/2017\/09\/0304-Marc-Mac-Sharry-TD.compressed.pdf\">0304 Marc Mac Sharry TD<\/a><\/p>\n<p><a href=\"https:\/\/www.npf.ie\/wp-content\/uploads\/2017\/09\/0305-David-OKeeffe.compressed.pdf\">0305 David O\u2019Keeffe<\/a><\/p>\n<p><a href=\"https:\/\/www.npf.ie\/wp-content\/uploads\/2017\/09\/0306-Cavan-County-Council.compressed.pdf\">0306 Comhairle Chontae an Chabh\u00e1in<\/a><\/p>\n<p><a href=\"https:\/\/www.npf.ie\/wp-content\/uploads\/2017\/09\/0307-Brian-Simpson.compressed.pdf\">0307 Brian Simpson<\/a><\/p>\n<p><a href=\"https:\/\/www.npf.ie\/wp-content\/uploads\/2017\/09\/0308-Mid-Ulster-District-Council.compressed.pdf\">0308 Comhairle Ceantair do L\u00e1r Uladh<\/a><\/p>\n<p><a href=\"https:\/\/www.npf.ie\/wp-content\/uploads\/2017\/09\/0309-Inishowen-Development-Partnership.compressed.pdf\">0309 Comhph\u00e1irt\u00edocht Forbartha Inis Eoghain<\/a><\/p>\n<p><a href=\"https:\/\/www.npf.ie\/wp-content\/uploads\/2017\/09\/0310-McDowell-Purcell.compressed.pdf\">0310 McDowell Purcell<\/a><\/p>\n<p><a href=\"https:\/\/www.npf.ie\/wp-content\/uploads\/2017\/09\/0311-Cork-IT.compressed.pdf\">0311 Institi\u00faid Teicneola\u00edochta Chorca\u00ed<\/a><\/p>\n<p><a href=\"https:\/\/www.npf.ie\/wp-content\/uploads\/2017\/09\/0312-SSE.compressed.pdf\">0312 SSE<\/a><\/p>\n<p><a href=\"https:\/\/www.npf.ie\/wp-content\/uploads\/2017\/09\/0313-Lorna-Duffy.compressed.pdf\">0313 Lorna Duffy<\/a><\/p>\n<p><a href=\"https:\/\/www.npf.ie\/wp-content\/uploads\/2017\/09\/0314-Darragh-Murphy-1.compressed.pdf\">0314 Darragh Murphy 1<\/a><\/p>\n<p><a href=\"https:\/\/www.npf.ie\/wp-content\/uploads\/2017\/09\/0315-Darragh-Murphy-2.compressed.pdf\">0315 Darragh Murphy 2<\/a><\/p>\n<p><a href=\"https:\/\/www.npf.ie\/wp-content\/uploads\/2017\/09\/0316-Darragh-Murphy-3.compressed.pdf\">0316 Darragh Murphy 3<\/a><\/p>\n<p><a href=\"https:\/\/www.npf.ie\/wp-content\/uploads\/2017\/09\/0317-Darragh-Murphy-4.compressed.pdf\">0317 Darragh Murphy 4<\/a><\/p>\n<p><a href=\"https:\/\/www.npf.ie\/wp-content\/uploads\/2017\/09\/0318-Darragh-Murphy-5.compressed.pdf\">0318 Darragh Murphy 5<\/a><\/p>\n<p><a href=\"https:\/\/www.npf.ie\/wp-content\/uploads\/2017\/09\/0319-Darragh-Murphy-6.compressed.pdf\">0319 Darragh Murphy 6<\/a><\/p>\n<p><a href=\"https:\/\/www.npf.ie\/wp-content\/uploads\/2017\/09\/0320-Darragh-Murphy-7.compressed.pdf\">0320 Darragh Murphy 7<\/a><\/p>\n<p><a href=\"https:\/\/www.npf.ie\/wp-content\/uploads\/2017\/09\/0321-Sheila-Convery.compressed.pdf\">0321 Sheila Convery<\/a><\/p>\n<p><a href=\"https:\/\/www.npf.ie\/wp-content\/uploads\/2017\/09\/0322-Wexford-IFA.compressed.pdf\">0322 Cumann Feirmeoir\u00ed Loch Garman<\/a><\/p>\n<p><a href=\"https:\/\/www.npf.ie\/wp-content\/uploads\/2017\/09\/0323-Royal-Irish-Academy-re-Archaeology.compressed.pdf\">0323 Acadamh R\u00edoga na h\u00c9ireann um Sheand\u00e1la\u00edocht<\/a><\/p>\n<p><a href=\"https:\/\/www.npf.ie\/wp-content\/uploads\/2017\/09\/0324-Kerry-County-Council.compressed.pdf\">0324 Comhairle Contae Chiarra\u00ed<\/a><\/p>\n<p><a href=\"https:\/\/www.npf.ie\/wp-content\/uploads\/2017\/09\/0325-Letterkenny-Chamber.compressed.pdf\">0325 Comhlachas Tr\u00e1cht\u00e1la Leitir Ceanainn<\/a><\/p>\n<p><a href=\"https:\/\/www.npf.ie\/wp-content\/uploads\/2017\/09\/0326-Irish-Water.compressed.pdf\">0326 Uisce \u00c9ireann<\/a><\/p>\n<p><a href=\"https:\/\/www.npf.ie\/wp-content\/uploads\/2017\/09\/0327-Anthony-Gray-Sligo-Food-Trail.compressed.pdf\">0327 Anthony Gray &#8211; Aistear Bia Blasta Shligigh<\/a><\/p>\n<p><a href=\"https:\/\/www.npf.ie\/wp-content\/uploads\/2017\/09\/0328-Sligo-PPN-Community-and-Voluntary-College.compressed.pdf\">0328 L\u00edonra Rannph\u00e1irt\u00edochta Poibl\u00ed Shligigh &#8211; Col\u00e1iste Pobail agus Deonach<\/a><\/p>\n<p><a href=\"https:\/\/www.npf.ie\/wp-content\/uploads\/2017\/09\/0329-Sligo-PPN-Social-Inclusion-College.compressed.pdf\">0329 L\u00edonra Rannph\u00e1irt\u00edochta Poibl\u00ed Shligigh &#8211; Col\u00e1iste Cuimsithe Sh\u00f3isialta<\/a><\/p>\n<p><a href=\"https:\/\/www.npf.ie\/wp-content\/uploads\/2017\/09\/0330-Sligo-PPN-Environment-college.compressed.pdf\">0330 L\u00edonra Rannph\u00e1irt\u00edochta Poibl\u00ed Shligigh &#8211; Col\u00e1iste Comhshaoil<\/a><\/p>\n<\/div>\n<p>[\/vc_column_text][\/vc_column][vc_column width=&#8221;1\/2&#8243;][vc_column_text]331-664<\/p>\n<p>[\/vc_column_text][vc_column_text]<\/p>\n<div class=\"submissions\">\n<p><a href=\"https:\/\/www.npf.ie\/wp-content\/uploads\/2017\/09\/0331-Con-Traas-Irish-Apple-Growers-Association.compressed.pdf\">0331 Con Traas &#8211; Cumann T\u00e1irgeoir\u00ed \u00dall na h\u00c9ireann<\/a><\/p>\n<p><a href=\"https:\/\/www.npf.ie\/wp-content\/uploads\/2017\/09\/0332-Trinity-College-Dublin.compressed.pdf\">0332 Col\u00e1iste na Tr\u00edon\u00f3ide, Baile \u00c1tha Cliath<\/a><\/p>\n<p><a href=\"https:\/\/www.npf.ie\/wp-content\/uploads\/2017\/09\/0333-Sligo-County-Council.compressed.pdf\">0333 Comhairle Chontae Shligigh<\/a><\/p>\n<p><a href=\"https:\/\/www.npf.ie\/wp-content\/uploads\/2017\/09\/0334-Lar-Power.compressed.pdf\">0334 Lar Power<\/a><\/p>\n<p><a href=\"https:\/\/www.npf.ie\/wp-content\/uploads\/2017\/09\/0335-Heather-Burke-Networl-of-Conversation-Salons.compressed.pdf\">0335 Heather Burke Network of Conversation Salons<\/a><\/p>\n<p><a href=\"https:\/\/www.npf.ie\/wp-content\/uploads\/2017\/09\/0336-Seamus-Hussey.compressed.pdf\">0336 Seamus Kelly<\/a><\/p>\n<p><a href=\"https:\/\/www.npf.ie\/wp-content\/uploads\/2017\/09\/0337-Darragh-Murphy-8.compressed.pdf\">0337 Darragh Murphy 8<\/a><\/p>\n<p><a href=\"https:\/\/www.npf.ie\/wp-content\/uploads\/2017\/09\/0338-Yemisi-Ojo-IACI.compressed.pdf\">0338 Yemisi Ojo &#8211; IACI<\/a><\/p>\n<p><a href=\"https:\/\/www.npf.ie\/wp-content\/uploads\/2017\/09\/0339-Westmeath-County-Council.compressed.pdf\">0339 Comhairle Chontae na hIarmh\u00ed<\/a><\/p>\n<p><a href=\"https:\/\/www.npf.ie\/wp-content\/uploads\/2017\/09\/0340-UL-Dr-Bernadette-ORegan-School-of-Natural-Sciences-UL.compressed.pdf\">0340 Ollscoil Luimnigh &#8211; An Dr Bernadette O\u2019Regan, Scoil na nEola\u00edochta\u00ed N\u00e1d\u00fartha, Ollscoil Luimnigh<\/a><\/p>\n<p><a href=\"https:\/\/www.npf.ie\/wp-content\/uploads\/2017\/09\/0341-ISPCC.compressed.pdf\">0341 Cumann na h\u00c9ireann um Chosaint Leana\u00ed<\/a><\/p>\n<p><a href=\"https:\/\/www.npf.ie\/wp-content\/uploads\/2017\/09\/0342-Pierce-Mary-Keoghan.compressed.pdf\">0342 Pierce &amp; Mary Keoghan<\/a><\/p>\n<p><a href=\"https:\/\/www.npf.ie\/wp-content\/uploads\/2017\/09\/0343-Sligo-Chamber.compressed.pdf\">0343 Comhlachas Tr\u00e1cht\u00e1la Shligigh<\/a><\/p>\n<p><a href=\"https:\/\/www.npf.ie\/wp-content\/uploads\/2017\/09\/0344-Athlone-Institute-of-Technology.compressed.pdf\">0344 Institi\u00faid Teicneola\u00edochta Bhaile \u00c1tha Luain<\/a><\/p>\n<p><a href=\"https:\/\/www.npf.ie\/wp-content\/uploads\/2017\/09\/0345-Dhuish-Environmental-Group.compressed.pdf\">0345 Gr\u00fapa Comhshaoil Dhuish<\/a><\/p>\n<p><a href=\"https:\/\/www.npf.ie\/wp-content\/uploads\/2017\/09\/0346-Drogheda-City-Status-Group.compressed.pdf\">0346 Gr\u00fapa St\u00e1dais Cathrach Dhroichead \u00c1tha<\/a><\/p>\n<p><a href=\"https:\/\/www.npf.ie\/wp-content\/uploads\/2017\/09\/0347-Kathleen-Watson.compressed.pdf\">0347 Kathleen Watson<\/a><\/p>\n<p><a href=\"https:\/\/www.npf.ie\/wp-content\/uploads\/2017\/09\/0348-Royal-College-of-Physicians-of-Ireland.compressed.pdf\">0348 Col\u00e1iste R\u00edoga Docht\u00fair\u00ed na h\u00c9ireann<\/a><\/p>\n<p><a href=\"https:\/\/www.npf.ie\/wp-content\/uploads\/2017\/09\/0349-Codema.compressed.pdf\">0349 Codema<\/a><\/p>\n<p><a href=\"https:\/\/www.npf.ie\/wp-content\/uploads\/2017\/09\/0350-ICBAN.compressed.pdf\">0350 ICBAN<\/a><\/p>\n<p><a href=\"https:\/\/www.npf.ie\/wp-content\/uploads\/2017\/09\/0351-John-Clancy.compressed.pdf\">0351 John Clancy<\/a><\/p>\n<p><a href=\"https:\/\/www.npf.ie\/wp-content\/uploads\/2017\/09\/0352-Sligo-BID.compressed.pdf\">0352 Sligo BID<\/a><\/p>\n<p><a href=\"https:\/\/www.npf.ie\/wp-content\/uploads\/2017\/09\/0353-NWRA.compressed.pdf\">0353 NWRA<\/a><\/p>\n<p><a href=\"https:\/\/www.npf.ie\/wp-content\/uploads\/2017\/09\/0354-Midlands-Gateway-Chamber.compressed.pdf\">0354 Comhlachas Thairseach L\u00e1r na T\u00edre<\/a><\/p>\n<p><a href=\"https:\/\/www.npf.ie\/wp-content\/uploads\/2017\/09\/0355-Thomas-Conway-on-behalf-of-Cllr-Phyll-Bugler.compressed.pdf\">0355 Thomas Conway thar ceann an Chomh. Phyll Bugler<\/a><\/p>\n<p><a href=\"https:\/\/www.npf.ie\/wp-content\/uploads\/2017\/09\/0356-Mel-MacGiobuin-North-Inner-City-Drugs-and-Alcohol-Task-Force.compressed.pdf\">0356 Mel MacGiobuin &#8211; Tascfh\u00f3rsa na L\u00e1rchathrach Thuaidh ar Alc\u00f3l agus ar Dhruga\u00ed<\/a><\/p>\n<p><a href=\"https:\/\/www.npf.ie\/wp-content\/uploads\/2017\/09\/0357-Paul-Hannity.compressed.pdf\">0357 Paul Hannity<\/a><\/p>\n<p><a href=\"https:\/\/www.npf.ie\/wp-content\/uploads\/2017\/09\/0358-Macra-na-Feirme.compressed.pdf\">0358 Macra na Feirme<\/a><\/p>\n<p><a href=\"https:\/\/www.npf.ie\/wp-content\/uploads\/2017\/09\/0359-Simon-Shilton.compressed.pdf\">0359 Simon Shilton<\/a><\/p>\n<p><a href=\"https:\/\/www.npf.ie\/wp-content\/uploads\/2017\/09\/0360-Charlies-Stanley-Smith.compressed.pdf\">0360 Charlies Stanley-Smith<\/a><\/p>\n<p><a href=\"https:\/\/www.npf.ie\/wp-content\/uploads\/2017\/09\/0361-Paul-Hegarty.compressed.pdf\">0361 Paul Hegarty<\/a><\/p>\n<p><a href=\"https:\/\/www.npf.ie\/wp-content\/uploads\/2017\/09\/0362-Cllr-Gerard-Frisby.compressed.pdf\">0362 An Comh. Gerard Frisby<\/a><\/p>\n<p><a href=\"https:\/\/www.npf.ie\/wp-content\/uploads\/2017\/09\/0363-Cllr-Caroline-Lynch.compressed.pdf\">0363 An Comh. Caroline Lynch<\/a><\/p>\n<p><a href=\"https:\/\/www.npf.ie\/wp-content\/uploads\/2017\/09\/0364-Cllr-Frankie-Keena.compressed.pdf\">0364 An Comh. Frankie Keena<\/a><\/p>\n<p><a href=\"https:\/\/www.npf.ie\/wp-content\/uploads\/2017\/09\/0365-Eamon-Ryan-TD.compressed.pdf\">0365 Eamon Ryan TD<\/a><\/p>\n<p><a href=\"https:\/\/www.npf.ie\/wp-content\/uploads\/2017\/09\/0366-Michael-McCarthy.compressed.pdf\">0366 Michael McCarthy<\/a><\/p>\n<p><a href=\"https:\/\/www.npf.ie\/wp-content\/uploads\/2017\/09\/0367-Limerick-Chamber.compressed.pdf\">0367 Comhlachas Tr\u00e1cht\u00e1la Luimnigh<\/a><\/p>\n<p><a href=\"https:\/\/www.npf.ie\/wp-content\/uploads\/2017\/09\/0368-Bernadette-Harvey.compressed.pdf\">0368 Bernadette Harvey<\/a><\/p>\n<p><a href=\"https:\/\/www.npf.ie\/wp-content\/uploads\/2017\/09\/0369-Cllr-Seamie-Morris.compressed.pdf\">0369 An Comh. Seamie Morris<\/a><\/p>\n<p><a href=\"https:\/\/www.npf.ie\/wp-content\/uploads\/2017\/09\/0370-Cllr-Gillian-Toole_redacted.compressed.pdf\">0370 An Comh. Gillian Toole_leasaithe<\/a><\/p>\n<p><a href=\"https:\/\/www.npf.ie\/wp-content\/uploads\/2017\/09\/0371-Ardmore-Grange-Housing-Study-Group.compressed.pdf\">0371 Gr\u00fapa Staid\u00e9ir ar Thith\u00edocht Ghr\u00e1inseach Airde M\u00f3ire<\/a><\/p>\n<p><a href=\"https:\/\/www.npf.ie\/wp-content\/uploads\/2017\/09\/0372-Arts-Council.compressed.pdf\">0372 An Chomhairle Eala\u00edon<\/a><\/p>\n<p><a href=\"https:\/\/www.npf.ie\/wp-content\/uploads\/2017\/09\/0373-Tony-Dempsey.compressed.pdf\">0373 Tony Dempsey<\/a><\/p>\n<p><a href=\"https:\/\/www.npf.ie\/wp-content\/uploads\/2017\/09\/0374-Royal-Town-Planning-Institute-Northern-Ireland.compressed.pdf\">0374 Royal Town Planning Institute Northern Ireland<\/a><\/p>\n<p><a href=\"https:\/\/www.npf.ie\/wp-content\/uploads\/2017\/09\/0375-Maurice-Quinlivan-TD.compressed.pdf\">0375 Maurice Quinlivan TD<\/a><\/p>\n<p><a href=\"https:\/\/www.npf.ie\/wp-content\/uploads\/2017\/09\/0376-UCD-Young-Fine-Gael.compressed.pdf\">0376 Young Fine Gael, an Col\u00e1iste Ollscoile, Baile \u00c1tha Cliath<\/a><\/p>\n<p><a href=\"https:\/\/www.npf.ie\/wp-content\/uploads\/2017\/09\/0377-Dublin-Port-Company.compressed.pdf\">0377 Cuideachta Chalafort Bhaile \u00c1tha Cliath<\/a><\/p>\n<p><a href=\"https:\/\/www.npf.ie\/wp-content\/uploads\/2017\/09\/0378-Lisa-Chambers-TD.compressed.pdf\">0378 Lisa Chambers TD<\/a><\/p>\n<p><a href=\"https:\/\/www.npf.ie\/wp-content\/uploads\/2017\/09\/0379-Galway-City-Council.compressed.pdf\">0379 Comhairle Cathrach na Gaillimhe<\/a><\/p>\n<p><a href=\"https:\/\/www.npf.ie\/wp-content\/uploads\/2017\/09\/0380-KellyGreenUrban-KSWUrban-Design.compressed.pdf\">0380 KellyGreenUrban &#8211; KSWUrban Design<\/a><\/p>\n<p><a href=\"https:\/\/www.npf.ie\/wp-content\/uploads\/2017\/09\/0381-Longford-PPN.compressed.pdf\">0381 L\u00edonra Rannph\u00e1irt\u00edochta Poibl\u00ed an Longfoirt<\/a><\/p>\n<p><a href=\"https:\/\/www.npf.ie\/wp-content\/uploads\/2017\/09\/0382-Donal-Kenny.compressed.pdf\">0382 Donal Kenny<\/a><\/p>\n<p><a href=\"https:\/\/www.npf.ie\/wp-content\/uploads\/2017\/09\/0383-Fingal-County-Council.compressed.pdf\">0383 Comhairle Contae Fhine Ghall<\/a><\/p>\n<p><a href=\"https:\/\/www.npf.ie\/wp-content\/uploads\/2017\/09\/0384-National-Community-Action-on-Alcohol-Network.compressed.pdf\">0384 L\u00edonra do Ghn\u00edomhaireacht N\u00e1isi\u00fanta Pobail ar an Alc\u00f3l<\/a><\/p>\n<p><a href=\"https:\/\/www.npf.ie\/wp-content\/uploads\/2017\/09\/0385-Cllr-Mary-Roche.compressed.pdf\">0385 An Comh. Mary Roche<\/a><\/p>\n<p><a href=\"https:\/\/www.npf.ie\/wp-content\/uploads\/2017\/09\/0386-Alcohol-Forum.compressed.pdf\">0386 F\u00f3ram ar an Alc\u00f3l<\/a><\/p>\n<p><a href=\"https:\/\/www.npf.ie\/wp-content\/uploads\/2017\/09\/0387-Co-operative-Housing-Ireland.compressed.pdf\">0387 Tith\u00edocht Chomharchumann na h\u00c9ireann<\/a><\/p>\n<p><a href=\"https:\/\/www.npf.ie\/wp-content\/uploads\/2017\/09\/0388-Elgin-Energy-Michael-Moore.compressed.pdf\">0388 Elgin Energy Michael Moore<\/a><\/p>\n<p><a href=\"https:\/\/www.npf.ie\/wp-content\/uploads\/2017\/09\/0389-Midlands-Regional-Skills-Forum.compressed.pdf\">0389 F\u00f3ram Scileanna R\u00e9igi\u00fanach L\u00e1r T\u00edre<\/a><\/p>\n<p><a href=\"https:\/\/www.npf.ie\/wp-content\/uploads\/2017\/09\/0390-Irish-Planning-Institute.compressed.pdf\">0390 Institi\u00faid Plean\u00e1la na h\u00c9ireann<\/a><\/p>\n<p><a href=\"https:\/\/www.npf.ie\/wp-content\/uploads\/2017\/09\/0391-Carlow-County-Council.compressed.pdf\">0391 Comhairle Contae Cheatharlach<\/a><\/p>\n<p><a href=\"https:\/\/www.npf.ie\/wp-content\/uploads\/2017\/09\/0392-Engineers-Ireland.compressed.pdf\">0392 Innealt\u00f3ir\u00ed na h\u00c9ireann<\/a><\/p>\n<p><a href=\"https:\/\/www.npf.ie\/wp-content\/uploads\/2017\/09\/0393-Irish-Forum-on-Natural-Capital-TCD.compressed.pdf\">0393 Irish Forum on Natural Capital, Col\u00e1iste na Tr\u00edon\u00f3ide, Baile \u00c1tha Cliath<\/a><\/p>\n<p><a href=\"https:\/\/www.npf.ie\/wp-content\/uploads\/2017\/09\/0394-Drogheda-Port-Company.compressed.pdf\">0394 Cuideachta Poirt Dhroichead \u00c1tha<\/a><\/p>\n<p><a href=\"https:\/\/www.npf.ie\/wp-content\/uploads\/2017\/09\/0395-Social-Justice-Ireland.compressed.pdf\">0395 Ceartas S\u00f3isialta \u00c9ireann<\/a><\/p>\n<p><a href=\"https:\/\/www.npf.ie\/wp-content\/uploads\/2017\/09\/0396-Heritage-Council.compressed.pdf\">0396 An Chomhairle Oidhreachta<\/a><\/p>\n<p><a href=\"https:\/\/www.npf.ie\/wp-content\/uploads\/2017\/09\/0397-Housing-Agency.compressed.pdf\">0397 An Ghn\u00edomhaireacht Tith\u00edochta<\/a><\/p>\n<p><a href=\"https:\/\/www.npf.ie\/wp-content\/uploads\/2017\/09\/0398-Sligo-University-Hospital.compressed.pdf\">0398 Ospid\u00e9al Ollscoile Shligigh<\/a><\/p>\n<p><a href=\"https:\/\/www.npf.ie\/wp-content\/uploads\/2017\/09\/0399-South-East-Action-Plan-for-Jobs.compressed.pdf\">0399 Plean Gn\u00edomha\u00edochta um Poist don Oirdheisceart<\/a><\/p>\n<p><a href=\"https:\/\/www.npf.ie\/wp-content\/uploads\/2017\/09\/0400-Deirdre-Clune-MEP.compressed.pdf\">0400 Deirdre Clune, Feisire de Pharlaimint na hEorpa<\/a><\/p>\n<\/div>\n<p>[\/vc_column_text][vc_column_text]<\/p>\n<div class=\"submissions\">\n<p><a href=\"https:\/\/www.npf.ie\/wp-content\/uploads\/2017\/09\/0401-Brookfield-Renewable-Ireland.compressed.pdf\">0401 Brookfield Renewable Ireland<\/a><a href=\"https:\/\/www.npf.ie\/wp-content\/uploads\/2017\/09\/0402-Shannon-Chamber.compressed.pdf\">0402 Comhlachas Tr\u00e1cht\u00e1la Shionainne<\/a><\/p>\n<p><a href=\"https:\/\/www.npf.ie\/wp-content\/uploads\/2017\/09\/0403-Senator-Paddy-Burke.compressed.pdf\">0403 An Seanad\u00f3ir Paddy Burke<\/a><\/p>\n<p><a href=\"https:\/\/www.npf.ie\/wp-content\/uploads\/2017\/09\/0404-Cllr-Ger-Darcy.compressed.pdf\">0404 An Comh. Ger Darcy<\/a><\/p>\n<p><a href=\"https:\/\/www.npf.ie\/wp-content\/uploads\/2017\/09\/0405-Kimberly-Pondoff-Ardee-Community-Wind-Action-Group.compressed.pdf\">0405 Kimberly Pondoff &#8211; Gr\u00fapa Gn\u00edomha\u00edochta Gaoithe Phobal Bhaile \u00c1tha Fhirdhia<\/a><\/p>\n<p><a href=\"https:\/\/www.npf.ie\/wp-content\/uploads\/2017\/09\/0406-Clonmel-and-Tipperary.compressed.pdf\">0406 Cluain Mheala agus Tiobraid \u00c1rann<\/a><\/p>\n<p><a href=\"https:\/\/www.npf.ie\/wp-content\/uploads\/2017\/09\/0407-Stu-Kelly.compressed.pdf\">0407 Stu Kelly<\/a><\/p>\n<p><a href=\"https:\/\/www.npf.ie\/wp-content\/uploads\/2017\/09\/0408-Cootehill-Chamber.compressed.pdf\">0408 Comhlachas Tr\u00e1cht\u00e1la Mhuinchille<\/a><\/p>\n<p><a href=\"https:\/\/www.npf.ie\/wp-content\/uploads\/2017\/09\/0409-Sinn-Fein-Meath-County-Council-Group.compressed.pdf\">0409 Sinn F\u00e9in (Gr\u00fapa Chomhairle Chontae na M\u00ed)<\/a><\/p>\n<p><a href=\"https:\/\/www.npf.ie\/wp-content\/uploads\/2017\/09\/0410-Finbarr-Filan-RENUA-Ireland.compressed.pdf\">0410 Finbarr Filan RENUA \u00c9ire<\/a><\/p>\n<p><a href=\"https:\/\/www.npf.ie\/wp-content\/uploads\/2017\/09\/0411-Gerard-OConnor.compressed.pdf\">0411 Gerard O\u2019Connor<\/a><\/p>\n<p><a href=\"https:\/\/www.npf.ie\/wp-content\/uploads\/2017\/09\/0412-Galway-City-Comunity-Network.compressed.pdf\">0412 L\u00edonra Pobail Chathair na Gaillimhe<\/a><\/p>\n<p><a href=\"https:\/\/www.npf.ie\/wp-content\/uploads\/2017\/09\/0413-Daniel-Norton.compressed.pdf\">0413 Daniel Norton<\/a><\/p>\n<p><a href=\"https:\/\/www.npf.ie\/wp-content\/uploads\/2017\/09\/0414-Western-Development-Commission.compressed.pdf\">0414 Coimisi\u00fan Forbartha an Iarthair<\/a><\/p>\n<p><a href=\"https:\/\/www.npf.ie\/wp-content\/uploads\/2017\/09\/0415-Cllr-Steven-Matthews.compressed.pdf\">0415 An Comh. Steven Matthews<\/a><\/p>\n<p><a href=\"https:\/\/www.npf.ie\/wp-content\/uploads\/2017\/09\/0416-Cllr-Malcolm-Noonan.compressed.pdf\">0416 An Comh. Malcolm Noonan<\/a><\/p>\n<p><a href=\"https:\/\/www.npf.ie\/wp-content\/uploads\/2017\/09\/0417-North-West-Regional-Development-Group.compressed.pdf\">0417 Gr\u00fapa Forbartha R\u00e9igi\u00fana\u00ed an Iarthuaiscirt<\/a><\/p>\n<p><a href=\"https:\/\/www.npf.ie\/wp-content\/uploads\/2017\/09\/0418-Johanna-Varghese-Dr.-Anita-McKeown.compressed.pdf\">0418 Johanna Varghese &amp; An Dr Anita McKeown<\/a><\/p>\n<p><a href=\"https:\/\/www.npf.ie\/wp-content\/uploads\/2017\/09\/0419-Daniel-Gillen-FF-Carlow.compressed.pdf\">0419 &#8211; Daniel Gillen &#8211; FF Cheatharlach<\/a><\/p>\n<p><a href=\"https:\/\/www.npf.ie\/wp-content\/uploads\/2017\/09\/0420-Seamus-Morrissey.compressed.pdf\">0420 Seamus Morrissey<\/a><\/p>\n<p><a href=\"https:\/\/www.npf.ie\/wp-content\/uploads\/2017\/09\/0421-Judy-Osbourne.compressed.pdf\">0421 Judy Osbourne<\/a><\/p>\n<p><a href=\"https:\/\/www.npf.ie\/wp-content\/uploads\/2017\/09\/0422-Ellie-Kisyombe.compressed.pdf\">0422 Ellie Kisyombe<\/a><\/p>\n<p><a href=\"https:\/\/www.npf.ie\/wp-content\/uploads\/2017\/09\/0423-Myles-Shortall.compressed.pdf\">0423 Myles Shortall<\/a><\/p>\n<p><a href=\"https:\/\/www.npf.ie\/wp-content\/uploads\/2017\/09\/0424-WestonTrack.compressed.pdf\">0424 West=on=Track<\/a><\/p>\n<p><a href=\"https:\/\/www.npf.ie\/wp-content\/uploads\/2017\/09\/0425-Drogheda-and-District-Chamber.compressed.pdf\">0425 Comhlachas Tr\u00e1cht\u00e1la Dhroichead \u00c1tha agus an Cheantair M\u00e1guaird<\/a><\/p>\n<p><a href=\"https:\/\/www.npf.ie\/wp-content\/uploads\/2017\/09\/0426-Cllr-Dermot-Connolly-and-Claire-Kerrane.compressed.pdf\">0426 An Comh. Dermot Connolly agus Claire Kerrane<\/a><\/p>\n<p><a href=\"https:\/\/www.npf.ie\/wp-content\/uploads\/2017\/09\/0427-Gerard-Corcoran.compressed.pdf\">0427 Gerard Corcoran<\/a><\/p>\n<p><a href=\"https:\/\/www.npf.ie\/wp-content\/uploads\/2017\/09\/0428-Green-Party-Waterford.compressed.pdf\">0428 Comhaontas Glas Phort L\u00e1irge<\/a><\/p>\n<p><a href=\"https:\/\/www.npf.ie\/wp-content\/uploads\/2017\/09\/0429-Celbridge-Community-Council.compressed.pdf\">0429 Comhairle Pobail Chill Droichid<\/a><\/p>\n<p><a href=\"https:\/\/www.npf.ie\/wp-content\/uploads\/2017\/09\/0430-Phillip-Cantwell.compressed.pdf\">0430 Phillip Cantwell<\/a><\/p>\n<p><a href=\"https:\/\/www.npf.ie\/wp-content\/uploads\/2017\/09\/0431-Apartment-Owners-Network.compressed.pdf\">0431 L\u00edonra \u00dain\u00e9ir\u00ed \u00c1ras\u00e1n<\/a><\/p>\n<p><a href=\"https:\/\/www.npf.ie\/wp-content\/uploads\/2017\/09\/0432-Liam-Heaphy.compressed.pdf\">0432 Liam Heaphy<\/a><\/p>\n<p><a href=\"https:\/\/www.npf.ie\/wp-content\/uploads\/2017\/09\/0433-Peter-Bowen-Walsh.compressed.pdf\">0433 Peter Bowen-Walsh<\/a><\/p>\n<p><a href=\"https:\/\/www.npf.ie\/wp-content\/uploads\/2017\/09\/0434-Colm-O-Shea.compressed.pdf\">0434 Colm O Shea<\/a><\/p>\n<p><a href=\"https:\/\/www.npf.ie\/wp-content\/uploads\/2017\/09\/0435-Brede-Merrigan.compressed.pdf\">0435 Brede Merrigan<\/a><\/p>\n<p><a href=\"https:\/\/www.npf.ie\/wp-content\/uploads\/2017\/09\/0436-David-Egan.compressed.pdf\">0436 David Egan<\/a><\/p>\n<p><a href=\"https:\/\/www.npf.ie\/wp-content\/uploads\/2017\/09\/0437-DIT-Academic-Staff-and-Researchers-of-DIT-Environment-Planning.compressed.pdf\">0437 Foireann Acad\u00fail agus Taighdeoir\u00ed ar an gComhshaol &amp; Plean\u00e1il, Institi\u00faid Teicneola\u00edochta Bhaile \u00c1tha Cliath<\/a><\/p>\n<p><a href=\"https:\/\/www.npf.ie\/wp-content\/uploads\/2017\/09\/0438-Kathleen-McClean.compressed.pdf\">0438 Kathleen McClean<\/a><\/p>\n<p><a href=\"https:\/\/www.npf.ie\/wp-content\/uploads\/2017\/09\/0439-Thomas-Legge.compressed.pdf\">0439 Thomas Legge<\/a><\/p>\n<p><a href=\"https:\/\/www.npf.ie\/wp-content\/uploads\/2017\/09\/0440-Michael-Flynn.compressed.pdf\">0440 Michael Flynn<\/a><\/p>\n<p><a href=\"https:\/\/www.npf.ie\/wp-content\/uploads\/2017\/09\/0441-Kilkenny-Chamber-of-Commerce.compressed.pdf\">0441 Comhlachas Tr\u00e1cht\u00e1la Chill Chainnigh<\/a><\/p>\n<p><a href=\"https:\/\/www.npf.ie\/wp-content\/uploads\/2017\/09\/0442-Cork-Green-Party.compressed.pdf\">0442 Comhaontas Glas Chorca\u00ed<\/a><\/p>\n<p><a href=\"https:\/\/www.npf.ie\/wp-content\/uploads\/2017\/09\/0443-Wicklow-Planning-Alliance.compressed.pdf\">0443 Comhaontas Plean\u00e1la Chill Mhant\u00e1in<\/a><\/p>\n<p><a href=\"https:\/\/www.npf.ie\/wp-content\/uploads\/2017\/09\/0444-Michael-Freyne.compressed.pdf\">0444 Michael Freyne<\/a><\/p>\n<p><a href=\"https:\/\/www.npf.ie\/wp-content\/uploads\/2017\/09\/0445-Mountaineering-Ireland.compressed.pdf\">0445 Sl\u00e9ibhteoireacht na h\u00c9ireann<\/a><\/p>\n<p><a href=\"https:\/\/www.npf.ie\/wp-content\/uploads\/2017\/09\/0446-Donegal-County-Council.compressed.pdf\">0446 Comhairle Contae Dh\u00fan na nGall<\/a><\/p>\n<p><a href=\"https:\/\/www.npf.ie\/wp-content\/uploads\/2017\/09\/0447-Cllr-Jerry-Lodge.compressed.pdf\">0447 An Comh. Jerry Lodge<\/a><\/p>\n<p><a href=\"https:\/\/www.npf.ie\/wp-content\/uploads\/2017\/09\/0448-GAA.compressed.pdf\">0448 &#8211; CLG<\/a><\/p>\n<p><a href=\"https:\/\/www.npf.ie\/wp-content\/uploads\/2017\/09\/0449-Elected-Members-of-Tipperary-County-Council.compressed.pdf\">0449 Comhalta\u00ed Tofa Chomhairle Contae Thiobraid \u00c1rainn<\/a><\/p>\n<p><a href=\"https:\/\/www.npf.ie\/wp-content\/uploads\/2017\/09\/0450-Irish-Solar-Energy-Assoc.compressed.pdf\">0450 Irish Solar Energy Association<\/a><\/p>\n<p><a href=\"https:\/\/www.npf.ie\/wp-content\/uploads\/2017\/09\/0451-Colm-Murray.compressed.pdf\">0451 Colm Murray<\/a><\/p>\n<p><a href=\"https:\/\/www.npf.ie\/wp-content\/uploads\/2017\/09\/0452-Renua-Ireland.compressed.pdf\">0452 Renua \u00c9ireann<\/a><\/p>\n<p><a href=\"https:\/\/www.npf.ie\/wp-content\/uploads\/2017\/09\/0453-Clondalkin-Travellers-Development-Group.compressed.pdf\">0453 Gr\u00fapa Forbartha do Lucht Si\u00fail Chluain Dolc\u00e1in<\/a><\/p>\n<p><a href=\"https:\/\/www.npf.ie\/wp-content\/uploads\/2017\/09\/0454-Leitrim-County-Council.compressed.pdf\">0454 Comhairle Chontae Liatroma<\/a><\/p>\n<p><a href=\"https:\/\/www.npf.ie\/wp-content\/uploads\/2017\/09\/0455-Waterford-Traveller-CDP.compressed.pdf\">0455 Tionscadal Forbartha Pobail do Lucht Si\u00fail Phort L\u00e1irge<\/a><\/p>\n<p><a href=\"https:\/\/www.npf.ie\/wp-content\/uploads\/2017\/09\/0456-ICLRD.compressed.pdf\">0456 ICLRD<\/a><\/p>\n<p><a href=\"https:\/\/www.npf.ie\/wp-content\/uploads\/2017\/09\/0457-Bord-na-Mona.compressed.pdf\">0457 Bord na M\u00f3na<\/a><\/p>\n<p><a href=\"https:\/\/www.npf.ie\/wp-content\/uploads\/2017\/09\/0458-Doyle-Shipping-Group.compressed.pdf\">0458 Doyle Shipping Group<\/a><\/p>\n<p><a href=\"https:\/\/www.npf.ie\/wp-content\/uploads\/2017\/09\/0459-Cllr-Derek-Mitchell.compressed.pdf\">0459 An Comh. Derek Mitchell<\/a><\/p>\n<p><a href=\"https:\/\/www.npf.ie\/wp-content\/uploads\/2017\/09\/0460-Atlantic-Economic-Corridor.compressed.pdf\">0460 Conair Eacnama\u00edochta an Atlantaigh<\/a><\/p>\n<p><a href=\"https:\/\/www.npf.ie\/wp-content\/uploads\/2017\/09\/0461-Property-Industry-Ireland.compressed.pdf\">0461 Tionscal R\u00e9admhaoine \u00c9ireann<\/a><\/p>\n<p><a href=\"https:\/\/www.npf.ie\/wp-content\/uploads\/2017\/09\/0462-Atlantic-Way.compressed.pdf\">0462 Sl\u00ed an Atlantaigh Fhi\u00e1in<\/a><\/p>\n<p><a href=\"https:\/\/www.npf.ie\/wp-content\/uploads\/2017\/09\/0463-The-Labour-Party.compressed.pdf\">0463 P\u00e1irt\u00ed an Lucht Oibre<\/a><\/p>\n<p><a href=\"https:\/\/www.npf.ie\/wp-content\/uploads\/2017\/09\/0464-Kevin-Fortune-Fingleton-White-Energy.compressed.pdf\">0464 Kevin Fortune &#8211; Fingleton White Energy<\/a><\/p>\n<p><a href=\"https:\/\/www.npf.ie\/wp-content\/uploads\/2017\/09\/0465-Galway-City-Community-Network.compressed.pdf\">0465 L\u00edonra Pobail Chathair na Gaillimhe<\/a><\/p>\n<p><a href=\"https:\/\/www.npf.ie\/wp-content\/uploads\/2017\/09\/0466-Engineers-Ireland-Thomond.compressed.pdf\">0466 Innealt\u00f3ir\u00ed na h\u00c9ireann &#8211; Tuamhan<\/a><\/p>\n<p><a href=\"https:\/\/www.npf.ie\/wp-content\/uploads\/2017\/09\/0467-Ashbourne-Chamber.compressed.pdf\">0467 Comhlachas Tr\u00e1cht\u00e1la Chill Dh\u00e9agl\u00e1in<\/a><\/p>\n<p><a href=\"https:\/\/www.npf.ie\/wp-content\/uploads\/2017\/09\/0468-Margaret-Gillan.compressed.pdf\">0468 Margaret Gillan<\/a><\/p>\n<p><a href=\"https:\/\/www.npf.ie\/wp-content\/uploads\/2017\/09\/0469-Drogheda-Enterprise-Centre.compressed.pdf\">0469 Ionad Fiontra\u00edochta Dhroichead \u00c1tha<\/a><\/p>\n<p><a href=\"https:\/\/www.npf.ie\/wp-content\/uploads\/2017\/09\/0470-Irish-Traveller-Movement.compressed.pdf\">0470 Gluaiseacht Taistealaithe na h\u00c9ireann<\/a><\/p>\n<p><a href=\"https:\/\/www.npf.ie\/wp-content\/uploads\/2017\/09\/0471-University-College-Dublin.compressed.pdf\">0471 An Col\u00e1iste Ollscoile, Baile \u00c1tha Cliath<\/a><\/p>\n<p><a href=\"https:\/\/www.npf.ie\/wp-content\/uploads\/2017\/09\/0472-IbecCBI-NI-Joint-Business-Council.compressed.pdf\">0472 Comhchomhairle Gn\u00f3 CBI IBEC i dTuaisceart \u00c9ireann<\/a><\/p>\n<p><a href=\"https:\/\/www.npf.ie\/wp-content\/uploads\/2017\/09\/0473-Port-related-business-Katoen-Natie.compressed.pdf\">0473 Gn\u00f3 a bhaineann le calafort &#8211; Katoen Natie<\/a><\/p>\n<p><a href=\"https:\/\/www.npf.ie\/wp-content\/uploads\/2017\/09\/0474-Irish-Georgian-Society.compressed.pdf\">0474 Irish Georgian Society<\/a><\/p>\n<p><a href=\"https:\/\/www.npf.ie\/wp-content\/uploads\/2017\/09\/0475-Senator-Gerard-Nash-Lab-Louth.compressed.pdf\">0475 An Seanad\u00f3ir Gerard Nash &#8211; Lab an L\u00fa<\/a><\/p>\n<p><a href=\"https:\/\/www.npf.ie\/wp-content\/uploads\/2017\/09\/0476-Element-Power-Ireland.compressed.pdf\">0476 Element Power Ireland<\/a><\/p>\n<p><a href=\"https:\/\/www.npf.ie\/wp-content\/uploads\/2017\/09\/0477-Shannon-Group-plc..compressed.pdf\">0477 Shannon Group plc.<\/a><\/p>\n<p><a href=\"https:\/\/www.npf.ie\/wp-content\/uploads\/2017\/09\/0478-Derry-City-Strabane-District-Council.compressed.pdf\">0478 Comhairle Ceantair Dhoire &amp; an tSratha B\u00e1in<\/a><\/p>\n<p><a href=\"https:\/\/www.npf.ie\/wp-content\/uploads\/2017\/09\/0479-RGDATA.compressed.pdf\">0479 RGDATA<\/a><\/p>\n<p><a href=\"https:\/\/www.npf.ie\/wp-content\/uploads\/2017\/09\/0480-Institute-of-Public-Health.compressed.pdf\">0480 Institi\u00faid Sl\u00e1inte an Phobail<\/a><\/p>\n<p><a href=\"https:\/\/www.npf.ie\/wp-content\/uploads\/2017\/09\/0481-Galway-City-Business-Association.compressed.pdf\">0481 Cumann Gn\u00f3 Chathair na Gaillimhe<\/a><\/p>\n<p><a href=\"https:\/\/www.npf.ie\/wp-content\/uploads\/2017\/09\/0482-Mullingar-Chamber-2.compressed.pdf\">0482 Comhlachas Tr\u00e1cht\u00e1la an Mhuilinn Chearr 2<\/a><\/p>\n<p><a href=\"https:\/\/www.npf.ie\/wp-content\/uploads\/2017\/09\/0483-Energy-Cork.compressed.pdf\">0483 Energy Cork<\/a><\/p>\n<p><a href=\"https:\/\/www.npf.ie\/wp-content\/uploads\/2017\/09\/0484-Jagoes-Mills-Action-Group-Aoife-Carlin_redacted.compressed.pdf\">0484 Gr\u00fapa Gn\u00edomha\u00edochta Jagoes Mills &#8211; Aoife Carlin_leasaithe<\/a><\/p>\n<p><a href=\"https:\/\/www.npf.ie\/wp-content\/uploads\/2017\/09\/0485-Derrick-Hambleton.compressed.pdf\">0485 Derrick Hambleton<\/a><\/p>\n<p><a href=\"https:\/\/www.npf.ie\/wp-content\/uploads\/2017\/09\/0486-IFLA-Europe.compressed.pdf\">0486 IFLA Europe<\/a><\/p>\n<p><a href=\"https:\/\/www.npf.ie\/wp-content\/uploads\/2017\/09\/0487-Noel-Brady.compressed.pdf\">0487 Noel Brady<\/a><\/p>\n<p><a href=\"https:\/\/www.npf.ie\/wp-content\/uploads\/2017\/09\/0488-Wexford-County-Council.compressed.pdf\">0488 Comhairle Contae Loch Garman<\/a><\/p>\n<p><a href=\"https:\/\/www.npf.ie\/wp-content\/uploads\/2017\/09\/0489-Senator-Michelle-Mulherin.compressed.pdf\">0489 An Seanad\u00f3ir Michelle Mulherin<\/a><\/p>\n<p><a href=\"https:\/\/www.npf.ie\/wp-content\/uploads\/2017\/09\/0490-Brian-Hughes.compressed.pdf\">0490 Brian Hughes<\/a><\/p>\n<p><a href=\"https:\/\/www.npf.ie\/wp-content\/uploads\/2017\/09\/0491-Senator-Brian-\u2021-Domhnaill.compressed.pdf\">0491 An Seanad\u00f3ir Brian \u00d3 Domhnaill<\/a><\/p>\n<p><a href=\"https:\/\/www.npf.ie\/wp-content\/uploads\/2017\/09\/0492-National-Healthy-Cities-and-Counties-Network.compressed.pdf\">0492 L\u00edonra N\u00e1isi\u00fanta do Bhailte agus Contaetha Sl\u00e1inti\u00fala<\/a><\/p>\n<p><a href=\"https:\/\/www.npf.ie\/wp-content\/uploads\/2017\/09\/0493-Bill-Sweeney-Meath-Association-of-Chambers-and-Business-Councils.compressed.pdf\">0493 Bill Sweeney &#8211; Cumann Comhlachas Tr\u00e1cht\u00e1la agus Gn\u00f3 na M\u00ed<\/a><\/p>\n<p><a href=\"https:\/\/www.npf.ie\/wp-content\/uploads\/2017\/09\/0494-KCC-SPC-on-Planning-Economic-Development.compressed.pdf\">0494 Coiste Beartais Strait\u00e9isigh Chomhairle Contae Chill Dara ar an bPlean\u00e1il agus ar Fhorbairt Gheilleagrach<\/a><\/p>\n<p><a href=\"https:\/\/www.npf.ie\/wp-content\/uploads\/2017\/09\/0495-Makros-Kildare-Matthew-McRedmond.compressed.pdf\">0495 Makros Kildare &#8211; Matthew McRedmond<\/a><\/p>\n<p><a href=\"https:\/\/www.npf.ie\/wp-content\/uploads\/2017\/09\/0496-Nua-Healthcare.compressed.pdf\">0496 Nua Healthcare<\/a><\/p>\n<p><a href=\"https:\/\/www.npf.ie\/wp-content\/uploads\/2017\/09\/0497-Tiane-Ltd.compressed.pdf\">0497 Tiane Teo.<\/a><\/p>\n<p><a href=\"https:\/\/www.npf.ie\/wp-content\/uploads\/2017\/09\/0498-Eoin-Burns.compressed.pdf\">0498 Eoin Burns<\/a><\/p>\n<p><a href=\"https:\/\/www.npf.ie\/wp-content\/uploads\/2017\/09\/0499-International-Fund-Services.compressed.pdf\">0499 Seirbh\u00eds\u00ed Cist\u00ed Idirn\u00e1isi\u00fanta<\/a><\/p>\n<p><a href=\"https:\/\/www.npf.ie\/wp-content\/uploads\/2017\/09\/0500-Ivan-Cuddihy-Green-Party-Waterford.compressed.pdf\">0500 Ivan Cuddihy &#8211; Comhaontas Glas Phort L\u00e1irge<\/a><\/p>\n<p><a href=\"https:\/\/www.npf.ie\/wp-content\/uploads\/2017\/09\/0501-Laois-County-Council.compressed.pdf\">0501 Comhairle Contae Laoise<\/a><\/p>\n<p><a href=\"https:\/\/www.npf.ie\/wp-content\/uploads\/2017\/09\/0502-Gia-Griffiths.compressed.pdf\">0502 Gia Griffiths<\/a><\/p>\n<p><a href=\"https:\/\/www.npf.ie\/wp-content\/uploads\/2017\/09\/0503-Monaghan-County-Council.compressed.pdf\">0503 Comhairle Contae Mhuineach\u00e1in<\/a><\/p>\n<p><a href=\"https:\/\/www.npf.ie\/wp-content\/uploads\/2017\/09\/0504-Cllr-Tommy-Reilly.compressed.pdf\">0504 An Comh. Tommy Reilly<\/a><\/p>\n<p><a href=\"https:\/\/www.npf.ie\/wp-content\/uploads\/2017\/09\/0505-Ann-Mulrooney-Visual-Centre.compressed.pdf\">0505 Ionad Amhairc Ann Mulrooney<\/a><\/p>\n<p><a href=\"https:\/\/www.npf.ie\/wp-content\/uploads\/2017\/09\/0506-Subway.compressed.pdf\">0506 Subway<\/a><\/p>\n<p><a href=\"https:\/\/www.npf.ie\/wp-content\/uploads\/2017\/09\/0507-The-Workers-Party.compressed.pdf\">0507 P\u00e1irt\u00ed na nOibrithe<\/a><\/p>\n<p><a href=\"https:\/\/www.npf.ie\/wp-content\/uploads\/2017\/09\/0508-Chambers-Ireland.compressed.pdf\">0508 Comhlachas Tr\u00e1cht\u00e1la na h\u00c9ireann<\/a><\/p>\n<p><a href=\"https:\/\/www.npf.ie\/wp-content\/uploads\/2017\/09\/0509-John-Kennedy.compressed.pdf\">0509 John Kennedy<\/a><\/p>\n<p><a href=\"https:\/\/www.npf.ie\/wp-content\/uploads\/2017\/09\/0510-Emmett-Humphreys-Architects.compressed.pdf\">0510 Emmett Humphreys Architects<\/a><\/p>\n<p><a href=\"https:\/\/www.npf.ie\/wp-content\/uploads\/2017\/09\/0511-Aidan-Ffrench-MILI.compressed.pdf\">0511 Aidan Ffrench MILI<\/a><\/p>\n<p><a href=\"https:\/\/www.npf.ie\/wp-content\/uploads\/2017\/09\/0512-Courtstown-Technologies-Ltd.compressed.pdf\">0512 Courtstown Technologies Ltd<\/a><\/p>\n<p><a href=\"https:\/\/www.npf.ie\/wp-content\/uploads\/2017\/09\/0513-Limerick-Insitute-of-Technology.compressed.pdf\">0513 Institi\u00faid Teicneola\u00edochta Luimnigh<\/a><\/p>\n<p><a href=\"https:\/\/www.npf.ie\/wp-content\/uploads\/2017\/09\/0514-International-Funds-Services.compressed.pdf\">0514 Seirbh\u00eds\u00ed Cist\u00ed Idirn\u00e1isi\u00fanta<\/a><\/p>\n<p><a href=\"https:\/\/www.npf.ie\/wp-content\/uploads\/2017\/09\/0515-Irish-Council-for-Social-Housing.compressed.pdf\">0515 Comhairle na h\u00c9ireann um Thith\u00edocht Sh\u00f3isialta<\/a><\/p>\n<p><a href=\"https:\/\/www.npf.ie\/wp-content\/uploads\/2017\/09\/0516-Diarmaid-Upton.compressed.pdf\">0516 Diarmaid Upton<\/a><\/p>\n<p><a href=\"https:\/\/www.npf.ie\/wp-content\/uploads\/2017\/09\/0517-Carlow-Chamber-of-Commerce.compressed.pdf\">0517 Comhlachas Tr\u00e1cht\u00e1la Cheatharlach<\/a><\/p>\n<p><a href=\"https:\/\/www.npf.ie\/wp-content\/uploads\/2017\/09\/0518-UCC-MaREI-Centre.compressed.pdf\">0518 Ionad MaREI &#8211; Col\u00e1iste na hOllscoile Corcaigh<\/a><\/p>\n<p><a href=\"https:\/\/www.npf.ie\/wp-content\/uploads\/2017\/09\/0519-South-East-Waterford-City-Region.compressed.pdf\">0519 R\u00e9igi\u00fan Chathair Phort L\u00e1irge san Oirdheisceart<\/a><\/p>\n<p><a href=\"https:\/\/www.npf.ie\/wp-content\/uploads\/2017\/09\/0520-Galway-Healthy-Cities.compressed.pdf\">0520 Galway Healthy Cities<\/a><\/p>\n<p><a href=\"https:\/\/www.npf.ie\/wp-content\/uploads\/2017\/09\/0521-RTPI-Ireland.compressed.pdf\">0521 RTPI Ireland<\/a><\/p>\n<p><a href=\"https:\/\/www.npf.ie\/wp-content\/uploads\/2017\/09\/0522-Wexford-County-Council-duplicate.compressed.pdf\">0522 Comhairle Contae Loch Garman (c\u00f3ip eile)<\/a><\/p>\n<p><a href=\"https:\/\/www.npf.ie\/wp-content\/uploads\/2017\/09\/0523-The-Drinks-Industry-Group-of-Ireland.compressed.pdf\">0523 Gr\u00fapa Thionscal Alc\u00f3il na h\u00c9ireann<\/a><\/p>\n<p><a href=\"https:\/\/www.npf.ie\/wp-content\/uploads\/2017\/09\/0524-AEOLAS.compressed.pdf\">0524 AEOLAS<\/a><\/p>\n<p><a href=\"https:\/\/www.npf.ie\/wp-content\/uploads\/2017\/09\/0525-The-West-Cork-Islands-Community-Council.compressed.pdf\">0525 Comhairle Pobail na nOile\u00e1n amach \u00f3 Iarthar Chorca\u00ed<\/a><\/p>\n<p><a href=\"https:\/\/www.npf.ie\/wp-content\/uploads\/2017\/09\/0526-Cork-Development-Forum.compressed.pdf\">0526 F\u00f3ram Forbartha Chorca\u00ed<\/a><\/p>\n<p><a href=\"https:\/\/www.npf.ie\/wp-content\/uploads\/2017\/09\/0527-Dublin-Chamber.compressed.pdf\">0527 Comhlachas Tr\u00e1cht\u00e1la Bhaile \u00c1tha Cliath<\/a><\/p>\n<p><a href=\"https:\/\/www.npf.ie\/wp-content\/uploads\/2017\/09\/0528-Antoinette-McMenemy.compressed.pdf\">0528 Antoinette McMenemy<\/a><\/p>\n<p><a href=\"https:\/\/www.npf.ie\/wp-content\/uploads\/2017\/09\/0529-Meath-County-Council.compressed.pdf\">0529 Comhairle Chontae na M\u00ed<\/a><\/p>\n<p><a href=\"https:\/\/www.npf.ie\/wp-content\/uploads\/2017\/09\/0530-Louth-County-Council.compressed.pdf\">0530 Comhairle Contae L\u00fa<\/a><\/p>\n<p><a href=\"https:\/\/www.npf.ie\/wp-content\/uploads\/2017\/09\/0531-DLR-County-Council.compressed.pdf\">0531 Comhairle Contae Dh\u00fan Laoghaire-R\u00e1th an D\u00fain<\/a><\/p>\n<p><a href=\"https:\/\/www.npf.ie\/wp-content\/uploads\/2017\/09\/0532-Imelda-Munster-TD-Cllr-Kenneth-Flood-Cllr-Joanna-Byrne.compressed.pdf\">0532 Imelda Munster TD, An Comh. Kenneth Flood, An Comh. Joanna Byrne<\/a><\/p>\n<p><a href=\"https:\/\/www.npf.ie\/wp-content\/uploads\/2017\/09\/0533-Cllr-Eddie-Mulligan.compressed.pdf\">0533 An Comh. Eddie Mulligan<\/a><\/p>\n<p><a href=\"https:\/\/www.npf.ie\/wp-content\/uploads\/2017\/09\/0534-Association-of-Architectural-Conservation-Officers.compressed.pdf\">0534 Cumann na nOifigeach Caomhnaithe Ailtireachta<\/a><\/p>\n<p><a href=\"https:\/\/www.npf.ie\/wp-content\/uploads\/2017\/09\/0535-Offaly-County-Council.compressed.pdf\">0535 Comhairle Chontae U\u00edbh Fhail\u00ed<\/a><\/p>\n<p><a href=\"https:\/\/www.npf.ie\/wp-content\/uploads\/2017\/09\/0536-Letterkenny-Institute-of-Technology.compressed.pdf\">0536 Institi\u00faid Teicneola\u00edochta Leitir Ceanainn<\/a><\/p>\n<p><a href=\"https:\/\/www.npf.ie\/wp-content\/uploads\/2017\/09\/0537-Sarah-McGee.compressed.pdf\">0537 Sarah McGee<\/a><\/p>\n<p><a href=\"https:\/\/www.npf.ie\/wp-content\/uploads\/2017\/09\/0538-Wexford-County-Council-2.compressed.pdf\">0538 Comhairle Chontae Loch Garman 2<\/a><\/p>\n<p><a href=\"https:\/\/www.npf.ie\/wp-content\/uploads\/2017\/09\/0539-Cork-Airport.compressed.pdf\">0539 Aerfort Chorca\u00ed<\/a><\/p>\n<p><a href=\"https:\/\/www.npf.ie\/wp-content\/uploads\/2017\/09\/0540-Sligo-Economic-Forum.compressed.pdf\">0540 F\u00f3ram Eacnama\u00edoch Shligigh<\/a><\/p>\n<p><a href=\"https:\/\/www.npf.ie\/wp-content\/uploads\/2017\/09\/0541-Kilbride-Estates-Ltd.compressed.pdf\">0541 Kilbride Estates Ltd<\/a><\/p>\n<p><a href=\"https:\/\/www.npf.ie\/wp-content\/uploads\/2017\/09\/0542-Dara-Calleary-TD.compressed.pdf\">0542 Dara Calleary TD<\/a><\/p>\n<p><a href=\"https:\/\/www.npf.ie\/wp-content\/uploads\/2017\/09\/0543-Lakeland-Dairies-2.compressed.pdf\">0543 Lakeland Dairies 2<\/a><\/p>\n<p><a href=\"https:\/\/www.npf.ie\/wp-content\/uploads\/2017\/09\/0544-Anthony-Moore.compressed.pdf\">0544 Anthony Moore<\/a><\/p>\n<p><a href=\"https:\/\/www.npf.ie\/wp-content\/uploads\/2017\/09\/0545-Southern-Regional-Assembly.compressed.pdf\">0545 Tion\u00f3l R\u00e9igi\u00fanach an Deiscirt<\/a><\/p>\n<p><a href=\"https:\/\/www.npf.ie\/wp-content\/uploads\/2017\/09\/0546-Dublin-Airport.compressed.pdf\">0546 Aerfort Bhaile \u00c1tha Cliath<\/a><\/p>\n<p><a href=\"https:\/\/www.npf.ie\/wp-content\/uploads\/2017\/09\/0547-James-Grennan.compressed.pdf\">0547 James Grennan<\/a><\/p>\n<p><a href=\"https:\/\/www.npf.ie\/wp-content\/uploads\/2017\/09\/0548-Ronan-Group-Real-Estate.compressed.pdf\">0548 Ronan Group Real Estate<\/a><\/p>\n<p><a href=\"https:\/\/www.npf.ie\/wp-content\/uploads\/2017\/09\/0549-National-Womens-Council-of-Ireland.compressed.pdf\">0549 Comhairle N\u00e1isi\u00fanta na mBan in \u00c9irinn<\/a><\/p>\n<p><a href=\"https:\/\/www.npf.ie\/wp-content\/uploads\/2017\/09\/0550-Galway-Chamber.compressed.pdf\">0550 Comhlachas Tr\u00e1cht\u00e1la na Gaillimhe<\/a><\/p>\n<p><a href=\"https:\/\/www.npf.ie\/wp-content\/uploads\/2017\/09\/0551-Young-Fine-Gael.compressed.pdf\">0551 Young Fine Gael<\/a><\/p>\n<p><a href=\"https:\/\/www.npf.ie\/wp-content\/uploads\/2017\/09\/0552-John-Spain.compressed.pdf\">0552 John Spain<\/a><\/p>\n<p><a href=\"https:\/\/www.npf.ie\/wp-content\/uploads\/2017\/09\/0553-Transition-Galway.compressed.pdf\">0553 Transition Galway<\/a><\/p>\n<p><a href=\"https:\/\/www.npf.ie\/wp-content\/uploads\/2017\/09\/0554-Port-of-Cork-1.compressed.pdf\">0554 Calafort Chorca\u00ed 1<\/a><\/p>\n<p><a href=\"https:\/\/www.npf.ie\/wp-content\/uploads\/2017\/09\/0554-Port-of-Cork-2.compressed.pdf\">0554 Calafort Chorca\u00ed 2<\/a><\/p>\n<p><a href=\"https:\/\/www.npf.ie\/wp-content\/uploads\/2017\/09\/0554-Port-of-Cork-3.compressed.pdf\">0554 Calafort Chorca\u00ed 3<\/a><\/p>\n<p><a href=\"https:\/\/www.npf.ie\/wp-content\/uploads\/2017\/09\/0554-Port-of-Cork-4.compressed.pdf\">0554 Calafort Chorca\u00ed 4<\/a><\/p>\n<p><a href=\"https:\/\/www.npf.ie\/wp-content\/uploads\/2017\/09\/0554-Port-of-Cork-5.compressed.pdf\">0554 Calafort Chorca\u00ed 5<\/a><\/p>\n<p><a href=\"https:\/\/www.npf.ie\/wp-content\/uploads\/2017\/09\/0554-Port-of-Cork-6.compressed.pdf\">0554 Calafort Chorca\u00ed 6<\/a><\/p>\n<p><a href=\"https:\/\/www.npf.ie\/wp-content\/uploads\/2017\/09\/0555-Galway-County-Council.compressed.pdf\">0555 Comhairle Chontae na Gaillimhe<\/a><\/p>\n<p><a href=\"https:\/\/www.npf.ie\/wp-content\/uploads\/2017\/09\/0556-Manor-Farm.compressed.pdf\">0556 Manor Farm<\/a><\/p>\n<p><a href=\"https:\/\/www.npf.ie\/wp-content\/uploads\/2017\/09\/0557-Anthony-Moore-on-behalf-of-the-Fianna-Fail-South-Louth-and-East-Meath-Comhairle-Ceantair.compressed.pdf\">0557 Anthony Moore thar ceann Chomhairle Ceantair Fhianna F\u00e1il i L\u00fa Theas agus na M\u00ed Thoir<\/a><\/p>\n<p><a href=\"https:\/\/www.npf.ie\/wp-content\/uploads\/2017\/09\/0558-ART-Generation-Ltd.compressed.pdf\">0558 ART Generation Ltd<\/a><\/p>\n<p><a href=\"https:\/\/www.npf.ie\/wp-content\/uploads\/2017\/09\/0559-CEWEP-Ireland.compressed.pdf\">0559 CEWEP \u00c9ire<\/a><\/p>\n<p><a href=\"https:\/\/www.npf.ie\/wp-content\/uploads\/2017\/09\/0560-Michael-Layden.compressed.pdf\">0560 Michael Layden<\/a><\/p>\n<p><a href=\"https:\/\/www.npf.ie\/wp-content\/uploads\/2017\/09\/0561-Community-Work-Ireland.compressed.pdf\">0561 Obair don Phobal, \u00c9ire<\/a><\/p>\n<p><a href=\"https:\/\/www.npf.ie\/wp-content\/uploads\/2017\/09\/0562-Wicklow-County-Council.compressed.pdf\">0562 Comhairle Contae Chill Mhant\u00e1in<\/a><\/p>\n<p><a href=\"https:\/\/www.npf.ie\/wp-content\/uploads\/2017\/09\/0563-Roy-Harford.compressed.pdf\">0563 Roy Harford<\/a><\/p>\n<p><a href=\"https:\/\/www.npf.ie\/wp-content\/uploads\/2017\/09\/0564-Cork-City-and-Cork-County-Councils.compressed.pdf\">0564 Comhairl\u00ed Cathrach agus Contae Chorca\u00ed<\/a><\/p>\n<p><a href=\"https:\/\/www.npf.ie\/wp-content\/uploads\/2017\/09\/0565-Anthony-Moore-on-behalf-of-the-Fianna-Fail-Halpin-Leech-Whelan-Cumann-Drogheda.compressed.pdf\">0565 Anthony Moore thar ceann Chumann Halpin Leech Whelan de chuid Fhianna F\u00e1il i nDroichead \u00c1tha<\/a><\/p>\n<p><a href=\"https:\/\/www.npf.ie\/wp-content\/uploads\/2017\/09\/0566-Brian-Kelly-Turley.compressed.pdf\">0566 Brian Kelly &#8211; Turley<\/a><\/p>\n<p><a href=\"https:\/\/www.npf.ie\/wp-content\/uploads\/2017\/09\/0567-Vinnie-OShea-Waterford-City-County-Council.compressed.pdf\">0567 Vinnie O\u2019Shea, Comhairle Cathrach agus Contae Phort L\u00e1irge<\/a><\/p>\n<p><a href=\"https:\/\/www.npf.ie\/wp-content\/uploads\/2017\/09\/0568-Colm-OConnell.compressed.pdf\">0568 Colm O\u2019Connell<\/a><\/p>\n<p><a href=\"https:\/\/www.npf.ie\/wp-content\/uploads\/2017\/09\/0569-ALONE.compressed.pdf\">0569 ALONE<\/a><\/p>\n<p><a href=\"https:\/\/www.npf.ie\/wp-content\/uploads\/2017\/09\/0570-Cork-Chamber.compressed.pdf\">0570 Comhlachas Tr\u00e1cht\u00e1la Chorca\u00ed<\/a><\/p>\n<p><a href=\"https:\/\/www.npf.ie\/wp-content\/uploads\/2017\/09\/0571-SWAN.compressed.pdf\">0571 SWAN<\/a><\/p>\n<p><a href=\"https:\/\/www.npf.ie\/wp-content\/uploads\/2017\/09\/0572-Conor-Skehan.compressed.pdf\">0572 Conor Skehan<\/a><\/p>\n<p><a href=\"https:\/\/www.npf.ie\/wp-content\/uploads\/2017\/09\/0573-Kilkenny-County-Tipperary-County-Waterford-City-Councils.compressed.pdf\">0573 Comhairl\u00ed Contae Chill Cheannaigh, Thiobraid \u00c1rainn &amp; Comhairle Cathrach Phort L\u00e1irge<\/a><\/p>\n<p><a href=\"https:\/\/www.npf.ie\/wp-content\/uploads\/2017\/09\/0574-Cork-Social-Democrats.compressed.pdf\">0574 Na Daonlathaigh Sh\u00f3isialta, Corcaigh<\/a><\/p>\n<p><a href=\"https:\/\/www.npf.ie\/wp-content\/uploads\/2017\/09\/0575-Michael-Fitzmaurice-TD.compressed.pdf\">0575 Michael Fitzmaurice TD<\/a><\/p>\n<p><a href=\"https:\/\/www.npf.ie\/wp-content\/uploads\/2017\/09\/0576-Ultan-Brannigan.compressed.pdf\">0576 Ultan Brannigan<\/a><\/p>\n<p><a href=\"https:\/\/www.npf.ie\/wp-content\/uploads\/2017\/09\/0577-Brian-Hanratty.compressed.pdf\">0577 Brian Hanratty<\/a><\/p>\n<p><a href=\"https:\/\/www.npf.ie\/wp-content\/uploads\/2017\/09\/0578-Cormac-Bohan.compressed.pdf\">0578 Cormac Bohan<\/a><\/p>\n<p><a href=\"https:\/\/www.npf.ie\/wp-content\/uploads\/2017\/09\/0579-Coillte.compressed.pdf\">0579 Coillte<\/a><\/p>\n<p><a href=\"https:\/\/www.npf.ie\/wp-content\/uploads\/2017\/09\/0580-EPA.compressed.pdf\">0580 An Ghn\u00edomhaireacht um Chaomhn\u00fa Comhshaoil<\/a><\/p>\n<p><a href=\"https:\/\/www.npf.ie\/wp-content\/uploads\/2017\/09\/0581-An-Taisce.compressed.pdf\">0581 An Taisce<\/a><\/p>\n<p><a href=\"https:\/\/www.npf.ie\/wp-content\/uploads\/2017\/09\/0582-UL-Hospitals-Group.compressed.pdf\">0582 Gr\u00fapa Ospid\u00e9al Ollscoil Luimnigh<\/a><\/p>\n<p><a href=\"https:\/\/www.npf.ie\/wp-content\/uploads\/2017\/09\/0583-Michael-Alcock.compressed.pdf\">0583 Michael Alcock<\/a><\/p>\n<p><a href=\"https:\/\/www.npf.ie\/wp-content\/uploads\/2017\/09\/0584-Joe-McGovern.compressed.pdf\">0584 Joe McGovern<\/a><\/p>\n<p><a href=\"https:\/\/www.npf.ie\/wp-content\/uploads\/2017\/09\/0585-Social-Democrats.compressed.pdf\">0585 Na Daonlathaigh Sh\u00f3isialta<\/a><\/p>\n<p><a href=\"https:\/\/www.npf.ie\/wp-content\/uploads\/2017\/09\/0586-The-Rural-Policy-Hub.compressed.pdf\">0586 Mol Tuaithe ar Bheartas<\/a><\/p>\n<p><a href=\"https:\/\/www.npf.ie\/wp-content\/uploads\/2017\/09\/0587-Drogheda-Enterprise-Centre-CLG.compressed.pdf\">0587 Drogheda Enterprise Centre CLG<\/a><\/p>\n<p><a href=\"https:\/\/www.npf.ie\/wp-content\/uploads\/2017\/09\/0588-Irish-Wind-Energy-Association.compressed.pdf\">0588 Cumann na Gaoithe Teo<\/a><\/p>\n<p><a href=\"https:\/\/www.npf.ie\/wp-content\/uploads\/2017\/09\/0589-Ecopower.compressed.pdf\">0589 Ecopower<\/a><\/p>\n<p><a href=\"https:\/\/www.npf.ie\/wp-content\/uploads\/2017\/09\/0590-Kildare-County-Council.compressed.pdf\">0590 Comhairle Contae Chill Dara<\/a><\/p>\n<p><a href=\"https:\/\/www.npf.ie\/wp-content\/uploads\/2017\/09\/0591-Shannon-Commercial-Properties.compressed.pdf\">0591 Shannon Commercial Properties<\/a><\/p>\n<p><a href=\"https:\/\/www.npf.ie\/wp-content\/uploads\/2017\/09\/0592-Thomas-Byrne-TD.compressed.pdf\">0592 Thomas Byrne TD<\/a><\/p>\n<p><a href=\"https:\/\/www.npf.ie\/wp-content\/uploads\/2017\/09\/0593-Barry-Aughey.compressed.pdf\">0593 Barry Aughey<\/a><\/p>\n<p><a href=\"https:\/\/www.npf.ie\/wp-content\/uploads\/2017\/09\/0594-National-Disability-Authority.compressed.pdf\">0594 An t\u00dadar\u00e1s N\u00e1isi\u00fanta M\u00edchumais<\/a><\/p>\n<p><a href=\"https:\/\/www.npf.ie\/wp-content\/uploads\/2017\/09\/0595-Waterford-City-and-County-Council.compressed.pdf\">0595 Comhairle Cathrach agus Contae Phort L\u00e1irge<\/a><\/p>\n<p><a href=\"https:\/\/www.npf.ie\/wp-content\/uploads\/2017\/09\/0596-Department-of-Agriculture-Food-and-the-Marine-2.compressed.pdf\">0596 An Roinn Talmha\u00edochta, Bia agus Mara 2<\/a><\/p>\n<p><a href=\"https:\/\/www.npf.ie\/wp-content\/uploads\/2017\/09\/0597-Barry-Leddy.compressed.pdf\">0597 Barry Leddy<\/a><\/p>\n<p><a href=\"https:\/\/www.npf.ie\/wp-content\/uploads\/2017\/09\/0598-Irish-Rural-Link.compressed.pdf\">0598 Nasc Tuaithe na h\u00c9ireann<\/a><\/p>\n<p><a href=\"https:\/\/www.npf.ie\/wp-content\/uploads\/2017\/09\/0599-Adrian-OConnell.compressed.pdf\">0599 Adrian O\u2019Connell<\/a><\/p>\n<p><a href=\"https:\/\/www.npf.ie\/wp-content\/uploads\/2017\/09\/0600-Eoin-\u2021-Broin-TD.compressed.pdf\">0600 Eoin \u00d3 Broin TD<\/a><\/p>\n<p><a href=\"https:\/\/www.npf.ie\/wp-content\/uploads\/2017\/09\/0601-Sport-Ireland.compressed.pdf\">0601 Sp\u00f3rt \u00c9ireann<\/a><\/p>\n<p><a href=\"https:\/\/www.npf.ie\/wp-content\/uploads\/2017\/09\/0602-Moate-Action-Group.compressed.pdf\">0602 Gr\u00fapa Gn\u00edomha\u00edochta an Mh\u00f3ta<\/a><\/p>\n<p><a href=\"https:\/\/www.npf.ie\/wp-content\/uploads\/2017\/09\/0603-Cavan-OPC.compressed.pdf\">0603 OPC an Chabh\u00e1in<\/a><\/p>\n<p><a href=\"https:\/\/www.npf.ie\/wp-content\/uploads\/2017\/09\/0604-Niamh-Rooney.compressed.pdf\">0604 Niamh Rooney<\/a><\/p>\n<p><a href=\"https:\/\/www.npf.ie\/wp-content\/uploads\/2017\/09\/0605-European-Anti-Poverty-Network-Ireland.compressed.pdf\">0605 European Anti-Poverty Network Ireland<\/a><\/p>\n<p><a href=\"https:\/\/www.npf.ie\/wp-content\/uploads\/2017\/09\/0606-Mullingar-Chamber-3.compressed.pdf\">0606 Comhlachas Tr\u00e1cht\u00e1la an Mhuilinn Chearr 3<\/a><\/p>\n<p><a href=\"https:\/\/www.npf.ie\/wp-content\/uploads\/2017\/09\/0607-Dublin-City-Council.compressed.pdf\">0607 Comhairle Cathrach Bhaile \u00c1tha Cliath<\/a><\/p>\n<p><a href=\"https:\/\/www.npf.ie\/wp-content\/uploads\/2017\/09\/0608-Woodlands-of-Ireland-2.compressed.pdf\">0608 Coillearnach na h\u00c9ireann 2<\/a><\/p>\n<p><a href=\"https:\/\/www.npf.ie\/wp-content\/uploads\/2017\/09\/0608-Woodlands-of-Ireland.compressed.pdf\">0608 Coillearnach na h\u00c9ireann<\/a><\/p>\n<p><a href=\"https:\/\/www.npf.ie\/wp-content\/uploads\/2017\/09\/0609-Small-Firms-Association.compressed.pdf\">0609 Cumann Gn\u00f3lachta\u00ed Beaga<\/a><\/p>\n<p><a href=\"https:\/\/www.npf.ie\/wp-content\/uploads\/2017\/09\/0610-Michael-OGorman.compressed.pdf\">0610 Michael O\u2019Gorman<\/a><\/p>\n<p><a href=\"https:\/\/www.npf.ie\/wp-content\/uploads\/2017\/09\/0611-IBEC.compressed.pdf\">0611 IBEC<\/a><\/p>\n<p><a href=\"https:\/\/www.npf.ie\/wp-content\/uploads\/2017\/09\/0612-Cllr-Damien-OReilly.compressed.pdf\">0612 An Comh. Damien O&#8217; Reilly<\/a><\/p>\n<p><a href=\"https:\/\/www.npf.ie\/wp-content\/uploads\/2017\/09\/0613-Paula-Russell.compressed.pdf\">0613 Paula Russell<\/a><\/p>\n<p><a href=\"https:\/\/www.npf.ie\/wp-content\/uploads\/2017\/09\/0614-Siga-Hydro.compressed.pdf\">0614 Siga Hydro<\/a><\/p>\n<p><a href=\"https:\/\/www.npf.ie\/wp-content\/uploads\/2017\/09\/0615-Richard-Logue.compressed.pdf\">0615 Richard Logue<\/a><\/p>\n<p><a href=\"https:\/\/www.npf.ie\/wp-content\/uploads\/2017\/09\/0616-ESB.compressed.pdf\">0616 Bord Sol\u00e1thair an Leictreachais<\/a><\/p>\n<p><a href=\"https:\/\/www.npf.ie\/wp-content\/uploads\/2017\/09\/0617-Tipperary-Energy-Agency.compressed.pdf\">0617 Tipperary Energy Agency<\/a><\/p>\n<p><a href=\"https:\/\/www.npf.ie\/wp-content\/uploads\/2017\/09\/0618-Four-Dublin-PPNs.compressed.pdf\">0618 Ceithre L\u00edonra Rannph\u00e1irt\u00edochta Poibl\u00ed i mBaile \u00c1tha Cliath<\/a><\/p>\n<p><a href=\"https:\/\/www.npf.ie\/wp-content\/uploads\/2017\/09\/0619-Michael-Goan-GoKu.compressed.pdf\">0619 Michael Goan GoKu<\/a><\/p>\n<p><a href=\"https:\/\/www.npf.ie\/wp-content\/uploads\/2017\/09\/0620-Cllr-Johnny-Flynn.compressed.pdf\">0620 An Comh. Johnny Flynn<\/a><\/p>\n<p><a href=\"https:\/\/www.npf.ie\/wp-content\/uploads\/2017\/09\/0621-Failte-Ireland.compressed.pdf\">0621 F\u00e1ilte \u00c9ireann<\/a><\/p>\n<p><a href=\"https:\/\/www.npf.ie\/wp-content\/uploads\/2017\/09\/0622-The-River-Shannon-Protection-Alliance.compressed.pdf\">0622 Comhaontas Cosanta na Sionainne<\/a><\/p>\n<p><a href=\"https:\/\/www.npf.ie\/wp-content\/uploads\/2017\/09\/0623-Lightsource-Renewable-Energy.compressed.pdf\">0623 Lightsource Renewable Energy<\/a><\/p>\n<p><a href=\"https:\/\/www.npf.ie\/wp-content\/uploads\/2017\/09\/0624-Gas-Networks-Ireland.compressed.pdf\">0624 L\u00edonra\u00ed G\u00e1is \u00c9ireann<\/a><\/p>\n<p><a href=\"https:\/\/www.npf.ie\/wp-content\/uploads\/2017\/09\/0625-RIAI.compressed.pdf\">0625 RIAI<\/a><\/p>\n<p><a href=\"https:\/\/www.npf.ie\/wp-content\/uploads\/2017\/09\/0626-Elected-Members-of-Clare-County-Council.compressed.pdf\">0626 Comhalta\u00ed Tofa Chomhairle Contae an Chl\u00e1ir<\/a><\/p>\n<p><a href=\"https:\/\/www.npf.ie\/wp-content\/uploads\/2017\/09\/0627-Bus-Eireann.compressed.pdf\">0627 Bus \u00c9ireann<\/a><\/p>\n<p><a href=\"https:\/\/www.npf.ie\/wp-content\/uploads\/2017\/09\/0628-IFA.compressed.pdf\">0628 Cumann Feirmeoir\u00ed na h\u00c9ireann<\/a><\/p>\n<p><a href=\"https:\/\/www.npf.ie\/wp-content\/uploads\/2017\/09\/0629-InterTradeIreland.compressed.pdf\">0629 InterTradeIreland<\/a><\/p>\n<p><a href=\"https:\/\/www.npf.ie\/wp-content\/uploads\/2017\/09\/0630-Ervia-Gasworks.compressed.pdf\">0630 Ervia Gasworks<\/a><\/p>\n<p><a href=\"https:\/\/www.npf.ie\/wp-content\/uploads\/2017\/09\/0631-Donnchadh-\u2021-Laoghaire-TD.compressed.pdf\">0631 Donnchadh \u00d3 Laoghaire TD<\/a><\/p>\n<p><a href=\"https:\/\/www.npf.ie\/wp-content\/uploads\/2017\/09\/0632-Steering-Group-for-the-SIFP-for-the-Shannon-Estuary-SIFP.compressed.pdf\">0632 Gr\u00fapa Sti\u00fartha don SIFP d\u2019Inbhear na Sionainne<\/a><\/p>\n<p><a href=\"https:\/\/www.npf.ie\/wp-content\/uploads\/2017\/09\/0633-Department-of-Arts-Heritage-Regional-Rural-and-Gaeltacht-Affairs.compressed.pdf\">0633 An Roinn Eala\u00edon, Oidhreachta, Gn\u00f3tha\u00ed R\u00e9igi\u00fanacha, Tuaithe agus Gaeltachta<\/a><\/p>\n<p><a href=\"https:\/\/www.npf.ie\/wp-content\/uploads\/2017\/09\/0634-Transport-Planning-Society.compressed.pdf\">0634 Socha\u00ed um Plean\u00e1il Iompair<\/a><\/p>\n<p><a href=\"https:\/\/www.npf.ie\/wp-content\/uploads\/2017\/09\/0635-Mayo-County-Council.compressed.pdf\">0635 Comhairle Contae Mhaigh Eo<\/a><\/p>\n<p><a href=\"https:\/\/www.npf.ie\/wp-content\/uploads\/2017\/09\/0636-Cllr-Alan-Tobin.compressed.pdf\">0636 An Comh. Alan Tobin<\/a><\/p>\n<p><a href=\"https:\/\/www.npf.ie\/wp-content\/uploads\/2017\/09\/0637-Ken-Thomas-Waterford-Institute-of-Technology.compressed.pdf\">0637 Ken Thomas &#8211; Institi\u00faid Teicneola\u00edochta Phort L\u00e1irge<\/a><\/p>\n<p><a href=\"https:\/\/www.npf.ie\/wp-content\/uploads\/2017\/09\/0638-EirGrid.compressed.pdf\">0638 Eirgrid<\/a><\/p>\n<p><a href=\"https:\/\/www.npf.ie\/wp-content\/uploads\/2017\/09\/0639-Waterford-Institute-of-Technology.compressed.pdf\">0639 Institi\u00faid Teicneola\u00edochta Phort L\u00e1irge<\/a><\/p>\n<p><a href=\"https:\/\/www.npf.ie\/wp-content\/uploads\/2017\/09\/0640-John-Paul-Phelan-TD.compressed.pdf\">0640 John Paul Phelan TD<\/a><\/p>\n<p><a href=\"https:\/\/www.npf.ie\/wp-content\/uploads\/2017\/09\/0641-RHH-International.compressed.pdf\">0641 RHH International<\/a><\/p>\n<p><a href=\"https:\/\/www.npf.ie\/wp-content\/uploads\/2017\/09\/0642-American-Chamber-of-Commerce-Ireland.compressed.pdf\">0642 Cumann Comhlachais Mheirice\u00e1 na h\u00c9ireann<\/a><\/p>\n<p><a href=\"https:\/\/www.npf.ie\/wp-content\/uploads\/2017\/09\/0643-ESB-2.compressed.pdf\">0643 Bord Sol\u00e1thair an Leictreachais 2<\/a><\/p>\n<p><a href=\"https:\/\/www.npf.ie\/wp-content\/uploads\/2017\/09\/0644-Bobby-Aylward-TD.compressed.pdf\">0644 Bobby Aylward TD<\/a><\/p>\n<p><a href=\"https:\/\/www.npf.ie\/wp-content\/uploads\/2017\/09\/0645-Dominic-Doheny.compressed.pdf\">0645 Dominic Doheny<\/a><\/p>\n<p><a href=\"https:\/\/www.npf.ie\/wp-content\/uploads\/2017\/09\/0646-Anthony-Ogochukwu.compressed.pdf\">0646 Anthony Ogochukwu<\/a><\/p>\n<p><a href=\"https:\/\/www.npf.ie\/wp-content\/uploads\/2017\/09\/0647-Fianna-Fail.compressed.pdf\">0647 Fianna F\u00e1il<\/a><\/p>\n<p><a href=\"https:\/\/www.npf.ie\/wp-content\/uploads\/2017\/09\/0648-Irish-Hotels-Federation.compressed.pdf\">0648 C\u00f3naidhm \u00d3st\u00e1n na h\u00c9ireann<\/a><\/p>\n<p><a href=\"https:\/\/www.npf.ie\/wp-content\/uploads\/2017\/09\/0649-Cavan-and-Monaghan-Education-and-Training-Board.compressed.pdf\">0649 Bord Oideachais agus Oili\u00fana an Chabh\u00e1in agus Mhuineach\u00e1in<\/a><\/p>\n<p><a href=\"https:\/\/www.npf.ie\/wp-content\/uploads\/2017\/09\/0650-Young-Friends-Of-The-Earth.compressed.pdf\">0650 Cairde \u00d3ga an Domhain<\/a><\/p>\n<p><a href=\"https:\/\/www.npf.ie\/wp-content\/uploads\/2017\/09\/0651-Dundalk-Chamber.compressed.pdf\">0651 Comhlachas Tr\u00e1cht\u00e1la Dh\u00fan Dealgan<\/a><\/p>\n<p><a href=\"https:\/\/www.npf.ie\/wp-content\/uploads\/2017\/09\/0652-Tadhg-Moore.compressed.pdf\">0652 Tadhg Moore<\/a><\/p>\n<p><a href=\"https:\/\/www.npf.ie\/wp-content\/uploads\/2017\/09\/0653-Ellen-Sweeney.compressed.pdf\">0653 Ellen Sweeney<\/a><\/p>\n<p><a href=\"https:\/\/www.npf.ie\/wp-content\/uploads\/2017\/09\/0654-James-OSullivan-Beara-Tourism-and-Development.compressed.pdf\">0654 James O\u2019Sullivan &#8211; Turas\u00f3ireacht agus Forbairt Bheara<\/a><\/p>\n<p><a href=\"https:\/\/www.npf.ie\/wp-content\/uploads\/2017\/09\/0655-Cllr-John-Cummins.compressed.pdf\">0655 An Comh. John Cummins<\/a><\/p>\n<p><a href=\"https:\/\/www.npf.ie\/wp-content\/uploads\/2017\/09\/0656-Coomhola-Salmon-Trust.compressed.pdf\">0656 Iontaobhas Brad\u00e1n Abha Chom Sheola<\/a><\/p>\n<p><a href=\"https:\/\/www.npf.ie\/wp-content\/uploads\/2017\/09\/0657-Deirdre-Lane-Shamrock-Spring.compressed.pdf\">0657 Deirdre Lane &#8211; Shamrock Spring<\/a><\/p>\n<p><a href=\"https:\/\/www.npf.ie\/wp-content\/uploads\/2017\/09\/0658-UCD-Students-Union.compressed.pdf\">0658 Cumann na Mac L\u00e9inn sa Chol\u00e1iste Ollscoile, Baile \u00c1tha Cliath<\/a><\/p>\n<p><a href=\"https:\/\/www.npf.ie\/wp-content\/uploads\/2017\/09\/0659-NUI-Galway.compressed.pdf\">0659 Ollscoil na h\u00c9ireann, Gaillimh<\/a><\/p>\n<p><a href=\"https:\/\/www.npf.ie\/wp-content\/uploads\/2017\/09\/0660-Department-of-Jobs-Enterprise-and-Innovation.compressed.pdf\">0660 An Roinn Post, Fiontar agus Nu\u00e1la\u00edochta<\/a><\/p>\n<p><a href=\"https:\/\/www.npf.ie\/wp-content\/uploads\/2017\/10\/Kilkenny-Waterford-Boundary.pdf\">0661 Teorainn Chill Cheannaigh agus Phort L\u00e1irge<\/a> <span style=\"font-size: 15px;\">(Fuarthas thart ar 2640 c\u00f3ip&nbsp;den aighneacht seo mar chuid den phr\u00f3iseas comhairli\u00fach\u00e1in r\u00e9amhdhr\u00e9achta.)<\/span><\/p>\n<p><a href=\"https:\/\/www.npf.ie\/wp-content\/uploads\/0662-Fergus-ODowd-TD.pdf\">0662-Fergus-ODowd-TD<\/a><\/p>\n<p><a href=\"https:\/\/www.npf.ie\/wp-content\/uploads\/0663-Kilkenny-County-Council.compressed.pdf\">0663 Comhairle Contae Chill Chainnigh<\/a><\/p>\n<p><a href=\"https:\/\/www.npf.ie\/wp-content\/uploads\/0664-M1-Payments-Corridor.compressed.pdf\">0664 M1 Payments Corridor<\/a><\/p>\n<\/div>\n<p>[\/vc_column_text][\/vc_column][\/vc_row][vc_row][vc_column][\/vc_column][\/vc_row]<\/p>\n<\/div>","protected":false},"excerpt":{"rendered":"<p>[vc_row][vc_column][vc_column_text] Fuarthas&nbsp;na haighneachta\u00ed seo a leanas mar chuid den Chomhairli\u00fach\u00e1n R\u00e9amhdhr\u00e9achta. [\/vc_column_text][\/vc_column][\/vc_row][vc_row][vc_column width=&#8221;1\/2&#8243;][vc_column_text]1-330 [\/vc_column_text][vc_column_text] 0001 Conor Tiernan0002 Grainne Conaty 0003 [&hellip;]<\/p>\n","protected":false},"author":10,"featured_media":0,"parent":0,"menu_order":0,"comment_status":"closed","ping_status":"closed","template":"","meta":{"_uag_custom_page_level_css":"","site-sidebar-layout":"default","site-content-layout":"","ast-site-content-layout":"default","site-content-style":"default","site-sidebar-style":"default","ast-global-header-display":"","ast-banner-title-visibility":"","ast-main-header-display":"","ast-hfb-above-header-display":"","ast-hfb-below-header-display":"","ast-hfb-mobile-header-display":"","site-post-title":"","ast-breadcrumbs-content":"","ast-featured-img":"","footer-sml-layout":"","ast-disable-related-posts":"","theme-transparent-header-meta":"","adv-header-id-meta":"","stick-header-meta":"","header-above-stick-meta":"","header-main-stick-meta":"","header-below-stick-meta":"","astra-migrate-meta-layouts":"default","ast-page-background-enabled":"default","ast-page-background-meta":{"desktop":{"background-color":"var(--ast-global-color-5)","background-image":"","background-repeat":"repeat","background-position":"center center","background-size":"auto","background-attachment":"scroll","background-type":"","background-media":"","overlay-type":"","overlay-color":"","overlay-opacity":"","overlay-gradient":""},"tablet":{"background-color":"","background-image":"","background-repeat":"repeat","background-position":"center center","background-size":"auto","background-attachment":"scroll","background-type":"","background-media":"","overlay-type":"","overlay-color":"","overlay-opacity":"","overlay-gradient":""},"mobile":{"background-color":"","background-image":"","background-repeat":"repeat","background-position":"center center","background-size":"auto","background-attachment":"scroll","background-type":"","background-media":"","overlay-type":"","overlay-color":"","overlay-opacity":"","overlay-gradient":""}},"ast-content-background-meta":{"desktop":{"background-color":"var(--ast-global-color-4)","background-image":"","background-repeat":"repeat","background-position":"center center","background-size":"auto","background-attachment":"scroll","background-type":"","background-media":"","overlay-type":"","overlay-color":"","overlay-opacity":"","overlay-gradient":""},"tablet":{"background-color":"var(--ast-global-color-4)","background-image":"","background-repeat":"repeat","background-position":"center center","background-size":"auto","background-attachment":"scroll","background-type":"","background-media":"","overlay-type":"","overlay-color":"","overlay-opacity":"","overlay-gradient":""},"mobile":{"background-color":"var(--ast-global-color-4)","background-image":"","background-repeat":"repeat","background-position":"center center","background-size":"auto","background-attachment":"scroll","background-type":"","background-media":"","overlay-type":"","overlay-color":"","overlay-opacity":"","overlay-gradient":""}},"footnotes":""},"class_list":["post-3967","page","type-page","status-publish","hentry"],"yoast_head":"<!-- This site is optimized with the Yoast SEO plugin v27.5 - https:\/\/yoast.com\/product\/yoast-seo-wordpress\/ -->\n<title>Aighneachta\u00ed (Comhairli\u00fach\u00e1n R\u00e9amhdhr\u00e9achta) - The National Planning Framework<\/title>\n<meta name=\"robots\" content=\"index, follow, max-snippet:-1, max-image-preview:large, max-video-preview:-1\" \/>\n<link rel=\"canonical\" href=\"https:\/\/www.npf.ie\/ga\/aighneachtai-comhairliuchan-reamhdhreachta\/\" \/>\n<meta property=\"og:locale\" content=\"ga_IE\" \/>\n<meta property=\"og:type\" content=\"article\" \/>\n<meta property=\"og:title\" content=\"Aighneachta\u00ed (Comhairli\u00fach\u00e1n R\u00e9amhdhr\u00e9achta) - The National Planning Framework\" \/>\n<meta property=\"og:description\" content=\"[vc_row][vc_column][vc_column_text] Fuarthas&nbsp;na haighneachta\u00ed seo a leanas mar chuid den Chomhairli\u00fach\u00e1n R\u00e9amhdhr\u00e9achta. [\/vc_column_text][\/vc_column][\/vc_row][vc_row][vc_column width=&#8221;1\/2&#8243;][vc_column_text]1-330 [\/vc_column_text][vc_column_text] 0001 Conor Tiernan0002 Grainne Conaty 0003 [&hellip;]\" \/>\n<meta property=\"og:url\" content=\"https:\/\/www.npf.ie\/ga\/aighneachtai-comhairliuchan-reamhdhreachta\/\" \/>\n<meta property=\"og:site_name\" content=\"The National Planning Framework\" \/>\n<meta property=\"article:modified_time\" content=\"2018-12-19T15:34:51+00:00\" \/>\n<meta name=\"twitter:card\" content=\"summary_large_image\" \/>\n<meta name=\"twitter:label1\" content=\"Est. reading time\" \/>\n\t<meta name=\"twitter:data1\" content=\"15 minutes\" \/>\n<script type=\"application\/ld+json\" class=\"yoast-schema-graph\">{\"@context\":\"https:\\\/\\\/schema.org\",\"@graph\":[{\"@type\":\"WebPage\",\"@id\":\"https:\\\/\\\/www.npf.ie\\\/ga\\\/aighneachtai-comhairliuchan-reamhdhreachta\\\/\",\"url\":\"https:\\\/\\\/www.npf.ie\\\/ga\\\/aighneachtai-comhairliuchan-reamhdhreachta\\\/\",\"name\":\"Aighneachta\u00ed (Comhairli\u00fach\u00e1n R\u00e9amhdhr\u00e9achta) - The National Planning Framework\",\"isPartOf\":{\"@id\":\"https:\\\/\\\/www.npf.ie\\\/ga\\\/#website\"},\"datePublished\":\"2018-11-28T10:47:38+00:00\",\"dateModified\":\"2018-12-19T15:34:51+00:00\",\"breadcrumb\":{\"@id\":\"https:\\\/\\\/www.npf.ie\\\/ga\\\/aighneachtai-comhairliuchan-reamhdhreachta\\\/#breadcrumb\"},\"inLanguage\":\"ga-IE\",\"potentialAction\":[{\"@type\":\"ReadAction\",\"target\":[\"https:\\\/\\\/www.npf.ie\\\/ga\\\/aighneachtai-comhairliuchan-reamhdhreachta\\\/\"]}]},{\"@type\":\"BreadcrumbList\",\"@id\":\"https:\\\/\\\/www.npf.ie\\\/ga\\\/aighneachtai-comhairliuchan-reamhdhreachta\\\/#breadcrumb\",\"itemListElement\":[{\"@type\":\"ListItem\",\"position\":1,\"name\":\"Home\",\"item\":\"https:\\\/\\\/www.npf.ie\\\/ga\\\/\"},{\"@type\":\"ListItem\",\"position\":2,\"name\":\"Aighneachta\u00ed (Comhairli\u00fach\u00e1n R\u00e9amhdhr\u00e9achta)\"}]},{\"@type\":\"WebSite\",\"@id\":\"https:\\\/\\\/www.npf.ie\\\/ga\\\/#website\",\"url\":\"https:\\\/\\\/www.npf.ie\\\/ga\\\/\",\"name\":\"National Planning Framework\",\"description\":\"\",\"publisher\":{\"@id\":\"https:\\\/\\\/www.npf.ie\\\/ga\\\/#organization\"},\"potentialAction\":[{\"@type\":\"SearchAction\",\"target\":{\"@type\":\"EntryPoint\",\"urlTemplate\":\"https:\\\/\\\/www.npf.ie\\\/ga\\\/?s={search_term_string}\"},\"query-input\":{\"@type\":\"PropertyValueSpecification\",\"valueRequired\":true,\"valueName\":\"search_term_string\"}}],\"inLanguage\":\"ga-IE\"},{\"@type\":\"Organization\",\"@id\":\"https:\\\/\\\/www.npf.ie\\\/ga\\\/#organization\",\"name\":\"Department of Housing, Local Government and Heritage\",\"url\":\"https:\\\/\\\/www.npf.ie\\\/ga\\\/\",\"logo\":{\"@type\":\"ImageObject\",\"inLanguage\":\"ga-IE\",\"@id\":\"https:\\\/\\\/www.npf.ie\\\/ga\\\/#\\\/schema\\\/logo\\\/image\\\/\",\"url\":\"https:\\\/\\\/www.npf.ie\\\/wp-content\\\/uploads\\\/npf_logo_feb18_horizontal-3-1-1.png\",\"contentUrl\":\"https:\\\/\\\/www.npf.ie\\\/wp-content\\\/uploads\\\/npf_logo_feb18_horizontal-3-1-1.png\",\"width\":255,\"height\":46,\"caption\":\"Department of Housing, Local Government and Heritage\"},\"image\":{\"@id\":\"https:\\\/\\\/www.npf.ie\\\/ga\\\/#\\\/schema\\\/logo\\\/image\\\/\"}}]}<\/script>\n<!-- \/ Yoast SEO plugin. -->","yoast_head_json":{"title":"Aighneachta\u00ed (Comhairli\u00fach\u00e1n R\u00e9amhdhr\u00e9achta) - The National Planning Framework","robots":{"index":"index","follow":"follow","max-snippet":"max-snippet:-1","max-image-preview":"max-image-preview:large","max-video-preview":"max-video-preview:-1"},"canonical":"https:\/\/www.npf.ie\/ga\/aighneachtai-comhairliuchan-reamhdhreachta\/","og_locale":"ga_IE","og_type":"article","og_title":"Aighneachta\u00ed (Comhairli\u00fach\u00e1n R\u00e9amhdhr\u00e9achta) - The National Planning Framework","og_description":"[vc_row][vc_column][vc_column_text] Fuarthas&nbsp;na haighneachta\u00ed seo a leanas mar chuid den Chomhairli\u00fach\u00e1n R\u00e9amhdhr\u00e9achta. [\/vc_column_text][\/vc_column][\/vc_row][vc_row][vc_column width=&#8221;1\/2&#8243;][vc_column_text]1-330 [\/vc_column_text][vc_column_text] 0001 Conor Tiernan0002 Grainne Conaty 0003 [&hellip;]","og_url":"https:\/\/www.npf.ie\/ga\/aighneachtai-comhairliuchan-reamhdhreachta\/","og_site_name":"The National Planning Framework","article_modified_time":"2018-12-19T15:34:51+00:00","twitter_card":"summary_large_image","twitter_misc":{"Est. reading time":"15 minutes"},"schema":{"@context":"https:\/\/schema.org","@graph":[{"@type":"WebPage","@id":"https:\/\/www.npf.ie\/ga\/aighneachtai-comhairliuchan-reamhdhreachta\/","url":"https:\/\/www.npf.ie\/ga\/aighneachtai-comhairliuchan-reamhdhreachta\/","name":"Aighneachta\u00ed (Comhairli\u00fach\u00e1n R\u00e9amhdhr\u00e9achta) - The National Planning Framework","isPartOf":{"@id":"https:\/\/www.npf.ie\/ga\/#website"},"datePublished":"2018-11-28T10:47:38+00:00","dateModified":"2018-12-19T15:34:51+00:00","breadcrumb":{"@id":"https:\/\/www.npf.ie\/ga\/aighneachtai-comhairliuchan-reamhdhreachta\/#breadcrumb"},"inLanguage":"ga-IE","potentialAction":[{"@type":"ReadAction","target":["https:\/\/www.npf.ie\/ga\/aighneachtai-comhairliuchan-reamhdhreachta\/"]}]},{"@type":"BreadcrumbList","@id":"https:\/\/www.npf.ie\/ga\/aighneachtai-comhairliuchan-reamhdhreachta\/#breadcrumb","itemListElement":[{"@type":"ListItem","position":1,"name":"Home","item":"https:\/\/www.npf.ie\/ga\/"},{"@type":"ListItem","position":2,"name":"Aighneachta\u00ed (Comhairli\u00fach\u00e1n R\u00e9amhdhr\u00e9achta)"}]},{"@type":"WebSite","@id":"https:\/\/www.npf.ie\/ga\/#website","url":"https:\/\/www.npf.ie\/ga\/","name":"National Planning Framework","description":"","publisher":{"@id":"https:\/\/www.npf.ie\/ga\/#organization"},"potentialAction":[{"@type":"SearchAction","target":{"@type":"EntryPoint","urlTemplate":"https:\/\/www.npf.ie\/ga\/?s={search_term_string}"},"query-input":{"@type":"PropertyValueSpecification","valueRequired":true,"valueName":"search_term_string"}}],"inLanguage":"ga-IE"},{"@type":"Organization","@id":"https:\/\/www.npf.ie\/ga\/#organization","name":"Department of Housing, Local Government and Heritage","url":"https:\/\/www.npf.ie\/ga\/","logo":{"@type":"ImageObject","inLanguage":"ga-IE","@id":"https:\/\/www.npf.ie\/ga\/#\/schema\/logo\/image\/","url":"https:\/\/www.npf.ie\/wp-content\/uploads\/npf_logo_feb18_horizontal-3-1-1.png","contentUrl":"https:\/\/www.npf.ie\/wp-content\/uploads\/npf_logo_feb18_horizontal-3-1-1.png","width":255,"height":46,"caption":"Department of Housing, Local Government and Heritage"},"image":{"@id":"https:\/\/www.npf.ie\/ga\/#\/schema\/logo\/image\/"}}]}},"spectra_custom_meta":{"_vc_post_settings":["a:1:{s:10:\"vc_grid_id\";a:0:{}}"],"_alp_processed":["1543402064"],"dt_portfolio_columns":["grid"],"dt_portfolio_navigation":["filter"],"dt_nav_number":["8"],"dt_blog_layout":["masonry-3-cols"],"dt_posts_number":["10"],"dt_sidebar_position":["no-sidebar"],"dt_all_sidebars":["sidebar"],"_top_nav_excluded":[""],"_cms_nav_minihome":[""],"_wp_page_template":["default"],"_wpml_word_count":["{\"total\":6,\"to_translate\":{\"en\":6}}"],"_wpml_media_duplicate":["1"],"_wp_attachment_metadata":[""],"_edit_lock":["1732607631:14"],"amazonS3_cache":["a:1337:{s:72:\"\/\/www.npf.ie\/wp-content\/uploads\/0664-M1-Payments-Corridor.compressed.pdf\";a:2:{s:2:\"id\";s:4:\"4892\";s:11:\"source_type\";s:13:\"media-library\";}s:72:\"\/\/cdn.npf.ie\/wp-content\/uploads\/0664-M1-Payments-Corridor.compressed.pdf\";a:2:{s:2:\"id\";s:4:\"4892\";s:11:\"source_type\";s:13:\"media-library\";}s:75:\"\/\/www.npf.ie\/wp-content\/uploads\/0663-Kilkenny-County-Council.compressed.pdf\";a:2:{s:2:\"id\";s:4:\"4891\";s:11:\"source_type\";s:13:\"media-library\";}s:75:\"\/\/cdn.npf.ie\/wp-content\/uploads\/0663-Kilkenny-County-Council.compressed.pdf\";a:2:{s:2:\"id\";s:4:\"4891\";s:11:\"source_type\";s:13:\"media-library\";}s:56:\"\/\/www.npf.ie\/wp-content\/uploads\/0662-Fergus-ODowd-TD.pdf\";a:2:{s:2:\"id\";s:4:\"4890\";s:11:\"source_type\";s:13:\"media-library\";}s:56:\"\/\/cdn.npf.ie\/wp-content\/uploads\/0662-Fergus-ODowd-TD.pdf\";a:2:{s:2:\"id\";s:4:\"4890\";s:11:\"source_type\";s:13:\"media-library\";}s:71:\"\/\/www.npf.ie\/wp-content\/uploads\/2017\/10\/Kilkenny-Waterford-Boundary.pdf\";a:2:{s:2:\"id\";s:4:\"4886\";s:11:\"source_type\";s:13:\"media-library\";}s:63:\"\/\/cdn.npf.ie\/wp-content\/uploads\/Kilkenny-Waterford-Boundary.pdf\";a:2:{s:2:\"id\";s:4:\"4886\";s:11:\"source_type\";s:13:\"media-library\";}s:104:\"\/\/www.npf.ie\/wp-content\/uploads\/2017\/09\/0660-Department-of-Jobs-Enterprise-and-Innovation.compressed.pdf\";a:2:{s:2:\"id\";s:4:\"4861\";s:11:\"source_type\";s:13:\"media-library\";}s:96:\"\/\/cdn.npf.ie\/wp-content\/uploads\/0660-Department-of-Jobs-Enterprise-and-Innovation.compressed.pdf\";a:2:{s:2:\"id\";s:4:\"4861\";s:11:\"source_type\";s:13:\"media-library\";}s:70:\"\/\/www.npf.ie\/wp-content\/uploads\/2017\/09\/0659-NUI-Galway.compressed.pdf\";a:2:{s:2:\"id\";s:4:\"4860\";s:11:\"source_type\";s:13:\"media-library\";}s:62:\"\/\/cdn.npf.ie\/wp-content\/uploads\/0659-NUI-Galway.compressed.pdf\";a:2:{s:2:\"id\";s:4:\"4860\";s:11:\"source_type\";s:13:\"media-library\";}s:78:\"\/\/www.npf.ie\/wp-content\/uploads\/2017\/09\/0658-UCD-Students-Union.compressed.pdf\";a:2:{s:2:\"id\";s:4:\"4859\";s:11:\"source_type\";s:13:\"media-library\";}s:70:\"\/\/cdn.npf.ie\/wp-content\/uploads\/0658-UCD-Students-Union.compressed.pdf\";a:2:{s:2:\"id\";s:4:\"4859\";s:11:\"source_type\";s:13:\"media-library\";}s:88:\"\/\/www.npf.ie\/wp-content\/uploads\/2017\/09\/0657-Deirdre-Lane-Shamrock-Spring.compressed.pdf\";a:2:{s:2:\"id\";s:4:\"4858\";s:11:\"source_type\";s:13:\"media-library\";}s:80:\"\/\/cdn.npf.ie\/wp-content\/uploads\/0657-Deirdre-Lane-Shamrock-Spring.compressed.pdf\";a:2:{s:2:\"id\";s:4:\"4858\";s:11:\"source_type\";s:13:\"media-library\";}s:81:\"\/\/www.npf.ie\/wp-content\/uploads\/2017\/09\/0656-Coomhola-Salmon-Trust.compressed.pdf\";a:2:{s:2:\"id\";s:4:\"4857\";s:11:\"source_type\";s:13:\"media-library\";}s:73:\"\/\/cdn.npf.ie\/wp-content\/uploads\/0656-Coomhola-Salmon-Trust.compressed.pdf\";a:2:{s:2:\"id\";s:4:\"4857\";s:11:\"source_type\";s:13:\"media-library\";}s:77:\"\/\/www.npf.ie\/wp-content\/uploads\/2017\/09\/0655-Cllr-John-Cummins.compressed.pdf\";a:2:{s:2:\"id\";s:4:\"4856\";s:11:\"source_type\";s:13:\"media-library\";}s:69:\"\/\/cdn.npf.ie\/wp-content\/uploads\/0655-Cllr-John-Cummins.compressed.pdf\";a:2:{s:2:\"id\";s:4:\"4856\";s:11:\"source_type\";s:13:\"media-library\";}s:105:\"\/\/www.npf.ie\/wp-content\/uploads\/2017\/09\/0654-James-OSullivan-Beara-Tourism-and-Development.compressed.pdf\";a:2:{s:2:\"id\";s:4:\"4855\";s:11:\"source_type\";s:13:\"media-library\";}s:97:\"\/\/cdn.npf.ie\/wp-content\/uploads\/0654-James-OSullivan-Beara-Tourism-and-Development.compressed.pdf\";a:2:{s:2:\"id\";s:4:\"4855\";s:11:\"source_type\";s:13:\"media-library\";}s:73:\"\/\/www.npf.ie\/wp-content\/uploads\/2017\/09\/0653-Ellen-Sweeney.compressed.pdf\";a:2:{s:2:\"id\";s:4:\"4854\";s:11:\"source_type\";s:13:\"media-library\";}s:65:\"\/\/cdn.npf.ie\/wp-content\/uploads\/0653-Ellen-Sweeney.compressed.pdf\";a:2:{s:2:\"id\";s:4:\"4854\";s:11:\"source_type\";s:13:\"media-library\";}s:71:\"\/\/www.npf.ie\/wp-content\/uploads\/2017\/09\/0652-Tadhg-Moore.compressed.pdf\";a:2:{s:2:\"id\";s:4:\"4853\";s:11:\"source_type\";s:13:\"media-library\";}s:63:\"\/\/cdn.npf.ie\/wp-content\/uploads\/0652-Tadhg-Moore.compressed.pdf\";a:2:{s:2:\"id\";s:4:\"4853\";s:11:\"source_type\";s:13:\"media-library\";}s:75:\"\/\/www.npf.ie\/wp-content\/uploads\/2017\/09\/0651-Dundalk-Chamber.compressed.pdf\";a:2:{s:2:\"id\";s:4:\"4852\";s:11:\"source_type\";s:13:\"media-library\";}s:67:\"\/\/cdn.npf.ie\/wp-content\/uploads\/0651-Dundalk-Chamber.compressed.pdf\";a:2:{s:2:\"id\";s:4:\"4852\";s:11:\"source_type\";s:13:\"media-library\";}s:86:\"\/\/www.npf.ie\/wp-content\/uploads\/2017\/09\/0650-Young-Friends-Of-The-Earth.compressed.pdf\";a:2:{s:2:\"id\";s:4:\"4851\";s:11:\"source_type\";s:13:\"media-library\";}s:78:\"\/\/cdn.npf.ie\/wp-content\/uploads\/0650-Young-Friends-Of-The-Earth.compressed.pdf\";a:2:{s:2:\"id\";s:4:\"4851\";s:11:\"source_type\";s:13:\"media-library\";}s:107:\"\/\/www.npf.ie\/wp-content\/uploads\/2017\/09\/0649-Cavan-and-Monaghan-Education-and-Training-Board.compressed.pdf\";a:2:{s:2:\"id\";s:4:\"4850\";s:11:\"source_type\";s:13:\"media-library\";}s:99:\"\/\/cdn.npf.ie\/wp-content\/uploads\/0649-Cavan-and-Monaghan-Education-and-Training-Board.compressed.pdf\";a:2:{s:2:\"id\";s:4:\"4850\";s:11:\"source_type\";s:13:\"media-library\";}s:83:\"\/\/www.npf.ie\/wp-content\/uploads\/2017\/09\/0648-Irish-Hotels-Federation.compressed.pdf\";a:2:{s:2:\"id\";s:4:\"4849\";s:11:\"source_type\";s:13:\"media-library\";}s:75:\"\/\/cdn.npf.ie\/wp-content\/uploads\/0648-Irish-Hotels-Federation.compressed.pdf\";a:2:{s:2:\"id\";s:4:\"4849\";s:11:\"source_type\";s:13:\"media-library\";}s:71:\"\/\/www.npf.ie\/wp-content\/uploads\/2017\/09\/0647-Fianna-Fail.compressed.pdf\";a:2:{s:2:\"id\";s:4:\"4848\";s:11:\"source_type\";s:13:\"media-library\";}s:63:\"\/\/cdn.npf.ie\/wp-content\/uploads\/0647-Fianna-Fail.compressed.pdf\";a:2:{s:2:\"id\";s:4:\"4848\";s:11:\"source_type\";s:13:\"media-library\";}s:77:\"\/\/www.npf.ie\/wp-content\/uploads\/2017\/09\/0646-Anthony-Ogochukwu.compressed.pdf\";a:2:{s:2:\"id\";s:4:\"4847\";s:11:\"source_type\";s:13:\"media-library\";}s:69:\"\/\/cdn.npf.ie\/wp-content\/uploads\/0646-Anthony-Ogochukwu.compressed.pdf\";a:2:{s:2:\"id\";s:4:\"4847\";s:11:\"source_type\";s:13:\"media-library\";}s:74:\"\/\/www.npf.ie\/wp-content\/uploads\/2017\/09\/0645-Dominic-Doheny.compressed.pdf\";a:2:{s:2:\"id\";s:4:\"4846\";s:11:\"source_type\";s:13:\"media-library\";}s:66:\"\/\/cdn.npf.ie\/wp-content\/uploads\/0645-Dominic-Doheny.compressed.pdf\";a:2:{s:2:\"id\";s:4:\"4846\";s:11:\"source_type\";s:13:\"media-library\";}s:76:\"\/\/www.npf.ie\/wp-content\/uploads\/2017\/09\/0644-Bobby-Aylward-TD.compressed.pdf\";a:2:{s:2:\"id\";s:4:\"4845\";s:11:\"source_type\";s:13:\"media-library\";}s:68:\"\/\/cdn.npf.ie\/wp-content\/uploads\/0644-Bobby-Aylward-TD.compressed.pdf\";a:2:{s:2:\"id\";s:4:\"4845\";s:11:\"source_type\";s:13:\"media-library\";}s:65:\"\/\/www.npf.ie\/wp-content\/uploads\/2017\/09\/0643-ESB-2.compressed.pdf\";a:2:{s:2:\"id\";s:4:\"4844\";s:11:\"source_type\";s:13:\"media-library\";}s:57:\"\/\/cdn.npf.ie\/wp-content\/uploads\/0643-ESB-2.compressed.pdf\";a:2:{s:2:\"id\";s:4:\"4844\";s:11:\"source_type\";s:13:\"media-library\";}s:96:\"\/\/www.npf.ie\/wp-content\/uploads\/2017\/09\/0642-American-Chamber-of-Commerce-Ireland.compressed.pdf\";a:2:{s:2:\"id\";s:4:\"4843\";s:11:\"source_type\";s:13:\"media-library\";}s:88:\"\/\/cdn.npf.ie\/wp-content\/uploads\/0642-American-Chamber-of-Commerce-Ireland.compressed.pdf\";a:2:{s:2:\"id\";s:4:\"4843\";s:11:\"source_type\";s:13:\"media-library\";}s:77:\"\/\/www.npf.ie\/wp-content\/uploads\/2017\/09\/0641-RHH-International.compressed.pdf\";a:2:{s:2:\"id\";s:4:\"4842\";s:11:\"source_type\";s:13:\"media-library\";}s:69:\"\/\/cdn.npf.ie\/wp-content\/uploads\/0641-RHH-International.compressed.pdf\";a:2:{s:2:\"id\";s:4:\"4842\";s:11:\"source_type\";s:13:\"media-library\";}s:79:\"\/\/www.npf.ie\/wp-content\/uploads\/2017\/09\/0640-John-Paul-Phelan-TD.compressed.pdf\";a:2:{s:2:\"id\";s:4:\"4841\";s:11:\"source_type\";s:13:\"media-library\";}s:71:\"\/\/cdn.npf.ie\/wp-content\/uploads\/0640-John-Paul-Phelan-TD.compressed.pdf\";a:2:{s:2:\"id\";s:4:\"4841\";s:11:\"source_type\";s:13:\"media-library\";}s:93:\"\/\/www.npf.ie\/wp-content\/uploads\/2017\/09\/0639-Waterford-Institute-of-Technology.compressed.pdf\";a:2:{s:2:\"id\";s:4:\"4840\";s:11:\"source_type\";s:13:\"media-library\";}s:85:\"\/\/cdn.npf.ie\/wp-content\/uploads\/0639-Waterford-Institute-of-Technology.compressed.pdf\";a:2:{s:2:\"id\";s:4:\"4840\";s:11:\"source_type\";s:13:\"media-library\";}s:67:\"\/\/www.npf.ie\/wp-content\/uploads\/2017\/09\/0638-EirGrid.compressed.pdf\";a:2:{s:2:\"id\";s:4:\"4839\";s:11:\"source_type\";s:13:\"media-library\";}s:59:\"\/\/cdn.npf.ie\/wp-content\/uploads\/0638-EirGrid.compressed.pdf\";a:2:{s:2:\"id\";s:4:\"4839\";s:11:\"source_type\";s:13:\"media-library\";}s:104:\"\/\/www.npf.ie\/wp-content\/uploads\/2017\/09\/0637-Ken-Thomas-Waterford-Institute-of-Technology.compressed.pdf\";a:2:{s:2:\"id\";s:4:\"4838\";s:11:\"source_type\";s:13:\"media-library\";}s:96:\"\/\/cdn.npf.ie\/wp-content\/uploads\/0637-Ken-Thomas-Waterford-Institute-of-Technology.compressed.pdf\";a:2:{s:2:\"id\";s:4:\"4838\";s:11:\"source_type\";s:13:\"media-library\";}s:75:\"\/\/www.npf.ie\/wp-content\/uploads\/2017\/09\/0636-Cllr-Alan-Tobin.compressed.pdf\";a:2:{s:2:\"id\";s:4:\"4837\";s:11:\"source_type\";s:13:\"media-library\";}s:67:\"\/\/cdn.npf.ie\/wp-content\/uploads\/0636-Cllr-Alan-Tobin.compressed.pdf\";a:2:{s:2:\"id\";s:4:\"4837\";s:11:\"source_type\";s:13:\"media-library\";}s:79:\"\/\/www.npf.ie\/wp-content\/uploads\/2017\/09\/0635-Mayo-County-Council.compressed.pdf\";a:2:{s:2:\"id\";s:4:\"4836\";s:11:\"source_type\";s:13:\"media-library\";}s:71:\"\/\/cdn.npf.ie\/wp-content\/uploads\/0635-Mayo-County-Council.compressed.pdf\";a:2:{s:2:\"id\";s:4:\"4836\";s:11:\"source_type\";s:13:\"media-library\";}s:86:\"\/\/www.npf.ie\/wp-content\/uploads\/2017\/09\/0634-Transport-Planning-Society.compressed.pdf\";a:2:{s:2:\"id\";s:4:\"4835\";s:11:\"source_type\";s:13:\"media-library\";}s:78:\"\/\/cdn.npf.ie\/wp-content\/uploads\/0634-Transport-Planning-Society.compressed.pdf\";a:2:{s:2:\"id\";s:4:\"4835\";s:11:\"source_type\";s:13:\"media-library\";}s:124:\"\/\/www.npf.ie\/wp-content\/uploads\/2017\/09\/0633-Department-of-Arts-Heritage-Regional-Rural-and-Gaeltacht-Affairs.compressed.pdf\";a:2:{s:2:\"id\";s:4:\"4834\";s:11:\"source_type\";s:13:\"media-library\";}s:116:\"\/\/cdn.npf.ie\/wp-content\/uploads\/0633-Department-of-Arts-Heritage-Regional-Rural-and-Gaeltacht-Affairs.compressed.pdf\";a:2:{s:2:\"id\";s:4:\"4834\";s:11:\"source_type\";s:13:\"media-library\";}s:116:\"\/\/www.npf.ie\/wp-content\/uploads\/2017\/09\/0632-Steering-Group-for-the-SIFP-for-the-Shannon-Estuary-SIFP.compressed.pdf\";a:2:{s:2:\"id\";s:4:\"4833\";s:11:\"source_type\";s:13:\"media-library\";}s:108:\"\/\/cdn.npf.ie\/wp-content\/uploads\/0632-Steering-Group-for-the-SIFP-for-the-Shannon-Estuary-SIFP.compressed.pdf\";a:2:{s:2:\"id\";s:4:\"4833\";s:11:\"source_type\";s:13:\"media-library\";}s:86:\"\/\/www.npf.ie\/wp-content\/uploads\/2017\/09\/0631-Donnchadh-\u2021-Laoghaire-TD.compressed.pdf\";a:2:{s:2:\"id\";s:4:\"4832\";s:11:\"source_type\";s:13:\"media-library\";}s:78:\"\/\/cdn.npf.ie\/wp-content\/uploads\/0631-Donnchadh-\u2021-Laoghaire-TD.compressed.pdf\";a:2:{s:2:\"id\";s:4:\"4832\";s:11:\"source_type\";s:13:\"media-library\";}s:74:\"\/\/www.npf.ie\/wp-content\/uploads\/2017\/09\/0630-Ervia-Gasworks.compressed.pdf\";a:2:{s:2:\"id\";s:4:\"4831\";s:11:\"source_type\";s:13:\"media-library\";}s:66:\"\/\/cdn.npf.ie\/wp-content\/uploads\/0630-Ervia-Gasworks.compressed.pdf\";a:2:{s:2:\"id\";s:4:\"4831\";s:11:\"source_type\";s:13:\"media-library\";}s:77:\"\/\/www.npf.ie\/wp-content\/uploads\/2017\/09\/0629-InterTradeIreland.compressed.pdf\";a:2:{s:2:\"id\";s:4:\"4830\";s:11:\"source_type\";s:13:\"media-library\";}s:69:\"\/\/cdn.npf.ie\/wp-content\/uploads\/0629-InterTradeIreland.compressed.pdf\";a:2:{s:2:\"id\";s:4:\"4830\";s:11:\"source_type\";s:13:\"media-library\";}s:63:\"\/\/www.npf.ie\/wp-content\/uploads\/2017\/09\/0628-IFA.compressed.pdf\";a:2:{s:2:\"id\";s:4:\"4829\";s:11:\"source_type\";s:13:\"media-library\";}s:55:\"\/\/cdn.npf.ie\/wp-content\/uploads\/0628-IFA.compressed.pdf\";a:2:{s:2:\"id\";s:4:\"4829\";s:11:\"source_type\";s:13:\"media-library\";}s:71:\"\/\/www.npf.ie\/wp-content\/uploads\/2017\/09\/0627-Bus-Eireann.compressed.pdf\";a:2:{s:2:\"id\";s:4:\"4828\";s:11:\"source_type\";s:13:\"media-library\";}s:63:\"\/\/cdn.npf.ie\/wp-content\/uploads\/0627-Bus-Eireann.compressed.pdf\";a:2:{s:2:\"id\";s:4:\"4828\";s:11:\"source_type\";s:13:\"media-library\";}s:99:\"\/\/www.npf.ie\/wp-content\/uploads\/2017\/09\/0626-Elected-Members-of-Clare-County-Council.compressed.pdf\";a:2:{s:2:\"id\";s:4:\"4827\";s:11:\"source_type\";s:13:\"media-library\";}s:91:\"\/\/cdn.npf.ie\/wp-content\/uploads\/0626-Elected-Members-of-Clare-County-Council.compressed.pdf\";a:2:{s:2:\"id\";s:4:\"4827\";s:11:\"source_type\";s:13:\"media-library\";}s:64:\"\/\/www.npf.ie\/wp-content\/uploads\/2017\/09\/0625-RIAI.compressed.pdf\";a:2:{s:2:\"id\";s:4:\"4826\";s:11:\"source_type\";s:13:\"media-library\";}s:56:\"\/\/cdn.npf.ie\/wp-content\/uploads\/0625-RIAI.compressed.pdf\";a:2:{s:2:\"id\";s:4:\"4826\";s:11:\"source_type\";s:13:\"media-library\";}s:80:\"\/\/www.npf.ie\/wp-content\/uploads\/2017\/09\/0624-Gas-Networks-Ireland.compressed.pdf\";a:2:{s:2:\"id\";s:4:\"4825\";s:11:\"source_type\";s:13:\"media-library\";}s:72:\"\/\/cdn.npf.ie\/wp-content\/uploads\/0624-Gas-Networks-Ireland.compressed.pdf\";a:2:{s:2:\"id\";s:4:\"4825\";s:11:\"source_type\";s:13:\"media-library\";}s:88:\"\/\/www.npf.ie\/wp-content\/uploads\/2017\/09\/0623-Lightsource-Renewable-Energy.compressed.pdf\";a:2:{s:2:\"id\";s:4:\"4824\";s:11:\"source_type\";s:13:\"media-library\";}s:80:\"\/\/cdn.npf.ie\/wp-content\/uploads\/0623-Lightsource-Renewable-Energy.compressed.pdf\";a:2:{s:2:\"id\";s:4:\"4824\";s:11:\"source_type\";s:13:\"media-library\";}s:97:\"\/\/www.npf.ie\/wp-content\/uploads\/2017\/09\/0622-The-River-Shannon-Protection-Alliance.compressed.pdf\";a:2:{s:2:\"id\";s:4:\"4823\";s:11:\"source_type\";s:13:\"media-library\";}s:89:\"\/\/cdn.npf.ie\/wp-content\/uploads\/0622-The-River-Shannon-Protection-Alliance.compressed.pdf\";a:2:{s:2:\"id\";s:4:\"4823\";s:11:\"source_type\";s:13:\"media-library\";}s:74:\"\/\/www.npf.ie\/wp-content\/uploads\/2017\/09\/0621-Failte-Ireland.compressed.pdf\";a:2:{s:2:\"id\";s:4:\"4822\";s:11:\"source_type\";s:13:\"media-library\";}s:66:\"\/\/cdn.npf.ie\/wp-content\/uploads\/0621-Failte-Ireland.compressed.pdf\";a:2:{s:2:\"id\";s:4:\"4822\";s:11:\"source_type\";s:13:\"media-library\";}s:77:\"\/\/www.npf.ie\/wp-content\/uploads\/2017\/09\/0620-Cllr-Johnny-Flynn.compressed.pdf\";a:2:{s:2:\"id\";s:4:\"4821\";s:11:\"source_type\";s:13:\"media-library\";}s:69:\"\/\/cdn.npf.ie\/wp-content\/uploads\/0620-Cllr-Johnny-Flynn.compressed.pdf\";a:2:{s:2:\"id\";s:4:\"4821\";s:11:\"source_type\";s:13:\"media-library\";}s:77:\"\/\/www.npf.ie\/wp-content\/uploads\/2017\/09\/0619-Michael-Goan-GoKu.compressed.pdf\";a:2:{s:2:\"id\";s:4:\"4820\";s:11:\"source_type\";s:13:\"media-library\";}s:69:\"\/\/cdn.npf.ie\/wp-content\/uploads\/0619-Michael-Goan-GoKu.compressed.pdf\";a:2:{s:2:\"id\";s:4:\"4820\";s:11:\"source_type\";s:13:\"media-library\";}s:76:\"\/\/www.npf.ie\/wp-content\/uploads\/2017\/09\/0618-Four-Dublin-PPNs.compressed.pdf\";a:2:{s:2:\"id\";s:4:\"4819\";s:11:\"source_type\";s:13:\"media-library\";}s:68:\"\/\/cdn.npf.ie\/wp-content\/uploads\/0618-Four-Dublin-PPNs.compressed.pdf\";a:2:{s:2:\"id\";s:4:\"4819\";s:11:\"source_type\";s:13:\"media-library\";}s:83:\"\/\/www.npf.ie\/wp-content\/uploads\/2017\/09\/0617-Tipperary-Energy-Agency.compressed.pdf\";a:2:{s:2:\"id\";s:4:\"4818\";s:11:\"source_type\";s:13:\"media-library\";}s:75:\"\/\/cdn.npf.ie\/wp-content\/uploads\/0617-Tipperary-Energy-Agency.compressed.pdf\";a:2:{s:2:\"id\";s:4:\"4818\";s:11:\"source_type\";s:13:\"media-library\";}s:63:\"\/\/www.npf.ie\/wp-content\/uploads\/2017\/09\/0616-ESB.compressed.pdf\";a:2:{s:2:\"id\";s:4:\"4817\";s:11:\"source_type\";s:13:\"media-library\";}s:55:\"\/\/cdn.npf.ie\/wp-content\/uploads\/0616-ESB.compressed.pdf\";a:2:{s:2:\"id\";s:4:\"4817\";s:11:\"source_type\";s:13:\"media-library\";}s:73:\"\/\/www.npf.ie\/wp-content\/uploads\/2017\/09\/0615-Richard-Logue.compressed.pdf\";a:2:{s:2:\"id\";s:4:\"4816\";s:11:\"source_type\";s:13:\"media-library\";}s:65:\"\/\/cdn.npf.ie\/wp-content\/uploads\/0615-Richard-Logue.compressed.pdf\";a:2:{s:2:\"id\";s:4:\"4816\";s:11:\"source_type\";s:13:\"media-library\";}s:70:\"\/\/www.npf.ie\/wp-content\/uploads\/2017\/09\/0614-Siga-Hydro.compressed.pdf\";a:2:{s:2:\"id\";s:4:\"4815\";s:11:\"source_type\";s:13:\"media-library\";}s:62:\"\/\/cdn.npf.ie\/wp-content\/uploads\/0614-Siga-Hydro.compressed.pdf\";a:2:{s:2:\"id\";s:4:\"4815\";s:11:\"source_type\";s:13:\"media-library\";}s:73:\"\/\/www.npf.ie\/wp-content\/uploads\/2017\/09\/0613-Paula-Russell.compressed.pdf\";a:2:{s:2:\"id\";s:4:\"4814\";s:11:\"source_type\";s:13:\"media-library\";}s:65:\"\/\/cdn.npf.ie\/wp-content\/uploads\/0613-Paula-Russell.compressed.pdf\";a:2:{s:2:\"id\";s:4:\"4814\";s:11:\"source_type\";s:13:\"media-library\";}s:64:\"\/\/www.npf.ie\/wp-content\/uploads\/2017\/09\/0611-IBEC.compressed.pdf\";a:2:{s:2:\"id\";s:4:\"4812\";s:11:\"source_type\";s:13:\"media-library\";}s:56:\"\/\/cdn.npf.ie\/wp-content\/uploads\/0611-IBEC.compressed.pdf\";a:2:{s:2:\"id\";s:4:\"4812\";s:11:\"source_type\";s:13:\"media-library\";}s:75:\"\/\/www.npf.ie\/wp-content\/uploads\/2017\/09\/0610-Michael-OGorman.compressed.pdf\";a:2:{s:2:\"id\";s:4:\"4811\";s:11:\"source_type\";s:13:\"media-library\";}s:67:\"\/\/cdn.npf.ie\/wp-content\/uploads\/0610-Michael-OGorman.compressed.pdf\";a:2:{s:2:\"id\";s:4:\"4811\";s:11:\"source_type\";s:13:\"media-library\";}s:83:\"\/\/www.npf.ie\/wp-content\/uploads\/2017\/09\/0609-Small-Firms-Association.compressed.pdf\";a:2:{s:2:\"id\";s:4:\"4810\";s:11:\"source_type\";s:13:\"media-library\";}s:75:\"\/\/cdn.npf.ie\/wp-content\/uploads\/0609-Small-Firms-Association.compressed.pdf\";a:2:{s:2:\"id\";s:4:\"4810\";s:11:\"source_type\";s:13:\"media-library\";}s:80:\"\/\/www.npf.ie\/wp-content\/uploads\/2017\/09\/0608-Woodlands-of-Ireland.compressed.pdf\";a:2:{s:2:\"id\";s:4:\"4809\";s:11:\"source_type\";s:13:\"media-library\";}s:72:\"\/\/cdn.npf.ie\/wp-content\/uploads\/0608-Woodlands-of-Ireland.compressed.pdf\";a:2:{s:2:\"id\";s:4:\"4809\";s:11:\"source_type\";s:13:\"media-library\";}s:82:\"\/\/www.npf.ie\/wp-content\/uploads\/2017\/09\/0608-Woodlands-of-Ireland-2.compressed.pdf\";a:2:{s:2:\"id\";s:4:\"4808\";s:11:\"source_type\";s:13:\"media-library\";}s:74:\"\/\/cdn.npf.ie\/wp-content\/uploads\/0608-Woodlands-of-Ireland-2.compressed.pdf\";a:2:{s:2:\"id\";s:4:\"4808\";s:11:\"source_type\";s:13:\"media-library\";}s:79:\"\/\/www.npf.ie\/wp-content\/uploads\/2017\/09\/0607-Dublin-City-Council.compressed.pdf\";a:2:{s:2:\"id\";s:4:\"4807\";s:11:\"source_type\";s:13:\"media-library\";}s:71:\"\/\/cdn.npf.ie\/wp-content\/uploads\/0607-Dublin-City-Council.compressed.pdf\";a:2:{s:2:\"id\";s:4:\"4807\";s:11:\"source_type\";s:13:\"media-library\";}s:79:\"\/\/www.npf.ie\/wp-content\/uploads\/2017\/09\/0606-Mullingar-Chamber-3.compressed.pdf\";a:2:{s:2:\"id\";s:4:\"4806\";s:11:\"source_type\";s:13:\"media-library\";}s:71:\"\/\/cdn.npf.ie\/wp-content\/uploads\/0606-Mullingar-Chamber-3.compressed.pdf\";a:2:{s:2:\"id\";s:4:\"4806\";s:11:\"source_type\";s:13:\"media-library\";}s:97:\"\/\/www.npf.ie\/wp-content\/uploads\/2017\/09\/0605-European-Anti-Poverty-Network-Ireland.compressed.pdf\";a:2:{s:2:\"id\";s:4:\"4805\";s:11:\"source_type\";s:13:\"media-library\";}s:89:\"\/\/cdn.npf.ie\/wp-content\/uploads\/0605-European-Anti-Poverty-Network-Ireland.compressed.pdf\";a:2:{s:2:\"id\";s:4:\"4805\";s:11:\"source_type\";s:13:\"media-library\";}s:72:\"\/\/www.npf.ie\/wp-content\/uploads\/2017\/09\/0604-Niamh-Rooney.compressed.pdf\";a:2:{s:2:\"id\";s:4:\"4804\";s:11:\"source_type\";s:13:\"media-library\";}s:64:\"\/\/cdn.npf.ie\/wp-content\/uploads\/0604-Niamh-Rooney.compressed.pdf\";a:2:{s:2:\"id\";s:4:\"4804\";s:11:\"source_type\";s:13:\"media-library\";}s:69:\"\/\/www.npf.ie\/wp-content\/uploads\/2017\/09\/0603-Cavan-OPC.compressed.pdf\";a:2:{s:2:\"id\";s:4:\"4803\";s:11:\"source_type\";s:13:\"media-library\";}s:61:\"\/\/cdn.npf.ie\/wp-content\/uploads\/0603-Cavan-OPC.compressed.pdf\";a:2:{s:2:\"id\";s:4:\"4803\";s:11:\"source_type\";s:13:\"media-library\";}s:78:\"\/\/www.npf.ie\/wp-content\/uploads\/2017\/09\/0602-Moate-Action-Group.compressed.pdf\";a:2:{s:2:\"id\";s:4:\"4802\";s:11:\"source_type\";s:13:\"media-library\";}s:70:\"\/\/cdn.npf.ie\/wp-content\/uploads\/0602-Moate-Action-Group.compressed.pdf\";a:2:{s:2:\"id\";s:4:\"4802\";s:11:\"source_type\";s:13:\"media-library\";}s:73:\"\/\/www.npf.ie\/wp-content\/uploads\/2017\/09\/0601-Sport-Ireland.compressed.pdf\";a:2:{s:2:\"id\";s:4:\"4801\";s:11:\"source_type\";s:13:\"media-library\";}s:65:\"\/\/cdn.npf.ie\/wp-content\/uploads\/0601-Sport-Ireland.compressed.pdf\";a:2:{s:2:\"id\";s:4:\"4801\";s:11:\"source_type\";s:13:\"media-library\";}s:77:\"\/\/www.npf.ie\/wp-content\/uploads\/2017\/09\/0600-Eoin-\u2021-Broin-TD.compressed.pdf\";a:2:{s:2:\"id\";s:4:\"4800\";s:11:\"source_type\";s:13:\"media-library\";}s:69:\"\/\/cdn.npf.ie\/wp-content\/uploads\/0600-Eoin-\u2021-Broin-TD.compressed.pdf\";a:2:{s:2:\"id\";s:4:\"4800\";s:11:\"source_type\";s:13:\"media-library\";}s:75:\"\/\/www.npf.ie\/wp-content\/uploads\/2017\/09\/0599-Adrian-OConnell.compressed.pdf\";a:2:{s:2:\"id\";s:4:\"4799\";s:11:\"source_type\";s:13:\"media-library\";}s:67:\"\/\/cdn.npf.ie\/wp-content\/uploads\/0599-Adrian-OConnell.compressed.pdf\";a:2:{s:2:\"id\";s:4:\"4799\";s:11:\"source_type\";s:13:\"media-library\";}s:76:\"\/\/www.npf.ie\/wp-content\/uploads\/2017\/09\/0598-Irish-Rural-Link.compressed.pdf\";a:2:{s:2:\"id\";s:4:\"4798\";s:11:\"source_type\";s:13:\"media-library\";}s:68:\"\/\/cdn.npf.ie\/wp-content\/uploads\/0598-Irish-Rural-Link.compressed.pdf\";a:2:{s:2:\"id\";s:4:\"4798\";s:11:\"source_type\";s:13:\"media-library\";}s:71:\"\/\/www.npf.ie\/wp-content\/uploads\/2017\/09\/0597-Barry-Leddy.compressed.pdf\";a:2:{s:2:\"id\";s:4:\"4797\";s:11:\"source_type\";s:13:\"media-library\";}s:63:\"\/\/cdn.npf.ie\/wp-content\/uploads\/0597-Barry-Leddy.compressed.pdf\";a:2:{s:2:\"id\";s:4:\"4797\";s:11:\"source_type\";s:13:\"media-library\";}s:107:\"\/\/www.npf.ie\/wp-content\/uploads\/2017\/09\/0596-Department-of-Agriculture-Food-and-the-Marine-2.compressed.pdf\";a:2:{s:2:\"id\";s:4:\"4796\";s:11:\"source_type\";s:13:\"media-library\";}s:99:\"\/\/cdn.npf.ie\/wp-content\/uploads\/0596-Department-of-Agriculture-Food-and-the-Marine-2.compressed.pdf\";a:2:{s:2:\"id\";s:4:\"4796\";s:11:\"source_type\";s:13:\"media-library\";}s:93:\"\/\/www.npf.ie\/wp-content\/uploads\/2017\/09\/0595-Waterford-City-and-County-Council.compressed.pdf\";a:2:{s:2:\"id\";s:4:\"4795\";s:11:\"source_type\";s:13:\"media-library\";}s:85:\"\/\/cdn.npf.ie\/wp-content\/uploads\/0595-Waterford-City-and-County-Council.compressed.pdf\";a:2:{s:2:\"id\";s:4:\"4795\";s:11:\"source_type\";s:13:\"media-library\";}s:89:\"\/\/www.npf.ie\/wp-content\/uploads\/2017\/09\/0594-National-Disability-Authority.compressed.pdf\";a:2:{s:2:\"id\";s:4:\"4794\";s:11:\"source_type\";s:13:\"media-library\";}s:81:\"\/\/cdn.npf.ie\/wp-content\/uploads\/0594-National-Disability-Authority.compressed.pdf\";a:2:{s:2:\"id\";s:4:\"4794\";s:11:\"source_type\";s:13:\"media-library\";}s:72:\"\/\/www.npf.ie\/wp-content\/uploads\/2017\/09\/0593-Barry-Aughey.compressed.pdf\";a:2:{s:2:\"id\";s:4:\"4793\";s:11:\"source_type\";s:13:\"media-library\";}s:64:\"\/\/cdn.npf.ie\/wp-content\/uploads\/0593-Barry-Aughey.compressed.pdf\";a:2:{s:2:\"id\";s:4:\"4793\";s:11:\"source_type\";s:13:\"media-library\";}s:75:\"\/\/www.npf.ie\/wp-content\/uploads\/2017\/09\/0592-Thomas-Byrne-TD.compressed.pdf\";a:2:{s:2:\"id\";s:4:\"4792\";s:11:\"source_type\";s:13:\"media-library\";}s:67:\"\/\/cdn.npf.ie\/wp-content\/uploads\/0592-Thomas-Byrne-TD.compressed.pdf\";a:2:{s:2:\"id\";s:4:\"4792\";s:11:\"source_type\";s:13:\"media-library\";}s:89:\"\/\/www.npf.ie\/wp-content\/uploads\/2017\/09\/0591-Shannon-Commercial-Properties.compressed.pdf\";a:2:{s:2:\"id\";s:4:\"4791\";s:11:\"source_type\";s:13:\"media-library\";}s:81:\"\/\/cdn.npf.ie\/wp-content\/uploads\/0591-Shannon-Commercial-Properties.compressed.pdf\";a:2:{s:2:\"id\";s:4:\"4791\";s:11:\"source_type\";s:13:\"media-library\";}s:82:\"\/\/www.npf.ie\/wp-content\/uploads\/2017\/09\/0590-Kildare-County-Council.compressed.pdf\";a:2:{s:2:\"id\";s:4:\"4790\";s:11:\"source_type\";s:13:\"media-library\";}s:74:\"\/\/cdn.npf.ie\/wp-content\/uploads\/0590-Kildare-County-Council.compressed.pdf\";a:2:{s:2:\"id\";s:4:\"4790\";s:11:\"source_type\";s:13:\"media-library\";}s:68:\"\/\/www.npf.ie\/wp-content\/uploads\/2017\/09\/0589-Ecopower.compressed.pdf\";a:2:{s:2:\"id\";s:4:\"4789\";s:11:\"source_type\";s:13:\"media-library\";}s:60:\"\/\/cdn.npf.ie\/wp-content\/uploads\/0589-Ecopower.compressed.pdf\";a:2:{s:2:\"id\";s:4:\"4789\";s:11:\"source_type\";s:13:\"media-library\";}s:89:\"\/\/www.npf.ie\/wp-content\/uploads\/2017\/09\/0588-Irish-Wind-Energy-Association.compressed.pdf\";a:2:{s:2:\"id\";s:4:\"4788\";s:11:\"source_type\";s:13:\"media-library\";}s:81:\"\/\/cdn.npf.ie\/wp-content\/uploads\/0588-Irish-Wind-Energy-Association.compressed.pdf\";a:2:{s:2:\"id\";s:4:\"4788\";s:11:\"source_type\";s:13:\"media-library\";}s:90:\"\/\/www.npf.ie\/wp-content\/uploads\/2017\/09\/0587-Drogheda-Enterprise-Centre-CLG.compressed.pdf\";a:2:{s:2:\"id\";s:4:\"4787\";s:11:\"source_type\";s:13:\"media-library\";}s:82:\"\/\/cdn.npf.ie\/wp-content\/uploads\/0587-Drogheda-Enterprise-Centre-CLG.compressed.pdf\";a:2:{s:2:\"id\";s:4:\"4787\";s:11:\"source_type\";s:13:\"media-library\";}s:80:\"\/\/www.npf.ie\/wp-content\/uploads\/2017\/09\/0586-The-Rural-Policy-Hub.compressed.pdf\";a:2:{s:2:\"id\";s:4:\"4786\";s:11:\"source_type\";s:13:\"media-library\";}s:72:\"\/\/cdn.npf.ie\/wp-content\/uploads\/0586-The-Rural-Policy-Hub.compressed.pdf\";a:2:{s:2:\"id\";s:4:\"4786\";s:11:\"source_type\";s:13:\"media-library\";}s:76:\"\/\/www.npf.ie\/wp-content\/uploads\/2017\/09\/0585-Social-Democrats.compressed.pdf\";a:2:{s:2:\"id\";s:4:\"4785\";s:11:\"source_type\";s:13:\"media-library\";}s:68:\"\/\/cdn.npf.ie\/wp-content\/uploads\/0585-Social-Democrats.compressed.pdf\";a:2:{s:2:\"id\";s:4:\"4785\";s:11:\"source_type\";s:13:\"media-library\";}s:72:\"\/\/www.npf.ie\/wp-content\/uploads\/2017\/09\/0584-Joe-McGovern.compressed.pdf\";a:2:{s:2:\"id\";s:4:\"4784\";s:11:\"source_type\";s:13:\"media-library\";}s:64:\"\/\/cdn.npf.ie\/wp-content\/uploads\/0584-Joe-McGovern.compressed.pdf\";a:2:{s:2:\"id\";s:4:\"4784\";s:11:\"source_type\";s:13:\"media-library\";}s:74:\"\/\/www.npf.ie\/wp-content\/uploads\/2017\/09\/0583-Michael-Alcock.compressed.pdf\";a:2:{s:2:\"id\";s:4:\"4783\";s:11:\"source_type\";s:13:\"media-library\";}s:66:\"\/\/cdn.npf.ie\/wp-content\/uploads\/0583-Michael-Alcock.compressed.pdf\";a:2:{s:2:\"id\";s:4:\"4783\";s:11:\"source_type\";s:13:\"media-library\";}s:78:\"\/\/www.npf.ie\/wp-content\/uploads\/2017\/09\/0582-UL-Hospitals-Group.compressed.pdf\";a:2:{s:2:\"id\";s:4:\"4782\";s:11:\"source_type\";s:13:\"media-library\";}s:70:\"\/\/cdn.npf.ie\/wp-content\/uploads\/0582-UL-Hospitals-Group.compressed.pdf\";a:2:{s:2:\"id\";s:4:\"4782\";s:11:\"source_type\";s:13:\"media-library\";}s:69:\"\/\/www.npf.ie\/wp-content\/uploads\/2017\/09\/0581-An-Taisce.compressed.pdf\";a:2:{s:2:\"id\";s:4:\"4781\";s:11:\"source_type\";s:13:\"media-library\";}s:61:\"\/\/cdn.npf.ie\/wp-content\/uploads\/0581-An-Taisce.compressed.pdf\";a:2:{s:2:\"id\";s:4:\"4781\";s:11:\"source_type\";s:13:\"media-library\";}s:63:\"\/\/www.npf.ie\/wp-content\/uploads\/2017\/09\/0580-EPA.compressed.pdf\";a:2:{s:2:\"id\";s:4:\"4780\";s:11:\"source_type\";s:13:\"media-library\";}s:55:\"\/\/cdn.npf.ie\/wp-content\/uploads\/0580-EPA.compressed.pdf\";a:2:{s:2:\"id\";s:4:\"4780\";s:11:\"source_type\";s:13:\"media-library\";}s:67:\"\/\/www.npf.ie\/wp-content\/uploads\/2017\/09\/0579-Coillte.compressed.pdf\";a:2:{s:2:\"id\";s:4:\"4779\";s:11:\"source_type\";s:13:\"media-library\";}s:59:\"\/\/cdn.npf.ie\/wp-content\/uploads\/0579-Coillte.compressed.pdf\";a:2:{s:2:\"id\";s:4:\"4779\";s:11:\"source_type\";s:13:\"media-library\";}s:72:\"\/\/www.npf.ie\/wp-content\/uploads\/2017\/09\/0578-Cormac-Bohan.compressed.pdf\";a:2:{s:2:\"id\";s:4:\"4778\";s:11:\"source_type\";s:13:\"media-library\";}s:64:\"\/\/cdn.npf.ie\/wp-content\/uploads\/0578-Cormac-Bohan.compressed.pdf\";a:2:{s:2:\"id\";s:4:\"4778\";s:11:\"source_type\";s:13:\"media-library\";}s:74:\"\/\/www.npf.ie\/wp-content\/uploads\/2017\/09\/0577-Brian-Hanratty.compressed.pdf\";a:2:{s:2:\"id\";s:4:\"4777\";s:11:\"source_type\";s:13:\"media-library\";}s:66:\"\/\/cdn.npf.ie\/wp-content\/uploads\/0577-Brian-Hanratty.compressed.pdf\";a:2:{s:2:\"id\";s:4:\"4777\";s:11:\"source_type\";s:13:\"media-library\";}s:75:\"\/\/www.npf.ie\/wp-content\/uploads\/2017\/09\/0576-Ultan-Brannigan.compressed.pdf\";a:2:{s:2:\"id\";s:4:\"4776\";s:11:\"source_type\";s:13:\"media-library\";}s:67:\"\/\/cdn.npf.ie\/wp-content\/uploads\/0576-Ultan-Brannigan.compressed.pdf\";a:2:{s:2:\"id\";s:4:\"4776\";s:11:\"source_type\";s:13:\"media-library\";}s:82:\"\/\/www.npf.ie\/wp-content\/uploads\/2017\/09\/0575-Michael-Fitzmaurice-TD.compressed.pdf\";a:2:{s:2:\"id\";s:4:\"4775\";s:11:\"source_type\";s:13:\"media-library\";}s:74:\"\/\/cdn.npf.ie\/wp-content\/uploads\/0575-Michael-Fitzmaurice-TD.compressed.pdf\";a:2:{s:2:\"id\";s:4:\"4775\";s:11:\"source_type\";s:13:\"media-library\";}s:81:\"\/\/www.npf.ie\/wp-content\/uploads\/2017\/09\/0574-Cork-Social-Democrats.compressed.pdf\";a:2:{s:2:\"id\";s:4:\"4774\";s:11:\"source_type\";s:13:\"media-library\";}s:73:\"\/\/cdn.npf.ie\/wp-content\/uploads\/0574-Cork-Social-Democrats.compressed.pdf\";a:2:{s:2:\"id\";s:4:\"4774\";s:11:\"source_type\";s:13:\"media-library\";}s:116:\"\/\/www.npf.ie\/wp-content\/uploads\/2017\/09\/0573-Kilkenny-County-Tipperary-County-Waterford-City-Councils.compressed.pdf\";a:2:{s:2:\"id\";s:4:\"4773\";s:11:\"source_type\";s:13:\"media-library\";}s:108:\"\/\/cdn.npf.ie\/wp-content\/uploads\/0573-Kilkenny-County-Tipperary-County-Waterford-City-Councils.compressed.pdf\";a:2:{s:2:\"id\";s:4:\"4773\";s:11:\"source_type\";s:13:\"media-library\";}s:72:\"\/\/www.npf.ie\/wp-content\/uploads\/2017\/09\/0572-Conor-Skehan.compressed.pdf\";a:2:{s:2:\"id\";s:4:\"4772\";s:11:\"source_type\";s:13:\"media-library\";}s:64:\"\/\/cdn.npf.ie\/wp-content\/uploads\/0572-Conor-Skehan.compressed.pdf\";a:2:{s:2:\"id\";s:4:\"4772\";s:11:\"source_type\";s:13:\"media-library\";}s:64:\"\/\/www.npf.ie\/wp-content\/uploads\/2017\/09\/0571-SWAN.compressed.pdf\";a:2:{s:2:\"id\";s:4:\"4771\";s:11:\"source_type\";s:13:\"media-library\";}s:56:\"\/\/cdn.npf.ie\/wp-content\/uploads\/0571-SWAN.compressed.pdf\";a:2:{s:2:\"id\";s:4:\"4771\";s:11:\"source_type\";s:13:\"media-library\";}s:72:\"\/\/www.npf.ie\/wp-content\/uploads\/2017\/09\/0570-Cork-Chamber.compressed.pdf\";a:2:{s:2:\"id\";s:4:\"4770\";s:11:\"source_type\";s:13:\"media-library\";}s:64:\"\/\/cdn.npf.ie\/wp-content\/uploads\/0570-Cork-Chamber.compressed.pdf\";a:2:{s:2:\"id\";s:4:\"4770\";s:11:\"source_type\";s:13:\"media-library\";}s:65:\"\/\/www.npf.ie\/wp-content\/uploads\/2017\/09\/0569-ALONE.compressed.pdf\";a:2:{s:2:\"id\";s:4:\"4769\";s:11:\"source_type\";s:13:\"media-library\";}s:57:\"\/\/cdn.npf.ie\/wp-content\/uploads\/0569-ALONE.compressed.pdf\";a:2:{s:2:\"id\";s:4:\"4769\";s:11:\"source_type\";s:13:\"media-library\";}s:73:\"\/\/www.npf.ie\/wp-content\/uploads\/2017\/09\/0568-Colm-OConnell.compressed.pdf\";a:2:{s:2:\"id\";s:4:\"4768\";s:11:\"source_type\";s:13:\"media-library\";}s:65:\"\/\/cdn.npf.ie\/wp-content\/uploads\/0568-Colm-OConnell.compressed.pdf\";a:2:{s:2:\"id\";s:4:\"4768\";s:11:\"source_type\";s:13:\"media-library\";}s:102:\"\/\/www.npf.ie\/wp-content\/uploads\/2017\/09\/0567-Vinnie-OShea-Waterford-City-County-Council.compressed.pdf\";a:2:{s:2:\"id\";s:4:\"4767\";s:11:\"source_type\";s:13:\"media-library\";}s:94:\"\/\/cdn.npf.ie\/wp-content\/uploads\/0567-Vinnie-OShea-Waterford-City-County-Council.compressed.pdf\";a:2:{s:2:\"id\";s:4:\"4767\";s:11:\"source_type\";s:13:\"media-library\";}s:78:\"\/\/www.npf.ie\/wp-content\/uploads\/2017\/09\/0566-Brian-Kelly-Turley.compressed.pdf\";a:2:{s:2:\"id\";s:4:\"4766\";s:11:\"source_type\";s:13:\"media-library\";}s:70:\"\/\/cdn.npf.ie\/wp-content\/uploads\/0566-Brian-Kelly-Turley.compressed.pdf\";a:2:{s:2:\"id\";s:4:\"4766\";s:11:\"source_type\";s:13:\"media-library\";}s:138:\"\/\/www.npf.ie\/wp-content\/uploads\/2017\/09\/0565-Anthony-Moore-on-behalf-of-the-Fianna-Fail-Halpin-Leech-Whelan-Cumann-Drogheda.compressed.pdf\";a:2:{s:2:\"id\";s:4:\"4765\";s:11:\"source_type\";s:13:\"media-library\";}s:130:\"\/\/cdn.npf.ie\/wp-content\/uploads\/0565-Anthony-Moore-on-behalf-of-the-Fianna-Fail-Halpin-Leech-Whelan-Cumann-Drogheda.compressed.pdf\";a:2:{s:2:\"id\";s:4:\"4765\";s:11:\"source_type\";s:13:\"media-library\";}s:94:\"\/\/www.npf.ie\/wp-content\/uploads\/2017\/09\/0564-Cork-City-and-Cork-County-Councils.compressed.pdf\";a:2:{s:2:\"id\";s:4:\"4764\";s:11:\"source_type\";s:13:\"media-library\";}s:86:\"\/\/cdn.npf.ie\/wp-content\/uploads\/0564-Cork-City-and-Cork-County-Councils.compressed.pdf\";a:2:{s:2:\"id\";s:4:\"4764\";s:11:\"source_type\";s:13:\"media-library\";}s:71:\"\/\/www.npf.ie\/wp-content\/uploads\/2017\/09\/0563-Roy-Harford.compressed.pdf\";a:2:{s:2:\"id\";s:4:\"4763\";s:11:\"source_type\";s:13:\"media-library\";}s:63:\"\/\/cdn.npf.ie\/wp-content\/uploads\/0563-Roy-Harford.compressed.pdf\";a:2:{s:2:\"id\";s:4:\"4763\";s:11:\"source_type\";s:13:\"media-library\";}s:82:\"\/\/www.npf.ie\/wp-content\/uploads\/2017\/09\/0562-Wicklow-County-Council.compressed.pdf\";a:2:{s:2:\"id\";s:4:\"4762\";s:11:\"source_type\";s:13:\"media-library\";}s:74:\"\/\/cdn.npf.ie\/wp-content\/uploads\/0562-Wicklow-County-Council.compressed.pdf\";a:2:{s:2:\"id\";s:4:\"4762\";s:11:\"source_type\";s:13:\"media-library\";}s:82:\"\/\/www.npf.ie\/wp-content\/uploads\/2017\/09\/0561-Community-Work-Ireland.compressed.pdf\";a:2:{s:2:\"id\";s:4:\"4761\";s:11:\"source_type\";s:13:\"media-library\";}s:74:\"\/\/cdn.npf.ie\/wp-content\/uploads\/0561-Community-Work-Ireland.compressed.pdf\";a:2:{s:2:\"id\";s:4:\"4761\";s:11:\"source_type\";s:13:\"media-library\";}s:74:\"\/\/www.npf.ie\/wp-content\/uploads\/2017\/09\/0560-Michael-Layden.compressed.pdf\";a:2:{s:2:\"id\";s:4:\"4760\";s:11:\"source_type\";s:13:\"media-library\";}s:66:\"\/\/cdn.npf.ie\/wp-content\/uploads\/0560-Michael-Layden.compressed.pdf\";a:2:{s:2:\"id\";s:4:\"4760\";s:11:\"source_type\";s:13:\"media-library\";}s:73:\"\/\/www.npf.ie\/wp-content\/uploads\/2017\/09\/0559-CEWEP-Ireland.compressed.pdf\";a:2:{s:2:\"id\";s:4:\"4759\";s:11:\"source_type\";s:13:\"media-library\";}s:65:\"\/\/cdn.npf.ie\/wp-content\/uploads\/0559-CEWEP-Ireland.compressed.pdf\";a:2:{s:2:\"id\";s:4:\"4759\";s:11:\"source_type\";s:13:\"media-library\";}s:78:\"\/\/www.npf.ie\/wp-content\/uploads\/2017\/09\/0558-ART-Generation-Ltd.compressed.pdf\";a:2:{s:2:\"id\";s:4:\"4758\";s:11:\"source_type\";s:13:\"media-library\";}s:70:\"\/\/cdn.npf.ie\/wp-content\/uploads\/0558-ART-Generation-Ltd.compressed.pdf\";a:2:{s:2:\"id\";s:4:\"4758\";s:11:\"source_type\";s:13:\"media-library\";}s:148:\"\/\/www.npf.ie\/wp-content\/uploads\/2017\/09\/0557-Anthony-Moore-on-behalf-of-the-Fianna-Fail-South-Louth-and-East-Meath-Comhairle-Ceantair.compressed.pdf\";a:2:{s:2:\"id\";s:4:\"4757\";s:11:\"source_type\";s:13:\"media-library\";}s:140:\"\/\/cdn.npf.ie\/wp-content\/uploads\/0557-Anthony-Moore-on-behalf-of-the-Fianna-Fail-South-Louth-and-East-Meath-Comhairle-Ceantair.compressed.pdf\";a:2:{s:2:\"id\";s:4:\"4757\";s:11:\"source_type\";s:13:\"media-library\";}s:70:\"\/\/www.npf.ie\/wp-content\/uploads\/2017\/09\/0556-Manor-Farm.compressed.pdf\";a:2:{s:2:\"id\";s:4:\"4756\";s:11:\"source_type\";s:13:\"media-library\";}s:62:\"\/\/cdn.npf.ie\/wp-content\/uploads\/0556-Manor-Farm.compressed.pdf\";a:2:{s:2:\"id\";s:4:\"4756\";s:11:\"source_type\";s:13:\"media-library\";}s:81:\"\/\/www.npf.ie\/wp-content\/uploads\/2017\/09\/0555-Galway-County-Council.compressed.pdf\";a:2:{s:2:\"id\";s:4:\"4755\";s:11:\"source_type\";s:13:\"media-library\";}s:73:\"\/\/cdn.npf.ie\/wp-content\/uploads\/0555-Galway-County-Council.compressed.pdf\";a:2:{s:2:\"id\";s:4:\"4755\";s:11:\"source_type\";s:13:\"media-library\";}s:74:\"\/\/www.npf.ie\/wp-content\/uploads\/2017\/09\/0554-Port-of-Cork-6.compressed.pdf\";a:2:{s:2:\"id\";s:4:\"4754\";s:11:\"source_type\";s:13:\"media-library\";}s:66:\"\/\/cdn.npf.ie\/wp-content\/uploads\/0554-Port-of-Cork-6.compressed.pdf\";a:2:{s:2:\"id\";s:4:\"4754\";s:11:\"source_type\";s:13:\"media-library\";}s:74:\"\/\/www.npf.ie\/wp-content\/uploads\/2017\/09\/0554-Port-of-Cork-5.compressed.pdf\";a:2:{s:2:\"id\";s:4:\"4753\";s:11:\"source_type\";s:13:\"media-library\";}s:66:\"\/\/cdn.npf.ie\/wp-content\/uploads\/0554-Port-of-Cork-5.compressed.pdf\";a:2:{s:2:\"id\";s:4:\"4753\";s:11:\"source_type\";s:13:\"media-library\";}s:74:\"\/\/www.npf.ie\/wp-content\/uploads\/2017\/09\/0554-Port-of-Cork-4.compressed.pdf\";a:2:{s:2:\"id\";s:4:\"4752\";s:11:\"source_type\";s:13:\"media-library\";}s:66:\"\/\/cdn.npf.ie\/wp-content\/uploads\/0554-Port-of-Cork-4.compressed.pdf\";a:2:{s:2:\"id\";s:4:\"4752\";s:11:\"source_type\";s:13:\"media-library\";}s:74:\"\/\/www.npf.ie\/wp-content\/uploads\/2017\/09\/0554-Port-of-Cork-3.compressed.pdf\";a:2:{s:2:\"id\";s:4:\"4751\";s:11:\"source_type\";s:13:\"media-library\";}s:66:\"\/\/cdn.npf.ie\/wp-content\/uploads\/0554-Port-of-Cork-3.compressed.pdf\";a:2:{s:2:\"id\";s:4:\"4751\";s:11:\"source_type\";s:13:\"media-library\";}s:74:\"\/\/www.npf.ie\/wp-content\/uploads\/2017\/09\/0554-Port-of-Cork-2.compressed.pdf\";a:2:{s:2:\"id\";s:4:\"4750\";s:11:\"source_type\";s:13:\"media-library\";}s:66:\"\/\/cdn.npf.ie\/wp-content\/uploads\/0554-Port-of-Cork-2.compressed.pdf\";a:2:{s:2:\"id\";s:4:\"4750\";s:11:\"source_type\";s:13:\"media-library\";}s:74:\"\/\/www.npf.ie\/wp-content\/uploads\/2017\/09\/0554-Port-of-Cork-1.compressed.pdf\";a:2:{s:2:\"id\";s:4:\"4749\";s:11:\"source_type\";s:13:\"media-library\";}s:66:\"\/\/cdn.npf.ie\/wp-content\/uploads\/0554-Port-of-Cork-1.compressed.pdf\";a:2:{s:2:\"id\";s:4:\"4749\";s:11:\"source_type\";s:13:\"media-library\";}s:77:\"\/\/www.npf.ie\/wp-content\/uploads\/2017\/09\/0553-Transition-Galway.compressed.pdf\";a:2:{s:2:\"id\";s:4:\"4748\";s:11:\"source_type\";s:13:\"media-library\";}s:69:\"\/\/cdn.npf.ie\/wp-content\/uploads\/0553-Transition-Galway.compressed.pdf\";a:2:{s:2:\"id\";s:4:\"4748\";s:11:\"source_type\";s:13:\"media-library\";}s:70:\"\/\/www.npf.ie\/wp-content\/uploads\/2017\/09\/0552-John-Spain.compressed.pdf\";a:2:{s:2:\"id\";s:4:\"4747\";s:11:\"source_type\";s:13:\"media-library\";}s:62:\"\/\/cdn.npf.ie\/wp-content\/uploads\/0552-John-Spain.compressed.pdf\";a:2:{s:2:\"id\";s:4:\"4747\";s:11:\"source_type\";s:13:\"media-library\";}s:75:\"\/\/www.npf.ie\/wp-content\/uploads\/2017\/09\/0551-Young-Fine-Gael.compressed.pdf\";a:2:{s:2:\"id\";s:4:\"4746\";s:11:\"source_type\";s:13:\"media-library\";}s:67:\"\/\/cdn.npf.ie\/wp-content\/uploads\/0551-Young-Fine-Gael.compressed.pdf\";a:2:{s:2:\"id\";s:4:\"4746\";s:11:\"source_type\";s:13:\"media-library\";}s:74:\"\/\/www.npf.ie\/wp-content\/uploads\/2017\/09\/0550-Galway-Chamber.compressed.pdf\";a:2:{s:2:\"id\";s:4:\"4745\";s:11:\"source_type\";s:13:\"media-library\";}s:66:\"\/\/cdn.npf.ie\/wp-content\/uploads\/0550-Galway-Chamber.compressed.pdf\";a:2:{s:2:\"id\";s:4:\"4745\";s:11:\"source_type\";s:13:\"media-library\";}s:94:\"\/\/www.npf.ie\/wp-content\/uploads\/2017\/09\/0549-National-Womens-Council-of-Ireland.compressed.pdf\";a:2:{s:2:\"id\";s:4:\"4744\";s:11:\"source_type\";s:13:\"media-library\";}s:86:\"\/\/cdn.npf.ie\/wp-content\/uploads\/0549-National-Womens-Council-of-Ireland.compressed.pdf\";a:2:{s:2:\"id\";s:4:\"4744\";s:11:\"source_type\";s:13:\"media-library\";}s:83:\"\/\/www.npf.ie\/wp-content\/uploads\/2017\/09\/0548-Ronan-Group-Real-Estate.compressed.pdf\";a:2:{s:2:\"id\";s:4:\"4743\";s:11:\"source_type\";s:13:\"media-library\";}s:75:\"\/\/cdn.npf.ie\/wp-content\/uploads\/0548-Ronan-Group-Real-Estate.compressed.pdf\";a:2:{s:2:\"id\";s:4:\"4743\";s:11:\"source_type\";s:13:\"media-library\";}s:73:\"\/\/www.npf.ie\/wp-content\/uploads\/2017\/09\/0547-James-Grennan.compressed.pdf\";a:2:{s:2:\"id\";s:4:\"4742\";s:11:\"source_type\";s:13:\"media-library\";}s:65:\"\/\/cdn.npf.ie\/wp-content\/uploads\/0547-James-Grennan.compressed.pdf\";a:2:{s:2:\"id\";s:4:\"4742\";s:11:\"source_type\";s:13:\"media-library\";}s:74:\"\/\/www.npf.ie\/wp-content\/uploads\/2017\/09\/0546-Dublin-Airport.compressed.pdf\";a:2:{s:2:\"id\";s:4:\"4741\";s:11:\"source_type\";s:13:\"media-library\";}s:66:\"\/\/cdn.npf.ie\/wp-content\/uploads\/0546-Dublin-Airport.compressed.pdf\";a:2:{s:2:\"id\";s:4:\"4741\";s:11:\"source_type\";s:13:\"media-library\";}s:86:\"\/\/www.npf.ie\/wp-content\/uploads\/2017\/09\/0545-Southern-Regional-Assembly.compressed.pdf\";a:2:{s:2:\"id\";s:4:\"4740\";s:11:\"source_type\";s:13:\"media-library\";}s:78:\"\/\/cdn.npf.ie\/wp-content\/uploads\/0545-Southern-Regional-Assembly.compressed.pdf\";a:2:{s:2:\"id\";s:4:\"4740\";s:11:\"source_type\";s:13:\"media-library\";}s:73:\"\/\/www.npf.ie\/wp-content\/uploads\/2017\/09\/0544-Anthony-Moore.compressed.pdf\";a:2:{s:2:\"id\";s:4:\"4739\";s:11:\"source_type\";s:13:\"media-library\";}s:65:\"\/\/cdn.npf.ie\/wp-content\/uploads\/0544-Anthony-Moore.compressed.pdf\";a:2:{s:2:\"id\";s:4:\"4739\";s:11:\"source_type\";s:13:\"media-library\";}s:78:\"\/\/www.npf.ie\/wp-content\/uploads\/2017\/09\/0543-Lakeland-Dairies-2.compressed.pdf\";a:2:{s:2:\"id\";s:4:\"4738\";s:11:\"source_type\";s:13:\"media-library\";}s:70:\"\/\/cdn.npf.ie\/wp-content\/uploads\/0543-Lakeland-Dairies-2.compressed.pdf\";a:2:{s:2:\"id\";s:4:\"4738\";s:11:\"source_type\";s:13:\"media-library\";}s:76:\"\/\/www.npf.ie\/wp-content\/uploads\/2017\/09\/0542-Dara-Calleary-TD.compressed.pdf\";a:2:{s:2:\"id\";s:4:\"4737\";s:11:\"source_type\";s:13:\"media-library\";}s:68:\"\/\/cdn.npf.ie\/wp-content\/uploads\/0542-Dara-Calleary-TD.compressed.pdf\";a:2:{s:2:\"id\";s:4:\"4737\";s:11:\"source_type\";s:13:\"media-library\";}s:80:\"\/\/www.npf.ie\/wp-content\/uploads\/2017\/09\/0541-Kilbride-Estates-Ltd.compressed.pdf\";a:2:{s:2:\"id\";s:4:\"4736\";s:11:\"source_type\";s:13:\"media-library\";}s:72:\"\/\/cdn.npf.ie\/wp-content\/uploads\/0541-Kilbride-Estates-Ltd.compressed.pdf\";a:2:{s:2:\"id\";s:4:\"4736\";s:11:\"source_type\";s:13:\"media-library\";}s:80:\"\/\/www.npf.ie\/wp-content\/uploads\/2017\/09\/0540-Sligo-Economic-Forum.compressed.pdf\";a:2:{s:2:\"id\";s:4:\"4735\";s:11:\"source_type\";s:13:\"media-library\";}s:72:\"\/\/cdn.npf.ie\/wp-content\/uploads\/0540-Sligo-Economic-Forum.compressed.pdf\";a:2:{s:2:\"id\";s:4:\"4735\";s:11:\"source_type\";s:13:\"media-library\";}s:72:\"\/\/www.npf.ie\/wp-content\/uploads\/2017\/09\/0539-Cork-Airport.compressed.pdf\";a:2:{s:2:\"id\";s:4:\"4734\";s:11:\"source_type\";s:13:\"media-library\";}s:64:\"\/\/cdn.npf.ie\/wp-content\/uploads\/0539-Cork-Airport.compressed.pdf\";a:2:{s:2:\"id\";s:4:\"4734\";s:11:\"source_type\";s:13:\"media-library\";}s:84:\"\/\/www.npf.ie\/wp-content\/uploads\/2017\/09\/0538-Wexford-County-Council-2.compressed.pdf\";a:2:{s:2:\"id\";s:4:\"4733\";s:11:\"source_type\";s:13:\"media-library\";}s:76:\"\/\/cdn.npf.ie\/wp-content\/uploads\/0538-Wexford-County-Council-2.compressed.pdf\";a:2:{s:2:\"id\";s:4:\"4733\";s:11:\"source_type\";s:13:\"media-library\";}s:71:\"\/\/www.npf.ie\/wp-content\/uploads\/2017\/09\/0537-Sarah-McGee.compressed.pdf\";a:2:{s:2:\"id\";s:4:\"4732\";s:11:\"source_type\";s:13:\"media-library\";}s:63:\"\/\/cdn.npf.ie\/wp-content\/uploads\/0537-Sarah-McGee.compressed.pdf\";a:2:{s:2:\"id\";s:4:\"4732\";s:11:\"source_type\";s:13:\"media-library\";}s:95:\"\/\/www.npf.ie\/wp-content\/uploads\/2017\/09\/0536-Letterkenny-Institute-of-Technology.compressed.pdf\";a:2:{s:2:\"id\";s:4:\"4731\";s:11:\"source_type\";s:13:\"media-library\";}s:87:\"\/\/cdn.npf.ie\/wp-content\/uploads\/0536-Letterkenny-Institute-of-Technology.compressed.pdf\";a:2:{s:2:\"id\";s:4:\"4731\";s:11:\"source_type\";s:13:\"media-library\";}s:81:\"\/\/www.npf.ie\/wp-content\/uploads\/2017\/09\/0535-Offaly-County-Council.compressed.pdf\";a:2:{s:2:\"id\";s:4:\"4730\";s:11:\"source_type\";s:13:\"media-library\";}s:73:\"\/\/cdn.npf.ie\/wp-content\/uploads\/0535-Offaly-County-Council.compressed.pdf\";a:2:{s:2:\"id\";s:4:\"4730\";s:11:\"source_type\";s:13:\"media-library\";}s:110:\"\/\/www.npf.ie\/wp-content\/uploads\/2017\/09\/0534-Association-of-Architectural-Conservation-Officers.compressed.pdf\";a:2:{s:2:\"id\";s:4:\"4729\";s:11:\"source_type\";s:13:\"media-library\";}s:102:\"\/\/cdn.npf.ie\/wp-content\/uploads\/0534-Association-of-Architectural-Conservation-Officers.compressed.pdf\";a:2:{s:2:\"id\";s:4:\"4729\";s:11:\"source_type\";s:13:\"media-library\";}s:79:\"\/\/www.npf.ie\/wp-content\/uploads\/2017\/09\/0533-Cllr-Eddie-Mulligan.compressed.pdf\";a:2:{s:2:\"id\";s:4:\"4728\";s:11:\"source_type\";s:13:\"media-library\";}s:71:\"\/\/cdn.npf.ie\/wp-content\/uploads\/0533-Cllr-Eddie-Mulligan.compressed.pdf\";a:2:{s:2:\"id\";s:4:\"4728\";s:11:\"source_type\";s:13:\"media-library\";}s:114:\"\/\/www.npf.ie\/wp-content\/uploads\/2017\/09\/0532-Imelda-Munster-TD-Cllr-Kenneth-Flood-Cllr-Joanna-Byrne.compressed.pdf\";a:2:{s:2:\"id\";s:4:\"4727\";s:11:\"source_type\";s:13:\"media-library\";}s:106:\"\/\/cdn.npf.ie\/wp-content\/uploads\/0532-Imelda-Munster-TD-Cllr-Kenneth-Flood-Cllr-Joanna-Byrne.compressed.pdf\";a:2:{s:2:\"id\";s:4:\"4727\";s:11:\"source_type\";s:13:\"media-library\";}s:78:\"\/\/www.npf.ie\/wp-content\/uploads\/2017\/09\/0531-DLR-County-Council.compressed.pdf\";a:2:{s:2:\"id\";s:4:\"4726\";s:11:\"source_type\";s:13:\"media-library\";}s:70:\"\/\/cdn.npf.ie\/wp-content\/uploads\/0531-DLR-County-Council.compressed.pdf\";a:2:{s:2:\"id\";s:4:\"4726\";s:11:\"source_type\";s:13:\"media-library\";}s:80:\"\/\/www.npf.ie\/wp-content\/uploads\/2017\/09\/0530-Louth-County-Council.compressed.pdf\";a:2:{s:2:\"id\";s:4:\"4725\";s:11:\"source_type\";s:13:\"media-library\";}s:72:\"\/\/cdn.npf.ie\/wp-content\/uploads\/0530-Louth-County-Council.compressed.pdf\";a:2:{s:2:\"id\";s:4:\"4725\";s:11:\"source_type\";s:13:\"media-library\";}s:80:\"\/\/www.npf.ie\/wp-content\/uploads\/2017\/09\/0529-Meath-County-Council.compressed.pdf\";a:2:{s:2:\"id\";s:4:\"4724\";s:11:\"source_type\";s:13:\"media-library\";}s:72:\"\/\/cdn.npf.ie\/wp-content\/uploads\/0529-Meath-County-Council.compressed.pdf\";a:2:{s:2:\"id\";s:4:\"4724\";s:11:\"source_type\";s:13:\"media-library\";}s:79:\"\/\/www.npf.ie\/wp-content\/uploads\/2017\/09\/0528-Antoinette-McMenemy.compressed.pdf\";a:2:{s:2:\"id\";s:4:\"4723\";s:11:\"source_type\";s:13:\"media-library\";}s:71:\"\/\/cdn.npf.ie\/wp-content\/uploads\/0528-Antoinette-McMenemy.compressed.pdf\";a:2:{s:2:\"id\";s:4:\"4723\";s:11:\"source_type\";s:13:\"media-library\";}s:74:\"\/\/www.npf.ie\/wp-content\/uploads\/2017\/09\/0527-Dublin-Chamber.compressed.pdf\";a:2:{s:2:\"id\";s:4:\"4722\";s:11:\"source_type\";s:13:\"media-library\";}s:66:\"\/\/cdn.npf.ie\/wp-content\/uploads\/0527-Dublin-Chamber.compressed.pdf\";a:2:{s:2:\"id\";s:4:\"4722\";s:11:\"source_type\";s:13:\"media-library\";}s:82:\"\/\/www.npf.ie\/wp-content\/uploads\/2017\/09\/0526-Cork-Development-Forum.compressed.pdf\";a:2:{s:2:\"id\";s:4:\"4721\";s:11:\"source_type\";s:13:\"media-library\";}s:74:\"\/\/cdn.npf.ie\/wp-content\/uploads\/0526-Cork-Development-Forum.compressed.pdf\";a:2:{s:2:\"id\";s:4:\"4721\";s:11:\"source_type\";s:13:\"media-library\";}s:99:\"\/\/www.npf.ie\/wp-content\/uploads\/2017\/09\/0525-The-West-Cork-Islands-Community-Council.compressed.pdf\";a:2:{s:2:\"id\";s:4:\"4720\";s:11:\"source_type\";s:13:\"media-library\";}s:91:\"\/\/cdn.npf.ie\/wp-content\/uploads\/0525-The-West-Cork-Islands-Community-Council.compressed.pdf\";a:2:{s:2:\"id\";s:4:\"4720\";s:11:\"source_type\";s:13:\"media-library\";}s:66:\"\/\/www.npf.ie\/wp-content\/uploads\/2017\/09\/0524-AEOLAS.compressed.pdf\";a:2:{s:2:\"id\";s:4:\"4719\";s:11:\"source_type\";s:13:\"media-library\";}s:58:\"\/\/cdn.npf.ie\/wp-content\/uploads\/0524-AEOLAS.compressed.pdf\";a:2:{s:2:\"id\";s:4:\"4719\";s:11:\"source_type\";s:13:\"media-library\";}s:96:\"\/\/www.npf.ie\/wp-content\/uploads\/2017\/09\/0523-The-Drinks-Industry-Group-of-Ireland.compressed.pdf\";a:2:{s:2:\"id\";s:4:\"4718\";s:11:\"source_type\";s:13:\"media-library\";}s:88:\"\/\/cdn.npf.ie\/wp-content\/uploads\/0523-The-Drinks-Industry-Group-of-Ireland.compressed.pdf\";a:2:{s:2:\"id\";s:4:\"4718\";s:11:\"source_type\";s:13:\"media-library\";}s:92:\"\/\/www.npf.ie\/wp-content\/uploads\/2017\/09\/0522-Wexford-County-Council-duplicate.compressed.pdf\";a:2:{s:2:\"id\";s:4:\"4717\";s:11:\"source_type\";s:13:\"media-library\";}s:84:\"\/\/cdn.npf.ie\/wp-content\/uploads\/0522-Wexford-County-Council-duplicate.compressed.pdf\";a:2:{s:2:\"id\";s:4:\"4717\";s:11:\"source_type\";s:13:\"media-library\";}s:72:\"\/\/www.npf.ie\/wp-content\/uploads\/2017\/09\/0521-RTPI-Ireland.compressed.pdf\";a:2:{s:2:\"id\";s:4:\"4716\";s:11:\"source_type\";s:13:\"media-library\";}s:64:\"\/\/cdn.npf.ie\/wp-content\/uploads\/0521-RTPI-Ireland.compressed.pdf\";a:2:{s:2:\"id\";s:4:\"4716\";s:11:\"source_type\";s:13:\"media-library\";}s:81:\"\/\/www.npf.ie\/wp-content\/uploads\/2017\/09\/0520-Galway-Healthy-Cities.compressed.pdf\";a:2:{s:2:\"id\";s:4:\"4715\";s:11:\"source_type\";s:13:\"media-library\";}s:73:\"\/\/cdn.npf.ie\/wp-content\/uploads\/0520-Galway-Healthy-Cities.compressed.pdf\";a:2:{s:2:\"id\";s:4:\"4715\";s:11:\"source_type\";s:13:\"media-library\";}s:92:\"\/\/www.npf.ie\/wp-content\/uploads\/2017\/09\/0519-South-East-Waterford-City-Region.compressed.pdf\";a:2:{s:2:\"id\";s:4:\"4714\";s:11:\"source_type\";s:13:\"media-library\";}s:84:\"\/\/cdn.npf.ie\/wp-content\/uploads\/0519-South-East-Waterford-City-Region.compressed.pdf\";a:2:{s:2:\"id\";s:4:\"4714\";s:11:\"source_type\";s:13:\"media-library\";}s:76:\"\/\/www.npf.ie\/wp-content\/uploads\/2017\/09\/0518-UCC-MaREI-Centre.compressed.pdf\";a:2:{s:2:\"id\";s:4:\"4713\";s:11:\"source_type\";s:13:\"media-library\";}s:68:\"\/\/cdn.npf.ie\/wp-content\/uploads\/0518-UCC-MaREI-Centre.compressed.pdf\";a:2:{s:2:\"id\";s:4:\"4713\";s:11:\"source_type\";s:13:\"media-library\";}s:86:\"\/\/www.npf.ie\/wp-content\/uploads\/2017\/09\/0517-Carlow-Chamber-of-Commerce.compressed.pdf\";a:2:{s:2:\"id\";s:4:\"4712\";s:11:\"source_type\";s:13:\"media-library\";}s:78:\"\/\/cdn.npf.ie\/wp-content\/uploads\/0517-Carlow-Chamber-of-Commerce.compressed.pdf\";a:2:{s:2:\"id\";s:4:\"4712\";s:11:\"source_type\";s:13:\"media-library\";}s:74:\"\/\/www.npf.ie\/wp-content\/uploads\/2017\/09\/0516-Diarmaid-Upton.compressed.pdf\";a:2:{s:2:\"id\";s:4:\"4711\";s:11:\"source_type\";s:13:\"media-library\";}s:66:\"\/\/cdn.npf.ie\/wp-content\/uploads\/0516-Diarmaid-Upton.compressed.pdf\";a:2:{s:2:\"id\";s:4:\"4711\";s:11:\"source_type\";s:13:\"media-library\";}s:92:\"\/\/www.npf.ie\/wp-content\/uploads\/2017\/09\/0515-Irish-Council-for-Social-Housing.compressed.pdf\";a:2:{s:2:\"id\";s:4:\"4710\";s:11:\"source_type\";s:13:\"media-library\";}s:84:\"\/\/cdn.npf.ie\/wp-content\/uploads\/0515-Irish-Council-for-Social-Housing.compressed.pdf\";a:2:{s:2:\"id\";s:4:\"4710\";s:11:\"source_type\";s:13:\"media-library\";}s:88:\"\/\/www.npf.ie\/wp-content\/uploads\/2017\/09\/0514-International-Funds-Services.compressed.pdf\";a:2:{s:2:\"id\";s:4:\"4709\";s:11:\"source_type\";s:13:\"media-library\";}s:80:\"\/\/cdn.npf.ie\/wp-content\/uploads\/0514-International-Funds-Services.compressed.pdf\";a:2:{s:2:\"id\";s:4:\"4709\";s:11:\"source_type\";s:13:\"media-library\";}s:91:\"\/\/www.npf.ie\/wp-content\/uploads\/2017\/09\/0513-Limerick-Insitute-of-Technology.compressed.pdf\";a:2:{s:2:\"id\";s:4:\"4708\";s:11:\"source_type\";s:13:\"media-library\";}s:83:\"\/\/cdn.npf.ie\/wp-content\/uploads\/0513-Limerick-Insitute-of-Technology.compressed.pdf\";a:2:{s:2:\"id\";s:4:\"4708\";s:11:\"source_type\";s:13:\"media-library\";}s:87:\"\/\/www.npf.ie\/wp-content\/uploads\/2017\/09\/0512-Courtstown-Technologies-Ltd.compressed.pdf\";a:2:{s:2:\"id\";s:4:\"4707\";s:11:\"source_type\";s:13:\"media-library\";}s:79:\"\/\/cdn.npf.ie\/wp-content\/uploads\/0512-Courtstown-Technologies-Ltd.compressed.pdf\";a:2:{s:2:\"id\";s:4:\"4707\";s:11:\"source_type\";s:13:\"media-library\";}s:78:\"\/\/www.npf.ie\/wp-content\/uploads\/2017\/09\/0511-Aidan-Ffrench-MILI.compressed.pdf\";a:2:{s:2:\"id\";s:4:\"4706\";s:11:\"source_type\";s:13:\"media-library\";}s:70:\"\/\/cdn.npf.ie\/wp-content\/uploads\/0511-Aidan-Ffrench-MILI.compressed.pdf\";a:2:{s:2:\"id\";s:4:\"4706\";s:11:\"source_type\";s:13:\"media-library\";}s:87:\"\/\/www.npf.ie\/wp-content\/uploads\/2017\/09\/0510-Emmett-Humphreys-Architects.compressed.pdf\";a:2:{s:2:\"id\";s:4:\"4705\";s:11:\"source_type\";s:13:\"media-library\";}s:79:\"\/\/cdn.npf.ie\/wp-content\/uploads\/0510-Emmett-Humphreys-Architects.compressed.pdf\";a:2:{s:2:\"id\";s:4:\"4705\";s:11:\"source_type\";s:13:\"media-library\";}s:72:\"\/\/www.npf.ie\/wp-content\/uploads\/2017\/09\/0509-John-Kennedy.compressed.pdf\";a:2:{s:2:\"id\";s:4:\"4704\";s:11:\"source_type\";s:13:\"media-library\";}s:64:\"\/\/cdn.npf.ie\/wp-content\/uploads\/0509-John-Kennedy.compressed.pdf\";a:2:{s:2:\"id\";s:4:\"4704\";s:11:\"source_type\";s:13:\"media-library\";}s:76:\"\/\/www.npf.ie\/wp-content\/uploads\/2017\/09\/0508-Chambers-Ireland.compressed.pdf\";a:2:{s:2:\"id\";s:4:\"4703\";s:11:\"source_type\";s:13:\"media-library\";}s:68:\"\/\/cdn.npf.ie\/wp-content\/uploads\/0508-Chambers-Ireland.compressed.pdf\";a:2:{s:2:\"id\";s:4:\"4703\";s:11:\"source_type\";s:13:\"media-library\";}s:77:\"\/\/www.npf.ie\/wp-content\/uploads\/2017\/09\/0507-The-Workers-Party.compressed.pdf\";a:2:{s:2:\"id\";s:4:\"4702\";s:11:\"source_type\";s:13:\"media-library\";}s:69:\"\/\/cdn.npf.ie\/wp-content\/uploads\/0507-The-Workers-Party.compressed.pdf\";a:2:{s:2:\"id\";s:4:\"4702\";s:11:\"source_type\";s:13:\"media-library\";}s:66:\"\/\/www.npf.ie\/wp-content\/uploads\/2017\/09\/0506-Subway.compressed.pdf\";a:2:{s:2:\"id\";s:4:\"4701\";s:11:\"source_type\";s:13:\"media-library\";}s:58:\"\/\/cdn.npf.ie\/wp-content\/uploads\/0506-Subway.compressed.pdf\";a:2:{s:2:\"id\";s:4:\"4701\";s:11:\"source_type\";s:13:\"media-library\";}s:87:\"\/\/www.npf.ie\/wp-content\/uploads\/2017\/09\/0505-Ann-Mulrooney-Visual-Centre.compressed.pdf\";a:2:{s:2:\"id\";s:4:\"4700\";s:11:\"source_type\";s:13:\"media-library\";}s:79:\"\/\/cdn.npf.ie\/wp-content\/uploads\/0505-Ann-Mulrooney-Visual-Centre.compressed.pdf\";a:2:{s:2:\"id\";s:4:\"4700\";s:11:\"source_type\";s:13:\"media-library\";}s:77:\"\/\/www.npf.ie\/wp-content\/uploads\/2017\/09\/0504-Cllr-Tommy-Reilly.compressed.pdf\";a:2:{s:2:\"id\";s:4:\"4699\";s:11:\"source_type\";s:13:\"media-library\";}s:69:\"\/\/cdn.npf.ie\/wp-content\/uploads\/0504-Cllr-Tommy-Reilly.compressed.pdf\";a:2:{s:2:\"id\";s:4:\"4699\";s:11:\"source_type\";s:13:\"media-library\";}s:83:\"\/\/www.npf.ie\/wp-content\/uploads\/2017\/09\/0503-Monaghan-County-Council.compressed.pdf\";a:2:{s:2:\"id\";s:4:\"4698\";s:11:\"source_type\";s:13:\"media-library\";}s:75:\"\/\/cdn.npf.ie\/wp-content\/uploads\/0503-Monaghan-County-Council.compressed.pdf\";a:2:{s:2:\"id\";s:4:\"4698\";s:11:\"source_type\";s:13:\"media-library\";}s:73:\"\/\/www.npf.ie\/wp-content\/uploads\/2017\/09\/0502-Gia-Griffiths.compressed.pdf\";a:2:{s:2:\"id\";s:4:\"4697\";s:11:\"source_type\";s:13:\"media-library\";}s:65:\"\/\/cdn.npf.ie\/wp-content\/uploads\/0502-Gia-Griffiths.compressed.pdf\";a:2:{s:2:\"id\";s:4:\"4697\";s:11:\"source_type\";s:13:\"media-library\";}s:80:\"\/\/www.npf.ie\/wp-content\/uploads\/2017\/09\/0501-Laois-County-Council.compressed.pdf\";a:2:{s:2:\"id\";s:4:\"4696\";s:11:\"source_type\";s:13:\"media-library\";}s:72:\"\/\/cdn.npf.ie\/wp-content\/uploads\/0501-Laois-County-Council.compressed.pdf\";a:2:{s:2:\"id\";s:4:\"4696\";s:11:\"source_type\";s:13:\"media-library\";}s:94:\"\/\/www.npf.ie\/wp-content\/uploads\/2017\/09\/0500-Ivan-Cuddihy-Green-Party-Waterford.compressed.pdf\";a:2:{s:2:\"id\";s:4:\"4695\";s:11:\"source_type\";s:13:\"media-library\";}s:86:\"\/\/cdn.npf.ie\/wp-content\/uploads\/0500-Ivan-Cuddihy-Green-Party-Waterford.compressed.pdf\";a:2:{s:2:\"id\";s:4:\"4695\";s:11:\"source_type\";s:13:\"media-library\";}s:87:\"\/\/www.npf.ie\/wp-content\/uploads\/2017\/09\/0499-International-Fund-Services.compressed.pdf\";a:2:{s:2:\"id\";s:4:\"4694\";s:11:\"source_type\";s:13:\"media-library\";}s:79:\"\/\/cdn.npf.ie\/wp-content\/uploads\/0499-International-Fund-Services.compressed.pdf\";a:2:{s:2:\"id\";s:4:\"4694\";s:11:\"source_type\";s:13:\"media-library\";}s:70:\"\/\/www.npf.ie\/wp-content\/uploads\/2017\/09\/0498-Eoin-Burns.compressed.pdf\";a:2:{s:2:\"id\";s:4:\"4693\";s:11:\"source_type\";s:13:\"media-library\";}s:62:\"\/\/cdn.npf.ie\/wp-content\/uploads\/0498-Eoin-Burns.compressed.pdf\";a:2:{s:2:\"id\";s:4:\"4693\";s:11:\"source_type\";s:13:\"media-library\";}s:69:\"\/\/www.npf.ie\/wp-content\/uploads\/2017\/09\/0497-Tiane-Ltd.compressed.pdf\";a:2:{s:2:\"id\";s:4:\"4692\";s:11:\"source_type\";s:13:\"media-library\";}s:61:\"\/\/cdn.npf.ie\/wp-content\/uploads\/0497-Tiane-Ltd.compressed.pdf\";a:2:{s:2:\"id\";s:4:\"4692\";s:11:\"source_type\";s:13:\"media-library\";}s:74:\"\/\/www.npf.ie\/wp-content\/uploads\/2017\/09\/0496-Nua-Healthcare.compressed.pdf\";a:2:{s:2:\"id\";s:4:\"4691\";s:11:\"source_type\";s:13:\"media-library\";}s:66:\"\/\/cdn.npf.ie\/wp-content\/uploads\/0496-Nua-Healthcare.compressed.pdf\";a:2:{s:2:\"id\";s:4:\"4691\";s:11:\"source_type\";s:13:\"media-library\";}s:92:\"\/\/www.npf.ie\/wp-content\/uploads\/2017\/09\/0495-Makros-Kildare-Matthew-McRedmond.compressed.pdf\";a:2:{s:2:\"id\";s:4:\"4690\";s:11:\"source_type\";s:13:\"media-library\";}s:84:\"\/\/cdn.npf.ie\/wp-content\/uploads\/0495-Makros-Kildare-Matthew-McRedmond.compressed.pdf\";a:2:{s:2:\"id\";s:4:\"4690\";s:11:\"source_type\";s:13:\"media-library\";}s:100:\"\/\/www.npf.ie\/wp-content\/uploads\/2017\/09\/0494-KCC-SPC-on-Planning-Economic-Development.compressed.pdf\";a:2:{s:2:\"id\";s:4:\"4689\";s:11:\"source_type\";s:13:\"media-library\";}s:92:\"\/\/cdn.npf.ie\/wp-content\/uploads\/0494-KCC-SPC-on-Planning-Economic-Development.compressed.pdf\";a:2:{s:2:\"id\";s:4:\"4689\";s:11:\"source_type\";s:13:\"media-library\";}s:124:\"\/\/www.npf.ie\/wp-content\/uploads\/2017\/09\/0493-Bill-Sweeney-Meath-Association-of-Chambers-and-Business-Councils.compressed.pdf\";a:2:{s:2:\"id\";s:4:\"4688\";s:11:\"source_type\";s:13:\"media-library\";}s:116:\"\/\/cdn.npf.ie\/wp-content\/uploads\/0493-Bill-Sweeney-Meath-Association-of-Chambers-and-Business-Councils.compressed.pdf\";a:2:{s:2:\"id\";s:4:\"4688\";s:11:\"source_type\";s:13:\"media-library\";}s:104:\"\/\/www.npf.ie\/wp-content\/uploads\/2017\/09\/0492-National-Healthy-Cities-and-Counties-Network.compressed.pdf\";a:2:{s:2:\"id\";s:4:\"4687\";s:11:\"source_type\";s:13:\"media-library\";}s:96:\"\/\/cdn.npf.ie\/wp-content\/uploads\/0492-National-Healthy-Cities-and-Counties-Network.compressed.pdf\";a:2:{s:2:\"id\";s:4:\"4687\";s:11:\"source_type\";s:13:\"media-library\";}s:87:\"\/\/www.npf.ie\/wp-content\/uploads\/2017\/09\/0491-Senator-Brian-\u2021-Domhnaill.compressed.pdf\";a:2:{s:2:\"id\";s:4:\"4686\";s:11:\"source_type\";s:13:\"media-library\";}s:79:\"\/\/cdn.npf.ie\/wp-content\/uploads\/0491-Senator-Brian-\u2021-Domhnaill.compressed.pdf\";a:2:{s:2:\"id\";s:4:\"4686\";s:11:\"source_type\";s:13:\"media-library\";}s:72:\"\/\/www.npf.ie\/wp-content\/uploads\/2017\/09\/0490-Brian-Hughes.compressed.pdf\";a:2:{s:2:\"id\";s:4:\"4685\";s:11:\"source_type\";s:13:\"media-library\";}s:64:\"\/\/cdn.npf.ie\/wp-content\/uploads\/0490-Brian-Hughes.compressed.pdf\";a:2:{s:2:\"id\";s:4:\"4685\";s:11:\"source_type\";s:13:\"media-library\";}s:85:\"\/\/www.npf.ie\/wp-content\/uploads\/2017\/09\/0489-Senator-Michelle-Mulherin.compressed.pdf\";a:2:{s:2:\"id\";s:4:\"4684\";s:11:\"source_type\";s:13:\"media-library\";}s:77:\"\/\/cdn.npf.ie\/wp-content\/uploads\/0489-Senator-Michelle-Mulherin.compressed.pdf\";a:2:{s:2:\"id\";s:4:\"4684\";s:11:\"source_type\";s:13:\"media-library\";}s:82:\"\/\/www.npf.ie\/wp-content\/uploads\/2017\/09\/0488-Wexford-County-Council.compressed.pdf\";a:2:{s:2:\"id\";s:4:\"4683\";s:11:\"source_type\";s:13:\"media-library\";}s:74:\"\/\/cdn.npf.ie\/wp-content\/uploads\/0488-Wexford-County-Council.compressed.pdf\";a:2:{s:2:\"id\";s:4:\"4683\";s:11:\"source_type\";s:13:\"media-library\";}s:70:\"\/\/www.npf.ie\/wp-content\/uploads\/2017\/09\/0487-Noel-Brady.compressed.pdf\";a:2:{s:2:\"id\";s:4:\"4682\";s:11:\"source_type\";s:13:\"media-library\";}s:62:\"\/\/cdn.npf.ie\/wp-content\/uploads\/0487-Noel-Brady.compressed.pdf\";a:2:{s:2:\"id\";s:4:\"4682\";s:11:\"source_type\";s:13:\"media-library\";}s:71:\"\/\/www.npf.ie\/wp-content\/uploads\/2017\/09\/0486-IFLA-Europe.compressed.pdf\";a:2:{s:2:\"id\";s:4:\"4681\";s:11:\"source_type\";s:13:\"media-library\";}s:63:\"\/\/cdn.npf.ie\/wp-content\/uploads\/0486-IFLA-Europe.compressed.pdf\";a:2:{s:2:\"id\";s:4:\"4681\";s:11:\"source_type\";s:13:\"media-library\";}s:77:\"\/\/www.npf.ie\/wp-content\/uploads\/2017\/09\/0485-Derrick-Hambleton.compressed.pdf\";a:2:{s:2:\"id\";s:4:\"4680\";s:11:\"source_type\";s:13:\"media-library\";}s:69:\"\/\/cdn.npf.ie\/wp-content\/uploads\/0485-Derrick-Hambleton.compressed.pdf\";a:2:{s:2:\"id\";s:4:\"4680\";s:11:\"source_type\";s:13:\"media-library\";}s:107:\"\/\/www.npf.ie\/wp-content\/uploads\/2017\/09\/0484-Jagoes-Mills-Action-Group-Aoife-Carlin_redacted.compressed.pdf\";a:2:{s:2:\"id\";s:4:\"4679\";s:11:\"source_type\";s:13:\"media-library\";}s:99:\"\/\/cdn.npf.ie\/wp-content\/uploads\/0484-Jagoes-Mills-Action-Group-Aoife-Carlin_redacted.compressed.pdf\";a:2:{s:2:\"id\";s:4:\"4679\";s:11:\"source_type\";s:13:\"media-library\";}s:71:\"\/\/www.npf.ie\/wp-content\/uploads\/2017\/09\/0483-Energy-Cork.compressed.pdf\";a:2:{s:2:\"id\";s:4:\"4678\";s:11:\"source_type\";s:13:\"media-library\";}s:63:\"\/\/cdn.npf.ie\/wp-content\/uploads\/0483-Energy-Cork.compressed.pdf\";a:2:{s:2:\"id\";s:4:\"4678\";s:11:\"source_type\";s:13:\"media-library\";}s:79:\"\/\/www.npf.ie\/wp-content\/uploads\/2017\/09\/0482-Mullingar-Chamber-2.compressed.pdf\";a:2:{s:2:\"id\";s:4:\"4677\";s:11:\"source_type\";s:13:\"media-library\";}s:71:\"\/\/cdn.npf.ie\/wp-content\/uploads\/0482-Mullingar-Chamber-2.compressed.pdf\";a:2:{s:2:\"id\";s:4:\"4677\";s:11:\"source_type\";s:13:\"media-library\";}s:92:\"\/\/www.npf.ie\/wp-content\/uploads\/2017\/09\/0481-Galway-City-Business-Association.compressed.pdf\";a:2:{s:2:\"id\";s:4:\"4676\";s:11:\"source_type\";s:13:\"media-library\";}s:84:\"\/\/cdn.npf.ie\/wp-content\/uploads\/0481-Galway-City-Business-Association.compressed.pdf\";a:2:{s:2:\"id\";s:4:\"4676\";s:11:\"source_type\";s:13:\"media-library\";}s:86:\"\/\/www.npf.ie\/wp-content\/uploads\/2017\/09\/0480-Institute-of-Public-Health.compressed.pdf\";a:2:{s:2:\"id\";s:4:\"4675\";s:11:\"source_type\";s:13:\"media-library\";}s:78:\"\/\/cdn.npf.ie\/wp-content\/uploads\/0480-Institute-of-Public-Health.compressed.pdf\";a:2:{s:2:\"id\";s:4:\"4675\";s:11:\"source_type\";s:13:\"media-library\";}s:66:\"\/\/www.npf.ie\/wp-content\/uploads\/2017\/09\/0479-RGDATA.compressed.pdf\";a:2:{s:2:\"id\";s:4:\"4674\";s:11:\"source_type\";s:13:\"media-library\";}s:58:\"\/\/cdn.npf.ie\/wp-content\/uploads\/0479-RGDATA.compressed.pdf\";a:2:{s:2:\"id\";s:4:\"4674\";s:11:\"source_type\";s:13:\"media-library\";}s:96:\"\/\/www.npf.ie\/wp-content\/uploads\/2017\/09\/0478-Derry-City-Strabane-District-Council.compressed.pdf\";a:2:{s:2:\"id\";s:4:\"4673\";s:11:\"source_type\";s:13:\"media-library\";}s:88:\"\/\/cdn.npf.ie\/wp-content\/uploads\/0478-Derry-City-Strabane-District-Council.compressed.pdf\";a:2:{s:2:\"id\";s:4:\"4673\";s:11:\"source_type\";s:13:\"media-library\";}s:78:\"\/\/www.npf.ie\/wp-content\/uploads\/2017\/09\/0477-Shannon-Group-plc..compressed.pdf\";a:2:{s:2:\"id\";s:4:\"4672\";s:11:\"source_type\";s:13:\"media-library\";}s:70:\"\/\/cdn.npf.ie\/wp-content\/uploads\/0477-Shannon-Group-plc..compressed.pdf\";a:2:{s:2:\"id\";s:4:\"4672\";s:11:\"source_type\";s:13:\"media-library\";}s:81:\"\/\/www.npf.ie\/wp-content\/uploads\/2017\/09\/0476-Element-Power-Ireland.compressed.pdf\";a:2:{s:2:\"id\";s:4:\"4671\";s:11:\"source_type\";s:13:\"media-library\";}s:73:\"\/\/cdn.npf.ie\/wp-content\/uploads\/0476-Element-Power-Ireland.compressed.pdf\";a:2:{s:2:\"id\";s:4:\"4671\";s:11:\"source_type\";s:13:\"media-library\";}s:89:\"\/\/www.npf.ie\/wp-content\/uploads\/2017\/09\/0475-Senator-Gerard-Nash-Lab-Louth.compressed.pdf\";a:2:{s:2:\"id\";s:4:\"4670\";s:11:\"source_type\";s:13:\"media-library\";}s:81:\"\/\/cdn.npf.ie\/wp-content\/uploads\/0475-Senator-Gerard-Nash-Lab-Louth.compressed.pdf\";a:2:{s:2:\"id\";s:4:\"4670\";s:11:\"source_type\";s:13:\"media-library\";}s:82:\"\/\/www.npf.ie\/wp-content\/uploads\/2017\/09\/0474-Irish-Georgian-Society.compressed.pdf\";a:2:{s:2:\"id\";s:4:\"4669\";s:11:\"source_type\";s:13:\"media-library\";}s:74:\"\/\/cdn.npf.ie\/wp-content\/uploads\/0474-Irish-Georgian-Society.compressed.pdf\";a:2:{s:2:\"id\";s:4:\"4669\";s:11:\"source_type\";s:13:\"media-library\";}s:94:\"\/\/www.npf.ie\/wp-content\/uploads\/2017\/09\/0473-Port-related-business-Katoen-Natie.compressed.pdf\";a:2:{s:2:\"id\";s:4:\"4668\";s:11:\"source_type\";s:13:\"media-library\";}s:86:\"\/\/cdn.npf.ie\/wp-content\/uploads\/0473-Port-related-business-Katoen-Natie.compressed.pdf\";a:2:{s:2:\"id\";s:4:\"4668\";s:11:\"source_type\";s:13:\"media-library\";}s:93:\"\/\/www.npf.ie\/wp-content\/uploads\/2017\/09\/0472-IbecCBI-NI-Joint-Business-Council.compressed.pdf\";a:2:{s:2:\"id\";s:4:\"4667\";s:11:\"source_type\";s:13:\"media-library\";}s:85:\"\/\/cdn.npf.ie\/wp-content\/uploads\/0472-IbecCBI-NI-Joint-Business-Council.compressed.pdf\";a:2:{s:2:\"id\";s:4:\"4667\";s:11:\"source_type\";s:13:\"media-library\";}s:85:\"\/\/www.npf.ie\/wp-content\/uploads\/2017\/09\/0471-University-College-Dublin.compressed.pdf\";a:2:{s:2:\"id\";s:4:\"4666\";s:11:\"source_type\";s:13:\"media-library\";}s:77:\"\/\/cdn.npf.ie\/wp-content\/uploads\/0471-University-College-Dublin.compressed.pdf\";a:2:{s:2:\"id\";s:4:\"4666\";s:11:\"source_type\";s:13:\"media-library\";}s:84:\"\/\/www.npf.ie\/wp-content\/uploads\/2017\/09\/0470-Irish-Traveller-Movement.compressed.pdf\";a:2:{s:2:\"id\";s:4:\"4665\";s:11:\"source_type\";s:13:\"media-library\";}s:76:\"\/\/cdn.npf.ie\/wp-content\/uploads\/0470-Irish-Traveller-Movement.compressed.pdf\";a:2:{s:2:\"id\";s:4:\"4665\";s:11:\"source_type\";s:13:\"media-library\";}s:86:\"\/\/www.npf.ie\/wp-content\/uploads\/2017\/09\/0469-Drogheda-Enterprise-Centre.compressed.pdf\";a:2:{s:2:\"id\";s:4:\"4664\";s:11:\"source_type\";s:13:\"media-library\";}s:78:\"\/\/cdn.npf.ie\/wp-content\/uploads\/0469-Drogheda-Enterprise-Centre.compressed.pdf\";a:2:{s:2:\"id\";s:4:\"4664\";s:11:\"source_type\";s:13:\"media-library\";}s:75:\"\/\/www.npf.ie\/wp-content\/uploads\/2017\/09\/0468-Margaret-Gillan.compressed.pdf\";a:2:{s:2:\"id\";s:4:\"4663\";s:11:\"source_type\";s:13:\"media-library\";}s:67:\"\/\/cdn.npf.ie\/wp-content\/uploads\/0468-Margaret-Gillan.compressed.pdf\";a:2:{s:2:\"id\";s:4:\"4663\";s:11:\"source_type\";s:13:\"media-library\";}s:77:\"\/\/www.npf.ie\/wp-content\/uploads\/2017\/09\/0467-Ashbourne-Chamber.compressed.pdf\";a:2:{s:2:\"id\";s:4:\"4662\";s:11:\"source_type\";s:13:\"media-library\";}s:69:\"\/\/cdn.npf.ie\/wp-content\/uploads\/0467-Ashbourne-Chamber.compressed.pdf\";a:2:{s:2:\"id\";s:4:\"4662\";s:11:\"source_type\";s:13:\"media-library\";}s:85:\"\/\/www.npf.ie\/wp-content\/uploads\/2017\/09\/0466-Engineers-Ireland-Thomond.compressed.pdf\";a:2:{s:2:\"id\";s:4:\"4661\";s:11:\"source_type\";s:13:\"media-library\";}s:77:\"\/\/cdn.npf.ie\/wp-content\/uploads\/0466-Engineers-Ireland-Thomond.compressed.pdf\";a:2:{s:2:\"id\";s:4:\"4661\";s:11:\"source_type\";s:13:\"media-library\";}s:89:\"\/\/www.npf.ie\/wp-content\/uploads\/2017\/09\/0465-Galway-City-Community-Network.compressed.pdf\";a:2:{s:2:\"id\";s:4:\"4660\";s:11:\"source_type\";s:13:\"media-library\";}s:81:\"\/\/cdn.npf.ie\/wp-content\/uploads\/0465-Galway-City-Community-Network.compressed.pdf\";a:2:{s:2:\"id\";s:4:\"4660\";s:11:\"source_type\";s:13:\"media-library\";}s:96:\"\/\/www.npf.ie\/wp-content\/uploads\/2017\/09\/0464-Kevin-Fortune-Fingleton-White-Energy.compressed.pdf\";a:2:{s:2:\"id\";s:4:\"4659\";s:11:\"source_type\";s:13:\"media-library\";}s:88:\"\/\/cdn.npf.ie\/wp-content\/uploads\/0464-Kevin-Fortune-Fingleton-White-Energy.compressed.pdf\";a:2:{s:2:\"id\";s:4:\"4659\";s:11:\"source_type\";s:13:\"media-library\";}s:76:\"\/\/www.npf.ie\/wp-content\/uploads\/2017\/09\/0463-The-Labour-Party.compressed.pdf\";a:2:{s:2:\"id\";s:4:\"4658\";s:11:\"source_type\";s:13:\"media-library\";}s:68:\"\/\/cdn.npf.ie\/wp-content\/uploads\/0463-The-Labour-Party.compressed.pdf\";a:2:{s:2:\"id\";s:4:\"4658\";s:11:\"source_type\";s:13:\"media-library\";}s:72:\"\/\/www.npf.ie\/wp-content\/uploads\/2017\/09\/0462-Atlantic-Way.compressed.pdf\";a:2:{s:2:\"id\";s:4:\"4657\";s:11:\"source_type\";s:13:\"media-library\";}s:64:\"\/\/cdn.npf.ie\/wp-content\/uploads\/0462-Atlantic-Way.compressed.pdf\";a:2:{s:2:\"id\";s:4:\"4657\";s:11:\"source_type\";s:13:\"media-library\";}s:85:\"\/\/www.npf.ie\/wp-content\/uploads\/2017\/09\/0461-Property-Industry-Ireland.compressed.pdf\";a:2:{s:2:\"id\";s:4:\"4656\";s:11:\"source_type\";s:13:\"media-library\";}s:77:\"\/\/cdn.npf.ie\/wp-content\/uploads\/0461-Property-Industry-Ireland.compressed.pdf\";a:2:{s:2:\"id\";s:4:\"4656\";s:11:\"source_type\";s:13:\"media-library\";}s:86:\"\/\/www.npf.ie\/wp-content\/uploads\/2017\/09\/0460-Atlantic-Economic-Corridor.compressed.pdf\";a:2:{s:2:\"id\";s:4:\"4655\";s:11:\"source_type\";s:13:\"media-library\";}s:78:\"\/\/cdn.npf.ie\/wp-content\/uploads\/0460-Atlantic-Economic-Corridor.compressed.pdf\";a:2:{s:2:\"id\";s:4:\"4655\";s:11:\"source_type\";s:13:\"media-library\";}s:79:\"\/\/www.npf.ie\/wp-content\/uploads\/2017\/09\/0459-Cllr-Derek-Mitchell.compressed.pdf\";a:2:{s:2:\"id\";s:4:\"4654\";s:11:\"source_type\";s:13:\"media-library\";}s:71:\"\/\/cdn.npf.ie\/wp-content\/uploads\/0459-Cllr-Derek-Mitchell.compressed.pdf\";a:2:{s:2:\"id\";s:4:\"4654\";s:11:\"source_type\";s:13:\"media-library\";}s:80:\"\/\/www.npf.ie\/wp-content\/uploads\/2017\/09\/0458-Doyle-Shipping-Group.compressed.pdf\";a:2:{s:2:\"id\";s:4:\"4653\";s:11:\"source_type\";s:13:\"media-library\";}s:72:\"\/\/cdn.npf.ie\/wp-content\/uploads\/0458-Doyle-Shipping-Group.compressed.pdf\";a:2:{s:2:\"id\";s:4:\"4653\";s:11:\"source_type\";s:13:\"media-library\";}s:72:\"\/\/www.npf.ie\/wp-content\/uploads\/2017\/09\/0457-Bord-na-Mona.compressed.pdf\";a:2:{s:2:\"id\";s:4:\"4652\";s:11:\"source_type\";s:13:\"media-library\";}s:64:\"\/\/cdn.npf.ie\/wp-content\/uploads\/0457-Bord-na-Mona.compressed.pdf\";a:2:{s:2:\"id\";s:4:\"4652\";s:11:\"source_type\";s:13:\"media-library\";}s:65:\"\/\/www.npf.ie\/wp-content\/uploads\/2017\/09\/0456-ICLRD.compressed.pdf\";a:2:{s:2:\"id\";s:4:\"4651\";s:11:\"source_type\";s:13:\"media-library\";}s:57:\"\/\/cdn.npf.ie\/wp-content\/uploads\/0456-ICLRD.compressed.pdf\";a:2:{s:2:\"id\";s:4:\"4651\";s:11:\"source_type\";s:13:\"media-library\";}s:83:\"\/\/www.npf.ie\/wp-content\/uploads\/2017\/09\/0455-Waterford-Traveller-CDP.compressed.pdf\";a:2:{s:2:\"id\";s:4:\"4650\";s:11:\"source_type\";s:13:\"media-library\";}s:75:\"\/\/cdn.npf.ie\/wp-content\/uploads\/0455-Waterford-Traveller-CDP.compressed.pdf\";a:2:{s:2:\"id\";s:4:\"4650\";s:11:\"source_type\";s:13:\"media-library\";}s:82:\"\/\/www.npf.ie\/wp-content\/uploads\/2017\/09\/0454-Leitrim-County-Council.compressed.pdf\";a:2:{s:2:\"id\";s:4:\"4649\";s:11:\"source_type\";s:13:\"media-library\";}s:74:\"\/\/cdn.npf.ie\/wp-content\/uploads\/0454-Leitrim-County-Council.compressed.pdf\";a:2:{s:2:\"id\";s:4:\"4649\";s:11:\"source_type\";s:13:\"media-library\";}s:99:\"\/\/www.npf.ie\/wp-content\/uploads\/2017\/09\/0453-Clondalkin-Travellers-Development-Group.compressed.pdf\";a:2:{s:2:\"id\";s:4:\"4648\";s:11:\"source_type\";s:13:\"media-library\";}s:91:\"\/\/cdn.npf.ie\/wp-content\/uploads\/0453-Clondalkin-Travellers-Development-Group.compressed.pdf\";a:2:{s:2:\"id\";s:4:\"4648\";s:11:\"source_type\";s:13:\"media-library\";}s:73:\"\/\/www.npf.ie\/wp-content\/uploads\/2017\/09\/0452-Renua-Ireland.compressed.pdf\";a:2:{s:2:\"id\";s:4:\"4647\";s:11:\"source_type\";s:13:\"media-library\";}s:65:\"\/\/cdn.npf.ie\/wp-content\/uploads\/0452-Renua-Ireland.compressed.pdf\";a:2:{s:2:\"id\";s:4:\"4647\";s:11:\"source_type\";s:13:\"media-library\";}s:71:\"\/\/www.npf.ie\/wp-content\/uploads\/2017\/09\/0451-Colm-Murray.compressed.pdf\";a:2:{s:2:\"id\";s:4:\"4646\";s:11:\"source_type\";s:13:\"media-library\";}s:63:\"\/\/cdn.npf.ie\/wp-content\/uploads\/0451-Colm-Murray.compressed.pdf\";a:2:{s:2:\"id\";s:4:\"4646\";s:11:\"source_type\";s:13:\"media-library\";}s:84:\"\/\/www.npf.ie\/wp-content\/uploads\/2017\/09\/0450-Irish-Solar-Energy-Assoc.compressed.pdf\";a:2:{s:2:\"id\";s:4:\"4645\";s:11:\"source_type\";s:13:\"media-library\";}s:76:\"\/\/cdn.npf.ie\/wp-content\/uploads\/0450-Irish-Solar-Energy-Assoc.compressed.pdf\";a:2:{s:2:\"id\";s:4:\"4645\";s:11:\"source_type\";s:13:\"media-library\";}s:103:\"\/\/www.npf.ie\/wp-content\/uploads\/2017\/09\/0449-Elected-Members-of-Tipperary-County-Council.compressed.pdf\";a:2:{s:2:\"id\";s:4:\"4644\";s:11:\"source_type\";s:13:\"media-library\";}s:95:\"\/\/cdn.npf.ie\/wp-content\/uploads\/0449-Elected-Members-of-Tipperary-County-Council.compressed.pdf\";a:2:{s:2:\"id\";s:4:\"4644\";s:11:\"source_type\";s:13:\"media-library\";}s:63:\"\/\/www.npf.ie\/wp-content\/uploads\/2017\/09\/0448-GAA.compressed.pdf\";a:2:{s:2:\"id\";s:4:\"4643\";s:11:\"source_type\";s:13:\"media-library\";}s:55:\"\/\/cdn.npf.ie\/wp-content\/uploads\/0448-GAA.compressed.pdf\";a:2:{s:2:\"id\";s:4:\"4643\";s:11:\"source_type\";s:13:\"media-library\";}s:76:\"\/\/www.npf.ie\/wp-content\/uploads\/2017\/09\/0447-Cllr-Jerry-Lodge.compressed.pdf\";a:2:{s:2:\"id\";s:4:\"4642\";s:11:\"source_type\";s:13:\"media-library\";}s:68:\"\/\/cdn.npf.ie\/wp-content\/uploads\/0447-Cllr-Jerry-Lodge.compressed.pdf\";a:2:{s:2:\"id\";s:4:\"4642\";s:11:\"source_type\";s:13:\"media-library\";}s:82:\"\/\/www.npf.ie\/wp-content\/uploads\/2017\/09\/0446-Donegal-County-Council.compressed.pdf\";a:2:{s:2:\"id\";s:4:\"4641\";s:11:\"source_type\";s:13:\"media-library\";}s:74:\"\/\/cdn.npf.ie\/wp-content\/uploads\/0446-Donegal-County-Council.compressed.pdf\";a:2:{s:2:\"id\";s:4:\"4641\";s:11:\"source_type\";s:13:\"media-library\";}s:82:\"\/\/www.npf.ie\/wp-content\/uploads\/2017\/09\/0445-Mountaineering-Ireland.compressed.pdf\";a:2:{s:2:\"id\";s:4:\"4640\";s:11:\"source_type\";s:13:\"media-library\";}s:74:\"\/\/cdn.npf.ie\/wp-content\/uploads\/0445-Mountaineering-Ireland.compressed.pdf\";a:2:{s:2:\"id\";s:4:\"4640\";s:11:\"source_type\";s:13:\"media-library\";}s:74:\"\/\/www.npf.ie\/wp-content\/uploads\/2017\/09\/0444-Michael-Freyne.compressed.pdf\";a:2:{s:2:\"id\";s:4:\"4639\";s:11:\"source_type\";s:13:\"media-library\";}s:66:\"\/\/cdn.npf.ie\/wp-content\/uploads\/0444-Michael-Freyne.compressed.pdf\";a:2:{s:2:\"id\";s:4:\"4639\";s:11:\"source_type\";s:13:\"media-library\";}s:85:\"\/\/www.npf.ie\/wp-content\/uploads\/2017\/09\/0443-Wicklow-Planning-Alliance.compressed.pdf\";a:2:{s:2:\"id\";s:4:\"4638\";s:11:\"source_type\";s:13:\"media-library\";}s:77:\"\/\/cdn.npf.ie\/wp-content\/uploads\/0443-Wicklow-Planning-Alliance.compressed.pdf\";a:2:{s:2:\"id\";s:4:\"4638\";s:11:\"source_type\";s:13:\"media-library\";}s:76:\"\/\/www.npf.ie\/wp-content\/uploads\/2017\/09\/0442-Cork-Green-Party.compressed.pdf\";a:2:{s:2:\"id\";s:4:\"4637\";s:11:\"source_type\";s:13:\"media-library\";}s:68:\"\/\/cdn.npf.ie\/wp-content\/uploads\/0442-Cork-Green-Party.compressed.pdf\";a:2:{s:2:\"id\";s:4:\"4637\";s:11:\"source_type\";s:13:\"media-library\";}s:88:\"\/\/www.npf.ie\/wp-content\/uploads\/2017\/09\/0441-Kilkenny-Chamber-of-Commerce.compressed.pdf\";a:2:{s:2:\"id\";s:4:\"4636\";s:11:\"source_type\";s:13:\"media-library\";}s:80:\"\/\/cdn.npf.ie\/wp-content\/uploads\/0441-Kilkenny-Chamber-of-Commerce.compressed.pdf\";a:2:{s:2:\"id\";s:4:\"4636\";s:11:\"source_type\";s:13:\"media-library\";}s:73:\"\/\/www.npf.ie\/wp-content\/uploads\/2017\/09\/0440-Michael-Flynn.compressed.pdf\";a:2:{s:2:\"id\";s:4:\"4635\";s:11:\"source_type\";s:13:\"media-library\";}s:65:\"\/\/cdn.npf.ie\/wp-content\/uploads\/0440-Michael-Flynn.compressed.pdf\";a:2:{s:2:\"id\";s:4:\"4635\";s:11:\"source_type\";s:13:\"media-library\";}s:72:\"\/\/www.npf.ie\/wp-content\/uploads\/2017\/09\/0439-Thomas-Legge.compressed.pdf\";a:2:{s:2:\"id\";s:4:\"4634\";s:11:\"source_type\";s:13:\"media-library\";}s:64:\"\/\/cdn.npf.ie\/wp-content\/uploads\/0439-Thomas-Legge.compressed.pdf\";a:2:{s:2:\"id\";s:4:\"4634\";s:11:\"source_type\";s:13:\"media-library\";}s:76:\"\/\/www.npf.ie\/wp-content\/uploads\/2017\/09\/0438-Kathleen-McClean.compressed.pdf\";a:2:{s:2:\"id\";s:4:\"4633\";s:11:\"source_type\";s:13:\"media-library\";}s:68:\"\/\/cdn.npf.ie\/wp-content\/uploads\/0438-Kathleen-McClean.compressed.pdf\";a:2:{s:2:\"id\";s:4:\"4633\";s:11:\"source_type\";s:13:\"media-library\";}s:122:\"\/\/www.npf.ie\/wp-content\/uploads\/2017\/09\/0437-DIT-Academic-Staff-and-Researchers-of-DIT-Environment-Planning.compressed.pdf\";a:2:{s:2:\"id\";s:4:\"4632\";s:11:\"source_type\";s:13:\"media-library\";}s:114:\"\/\/cdn.npf.ie\/wp-content\/uploads\/0437-DIT-Academic-Staff-and-Researchers-of-DIT-Environment-Planning.compressed.pdf\";a:2:{s:2:\"id\";s:4:\"4632\";s:11:\"source_type\";s:13:\"media-library\";}s:70:\"\/\/www.npf.ie\/wp-content\/uploads\/2017\/09\/0436-David-Egan.compressed.pdf\";a:2:{s:2:\"id\";s:4:\"4631\";s:11:\"source_type\";s:13:\"media-library\";}s:62:\"\/\/cdn.npf.ie\/wp-content\/uploads\/0436-David-Egan.compressed.pdf\";a:2:{s:2:\"id\";s:4:\"4631\";s:11:\"source_type\";s:13:\"media-library\";}s:74:\"\/\/www.npf.ie\/wp-content\/uploads\/2017\/09\/0435-Brede-Merrigan.compressed.pdf\";a:2:{s:2:\"id\";s:4:\"4630\";s:11:\"source_type\";s:13:\"media-library\";}s:66:\"\/\/cdn.npf.ie\/wp-content\/uploads\/0435-Brede-Merrigan.compressed.pdf\";a:2:{s:2:\"id\";s:4:\"4630\";s:11:\"source_type\";s:13:\"media-library\";}s:71:\"\/\/www.npf.ie\/wp-content\/uploads\/2017\/09\/0434-Colm-O-Shea.compressed.pdf\";a:2:{s:2:\"id\";s:4:\"4629\";s:11:\"source_type\";s:13:\"media-library\";}s:63:\"\/\/cdn.npf.ie\/wp-content\/uploads\/0434-Colm-O-Shea.compressed.pdf\";a:2:{s:2:\"id\";s:4:\"4629\";s:11:\"source_type\";s:13:\"media-library\";}s:77:\"\/\/www.npf.ie\/wp-content\/uploads\/2017\/09\/0433-Peter-Bowen-Walsh.compressed.pdf\";a:2:{s:2:\"id\";s:4:\"4628\";s:11:\"source_type\";s:13:\"media-library\";}s:69:\"\/\/cdn.npf.ie\/wp-content\/uploads\/0433-Peter-Bowen-Walsh.compressed.pdf\";a:2:{s:2:\"id\";s:4:\"4628\";s:11:\"source_type\";s:13:\"media-library\";}s:71:\"\/\/www.npf.ie\/wp-content\/uploads\/2017\/09\/0432-Liam-Heaphy.compressed.pdf\";a:2:{s:2:\"id\";s:4:\"4627\";s:11:\"source_type\";s:13:\"media-library\";}s:63:\"\/\/cdn.npf.ie\/wp-content\/uploads\/0432-Liam-Heaphy.compressed.pdf\";a:2:{s:2:\"id\";s:4:\"4627\";s:11:\"source_type\";s:13:\"media-library\";}s:84:\"\/\/www.npf.ie\/wp-content\/uploads\/2017\/09\/0431-Apartment-Owners-Network.compressed.pdf\";a:2:{s:2:\"id\";s:4:\"4626\";s:11:\"source_type\";s:13:\"media-library\";}s:76:\"\/\/cdn.npf.ie\/wp-content\/uploads\/0431-Apartment-Owners-Network.compressed.pdf\";a:2:{s:2:\"id\";s:4:\"4626\";s:11:\"source_type\";s:13:\"media-library\";}s:76:\"\/\/www.npf.ie\/wp-content\/uploads\/2017\/09\/0430-Phillip-Cantwell.compressed.pdf\";a:2:{s:2:\"id\";s:4:\"4625\";s:11:\"source_type\";s:13:\"media-library\";}s:68:\"\/\/cdn.npf.ie\/wp-content\/uploads\/0430-Phillip-Cantwell.compressed.pdf\";a:2:{s:2:\"id\";s:4:\"4625\";s:11:\"source_type\";s:13:\"media-library\";}s:87:\"\/\/www.npf.ie\/wp-content\/uploads\/2017\/09\/0429-Celbridge-Community-Council.compressed.pdf\";a:2:{s:2:\"id\";s:4:\"4624\";s:11:\"source_type\";s:13:\"media-library\";}s:79:\"\/\/cdn.npf.ie\/wp-content\/uploads\/0429-Celbridge-Community-Council.compressed.pdf\";a:2:{s:2:\"id\";s:4:\"4624\";s:11:\"source_type\";s:13:\"media-library\";}s:81:\"\/\/www.npf.ie\/wp-content\/uploads\/2017\/09\/0428-Green-Party-Waterford.compressed.pdf\";a:2:{s:2:\"id\";s:4:\"4623\";s:11:\"source_type\";s:13:\"media-library\";}s:73:\"\/\/cdn.npf.ie\/wp-content\/uploads\/0428-Green-Party-Waterford.compressed.pdf\";a:2:{s:2:\"id\";s:4:\"4623\";s:11:\"source_type\";s:13:\"media-library\";}s:75:\"\/\/www.npf.ie\/wp-content\/uploads\/2017\/09\/0427-Gerard-Corcoran.compressed.pdf\";a:2:{s:2:\"id\";s:4:\"4622\";s:11:\"source_type\";s:13:\"media-library\";}s:67:\"\/\/cdn.npf.ie\/wp-content\/uploads\/0427-Gerard-Corcoran.compressed.pdf\";a:2:{s:2:\"id\";s:4:\"4622\";s:11:\"source_type\";s:13:\"media-library\";}s:99:\"\/\/www.npf.ie\/wp-content\/uploads\/2017\/09\/0426-Cllr-Dermot-Connolly-and-Claire-Kerrane.compressed.pdf\";a:2:{s:2:\"id\";s:4:\"4621\";s:11:\"source_type\";s:13:\"media-library\";}s:91:\"\/\/cdn.npf.ie\/wp-content\/uploads\/0426-Cllr-Dermot-Connolly-and-Claire-Kerrane.compressed.pdf\";a:2:{s:2:\"id\";s:4:\"4621\";s:11:\"source_type\";s:13:\"media-library\";}s:89:\"\/\/www.npf.ie\/wp-content\/uploads\/2017\/09\/0425-Drogheda-and-District-Chamber.compressed.pdf\";a:2:{s:2:\"id\";s:4:\"4620\";s:11:\"source_type\";s:13:\"media-library\";}s:81:\"\/\/cdn.npf.ie\/wp-content\/uploads\/0425-Drogheda-and-District-Chamber.compressed.pdf\";a:2:{s:2:\"id\";s:4:\"4620\";s:11:\"source_type\";s:13:\"media-library\";}s:71:\"\/\/www.npf.ie\/wp-content\/uploads\/2017\/09\/0424-WestonTrack.compressed.pdf\";a:2:{s:2:\"id\";s:4:\"4619\";s:11:\"source_type\";s:13:\"media-library\";}s:63:\"\/\/cdn.npf.ie\/wp-content\/uploads\/0424-WestonTrack.compressed.pdf\";a:2:{s:2:\"id\";s:4:\"4619\";s:11:\"source_type\";s:13:\"media-library\";}s:74:\"\/\/www.npf.ie\/wp-content\/uploads\/2017\/09\/0423-Myles-Shortall.compressed.pdf\";a:2:{s:2:\"id\";s:4:\"4618\";s:11:\"source_type\";s:13:\"media-library\";}s:66:\"\/\/cdn.npf.ie\/wp-content\/uploads\/0423-Myles-Shortall.compressed.pdf\";a:2:{s:2:\"id\";s:4:\"4618\";s:11:\"source_type\";s:13:\"media-library\";}s:74:\"\/\/www.npf.ie\/wp-content\/uploads\/2017\/09\/0422-Ellie-Kisyombe.compressed.pdf\";a:2:{s:2:\"id\";s:4:\"4617\";s:11:\"source_type\";s:13:\"media-library\";}s:66:\"\/\/cdn.npf.ie\/wp-content\/uploads\/0422-Ellie-Kisyombe.compressed.pdf\";a:2:{s:2:\"id\";s:4:\"4617\";s:11:\"source_type\";s:13:\"media-library\";}s:73:\"\/\/www.npf.ie\/wp-content\/uploads\/2017\/09\/0421-Judy-Osbourne.compressed.pdf\";a:2:{s:2:\"id\";s:4:\"4616\";s:11:\"source_type\";s:13:\"media-library\";}s:65:\"\/\/cdn.npf.ie\/wp-content\/uploads\/0421-Judy-Osbourne.compressed.pdf\";a:2:{s:2:\"id\";s:4:\"4616\";s:11:\"source_type\";s:13:\"media-library\";}s:76:\"\/\/www.npf.ie\/wp-content\/uploads\/2017\/09\/0420-Seamus-Morrissey.compressed.pdf\";a:2:{s:2:\"id\";s:4:\"4615\";s:11:\"source_type\";s:13:\"media-library\";}s:68:\"\/\/cdn.npf.ie\/wp-content\/uploads\/0420-Seamus-Morrissey.compressed.pdf\";a:2:{s:2:\"id\";s:4:\"4615\";s:11:\"source_type\";s:13:\"media-library\";}s:83:\"\/\/www.npf.ie\/wp-content\/uploads\/2017\/09\/0419-Daniel-Gillen-FF-Carlow.compressed.pdf\";a:2:{s:2:\"id\";s:4:\"4614\";s:11:\"source_type\";s:13:\"media-library\";}s:75:\"\/\/cdn.npf.ie\/wp-content\/uploads\/0419-Daniel-Gillen-FF-Carlow.compressed.pdf\";a:2:{s:2:\"id\";s:4:\"4614\";s:11:\"source_type\";s:13:\"media-library\";}s:94:\"\/\/www.npf.ie\/wp-content\/uploads\/2017\/09\/0418-Johanna-Varghese-Dr.-Anita-McKeown.compressed.pdf\";a:2:{s:2:\"id\";s:4:\"4613\";s:11:\"source_type\";s:13:\"media-library\";}s:86:\"\/\/cdn.npf.ie\/wp-content\/uploads\/0418-Johanna-Varghese-Dr.-Anita-McKeown.compressed.pdf\";a:2:{s:2:\"id\";s:4:\"4613\";s:11:\"source_type\";s:13:\"media-library\";}s:97:\"\/\/www.npf.ie\/wp-content\/uploads\/2017\/09\/0417-North-West-Regional-Development-Group.compressed.pdf\";a:2:{s:2:\"id\";s:4:\"4612\";s:11:\"source_type\";s:13:\"media-library\";}s:89:\"\/\/cdn.npf.ie\/wp-content\/uploads\/0417-North-West-Regional-Development-Group.compressed.pdf\";a:2:{s:2:\"id\";s:4:\"4612\";s:11:\"source_type\";s:13:\"media-library\";}s:79:\"\/\/www.npf.ie\/wp-content\/uploads\/2017\/09\/0416-Cllr-Malcolm-Noonan.compressed.pdf\";a:2:{s:2:\"id\";s:4:\"4611\";s:11:\"source_type\";s:13:\"media-library\";}s:71:\"\/\/cdn.npf.ie\/wp-content\/uploads\/0416-Cllr-Malcolm-Noonan.compressed.pdf\";a:2:{s:2:\"id\";s:4:\"4611\";s:11:\"source_type\";s:13:\"media-library\";}s:80:\"\/\/www.npf.ie\/wp-content\/uploads\/2017\/09\/0415-Cllr-Steven-Matthews.compressed.pdf\";a:2:{s:2:\"id\";s:4:\"4610\";s:11:\"source_type\";s:13:\"media-library\";}s:72:\"\/\/cdn.npf.ie\/wp-content\/uploads\/0415-Cllr-Steven-Matthews.compressed.pdf\";a:2:{s:2:\"id\";s:4:\"4610\";s:11:\"source_type\";s:13:\"media-library\";}s:90:\"\/\/www.npf.ie\/wp-content\/uploads\/2017\/09\/0414-Western-Development-Commission.compressed.pdf\";a:2:{s:2:\"id\";s:4:\"4609\";s:11:\"source_type\";s:13:\"media-library\";}s:82:\"\/\/cdn.npf.ie\/wp-content\/uploads\/0414-Western-Development-Commission.compressed.pdf\";a:2:{s:2:\"id\";s:4:\"4609\";s:11:\"source_type\";s:13:\"media-library\";}s:73:\"\/\/www.npf.ie\/wp-content\/uploads\/2017\/09\/0413-Daniel-Norton.compressed.pdf\";a:2:{s:2:\"id\";s:4:\"4608\";s:11:\"source_type\";s:13:\"media-library\";}s:65:\"\/\/cdn.npf.ie\/wp-content\/uploads\/0413-Daniel-Norton.compressed.pdf\";a:2:{s:2:\"id\";s:4:\"4608\";s:11:\"source_type\";s:13:\"media-library\";}s:88:\"\/\/www.npf.ie\/wp-content\/uploads\/2017\/09\/0412-Galway-City-Comunity-Network.compressed.pdf\";a:2:{s:2:\"id\";s:4:\"4607\";s:11:\"source_type\";s:13:\"media-library\";}s:80:\"\/\/cdn.npf.ie\/wp-content\/uploads\/0412-Galway-City-Comunity-Network.compressed.pdf\";a:2:{s:2:\"id\";s:4:\"4607\";s:11:\"source_type\";s:13:\"media-library\";}s:74:\"\/\/www.npf.ie\/wp-content\/uploads\/2017\/09\/0411-Gerard-OConnor.compressed.pdf\";a:2:{s:2:\"id\";s:4:\"4606\";s:11:\"source_type\";s:13:\"media-library\";}s:66:\"\/\/cdn.npf.ie\/wp-content\/uploads\/0411-Gerard-OConnor.compressed.pdf\";a:2:{s:2:\"id\";s:4:\"4606\";s:11:\"source_type\";s:13:\"media-library\";}s:87:\"\/\/www.npf.ie\/wp-content\/uploads\/2017\/09\/0410-Finbarr-Filan-RENUA-Ireland.compressed.pdf\";a:2:{s:2:\"id\";s:4:\"4605\";s:11:\"source_type\";s:13:\"media-library\";}s:79:\"\/\/cdn.npf.ie\/wp-content\/uploads\/0410-Finbarr-Filan-RENUA-Ireland.compressed.pdf\";a:2:{s:2:\"id\";s:4:\"4605\";s:11:\"source_type\";s:13:\"media-library\";}s:96:\"\/\/www.npf.ie\/wp-content\/uploads\/2017\/09\/0409-Sinn-Fein-Meath-County-Council-Group.compressed.pdf\";a:2:{s:2:\"id\";s:4:\"4604\";s:11:\"source_type\";s:13:\"media-library\";}s:88:\"\/\/cdn.npf.ie\/wp-content\/uploads\/0409-Sinn-Fein-Meath-County-Council-Group.compressed.pdf\";a:2:{s:2:\"id\";s:4:\"4604\";s:11:\"source_type\";s:13:\"media-library\";}s:77:\"\/\/www.npf.ie\/wp-content\/uploads\/2017\/09\/0408-Cootehill-Chamber.compressed.pdf\";a:2:{s:2:\"id\";s:4:\"4603\";s:11:\"source_type\";s:13:\"media-library\";}s:69:\"\/\/cdn.npf.ie\/wp-content\/uploads\/0408-Cootehill-Chamber.compressed.pdf\";a:2:{s:2:\"id\";s:4:\"4603\";s:11:\"source_type\";s:13:\"media-library\";}s:69:\"\/\/www.npf.ie\/wp-content\/uploads\/2017\/09\/0407-Stu-Kelly.compressed.pdf\";a:2:{s:2:\"id\";s:4:\"4602\";s:11:\"source_type\";s:13:\"media-library\";}s:61:\"\/\/cdn.npf.ie\/wp-content\/uploads\/0407-Stu-Kelly.compressed.pdf\";a:2:{s:2:\"id\";s:4:\"4602\";s:11:\"source_type\";s:13:\"media-library\";}s:81:\"\/\/www.npf.ie\/wp-content\/uploads\/2017\/09\/0406-Clonmel-and-Tipperary.compressed.pdf\";a:2:{s:2:\"id\";s:4:\"4601\";s:11:\"source_type\";s:13:\"media-library\";}s:73:\"\/\/cdn.npf.ie\/wp-content\/uploads\/0406-Clonmel-and-Tipperary.compressed.pdf\";a:2:{s:2:\"id\";s:4:\"4601\";s:11:\"source_type\";s:13:\"media-library\";}s:110:\"\/\/www.npf.ie\/wp-content\/uploads\/2017\/09\/0405-Kimberly-Pondoff-Ardee-Community-Wind-Action-Group.compressed.pdf\";a:2:{s:2:\"id\";s:4:\"4600\";s:11:\"source_type\";s:13:\"media-library\";}s:102:\"\/\/cdn.npf.ie\/wp-content\/uploads\/0405-Kimberly-Pondoff-Ardee-Community-Wind-Action-Group.compressed.pdf\";a:2:{s:2:\"id\";s:4:\"4600\";s:11:\"source_type\";s:13:\"media-library\";}s:74:\"\/\/www.npf.ie\/wp-content\/uploads\/2017\/09\/0404-Cllr-Ger-Darcy.compressed.pdf\";a:2:{s:2:\"id\";s:4:\"4599\";s:11:\"source_type\";s:13:\"media-library\";}s:66:\"\/\/cdn.npf.ie\/wp-content\/uploads\/0404-Cllr-Ger-Darcy.compressed.pdf\";a:2:{s:2:\"id\";s:4:\"4599\";s:11:\"source_type\";s:13:\"media-library\";}s:79:\"\/\/www.npf.ie\/wp-content\/uploads\/2017\/09\/0403-Senator-Paddy-Burke.compressed.pdf\";a:2:{s:2:\"id\";s:4:\"4598\";s:11:\"source_type\";s:13:\"media-library\";}s:71:\"\/\/cdn.npf.ie\/wp-content\/uploads\/0403-Senator-Paddy-Burke.compressed.pdf\";a:2:{s:2:\"id\";s:4:\"4598\";s:11:\"source_type\";s:13:\"media-library\";}s:75:\"\/\/www.npf.ie\/wp-content\/uploads\/2017\/09\/0402-Shannon-Chamber.compressed.pdf\";a:2:{s:2:\"id\";s:4:\"4597\";s:11:\"source_type\";s:13:\"media-library\";}s:67:\"\/\/cdn.npf.ie\/wp-content\/uploads\/0402-Shannon-Chamber.compressed.pdf\";a:2:{s:2:\"id\";s:4:\"4597\";s:11:\"source_type\";s:13:\"media-library\";}s:88:\"\/\/www.npf.ie\/wp-content\/uploads\/2017\/09\/0401-Brookfield-Renewable-Ireland.compressed.pdf\";a:2:{s:2:\"id\";s:4:\"4596\";s:11:\"source_type\";s:13:\"media-library\";}s:80:\"\/\/cdn.npf.ie\/wp-content\/uploads\/0401-Brookfield-Renewable-Ireland.compressed.pdf\";a:2:{s:2:\"id\";s:4:\"4596\";s:11:\"source_type\";s:13:\"media-library\";}s:77:\"\/\/www.npf.ie\/wp-content\/uploads\/2017\/09\/0400-Deirdre-Clune-MEP.compressed.pdf\";a:2:{s:2:\"id\";s:4:\"4595\";s:11:\"source_type\";s:13:\"media-library\";}s:69:\"\/\/cdn.npf.ie\/wp-content\/uploads\/0400-Deirdre-Clune-MEP.compressed.pdf\";a:2:{s:2:\"id\";s:4:\"4595\";s:11:\"source_type\";s:13:\"media-library\";}s:91:\"\/\/www.npf.ie\/wp-content\/uploads\/2017\/09\/0399-South-East-Action-Plan-for-Jobs.compressed.pdf\";a:2:{s:2:\"id\";s:4:\"4594\";s:11:\"source_type\";s:13:\"media-library\";}s:83:\"\/\/cdn.npf.ie\/wp-content\/uploads\/0399-South-East-Action-Plan-for-Jobs.compressed.pdf\";a:2:{s:2:\"id\";s:4:\"4594\";s:11:\"source_type\";s:13:\"media-library\";}s:85:\"\/\/www.npf.ie\/wp-content\/uploads\/2017\/09\/0398-Sligo-University-Hospital.compressed.pdf\";a:2:{s:2:\"id\";s:4:\"4593\";s:11:\"source_type\";s:13:\"media-library\";}s:77:\"\/\/cdn.npf.ie\/wp-content\/uploads\/0398-Sligo-University-Hospital.compressed.pdf\";a:2:{s:2:\"id\";s:4:\"4593\";s:11:\"source_type\";s:13:\"media-library\";}s:74:\"\/\/www.npf.ie\/wp-content\/uploads\/2017\/09\/0397-Housing-Agency.compressed.pdf\";a:2:{s:2:\"id\";s:4:\"4592\";s:11:\"source_type\";s:13:\"media-library\";}s:66:\"\/\/cdn.npf.ie\/wp-content\/uploads\/0397-Housing-Agency.compressed.pdf\";a:2:{s:2:\"id\";s:4:\"4592\";s:11:\"source_type\";s:13:\"media-library\";}s:76:\"\/\/www.npf.ie\/wp-content\/uploads\/2017\/09\/0396-Heritage-Council.compressed.pdf\";a:2:{s:2:\"id\";s:4:\"4591\";s:11:\"source_type\";s:13:\"media-library\";}s:68:\"\/\/cdn.npf.ie\/wp-content\/uploads\/0396-Heritage-Council.compressed.pdf\";a:2:{s:2:\"id\";s:4:\"4591\";s:11:\"source_type\";s:13:\"media-library\";}s:82:\"\/\/www.npf.ie\/wp-content\/uploads\/2017\/09\/0395-Social-Justice-Ireland.compressed.pdf\";a:2:{s:2:\"id\";s:4:\"4590\";s:11:\"source_type\";s:13:\"media-library\";}s:74:\"\/\/cdn.npf.ie\/wp-content\/uploads\/0395-Social-Justice-Ireland.compressed.pdf\";a:2:{s:2:\"id\";s:4:\"4590\";s:11:\"source_type\";s:13:\"media-library\";}s:81:\"\/\/www.npf.ie\/wp-content\/uploads\/2017\/09\/0394-Drogheda-Port-Company.compressed.pdf\";a:2:{s:2:\"id\";s:4:\"4589\";s:11:\"source_type\";s:13:\"media-library\";}s:73:\"\/\/cdn.npf.ie\/wp-content\/uploads\/0394-Drogheda-Port-Company.compressed.pdf\";a:2:{s:2:\"id\";s:4:\"4589\";s:11:\"source_type\";s:13:\"media-library\";}s:94:\"\/\/www.npf.ie\/wp-content\/uploads\/2017\/09\/0393-Irish-Forum-on-Natural-Capital-TCD.compressed.pdf\";a:2:{s:2:\"id\";s:4:\"4588\";s:11:\"source_type\";s:13:\"media-library\";}s:86:\"\/\/cdn.npf.ie\/wp-content\/uploads\/0393-Irish-Forum-on-Natural-Capital-TCD.compressed.pdf\";a:2:{s:2:\"id\";s:4:\"4588\";s:11:\"source_type\";s:13:\"media-library\";}s:77:\"\/\/www.npf.ie\/wp-content\/uploads\/2017\/09\/0392-Engineers-Ireland.compressed.pdf\";a:2:{s:2:\"id\";s:4:\"4587\";s:11:\"source_type\";s:13:\"media-library\";}s:69:\"\/\/cdn.npf.ie\/wp-content\/uploads\/0392-Engineers-Ireland.compressed.pdf\";a:2:{s:2:\"id\";s:4:\"4587\";s:11:\"source_type\";s:13:\"media-library\";}s:81:\"\/\/www.npf.ie\/wp-content\/uploads\/2017\/09\/0391-Carlow-County-Council.compressed.pdf\";a:2:{s:2:\"id\";s:4:\"4586\";s:11:\"source_type\";s:13:\"media-library\";}s:73:\"\/\/cdn.npf.ie\/wp-content\/uploads\/0391-Carlow-County-Council.compressed.pdf\";a:2:{s:2:\"id\";s:4:\"4586\";s:11:\"source_type\";s:13:\"media-library\";}s:84:\"\/\/www.npf.ie\/wp-content\/uploads\/2017\/09\/0390-Irish-Planning-Institute.compressed.pdf\";a:2:{s:2:\"id\";s:4:\"4585\";s:11:\"source_type\";s:13:\"media-library\";}s:76:\"\/\/cdn.npf.ie\/wp-content\/uploads\/0390-Irish-Planning-Institute.compressed.pdf\";a:2:{s:2:\"id\";s:4:\"4585\";s:11:\"source_type\";s:13:\"media-library\";}s:90:\"\/\/www.npf.ie\/wp-content\/uploads\/2017\/09\/0389-Midlands-Regional-Skills-Forum.compressed.pdf\";a:2:{s:2:\"id\";s:4:\"4584\";s:11:\"source_type\";s:13:\"media-library\";}s:82:\"\/\/cdn.npf.ie\/wp-content\/uploads\/0389-Midlands-Regional-Skills-Forum.compressed.pdf\";a:2:{s:2:\"id\";s:4:\"4584\";s:11:\"source_type\";s:13:\"media-library\";}s:86:\"\/\/www.npf.ie\/wp-content\/uploads\/2017\/09\/0388-Elgin-Energy-Michael-Moore.compressed.pdf\";a:2:{s:2:\"id\";s:4:\"4583\";s:11:\"source_type\";s:13:\"media-library\";}s:78:\"\/\/cdn.npf.ie\/wp-content\/uploads\/0388-Elgin-Energy-Michael-Moore.compressed.pdf\";a:2:{s:2:\"id\";s:4:\"4583\";s:11:\"source_type\";s:13:\"media-library\";}s:88:\"\/\/www.npf.ie\/wp-content\/uploads\/2017\/09\/0387-Co-operative-Housing-Ireland.compressed.pdf\";a:2:{s:2:\"id\";s:4:\"4582\";s:11:\"source_type\";s:13:\"media-library\";}s:80:\"\/\/cdn.npf.ie\/wp-content\/uploads\/0387-Co-operative-Housing-Ireland.compressed.pdf\";a:2:{s:2:\"id\";s:4:\"4582\";s:11:\"source_type\";s:13:\"media-library\";}s:73:\"\/\/www.npf.ie\/wp-content\/uploads\/2017\/09\/0386-Alcohol-Forum.compressed.pdf\";a:2:{s:2:\"id\";s:4:\"4581\";s:11:\"source_type\";s:13:\"media-library\";}s:65:\"\/\/cdn.npf.ie\/wp-content\/uploads\/0386-Alcohol-Forum.compressed.pdf\";a:2:{s:2:\"id\";s:4:\"4581\";s:11:\"source_type\";s:13:\"media-library\";}s:75:\"\/\/www.npf.ie\/wp-content\/uploads\/2017\/09\/0385-Cllr-Mary-Roche.compressed.pdf\";a:2:{s:2:\"id\";s:4:\"4580\";s:11:\"source_type\";s:13:\"media-library\";}s:67:\"\/\/cdn.npf.ie\/wp-content\/uploads\/0385-Cllr-Mary-Roche.compressed.pdf\";a:2:{s:2:\"id\";s:4:\"4580\";s:11:\"source_type\";s:13:\"media-library\";}s:104:\"\/\/www.npf.ie\/wp-content\/uploads\/2017\/09\/0384-National-Community-Action-on-Alcohol-Network.compressed.pdf\";a:2:{s:2:\"id\";s:4:\"4579\";s:11:\"source_type\";s:13:\"media-library\";}s:96:\"\/\/cdn.npf.ie\/wp-content\/uploads\/0384-National-Community-Action-on-Alcohol-Network.compressed.pdf\";a:2:{s:2:\"id\";s:4:\"4579\";s:11:\"source_type\";s:13:\"media-library\";}s:81:\"\/\/www.npf.ie\/wp-content\/uploads\/2017\/09\/0383-Fingal-County-Council.compressed.pdf\";a:2:{s:2:\"id\";s:4:\"4578\";s:11:\"source_type\";s:13:\"media-library\";}s:73:\"\/\/cdn.npf.ie\/wp-content\/uploads\/0383-Fingal-County-Council.compressed.pdf\";a:2:{s:2:\"id\";s:4:\"4578\";s:11:\"source_type\";s:13:\"media-library\";}s:71:\"\/\/www.npf.ie\/wp-content\/uploads\/2017\/09\/0382-Donal-Kenny.compressed.pdf\";a:2:{s:2:\"id\";s:4:\"4577\";s:11:\"source_type\";s:13:\"media-library\";}s:63:\"\/\/cdn.npf.ie\/wp-content\/uploads\/0382-Donal-Kenny.compressed.pdf\";a:2:{s:2:\"id\";s:4:\"4577\";s:11:\"source_type\";s:13:\"media-library\";}s:72:\"\/\/www.npf.ie\/wp-content\/uploads\/2017\/09\/0381-Longford-PPN.compressed.pdf\";a:2:{s:2:\"id\";s:4:\"4576\";s:11:\"source_type\";s:13:\"media-library\";}s:64:\"\/\/cdn.npf.ie\/wp-content\/uploads\/0381-Longford-PPN.compressed.pdf\";a:2:{s:2:\"id\";s:4:\"4576\";s:11:\"source_type\";s:13:\"media-library\";}s:91:\"\/\/www.npf.ie\/wp-content\/uploads\/2017\/09\/0380-KellyGreenUrban-KSWUrban-Design.compressed.pdf\";a:2:{s:2:\"id\";s:4:\"4575\";s:11:\"source_type\";s:13:\"media-library\";}s:83:\"\/\/cdn.npf.ie\/wp-content\/uploads\/0380-KellyGreenUrban-KSWUrban-Design.compressed.pdf\";a:2:{s:2:\"id\";s:4:\"4575\";s:11:\"source_type\";s:13:\"media-library\";}s:79:\"\/\/www.npf.ie\/wp-content\/uploads\/2017\/09\/0379-Galway-City-Council.compressed.pdf\";a:2:{s:2:\"id\";s:4:\"4574\";s:11:\"source_type\";s:13:\"media-library\";}s:71:\"\/\/cdn.npf.ie\/wp-content\/uploads\/0379-Galway-City-Council.compressed.pdf\";a:2:{s:2:\"id\";s:4:\"4574\";s:11:\"source_type\";s:13:\"media-library\";}s:76:\"\/\/www.npf.ie\/wp-content\/uploads\/2017\/09\/0378-Lisa-Chambers-TD.compressed.pdf\";a:2:{s:2:\"id\";s:4:\"4573\";s:11:\"source_type\";s:13:\"media-library\";}s:68:\"\/\/cdn.npf.ie\/wp-content\/uploads\/0378-Lisa-Chambers-TD.compressed.pdf\";a:2:{s:2:\"id\";s:4:\"4573\";s:11:\"source_type\";s:13:\"media-library\";}s:79:\"\/\/www.npf.ie\/wp-content\/uploads\/2017\/09\/0377-Dublin-Port-Company.compressed.pdf\";a:2:{s:2:\"id\";s:4:\"4572\";s:11:\"source_type\";s:13:\"media-library\";}s:71:\"\/\/cdn.npf.ie\/wp-content\/uploads\/0377-Dublin-Port-Company.compressed.pdf\";a:2:{s:2:\"id\";s:4:\"4572\";s:11:\"source_type\";s:13:\"media-library\";}s:79:\"\/\/www.npf.ie\/wp-content\/uploads\/2017\/09\/0376-UCD-Young-Fine-Gael.compressed.pdf\";a:2:{s:2:\"id\";s:4:\"4571\";s:11:\"source_type\";s:13:\"media-library\";}s:71:\"\/\/cdn.npf.ie\/wp-content\/uploads\/0376-UCD-Young-Fine-Gael.compressed.pdf\";a:2:{s:2:\"id\";s:4:\"4571\";s:11:\"source_type\";s:13:\"media-library\";}s:80:\"\/\/www.npf.ie\/wp-content\/uploads\/2017\/09\/0375-Maurice-Quinlivan-TD.compressed.pdf\";a:2:{s:2:\"id\";s:4:\"4570\";s:11:\"source_type\";s:13:\"media-library\";}s:72:\"\/\/cdn.npf.ie\/wp-content\/uploads\/0375-Maurice-Quinlivan-TD.compressed.pdf\";a:2:{s:2:\"id\";s:4:\"4570\";s:11:\"source_type\";s:13:\"media-library\";}s:106:\"\/\/www.npf.ie\/wp-content\/uploads\/2017\/09\/0374-Royal-Town-Planning-Institute-Northern-Ireland.compressed.pdf\";a:2:{s:2:\"id\";s:4:\"4569\";s:11:\"source_type\";s:13:\"media-library\";}s:98:\"\/\/cdn.npf.ie\/wp-content\/uploads\/0374-Royal-Town-Planning-Institute-Northern-Ireland.compressed.pdf\";a:2:{s:2:\"id\";s:4:\"4569\";s:11:\"source_type\";s:13:\"media-library\";}s:72:\"\/\/www.npf.ie\/wp-content\/uploads\/2017\/09\/0373-Tony-Dempsey.compressed.pdf\";a:2:{s:2:\"id\";s:4:\"4568\";s:11:\"source_type\";s:13:\"media-library\";}s:64:\"\/\/cdn.npf.ie\/wp-content\/uploads\/0373-Tony-Dempsey.compressed.pdf\";a:2:{s:2:\"id\";s:4:\"4568\";s:11:\"source_type\";s:13:\"media-library\";}s:72:\"\/\/www.npf.ie\/wp-content\/uploads\/2017\/09\/0372-Arts-Council.compressed.pdf\";a:2:{s:2:\"id\";s:4:\"4567\";s:11:\"source_type\";s:13:\"media-library\";}s:64:\"\/\/cdn.npf.ie\/wp-content\/uploads\/0372-Arts-Council.compressed.pdf\";a:2:{s:2:\"id\";s:4:\"4567\";s:11:\"source_type\";s:13:\"media-library\";}s:94:\"\/\/www.npf.ie\/wp-content\/uploads\/2017\/09\/0371-Ardmore-Grange-Housing-Study-Group.compressed.pdf\";a:2:{s:2:\"id\";s:4:\"4566\";s:11:\"source_type\";s:13:\"media-library\";}s:86:\"\/\/cdn.npf.ie\/wp-content\/uploads\/0371-Ardmore-Grange-Housing-Study-Group.compressed.pdf\";a:2:{s:2:\"id\";s:4:\"4566\";s:11:\"source_type\";s:13:\"media-library\";}s:87:\"\/\/www.npf.ie\/wp-content\/uploads\/2017\/09\/0370-Cllr-Gillian-Toole_redacted.compressed.pdf\";a:2:{s:2:\"id\";s:4:\"4565\";s:11:\"source_type\";s:13:\"media-library\";}s:79:\"\/\/cdn.npf.ie\/wp-content\/uploads\/0370-Cllr-Gillian-Toole_redacted.compressed.pdf\";a:2:{s:2:\"id\";s:4:\"4565\";s:11:\"source_type\";s:13:\"media-library\";}s:78:\"\/\/www.npf.ie\/wp-content\/uploads\/2017\/09\/0369-Cllr-Seamie-Morris.compressed.pdf\";a:2:{s:2:\"id\";s:4:\"4564\";s:11:\"source_type\";s:13:\"media-library\";}s:70:\"\/\/cdn.npf.ie\/wp-content\/uploads\/0369-Cllr-Seamie-Morris.compressed.pdf\";a:2:{s:2:\"id\";s:4:\"4564\";s:11:\"source_type\";s:13:\"media-library\";}s:77:\"\/\/www.npf.ie\/wp-content\/uploads\/2017\/09\/0368-Bernadette-Harvey.compressed.pdf\";a:2:{s:2:\"id\";s:4:\"4563\";s:11:\"source_type\";s:13:\"media-library\";}s:69:\"\/\/cdn.npf.ie\/wp-content\/uploads\/0368-Bernadette-Harvey.compressed.pdf\";a:2:{s:2:\"id\";s:4:\"4563\";s:11:\"source_type\";s:13:\"media-library\";}s:76:\"\/\/www.npf.ie\/wp-content\/uploads\/2017\/09\/0367-Limerick-Chamber.compressed.pdf\";a:2:{s:2:\"id\";s:4:\"4562\";s:11:\"source_type\";s:13:\"media-library\";}s:68:\"\/\/cdn.npf.ie\/wp-content\/uploads\/0367-Limerick-Chamber.compressed.pdf\";a:2:{s:2:\"id\";s:4:\"4562\";s:11:\"source_type\";s:13:\"media-library\";}s:76:\"\/\/www.npf.ie\/wp-content\/uploads\/2017\/09\/0366-Michael-McCarthy.compressed.pdf\";a:2:{s:2:\"id\";s:4:\"4561\";s:11:\"source_type\";s:13:\"media-library\";}s:68:\"\/\/cdn.npf.ie\/wp-content\/uploads\/0366-Michael-McCarthy.compressed.pdf\";a:2:{s:2:\"id\";s:4:\"4561\";s:11:\"source_type\";s:13:\"media-library\";}s:73:\"\/\/www.npf.ie\/wp-content\/uploads\/2017\/09\/0365-Eamon-Ryan-TD.compressed.pdf\";a:2:{s:2:\"id\";s:4:\"4560\";s:11:\"source_type\";s:13:\"media-library\";}s:65:\"\/\/cdn.npf.ie\/wp-content\/uploads\/0365-Eamon-Ryan-TD.compressed.pdf\";a:2:{s:2:\"id\";s:4:\"4560\";s:11:\"source_type\";s:13:\"media-library\";}s:78:\"\/\/www.npf.ie\/wp-content\/uploads\/2017\/09\/0364-Cllr-Frankie-Keena.compressed.pdf\";a:2:{s:2:\"id\";s:4:\"4559\";s:11:\"source_type\";s:13:\"media-library\";}s:70:\"\/\/cdn.npf.ie\/wp-content\/uploads\/0364-Cllr-Frankie-Keena.compressed.pdf\";a:2:{s:2:\"id\";s:4:\"4559\";s:11:\"source_type\";s:13:\"media-library\";}s:79:\"\/\/www.npf.ie\/wp-content\/uploads\/2017\/09\/0363-Cllr-Caroline-Lynch.compressed.pdf\";a:2:{s:2:\"id\";s:4:\"4558\";s:11:\"source_type\";s:13:\"media-library\";}s:71:\"\/\/cdn.npf.ie\/wp-content\/uploads\/0363-Cllr-Caroline-Lynch.compressed.pdf\";a:2:{s:2:\"id\";s:4:\"4558\";s:11:\"source_type\";s:13:\"media-library\";}s:78:\"\/\/www.npf.ie\/wp-content\/uploads\/2017\/09\/0362-Cllr-Gerard-Frisby.compressed.pdf\";a:2:{s:2:\"id\";s:4:\"4557\";s:11:\"source_type\";s:13:\"media-library\";}s:70:\"\/\/cdn.npf.ie\/wp-content\/uploads\/0362-Cllr-Gerard-Frisby.compressed.pdf\";a:2:{s:2:\"id\";s:4:\"4557\";s:11:\"source_type\";s:13:\"media-library\";}s:72:\"\/\/www.npf.ie\/wp-content\/uploads\/2017\/09\/0361-Paul-Hegarty.compressed.pdf\";a:2:{s:2:\"id\";s:4:\"4556\";s:11:\"source_type\";s:13:\"media-library\";}s:64:\"\/\/cdn.npf.ie\/wp-content\/uploads\/0361-Paul-Hegarty.compressed.pdf\";a:2:{s:2:\"id\";s:4:\"4556\";s:11:\"source_type\";s:13:\"media-library\";}s:82:\"\/\/www.npf.ie\/wp-content\/uploads\/2017\/09\/0360-Charlies-Stanley-Smith.compressed.pdf\";a:2:{s:2:\"id\";s:4:\"4555\";s:11:\"source_type\";s:13:\"media-library\";}s:74:\"\/\/cdn.npf.ie\/wp-content\/uploads\/0360-Charlies-Stanley-Smith.compressed.pdf\";a:2:{s:2:\"id\";s:4:\"4555\";s:11:\"source_type\";s:13:\"media-library\";}s:73:\"\/\/www.npf.ie\/wp-content\/uploads\/2017\/09\/0359-Simon-Shilton.compressed.pdf\";a:2:{s:2:\"id\";s:4:\"4554\";s:11:\"source_type\";s:13:\"media-library\";}s:65:\"\/\/cdn.npf.ie\/wp-content\/uploads\/0359-Simon-Shilton.compressed.pdf\";a:2:{s:2:\"id\";s:4:\"4554\";s:11:\"source_type\";s:13:\"media-library\";}s:75:\"\/\/www.npf.ie\/wp-content\/uploads\/2017\/09\/0358-Macra-na-Feirme.compressed.pdf\";a:2:{s:2:\"id\";s:4:\"4553\";s:11:\"source_type\";s:13:\"media-library\";}s:67:\"\/\/cdn.npf.ie\/wp-content\/uploads\/0358-Macra-na-Feirme.compressed.pdf\";a:2:{s:2:\"id\";s:4:\"4553\";s:11:\"source_type\";s:13:\"media-library\";}s:72:\"\/\/www.npf.ie\/wp-content\/uploads\/2017\/09\/0357-Paul-Hannity.compressed.pdf\";a:2:{s:2:\"id\";s:4:\"4552\";s:11:\"source_type\";s:13:\"media-library\";}s:64:\"\/\/cdn.npf.ie\/wp-content\/uploads\/0357-Paul-Hannity.compressed.pdf\";a:2:{s:2:\"id\";s:4:\"4552\";s:11:\"source_type\";s:13:\"media-library\";}s:120:\"\/\/www.npf.ie\/wp-content\/uploads\/2017\/09\/0356-Mel-MacGiobuin-North-Inner-City-Drugs-and-Alcohol-Task-Force.compressed.pdf\";a:2:{s:2:\"id\";s:4:\"4551\";s:11:\"source_type\";s:13:\"media-library\";}s:112:\"\/\/cdn.npf.ie\/wp-content\/uploads\/0356-Mel-MacGiobuin-North-Inner-City-Drugs-and-Alcohol-Task-Force.compressed.pdf\";a:2:{s:2:\"id\";s:4:\"4551\";s:11:\"source_type\";s:13:\"media-library\";}s:104:\"\/\/www.npf.ie\/wp-content\/uploads\/2017\/09\/0355-Thomas-Conway-on-behalf-of-Cllr-Phyll-Bugler.compressed.pdf\";a:2:{s:2:\"id\";s:4:\"4550\";s:11:\"source_type\";s:13:\"media-library\";}s:96:\"\/\/cdn.npf.ie\/wp-content\/uploads\/0355-Thomas-Conway-on-behalf-of-Cllr-Phyll-Bugler.compressed.pdf\";a:2:{s:2:\"id\";s:4:\"4550\";s:11:\"source_type\";s:13:\"media-library\";}s:84:\"\/\/www.npf.ie\/wp-content\/uploads\/2017\/09\/0354-Midlands-Gateway-Chamber.compressed.pdf\";a:2:{s:2:\"id\";s:4:\"4549\";s:11:\"source_type\";s:13:\"media-library\";}s:76:\"\/\/cdn.npf.ie\/wp-content\/uploads\/0354-Midlands-Gateway-Chamber.compressed.pdf\";a:2:{s:2:\"id\";s:4:\"4549\";s:11:\"source_type\";s:13:\"media-library\";}s:64:\"\/\/www.npf.ie\/wp-content\/uploads\/2017\/09\/0353-NWRA.compressed.pdf\";a:2:{s:2:\"id\";s:4:\"4548\";s:11:\"source_type\";s:13:\"media-library\";}s:56:\"\/\/cdn.npf.ie\/wp-content\/uploads\/0353-NWRA.compressed.pdf\";a:2:{s:2:\"id\";s:4:\"4548\";s:11:\"source_type\";s:13:\"media-library\";}s:69:\"\/\/www.npf.ie\/wp-content\/uploads\/2017\/09\/0352-Sligo-BID.compressed.pdf\";a:2:{s:2:\"id\";s:4:\"4547\";s:11:\"source_type\";s:13:\"media-library\";}s:61:\"\/\/cdn.npf.ie\/wp-content\/uploads\/0352-Sligo-BID.compressed.pdf\";a:2:{s:2:\"id\";s:4:\"4547\";s:11:\"source_type\";s:13:\"media-library\";}s:71:\"\/\/www.npf.ie\/wp-content\/uploads\/2017\/09\/0351-John-Clancy.compressed.pdf\";a:2:{s:2:\"id\";s:4:\"4546\";s:11:\"source_type\";s:13:\"media-library\";}s:63:\"\/\/cdn.npf.ie\/wp-content\/uploads\/0351-John-Clancy.compressed.pdf\";a:2:{s:2:\"id\";s:4:\"4546\";s:11:\"source_type\";s:13:\"media-library\";}s:65:\"\/\/www.npf.ie\/wp-content\/uploads\/2017\/09\/0350-ICBAN.compressed.pdf\";a:2:{s:2:\"id\";s:4:\"4545\";s:11:\"source_type\";s:13:\"media-library\";}s:57:\"\/\/cdn.npf.ie\/wp-content\/uploads\/0350-ICBAN.compressed.pdf\";a:2:{s:2:\"id\";s:4:\"4545\";s:11:\"source_type\";s:13:\"media-library\";}s:66:\"\/\/www.npf.ie\/wp-content\/uploads\/2017\/09\/0349-Codema.compressed.pdf\";a:2:{s:2:\"id\";s:4:\"4544\";s:11:\"source_type\";s:13:\"media-library\";}s:58:\"\/\/cdn.npf.ie\/wp-content\/uploads\/0349-Codema.compressed.pdf\";a:2:{s:2:\"id\";s:4:\"4544\";s:11:\"source_type\";s:13:\"media-library\";}s:98:\"\/\/www.npf.ie\/wp-content\/uploads\/2017\/09\/0348-Royal-College-of-Physicians-of-Ireland.compressed.pdf\";a:2:{s:2:\"id\";s:4:\"4543\";s:11:\"source_type\";s:13:\"media-library\";}s:90:\"\/\/cdn.npf.ie\/wp-content\/uploads\/0348-Royal-College-of-Physicians-of-Ireland.compressed.pdf\";a:2:{s:2:\"id\";s:4:\"4543\";s:11:\"source_type\";s:13:\"media-library\";}s:75:\"\/\/www.npf.ie\/wp-content\/uploads\/2017\/09\/0347-Kathleen-Watson.compressed.pdf\";a:2:{s:2:\"id\";s:4:\"4542\";s:11:\"source_type\";s:13:\"media-library\";}s:67:\"\/\/cdn.npf.ie\/wp-content\/uploads\/0347-Kathleen-Watson.compressed.pdf\";a:2:{s:2:\"id\";s:4:\"4542\";s:11:\"source_type\";s:13:\"media-library\";}s:86:\"\/\/www.npf.ie\/wp-content\/uploads\/2017\/09\/0346-Drogheda-City-Status-Group.compressed.pdf\";a:2:{s:2:\"id\";s:4:\"4541\";s:11:\"source_type\";s:13:\"media-library\";}s:78:\"\/\/cdn.npf.ie\/wp-content\/uploads\/0346-Drogheda-City-Status-Group.compressed.pdf\";a:2:{s:2:\"id\";s:4:\"4541\";s:11:\"source_type\";s:13:\"media-library\";}s:86:\"\/\/www.npf.ie\/wp-content\/uploads\/2017\/09\/0345-Dhuish-Environmental-Group.compressed.pdf\";a:2:{s:2:\"id\";s:4:\"4540\";s:11:\"source_type\";s:13:\"media-library\";}s:78:\"\/\/cdn.npf.ie\/wp-content\/uploads\/0345-Dhuish-Environmental-Group.compressed.pdf\";a:2:{s:2:\"id\";s:4:\"4540\";s:11:\"source_type\";s:13:\"media-library\";}s:91:\"\/\/www.npf.ie\/wp-content\/uploads\/2017\/09\/0344-Athlone-Institute-of-Technology.compressed.pdf\";a:2:{s:2:\"id\";s:4:\"4539\";s:11:\"source_type\";s:13:\"media-library\";}s:83:\"\/\/cdn.npf.ie\/wp-content\/uploads\/0344-Athlone-Institute-of-Technology.compressed.pdf\";a:2:{s:2:\"id\";s:4:\"4539\";s:11:\"source_type\";s:13:\"media-library\";}s:73:\"\/\/www.npf.ie\/wp-content\/uploads\/2017\/09\/0343-Sligo-Chamber.compressed.pdf\";a:2:{s:2:\"id\";s:4:\"4538\";s:11:\"source_type\";s:13:\"media-library\";}s:65:\"\/\/cdn.npf.ie\/wp-content\/uploads\/0343-Sligo-Chamber.compressed.pdf\";a:2:{s:2:\"id\";s:4:\"4538\";s:11:\"source_type\";s:13:\"media-library\";}s:79:\"\/\/www.npf.ie\/wp-content\/uploads\/2017\/09\/0342-Pierce-Mary-Keoghan.compressed.pdf\";a:2:{s:2:\"id\";s:4:\"4537\";s:11:\"source_type\";s:13:\"media-library\";}s:71:\"\/\/cdn.npf.ie\/wp-content\/uploads\/0342-Pierce-Mary-Keoghan.compressed.pdf\";a:2:{s:2:\"id\";s:4:\"4537\";s:11:\"source_type\";s:13:\"media-library\";}s:65:\"\/\/www.npf.ie\/wp-content\/uploads\/2017\/09\/0341-ISPCC.compressed.pdf\";a:2:{s:2:\"id\";s:4:\"4536\";s:11:\"source_type\";s:13:\"media-library\";}s:57:\"\/\/cdn.npf.ie\/wp-content\/uploads\/0341-ISPCC.compressed.pdf\";a:2:{s:2:\"id\";s:4:\"4536\";s:11:\"source_type\";s:13:\"media-library\";}s:113:\"\/\/www.npf.ie\/wp-content\/uploads\/2017\/09\/0340-UL-Dr-Bernadette-ORegan-School-of-Natural-Sciences-UL.compressed.pdf\";a:2:{s:2:\"id\";s:4:\"4535\";s:11:\"source_type\";s:13:\"media-library\";}s:105:\"\/\/cdn.npf.ie\/wp-content\/uploads\/0340-UL-Dr-Bernadette-ORegan-School-of-Natural-Sciences-UL.compressed.pdf\";a:2:{s:2:\"id\";s:4:\"4535\";s:11:\"source_type\";s:13:\"media-library\";}s:84:\"\/\/www.npf.ie\/wp-content\/uploads\/2017\/09\/0339-Westmeath-County-Council.compressed.pdf\";a:2:{s:2:\"id\";s:4:\"4534\";s:11:\"source_type\";s:13:\"media-library\";}s:76:\"\/\/cdn.npf.ie\/wp-content\/uploads\/0339-Westmeath-County-Council.compressed.pdf\";a:2:{s:2:\"id\";s:4:\"4534\";s:11:\"source_type\";s:13:\"media-library\";}s:75:\"\/\/www.npf.ie\/wp-content\/uploads\/2017\/09\/0338-Yemisi-Ojo-IACI.compressed.pdf\";a:2:{s:2:\"id\";s:4:\"4533\";s:11:\"source_type\";s:13:\"media-library\";}s:67:\"\/\/cdn.npf.ie\/wp-content\/uploads\/0338-Yemisi-Ojo-IACI.compressed.pdf\";a:2:{s:2:\"id\";s:4:\"4533\";s:11:\"source_type\";s:13:\"media-library\";}s:76:\"\/\/www.npf.ie\/wp-content\/uploads\/2017\/09\/0337-Darragh-Murphy-8.compressed.pdf\";a:2:{s:2:\"id\";s:4:\"4532\";s:11:\"source_type\";s:13:\"media-library\";}s:68:\"\/\/cdn.npf.ie\/wp-content\/uploads\/0337-Darragh-Murphy-8.compressed.pdf\";a:2:{s:2:\"id\";s:4:\"4532\";s:11:\"source_type\";s:13:\"media-library\";}s:73:\"\/\/www.npf.ie\/wp-content\/uploads\/2017\/09\/0336-Seamus-Hussey.compressed.pdf\";a:2:{s:2:\"id\";s:4:\"4531\";s:11:\"source_type\";s:13:\"media-library\";}s:65:\"\/\/cdn.npf.ie\/wp-content\/uploads\/0336-Seamus-Hussey.compressed.pdf\";a:2:{s:2:\"id\";s:4:\"4531\";s:11:\"source_type\";s:13:\"media-library\";}s:104:\"\/\/www.npf.ie\/wp-content\/uploads\/2017\/09\/0335-Heather-Burke-Networl-of-Conversation-Salons.compressed.pdf\";a:2:{s:2:\"id\";s:4:\"4530\";s:11:\"source_type\";s:13:\"media-library\";}s:96:\"\/\/cdn.npf.ie\/wp-content\/uploads\/0335-Heather-Burke-Networl-of-Conversation-Salons.compressed.pdf\";a:2:{s:2:\"id\";s:4:\"4530\";s:11:\"source_type\";s:13:\"media-library\";}s:69:\"\/\/www.npf.ie\/wp-content\/uploads\/2017\/09\/0334-Lar-Power.compressed.pdf\";a:2:{s:2:\"id\";s:4:\"4529\";s:11:\"source_type\";s:13:\"media-library\";}s:61:\"\/\/cdn.npf.ie\/wp-content\/uploads\/0334-Lar-Power.compressed.pdf\";a:2:{s:2:\"id\";s:4:\"4529\";s:11:\"source_type\";s:13:\"media-library\";}s:80:\"\/\/www.npf.ie\/wp-content\/uploads\/2017\/09\/0333-Sligo-County-Council.compressed.pdf\";a:2:{s:2:\"id\";s:4:\"4528\";s:11:\"source_type\";s:13:\"media-library\";}s:72:\"\/\/cdn.npf.ie\/wp-content\/uploads\/0333-Sligo-County-Council.compressed.pdf\";a:2:{s:2:\"id\";s:4:\"4528\";s:11:\"source_type\";s:13:\"media-library\";}s:82:\"\/\/www.npf.ie\/wp-content\/uploads\/2017\/09\/0332-Trinity-College-Dublin.compressed.pdf\";a:2:{s:2:\"id\";s:4:\"4527\";s:11:\"source_type\";s:13:\"media-library\";}s:74:\"\/\/cdn.npf.ie\/wp-content\/uploads\/0332-Trinity-College-Dublin.compressed.pdf\";a:2:{s:2:\"id\";s:4:\"4527\";s:11:\"source_type\";s:13:\"media-library\";}s:101:\"\/\/www.npf.ie\/wp-content\/uploads\/2017\/09\/0331-Con-Traas-Irish-Apple-Growers-Association.compressed.pdf\";a:2:{s:2:\"id\";s:4:\"4526\";s:11:\"source_type\";s:13:\"media-library\";}s:93:\"\/\/cdn.npf.ie\/wp-content\/uploads\/0331-Con-Traas-Irish-Apple-Growers-Association.compressed.pdf\";a:2:{s:2:\"id\";s:4:\"4526\";s:11:\"source_type\";s:13:\"media-library\";}s:89:\"\/\/www.npf.ie\/wp-content\/uploads\/2017\/09\/0330-Sligo-PPN-Environment-college.compressed.pdf\";a:2:{s:2:\"id\";s:4:\"4525\";s:11:\"source_type\";s:13:\"media-library\";}s:81:\"\/\/cdn.npf.ie\/wp-content\/uploads\/0330-Sligo-PPN-Environment-college.compressed.pdf\";a:2:{s:2:\"id\";s:4:\"4525\";s:11:\"source_type\";s:13:\"media-library\";}s:94:\"\/\/www.npf.ie\/wp-content\/uploads\/2017\/09\/0329-Sligo-PPN-Social-Inclusion-College.compressed.pdf\";a:2:{s:2:\"id\";s:4:\"4524\";s:11:\"source_type\";s:13:\"media-library\";}s:86:\"\/\/cdn.npf.ie\/wp-content\/uploads\/0329-Sligo-PPN-Social-Inclusion-College.compressed.pdf\";a:2:{s:2:\"id\";s:4:\"4524\";s:11:\"source_type\";s:13:\"media-library\";}s:101:\"\/\/www.npf.ie\/wp-content\/uploads\/2017\/09\/0328-Sligo-PPN-Community-and-Voluntary-College.compressed.pdf\";a:2:{s:2:\"id\";s:4:\"4523\";s:11:\"source_type\";s:13:\"media-library\";}s:93:\"\/\/cdn.npf.ie\/wp-content\/uploads\/0328-Sligo-PPN-Community-and-Voluntary-College.compressed.pdf\";a:2:{s:2:\"id\";s:4:\"4523\";s:11:\"source_type\";s:13:\"media-library\";}s:89:\"\/\/www.npf.ie\/wp-content\/uploads\/2017\/09\/0327-Anthony-Gray-Sligo-Food-Trail.compressed.pdf\";a:2:{s:2:\"id\";s:4:\"4522\";s:11:\"source_type\";s:13:\"media-library\";}s:81:\"\/\/cdn.npf.ie\/wp-content\/uploads\/0327-Anthony-Gray-Sligo-Food-Trail.compressed.pdf\";a:2:{s:2:\"id\";s:4:\"4522\";s:11:\"source_type\";s:13:\"media-library\";}s:71:\"\/\/www.npf.ie\/wp-content\/uploads\/2017\/09\/0326-Irish-Water.compressed.pdf\";a:2:{s:2:\"id\";s:4:\"4521\";s:11:\"source_type\";s:13:\"media-library\";}s:63:\"\/\/cdn.npf.ie\/wp-content\/uploads\/0326-Irish-Water.compressed.pdf\";a:2:{s:2:\"id\";s:4:\"4521\";s:11:\"source_type\";s:13:\"media-library\";}s:79:\"\/\/www.npf.ie\/wp-content\/uploads\/2017\/09\/0325-Letterkenny-Chamber.compressed.pdf\";a:2:{s:2:\"id\";s:4:\"4520\";s:11:\"source_type\";s:13:\"media-library\";}s:71:\"\/\/cdn.npf.ie\/wp-content\/uploads\/0325-Letterkenny-Chamber.compressed.pdf\";a:2:{s:2:\"id\";s:4:\"4520\";s:11:\"source_type\";s:13:\"media-library\";}s:80:\"\/\/www.npf.ie\/wp-content\/uploads\/2017\/09\/0324-Kerry-County-Council.compressed.pdf\";a:2:{s:2:\"id\";s:4:\"4519\";s:11:\"source_type\";s:13:\"media-library\";}s:72:\"\/\/cdn.npf.ie\/wp-content\/uploads\/0324-Kerry-County-Council.compressed.pdf\";a:2:{s:2:\"id\";s:4:\"4519\";s:11:\"source_type\";s:13:\"media-library\";}s:94:\"\/\/www.npf.ie\/wp-content\/uploads\/2017\/09\/0323-Royal-Irish-Academy-re-Archaeology.compressed.pdf\";a:2:{s:2:\"id\";s:4:\"4518\";s:11:\"source_type\";s:13:\"media-library\";}s:86:\"\/\/cdn.npf.ie\/wp-content\/uploads\/0323-Royal-Irish-Academy-re-Archaeology.compressed.pdf\";a:2:{s:2:\"id\";s:4:\"4518\";s:11:\"source_type\";s:13:\"media-library\";}s:71:\"\/\/www.npf.ie\/wp-content\/uploads\/2017\/09\/0322-Wexford-IFA.compressed.pdf\";a:2:{s:2:\"id\";s:4:\"4517\";s:11:\"source_type\";s:13:\"media-library\";}s:63:\"\/\/cdn.npf.ie\/wp-content\/uploads\/0322-Wexford-IFA.compressed.pdf\";a:2:{s:2:\"id\";s:4:\"4517\";s:11:\"source_type\";s:13:\"media-library\";}s:74:\"\/\/www.npf.ie\/wp-content\/uploads\/2017\/09\/0321-Sheila-Convery.compressed.pdf\";a:2:{s:2:\"id\";s:4:\"4516\";s:11:\"source_type\";s:13:\"media-library\";}s:66:\"\/\/cdn.npf.ie\/wp-content\/uploads\/0321-Sheila-Convery.compressed.pdf\";a:2:{s:2:\"id\";s:4:\"4516\";s:11:\"source_type\";s:13:\"media-library\";}s:76:\"\/\/www.npf.ie\/wp-content\/uploads\/2017\/09\/0320-Darragh-Murphy-7.compressed.pdf\";a:2:{s:2:\"id\";s:4:\"4515\";s:11:\"source_type\";s:13:\"media-library\";}s:68:\"\/\/cdn.npf.ie\/wp-content\/uploads\/0320-Darragh-Murphy-7.compressed.pdf\";a:2:{s:2:\"id\";s:4:\"4515\";s:11:\"source_type\";s:13:\"media-library\";}s:76:\"\/\/www.npf.ie\/wp-content\/uploads\/2017\/09\/0319-Darragh-Murphy-6.compressed.pdf\";a:2:{s:2:\"id\";s:4:\"4514\";s:11:\"source_type\";s:13:\"media-library\";}s:68:\"\/\/cdn.npf.ie\/wp-content\/uploads\/0319-Darragh-Murphy-6.compressed.pdf\";a:2:{s:2:\"id\";s:4:\"4514\";s:11:\"source_type\";s:13:\"media-library\";}s:76:\"\/\/www.npf.ie\/wp-content\/uploads\/2017\/09\/0318-Darragh-Murphy-5.compressed.pdf\";a:2:{s:2:\"id\";s:4:\"4513\";s:11:\"source_type\";s:13:\"media-library\";}s:68:\"\/\/cdn.npf.ie\/wp-content\/uploads\/0318-Darragh-Murphy-5.compressed.pdf\";a:2:{s:2:\"id\";s:4:\"4513\";s:11:\"source_type\";s:13:\"media-library\";}s:76:\"\/\/www.npf.ie\/wp-content\/uploads\/2017\/09\/0317-Darragh-Murphy-4.compressed.pdf\";a:2:{s:2:\"id\";s:4:\"4512\";s:11:\"source_type\";s:13:\"media-library\";}s:68:\"\/\/cdn.npf.ie\/wp-content\/uploads\/0317-Darragh-Murphy-4.compressed.pdf\";a:2:{s:2:\"id\";s:4:\"4512\";s:11:\"source_type\";s:13:\"media-library\";}s:76:\"\/\/www.npf.ie\/wp-content\/uploads\/2017\/09\/0316-Darragh-Murphy-3.compressed.pdf\";a:2:{s:2:\"id\";s:4:\"4511\";s:11:\"source_type\";s:13:\"media-library\";}s:68:\"\/\/cdn.npf.ie\/wp-content\/uploads\/0316-Darragh-Murphy-3.compressed.pdf\";a:2:{s:2:\"id\";s:4:\"4511\";s:11:\"source_type\";s:13:\"media-library\";}s:76:\"\/\/www.npf.ie\/wp-content\/uploads\/2017\/09\/0315-Darragh-Murphy-2.compressed.pdf\";a:2:{s:2:\"id\";s:4:\"4510\";s:11:\"source_type\";s:13:\"media-library\";}s:68:\"\/\/cdn.npf.ie\/wp-content\/uploads\/0315-Darragh-Murphy-2.compressed.pdf\";a:2:{s:2:\"id\";s:4:\"4510\";s:11:\"source_type\";s:13:\"media-library\";}s:76:\"\/\/www.npf.ie\/wp-content\/uploads\/2017\/09\/0314-Darragh-Murphy-1.compressed.pdf\";a:2:{s:2:\"id\";s:4:\"4509\";s:11:\"source_type\";s:13:\"media-library\";}s:68:\"\/\/cdn.npf.ie\/wp-content\/uploads\/0314-Darragh-Murphy-1.compressed.pdf\";a:2:{s:2:\"id\";s:4:\"4509\";s:11:\"source_type\";s:13:\"media-library\";}s:71:\"\/\/www.npf.ie\/wp-content\/uploads\/2017\/09\/0313-Lorna-Duffy.compressed.pdf\";a:2:{s:2:\"id\";s:4:\"4508\";s:11:\"source_type\";s:13:\"media-library\";}s:63:\"\/\/cdn.npf.ie\/wp-content\/uploads\/0313-Lorna-Duffy.compressed.pdf\";a:2:{s:2:\"id\";s:4:\"4508\";s:11:\"source_type\";s:13:\"media-library\";}s:63:\"\/\/www.npf.ie\/wp-content\/uploads\/2017\/09\/0312-SSE.compressed.pdf\";a:2:{s:2:\"id\";s:4:\"4507\";s:11:\"source_type\";s:13:\"media-library\";}s:55:\"\/\/cdn.npf.ie\/wp-content\/uploads\/0312-SSE.compressed.pdf\";a:2:{s:2:\"id\";s:4:\"4507\";s:11:\"source_type\";s:13:\"media-library\";}s:67:\"\/\/www.npf.ie\/wp-content\/uploads\/2017\/09\/0311-Cork-IT.compressed.pdf\";a:2:{s:2:\"id\";s:4:\"4506\";s:11:\"source_type\";s:13:\"media-library\";}s:59:\"\/\/cdn.npf.ie\/wp-content\/uploads\/0311-Cork-IT.compressed.pdf\";a:2:{s:2:\"id\";s:4:\"4506\";s:11:\"source_type\";s:13:\"media-library\";}s:76:\"\/\/www.npf.ie\/wp-content\/uploads\/2017\/09\/0310-McDowell-Purcell.compressed.pdf\";a:2:{s:2:\"id\";s:4:\"4505\";s:11:\"source_type\";s:13:\"media-library\";}s:68:\"\/\/cdn.npf.ie\/wp-content\/uploads\/0310-McDowell-Purcell.compressed.pdf\";a:2:{s:2:\"id\";s:4:\"4505\";s:11:\"source_type\";s:13:\"media-library\";}s:93:\"\/\/www.npf.ie\/wp-content\/uploads\/2017\/09\/0309-Inishowen-Development-Partnership.compressed.pdf\";a:2:{s:2:\"id\";s:4:\"4504\";s:11:\"source_type\";s:13:\"media-library\";}s:85:\"\/\/cdn.npf.ie\/wp-content\/uploads\/0309-Inishowen-Development-Partnership.compressed.pdf\";a:2:{s:2:\"id\";s:4:\"4504\";s:11:\"source_type\";s:13:\"media-library\";}s:87:\"\/\/www.npf.ie\/wp-content\/uploads\/2017\/09\/0308-Mid-Ulster-District-Council.compressed.pdf\";a:2:{s:2:\"id\";s:4:\"4503\";s:11:\"source_type\";s:13:\"media-library\";}s:79:\"\/\/cdn.npf.ie\/wp-content\/uploads\/0308-Mid-Ulster-District-Council.compressed.pdf\";a:2:{s:2:\"id\";s:4:\"4503\";s:11:\"source_type\";s:13:\"media-library\";}s:73:\"\/\/www.npf.ie\/wp-content\/uploads\/2017\/09\/0307-Brian-Simpson.compressed.pdf\";a:2:{s:2:\"id\";s:4:\"4502\";s:11:\"source_type\";s:13:\"media-library\";}s:65:\"\/\/cdn.npf.ie\/wp-content\/uploads\/0307-Brian-Simpson.compressed.pdf\";a:2:{s:2:\"id\";s:4:\"4502\";s:11:\"source_type\";s:13:\"media-library\";}s:80:\"\/\/www.npf.ie\/wp-content\/uploads\/2017\/09\/0306-Cavan-County-Council.compressed.pdf\";a:2:{s:2:\"id\";s:4:\"4501\";s:11:\"source_type\";s:13:\"media-library\";}s:72:\"\/\/cdn.npf.ie\/wp-content\/uploads\/0306-Cavan-County-Council.compressed.pdf\";a:2:{s:2:\"id\";s:4:\"4501\";s:11:\"source_type\";s:13:\"media-library\";}s:73:\"\/\/www.npf.ie\/wp-content\/uploads\/2017\/09\/0305-David-OKeeffe.compressed.pdf\";a:2:{s:2:\"id\";s:4:\"4500\";s:11:\"source_type\";s:13:\"media-library\";}s:65:\"\/\/cdn.npf.ie\/wp-content\/uploads\/0305-David-OKeeffe.compressed.pdf\";a:2:{s:2:\"id\";s:4:\"4500\";s:11:\"source_type\";s:13:\"media-library\";}s:78:\"\/\/www.npf.ie\/wp-content\/uploads\/2017\/09\/0304-Marc-Mac-Sharry-TD.compressed.pdf\";a:2:{s:2:\"id\";s:4:\"4499\";s:11:\"source_type\";s:13:\"media-library\";}s:70:\"\/\/cdn.npf.ie\/wp-content\/uploads\/0304-Marc-Mac-Sharry-TD.compressed.pdf\";a:2:{s:2:\"id\";s:4:\"4499\";s:11:\"source_type\";s:13:\"media-library\";}s:79:\"\/\/www.npf.ie\/wp-content\/uploads\/2017\/09\/0303-Anne-Howard-Genvest.compressed.pdf\";a:2:{s:2:\"id\";s:4:\"4498\";s:11:\"source_type\";s:13:\"media-library\";}s:71:\"\/\/cdn.npf.ie\/wp-content\/uploads\/0303-Anne-Howard-Genvest.compressed.pdf\";a:2:{s:2:\"id\";s:4:\"4498\";s:11:\"source_type\";s:13:\"media-library\";}s:115:\"\/\/www.npf.ie\/wp-content\/uploads\/2017\/09\/0302-HSE-Public-Health-Medicine-Environment-and-Health-Group.compressed.pdf\";a:2:{s:2:\"id\";s:4:\"4497\";s:11:\"source_type\";s:13:\"media-library\";}s:107:\"\/\/cdn.npf.ie\/wp-content\/uploads\/0302-HSE-Public-Health-Medicine-Environment-and-Health-Group.compressed.pdf\";a:2:{s:2:\"id\";s:4:\"4497\";s:11:\"source_type\";s:13:\"media-library\";}s:64:\"\/\/www.npf.ie\/wp-content\/uploads\/2017\/09\/0301-ETBI.compressed.pdf\";a:2:{s:2:\"id\";s:4:\"4496\";s:11:\"source_type\";s:13:\"media-library\";}s:56:\"\/\/cdn.npf.ie\/wp-content\/uploads\/0301-ETBI.compressed.pdf\";a:2:{s:2:\"id\";s:4:\"4496\";s:11:\"source_type\";s:13:\"media-library\";}s:79:\"\/\/www.npf.ie\/wp-content\/uploads\/2017\/09\/0300-Cllr-Martina-Kinane.compressed.pdf\";a:2:{s:2:\"id\";s:4:\"4495\";s:11:\"source_type\";s:13:\"media-library\";}s:71:\"\/\/cdn.npf.ie\/wp-content\/uploads\/0300-Cllr-Martina-Kinane.compressed.pdf\";a:2:{s:2:\"id\";s:4:\"4495\";s:11:\"source_type\";s:13:\"media-library\";}s:74:\"\/\/www.npf.ie\/wp-content\/uploads\/2017\/09\/0299-Darragh-Murphy.compressed.pdf\";a:2:{s:2:\"id\";s:4:\"4494\";s:11:\"source_type\";s:13:\"media-library\";}s:66:\"\/\/cdn.npf.ie\/wp-content\/uploads\/0299-Darragh-Murphy.compressed.pdf\";a:2:{s:2:\"id\";s:4:\"4494\";s:11:\"source_type\";s:13:\"media-library\";}s:74:\"\/\/www.npf.ie\/wp-content\/uploads\/2017\/09\/0298-Tipperary-LCDC.compressed.pdf\";a:2:{s:2:\"id\";s:4:\"4493\";s:11:\"source_type\";s:13:\"media-library\";}s:66:\"\/\/cdn.npf.ie\/wp-content\/uploads\/0298-Tipperary-LCDC.compressed.pdf\";a:2:{s:2:\"id\";s:4:\"4493\";s:11:\"source_type\";s:13:\"media-library\";}s:71:\"\/\/www.npf.ie\/wp-content\/uploads\/2017\/09\/0297-Eamon-Nolan.compressed.pdf\";a:2:{s:2:\"id\";s:4:\"4492\";s:11:\"source_type\";s:13:\"media-library\";}s:63:\"\/\/cdn.npf.ie\/wp-content\/uploads\/0297-Eamon-Nolan.compressed.pdf\";a:2:{s:2:\"id\";s:4:\"4492\";s:11:\"source_type\";s:13:\"media-library\";}s:81:\"\/\/www.npf.ie\/wp-content\/uploads\/2017\/09\/0296-Waterford-Civic-Trust.compressed.pdf\";a:2:{s:2:\"id\";s:4:\"4491\";s:11:\"source_type\";s:13:\"media-library\";}s:73:\"\/\/cdn.npf.ie\/wp-content\/uploads\/0296-Waterford-Civic-Trust.compressed.pdf\";a:2:{s:2:\"id\";s:4:\"4491\";s:11:\"source_type\";s:13:\"media-library\";}s:97:\"\/\/www.npf.ie\/wp-content\/uploads\/2017\/09\/0295-Senan-Cooke-Communities-Creating-Jobs.compressed.pdf\";a:2:{s:2:\"id\";s:4:\"4490\";s:11:\"source_type\";s:13:\"media-library\";}s:89:\"\/\/cdn.npf.ie\/wp-content\/uploads\/0295-Senan-Cooke-Communities-Creating-Jobs.compressed.pdf\";a:2:{s:2:\"id\";s:4:\"4490\";s:11:\"source_type\";s:13:\"media-library\";}s:94:\"\/\/www.npf.ie\/wp-content\/uploads\/2017\/09\/0294-Traveller-Health-Unit-HSE-Mid-West.compressed.pdf\";a:2:{s:2:\"id\";s:4:\"4489\";s:11:\"source_type\";s:13:\"media-library\";}s:86:\"\/\/cdn.npf.ie\/wp-content\/uploads\/0294-Traveller-Health-Unit-HSE-Mid-West.compressed.pdf\";a:2:{s:2:\"id\";s:4:\"4489\";s:11:\"source_type\";s:13:\"media-library\";}s:89:\"\/\/www.npf.ie\/wp-content\/uploads\/2017\/09\/0293-Cork-County-Cork-City-Council.compressed.pdf\";a:2:{s:2:\"id\";s:4:\"4488\";s:11:\"source_type\";s:13:\"media-library\";}s:81:\"\/\/cdn.npf.ie\/wp-content\/uploads\/0293-Cork-County-Cork-City-Council.compressed.pdf\";a:2:{s:2:\"id\";s:4:\"4488\";s:11:\"source_type\";s:13:\"media-library\";}s:77:\"\/\/www.npf.ie\/wp-content\/uploads\/2017\/09\/0292-Waterford-Chamber.compressed.pdf\";a:2:{s:2:\"id\";s:4:\"4487\";s:11:\"source_type\";s:13:\"media-library\";}s:69:\"\/\/cdn.npf.ie\/wp-content\/uploads\/0292-Waterford-Chamber.compressed.pdf\";a:2:{s:2:\"id\";s:4:\"4487\";s:11:\"source_type\";s:13:\"media-library\";}s:106:\"\/\/www.npf.ie\/wp-content\/uploads\/2017\/09\/0291-Sheila-Deegan-Limerick-City-and-County-Council.compressed.pdf\";a:2:{s:2:\"id\";s:4:\"4486\";s:11:\"source_type\";s:13:\"media-library\";}s:98:\"\/\/cdn.npf.ie\/wp-content\/uploads\/0291-Sheila-Deegan-Limerick-City-and-County-Council.compressed.pdf\";a:2:{s:2:\"id\";s:4:\"4486\";s:11:\"source_type\";s:13:\"media-library\";}s:97:\"\/\/www.npf.ie\/wp-content\/uploads\/2017\/09\/0290-Eastern-and-Midland-Regional-Assembly.compressed.pdf\";a:2:{s:2:\"id\";s:4:\"4485\";s:11:\"source_type\";s:13:\"media-library\";}s:89:\"\/\/cdn.npf.ie\/wp-content\/uploads\/0290-Eastern-and-Midland-Regional-Assembly.compressed.pdf\";a:2:{s:2:\"id\";s:4:\"4485\";s:11:\"source_type\";s:13:\"media-library\";}s:72:\"\/\/www.npf.ie\/wp-content\/uploads\/2017\/09\/0289-Cheeverstown.compressed.pdf\";a:2:{s:2:\"id\";s:4:\"4484\";s:11:\"source_type\";s:13:\"media-library\";}s:64:\"\/\/cdn.npf.ie\/wp-content\/uploads\/0289-Cheeverstown.compressed.pdf\";a:2:{s:2:\"id\";s:4:\"4484\";s:11:\"source_type\";s:13:\"media-library\";}s:73:\"\/\/www.npf.ie\/wp-content\/uploads\/2017\/09\/0288-ICMOS-Ireland.compressed.pdf\";a:2:{s:2:\"id\";s:4:\"4483\";s:11:\"source_type\";s:13:\"media-library\";}s:65:\"\/\/cdn.npf.ie\/wp-content\/uploads\/0288-ICMOS-Ireland.compressed.pdf\";a:2:{s:2:\"id\";s:4:\"4483\";s:11:\"source_type\";s:13:\"media-library\";}s:77:\"\/\/www.npf.ie\/wp-content\/uploads\/2017\/09\/0287-Mattie-McGrath-TD.compressed.pdf\";a:2:{s:2:\"id\";s:4:\"4482\";s:11:\"source_type\";s:13:\"media-library\";}s:69:\"\/\/cdn.npf.ie\/wp-content\/uploads\/0287-Mattie-McGrath-TD.compressed.pdf\";a:2:{s:2:\"id\";s:4:\"4482\";s:11:\"source_type\";s:13:\"media-library\";}s:70:\"\/\/www.npf.ie\/wp-content\/uploads\/2017\/09\/0286-Carlow-PPN.compressed.pdf\";a:2:{s:2:\"id\";s:4:\"4481\";s:11:\"source_type\";s:13:\"media-library\";}s:62:\"\/\/cdn.npf.ie\/wp-content\/uploads\/0286-Carlow-PPN.compressed.pdf\";a:2:{s:2:\"id\";s:4:\"4481\";s:11:\"source_type\";s:13:\"media-library\";}s:98:\"\/\/www.npf.ie\/wp-content\/uploads\/2017\/09\/0285-Breda-Campion-Johnstown-Active-Retired.compressed.pdf\";a:2:{s:2:\"id\";s:4:\"4480\";s:11:\"source_type\";s:13:\"media-library\";}s:90:\"\/\/cdn.npf.ie\/wp-content\/uploads\/0285-Breda-Campion-Johnstown-Active-Retired.compressed.pdf\";a:2:{s:2:\"id\";s:4:\"4480\";s:11:\"source_type\";s:13:\"media-library\";}s:119:\"\/\/www.npf.ie\/wp-content\/uploads\/2017\/09\/0284-E-Monks-The-Irish-Electromagnetic-Radiation-Victims-Network.compressed.pdf\";a:2:{s:2:\"id\";s:4:\"4479\";s:11:\"source_type\";s:13:\"media-library\";}s:111:\"\/\/cdn.npf.ie\/wp-content\/uploads\/0284-E-Monks-The-Irish-Electromagnetic-Radiation-Victims-Network.compressed.pdf\";a:2:{s:2:\"id\";s:4:\"4479\";s:11:\"source_type\";s:13:\"media-library\";}s:77:\"\/\/www.npf.ie\/wp-content\/uploads\/2017\/09\/0283-Gerry-McCormack-2.compressed.pdf\";a:2:{s:2:\"id\";s:4:\"4478\";s:11:\"source_type\";s:13:\"media-library\";}s:69:\"\/\/cdn.npf.ie\/wp-content\/uploads\/0283-Gerry-McCormack-2.compressed.pdf\";a:2:{s:2:\"id\";s:4:\"4478\";s:11:\"source_type\";s:13:\"media-library\";}s:98:\"\/\/www.npf.ie\/wp-content\/uploads\/2017\/09\/0282-Western-Inter-County-Railway-Committee.compressed.pdf\";a:2:{s:2:\"id\";s:4:\"4477\";s:11:\"source_type\";s:13:\"media-library\";}s:90:\"\/\/cdn.npf.ie\/wp-content\/uploads\/0282-Western-Inter-County-Railway-Committee.compressed.pdf\";a:2:{s:2:\"id\";s:4:\"4477\";s:11:\"source_type\";s:13:\"media-library\";}s:73:\"\/\/www.npf.ie\/wp-content\/uploads\/2017\/09\/0281-Garrett-Fox-2.compressed.pdf\";a:2:{s:2:\"id\";s:4:\"4476\";s:11:\"source_type\";s:13:\"media-library\";}s:65:\"\/\/cdn.npf.ie\/wp-content\/uploads\/0281-Garrett-Fox-2.compressed.pdf\";a:2:{s:2:\"id\";s:4:\"4476\";s:11:\"source_type\";s:13:\"media-library\";}s:73:\"\/\/www.npf.ie\/wp-content\/uploads\/2017\/09\/0280-James-Harnett.compressed.pdf\";a:2:{s:2:\"id\";s:4:\"4475\";s:11:\"source_type\";s:13:\"media-library\";}s:65:\"\/\/cdn.npf.ie\/wp-content\/uploads\/0280-James-Harnett.compressed.pdf\";a:2:{s:2:\"id\";s:4:\"4475\";s:11:\"source_type\";s:13:\"media-library\";}s:76:\"\/\/www.npf.ie\/wp-content\/uploads\/2017\/09\/0279-Future-Analytics.compressed.pdf\";a:2:{s:2:\"id\";s:4:\"4474\";s:11:\"source_type\";s:13:\"media-library\";}s:68:\"\/\/cdn.npf.ie\/wp-content\/uploads\/0279-Future-Analytics.compressed.pdf\";a:2:{s:2:\"id\";s:4:\"4474\";s:11:\"source_type\";s:13:\"media-library\";}s:89:\"\/\/www.npf.ie\/wp-content\/uploads\/2017\/09\/0278-Mid-West-Limerick-City-Region.compressed.pdf\";a:2:{s:2:\"id\";s:4:\"4473\";s:11:\"source_type\";s:13:\"media-library\";}s:81:\"\/\/cdn.npf.ie\/wp-content\/uploads\/0278-Mid-West-Limerick-City-Region.compressed.pdf\";a:2:{s:2:\"id\";s:4:\"4473\";s:11:\"source_type\";s:13:\"media-library\";}s:76:\"\/\/www.npf.ie\/wp-content\/uploads\/2017\/09\/0277-Lakeland-Dairies.compressed.pdf\";a:2:{s:2:\"id\";s:4:\"4472\";s:11:\"source_type\";s:13:\"media-library\";}s:68:\"\/\/cdn.npf.ie\/wp-content\/uploads\/0277-Lakeland-Dairies.compressed.pdf\";a:2:{s:2:\"id\";s:4:\"4472\";s:11:\"source_type\";s:13:\"media-library\";}s:92:\"\/\/www.npf.ie\/wp-content\/uploads\/2017\/09\/0276-Transport-Infrastructure-Ireland.compressed.pdf\";a:2:{s:2:\"id\";s:4:\"4471\";s:11:\"source_type\";s:13:\"media-library\";}s:84:\"\/\/cdn.npf.ie\/wp-content\/uploads\/0276-Transport-Infrastructure-Ireland.compressed.pdf\";a:2:{s:2:\"id\";s:4:\"4471\";s:11:\"source_type\";s:13:\"media-library\";}s:95:\"\/\/www.npf.ie\/wp-content\/uploads\/2017\/09\/0275-Association-of-Town-City-Management.compressed.pdf\";a:2:{s:2:\"id\";s:4:\"4470\";s:11:\"source_type\";s:13:\"media-library\";}s:87:\"\/\/cdn.npf.ie\/wp-content\/uploads\/0275-Association-of-Town-City-Management.compressed.pdf\";a:2:{s:2:\"id\";s:4:\"4470\";s:11:\"source_type\";s:13:\"media-library\";}s:59:\"\/\/www.npf.ie\/wp-content\/uploads\/2017\/09\/0273-Mark-Keogh.pdf\";a:2:{s:2:\"id\";s:4:\"4468\";s:11:\"source_type\";s:13:\"media-library\";}s:51:\"\/\/cdn.npf.ie\/wp-content\/uploads\/0273-Mark-Keogh.pdf\";a:2:{s:2:\"id\";s:4:\"4468\";s:11:\"source_type\";s:13:\"media-library\";}s:82:\"\/\/www.npf.ie\/wp-content\/uploads\/2017\/09\/0272-McDonald-International.compressed.pdf\";a:2:{s:2:\"id\";s:4:\"4467\";s:11:\"source_type\";s:13:\"media-library\";}s:74:\"\/\/cdn.npf.ie\/wp-content\/uploads\/0272-McDonald-International.compressed.pdf\";a:2:{s:2:\"id\";s:4:\"4467\";s:11:\"source_type\";s:13:\"media-library\";}s:64:\"\/\/www.npf.ie\/wp-content\/uploads\/2017\/09\/0271-RGFI.compressed.pdf\";a:2:{s:2:\"id\";s:4:\"4466\";s:11:\"source_type\";s:13:\"media-library\";}s:56:\"\/\/cdn.npf.ie\/wp-content\/uploads\/0271-RGFI.compressed.pdf\";a:2:{s:2:\"id\";s:4:\"4466\";s:11:\"source_type\";s:13:\"media-library\";}s:68:\"\/\/www.npf.ie\/wp-content\/uploads\/2017\/09\/0270-SUSTINEO.compressed.pdf\";a:2:{s:2:\"id\";s:4:\"4465\";s:11:\"source_type\";s:13:\"media-library\";}s:60:\"\/\/cdn.npf.ie\/wp-content\/uploads\/0270-SUSTINEO.compressed.pdf\";a:2:{s:2:\"id\";s:4:\"4465\";s:11:\"source_type\";s:13:\"media-library\";}s:89:\"\/\/www.npf.ie\/wp-content\/uploads\/2017\/09\/0269-Quinn-Industrial-Holdings-DAC.compressed.pdf\";a:2:{s:2:\"id\";s:4:\"4464\";s:11:\"source_type\";s:13:\"media-library\";}s:81:\"\/\/cdn.npf.ie\/wp-content\/uploads\/0269-Quinn-Industrial-Holdings-DAC.compressed.pdf\";a:2:{s:2:\"id\";s:4:\"4464\";s:11:\"source_type\";s:13:\"media-library\";}s:65:\"\/\/www.npf.ie\/wp-content\/uploads\/2017\/09\/0268-Sacyr.compressed.pdf\";a:2:{s:2:\"id\";s:4:\"4463\";s:11:\"source_type\";s:13:\"media-library\";}s:57:\"\/\/cdn.npf.ie\/wp-content\/uploads\/0268-Sacyr.compressed.pdf\";a:2:{s:2:\"id\";s:4:\"4463\";s:11:\"source_type\";s:13:\"media-library\";}s:94:\"\/\/www.npf.ie\/wp-content\/uploads\/2017\/09\/0267-Tobacco-Free-Ireland-Programme-HSE.compressed.pdf\";a:2:{s:2:\"id\";s:4:\"4462\";s:11:\"source_type\";s:13:\"media-library\";}s:86:\"\/\/cdn.npf.ie\/wp-content\/uploads\/0267-Tobacco-Free-Ireland-Programme-HSE.compressed.pdf\";a:2:{s:2:\"id\";s:4:\"4462\";s:11:\"source_type\";s:13:\"media-library\";}s:102:\"\/\/www.npf.ie\/wp-content\/uploads\/2017\/09\/0266-St.-Patricks-N.S.-Strangsmills-Kilmacow-KB.compressed.pdf\";a:2:{s:2:\"id\";s:4:\"4461\";s:11:\"source_type\";s:13:\"media-library\";}s:94:\"\/\/cdn.npf.ie\/wp-content\/uploads\/0266-St.-Patricks-N.S.-Strangsmills-Kilmacow-KB.compressed.pdf\";a:2:{s:2:\"id\";s:4:\"4461\";s:11:\"source_type\";s:13:\"media-library\";}s:67:\"\/\/www.npf.ie\/wp-content\/uploads\/2017\/09\/0265-DCU-ICT.compressed.pdf\";a:2:{s:2:\"id\";s:4:\"4460\";s:11:\"source_type\";s:13:\"media-library\";}s:59:\"\/\/cdn.npf.ie\/wp-content\/uploads\/0265-DCU-ICT.compressed.pdf\";a:2:{s:2:\"id\";s:4:\"4460\";s:11:\"source_type\";s:13:\"media-library\";}s:105:\"\/\/www.npf.ie\/wp-content\/uploads\/2017\/09\/0264-Cork-Branch-Construction-Industry-Federation..compressed.pdf\";a:2:{s:2:\"id\";s:4:\"4459\";s:11:\"source_type\";s:13:\"media-library\";}s:97:\"\/\/cdn.npf.ie\/wp-content\/uploads\/0264-Cork-Branch-Construction-Industry-Federation..compressed.pdf\";a:2:{s:2:\"id\";s:4:\"4459\";s:11:\"source_type\";s:13:\"media-library\";}s:70:\"\/\/www.npf.ie\/wp-content\/uploads\/2017\/09\/0263-Clare-LCDC.compressed.pdf\";a:2:{s:2:\"id\";s:4:\"4458\";s:11:\"source_type\";s:13:\"media-library\";}s:62:\"\/\/cdn.npf.ie\/wp-content\/uploads\/0263-Clare-LCDC.compressed.pdf\";a:2:{s:2:\"id\";s:4:\"4458\";s:11:\"source_type\";s:13:\"media-library\";}s:80:\"\/\/www.npf.ie\/wp-content\/uploads\/2017\/09\/0262-Cavan-County-Council.compressed.pdf\";a:2:{s:2:\"id\";s:4:\"4457\";s:11:\"source_type\";s:13:\"media-library\";}s:72:\"\/\/cdn.npf.ie\/wp-content\/uploads\/0262-Cavan-County-Council.compressed.pdf\";a:2:{s:2:\"id\";s:4:\"4457\";s:11:\"source_type\";s:13:\"media-library\";}s:74:\"\/\/www.npf.ie\/wp-content\/uploads\/2017\/09\/0261-Midland-Travel.compressed.pdf\";a:2:{s:2:\"id\";s:4:\"4456\";s:11:\"source_type\";s:13:\"media-library\";}s:66:\"\/\/cdn.npf.ie\/wp-content\/uploads\/0261-Midland-Travel.compressed.pdf\";a:2:{s:2:\"id\";s:4:\"4456\";s:11:\"source_type\";s:13:\"media-library\";}s:77:\"\/\/www.npf.ie\/wp-content\/uploads\/2017\/09\/0260-Cllr-Peter-Feeney.compressed.pdf\";a:2:{s:2:\"id\";s:4:\"4455\";s:11:\"source_type\";s:13:\"media-library\";}s:69:\"\/\/cdn.npf.ie\/wp-content\/uploads\/0260-Cllr-Peter-Feeney.compressed.pdf\";a:2:{s:2:\"id\";s:4:\"4455\";s:11:\"source_type\";s:13:\"media-library\";}s:75:\"\/\/www.npf.ie\/wp-content\/uploads\/2017\/09\/0259-Dr-Owen-Douglas.compressed.pdf\";a:2:{s:2:\"id\";s:4:\"4454\";s:11:\"source_type\";s:13:\"media-library\";}s:67:\"\/\/cdn.npf.ie\/wp-content\/uploads\/0259-Dr-Owen-Douglas.compressed.pdf\";a:2:{s:2:\"id\";s:4:\"4454\";s:11:\"source_type\";s:13:\"media-library\";}s:97:\"\/\/www.npf.ie\/wp-content\/uploads\/2017\/09\/0258-Pavee-Point-Traveller-and-Roma-Centre.compressed.pdf\";a:2:{s:2:\"id\";s:4:\"4453\";s:11:\"source_type\";s:13:\"media-library\";}s:89:\"\/\/cdn.npf.ie\/wp-content\/uploads\/0258-Pavee-Point-Traveller-and-Roma-Centre.compressed.pdf\";a:2:{s:2:\"id\";s:4:\"4453\";s:11:\"source_type\";s:13:\"media-library\";}s:75:\"\/\/www.npf.ie\/wp-content\/uploads\/2017\/09\/0257-Margaret-OBrien.compressed.pdf\";a:2:{s:2:\"id\";s:4:\"4452\";s:11:\"source_type\";s:13:\"media-library\";}s:67:\"\/\/cdn.npf.ie\/wp-content\/uploads\/0257-Margaret-OBrien.compressed.pdf\";a:2:{s:2:\"id\";s:4:\"4452\";s:11:\"source_type\";s:13:\"media-library\";}s:107:\"\/\/www.npf.ie\/wp-content\/uploads\/2017\/09\/0256-Cllr.-Tom\u2020s-Breathnach-Cllr.-Maurice-Shortall.compressed.pdf\";a:2:{s:2:\"id\";s:4:\"4451\";s:11:\"source_type\";s:13:\"media-library\";}s:99:\"\/\/cdn.npf.ie\/wp-content\/uploads\/0256-Cllr.-Tom\u2020s-Breathnach-Cllr.-Maurice-Shortall.compressed.pdf\";a:2:{s:2:\"id\";s:4:\"4451\";s:11:\"source_type\";s:13:\"media-library\";}s:75:\"\/\/www.npf.ie\/wp-content\/uploads\/2017\/09\/0255-Brendan-Donohoe.compressed.pdf\";a:2:{s:2:\"id\";s:4:\"4450\";s:11:\"source_type\";s:13:\"media-library\";}s:67:\"\/\/cdn.npf.ie\/wp-content\/uploads\/0255-Brendan-Donohoe.compressed.pdf\";a:2:{s:2:\"id\";s:4:\"4450\";s:11:\"source_type\";s:13:\"media-library\";}s:83:\"\/\/www.npf.ie\/wp-content\/uploads\/2017\/09\/0254-Galway-Educate-Together.compressed.pdf\";a:2:{s:2:\"id\";s:4:\"4449\";s:11:\"source_type\";s:13:\"media-library\";}s:75:\"\/\/cdn.npf.ie\/wp-content\/uploads\/0254-Galway-Educate-Together.compressed.pdf\";a:2:{s:2:\"id\";s:4:\"4449\";s:11:\"source_type\";s:13:\"media-library\";}s:87:\"\/\/www.npf.ie\/wp-content\/uploads\/2017\/09\/0253-Shannon-Foynes-Port-Company.compressed.pdf\";a:2:{s:2:\"id\";s:4:\"4448\";s:11:\"source_type\";s:13:\"media-library\";}s:79:\"\/\/cdn.npf.ie\/wp-content\/uploads\/0253-Shannon-Foynes-Port-Company.compressed.pdf\";a:2:{s:2:\"id\";s:4:\"4448\";s:11:\"source_type\";s:13:\"media-library\";}s:78:\"\/\/www.npf.ie\/wp-content\/uploads\/2017\/09\/0252-Samaritans-Ireland.compressed.pdf\";a:2:{s:2:\"id\";s:4:\"4447\";s:11:\"source_type\";s:13:\"media-library\";}s:70:\"\/\/cdn.npf.ie\/wp-content\/uploads\/0252-Samaritans-Ireland.compressed.pdf\";a:2:{s:2:\"id\";s:4:\"4447\";s:11:\"source_type\";s:13:\"media-library\";}s:76:\"\/\/www.npf.ie\/wp-content\/uploads\/2017\/09\/0251-Westpark-Shannon.compressed.pdf\";a:2:{s:2:\"id\";s:4:\"4446\";s:11:\"source_type\";s:13:\"media-library\";}s:68:\"\/\/cdn.npf.ie\/wp-content\/uploads\/0251-Westpark-Shannon.compressed.pdf\";a:2:{s:2:\"id\";s:4:\"4446\";s:11:\"source_type\";s:13:\"media-library\";}s:82:\"\/\/www.npf.ie\/wp-content\/uploads\/2017\/09\/0250-University-of-Limerick.compressed.pdf\";a:2:{s:2:\"id\";s:4:\"4445\";s:11:\"source_type\";s:13:\"media-library\";}s:74:\"\/\/cdn.npf.ie\/wp-content\/uploads\/0250-University-of-Limerick.compressed.pdf\";a:2:{s:2:\"id\";s:4:\"4445\";s:11:\"source_type\";s:13:\"media-library\";}s:88:\"\/\/www.npf.ie\/wp-content\/uploads\/2017\/09\/0249-Irish-Green-Building-Council.compressed.pdf\";a:2:{s:2:\"id\";s:4:\"4444\";s:11:\"source_type\";s:13:\"media-library\";}s:80:\"\/\/cdn.npf.ie\/wp-content\/uploads\/0249-Irish-Green-Building-Council.compressed.pdf\";a:2:{s:2:\"id\";s:4:\"4444\";s:11:\"source_type\";s:13:\"media-library\";}s:85:\"\/\/www.npf.ie\/wp-content\/uploads\/2017\/09\/0248-Irish-Concrete-Federation.compressed.pdf\";a:2:{s:2:\"id\";s:4:\"4443\";s:11:\"source_type\";s:13:\"media-library\";}s:77:\"\/\/cdn.npf.ie\/wp-content\/uploads\/0248-Irish-Concrete-Federation.compressed.pdf\";a:2:{s:2:\"id\";s:4:\"4443\";s:11:\"source_type\";s:13:\"media-library\";}s:92:\"\/\/www.npf.ie\/wp-content\/uploads\/2017\/09\/0247-Institute-of-Tech-Blanchardstown.compressed.pdf\";a:2:{s:2:\"id\";s:4:\"4442\";s:11:\"source_type\";s:13:\"media-library\";}s:84:\"\/\/cdn.npf.ie\/wp-content\/uploads\/0247-Institute-of-Tech-Blanchardstown.compressed.pdf\";a:2:{s:2:\"id\";s:4:\"4442\";s:11:\"source_type\";s:13:\"media-library\";}s:77:\"\/\/www.npf.ie\/wp-content\/uploads\/2017\/09\/0246-Inlcusion-Ireland.compressed.pdf\";a:2:{s:2:\"id\";s:4:\"4441\";s:11:\"source_type\";s:13:\"media-library\";}s:69:\"\/\/cdn.npf.ie\/wp-content\/uploads\/0246-Inlcusion-Ireland.compressed.pdf\";a:2:{s:2:\"id\";s:4:\"4441\";s:11:\"source_type\";s:13:\"media-library\";}s:101:\"\/\/www.npf.ie\/wp-content\/uploads\/2017\/09\/0245-Kilcloon-Environmental-Action-Association.compressed.pdf\";a:2:{s:2:\"id\";s:4:\"4440\";s:11:\"source_type\";s:13:\"media-library\";}s:93:\"\/\/cdn.npf.ie\/wp-content\/uploads\/0245-Kilcloon-Environmental-Action-Association.compressed.pdf\";a:2:{s:2:\"id\";s:4:\"4440\";s:11:\"source_type\";s:13:\"media-library\";}s:77:\"\/\/www.npf.ie\/wp-content\/uploads\/2017\/09\/0244-Veronica-Conlan-2.compressed.pdf\";a:2:{s:2:\"id\";s:4:\"4439\";s:11:\"source_type\";s:13:\"media-library\";}s:69:\"\/\/cdn.npf.ie\/wp-content\/uploads\/0244-Veronica-Conlan-2.compressed.pdf\";a:2:{s:2:\"id\";s:4:\"4439\";s:11:\"source_type\";s:13:\"media-library\";}s:77:\"\/\/www.npf.ie\/wp-content\/uploads\/2017\/09\/0243-Veronica-Conlan-1.compressed.pdf\";a:2:{s:2:\"id\";s:4:\"4438\";s:11:\"source_type\";s:13:\"media-library\";}s:69:\"\/\/cdn.npf.ie\/wp-content\/uploads\/0243-Veronica-Conlan-1.compressed.pdf\";a:2:{s:2:\"id\";s:4:\"4438\";s:11:\"source_type\";s:13:\"media-library\";}s:89:\"\/\/www.npf.ie\/wp-content\/uploads\/2017\/09\/0242-Wellman-International-Limited.compressed.pdf\";a:2:{s:2:\"id\";s:4:\"4437\";s:11:\"source_type\";s:13:\"media-library\";}s:81:\"\/\/cdn.npf.ie\/wp-content\/uploads\/0242-Wellman-International-Limited.compressed.pdf\";a:2:{s:2:\"id\";s:4:\"4437\";s:11:\"source_type\";s:13:\"media-library\";}s:74:\"\/\/www.npf.ie\/wp-content\/uploads\/2017\/09\/0241-Shane-McIntyre.compressed.pdf\";a:2:{s:2:\"id\";s:4:\"4436\";s:11:\"source_type\";s:13:\"media-library\";}s:66:\"\/\/cdn.npf.ie\/wp-content\/uploads\/0241-Shane-McIntyre.compressed.pdf\";a:2:{s:2:\"id\";s:4:\"4436\";s:11:\"source_type\";s:13:\"media-library\";}s:84:\"\/\/www.npf.ie\/wp-content\/uploads\/2017\/09\/0240-Roscommon-County-Council.compressed.pdf\";a:2:{s:2:\"id\";s:4:\"4435\";s:11:\"source_type\";s:13:\"media-library\";}s:76:\"\/\/cdn.npf.ie\/wp-content\/uploads\/0240-Roscommon-County-Council.compressed.pdf\";a:2:{s:2:\"id\";s:4:\"4435\";s:11:\"source_type\";s:13:\"media-library\";}s:77:\"\/\/www.npf.ie\/wp-content\/uploads\/2017\/09\/0239-Robert-Fitzgerald.compressed.pdf\";a:2:{s:2:\"id\";s:4:\"4434\";s:11:\"source_type\";s:13:\"media-library\";}s:69:\"\/\/cdn.npf.ie\/wp-content\/uploads\/0239-Robert-Fitzgerald.compressed.pdf\";a:2:{s:2:\"id\";s:4:\"4434\";s:11:\"source_type\";s:13:\"media-library\";}s:70:\"\/\/www.npf.ie\/wp-content\/uploads\/2017\/09\/0238-Paul-Nolan.compressed.pdf\";a:2:{s:2:\"id\";s:4:\"4433\";s:11:\"source_type\";s:13:\"media-library\";}s:62:\"\/\/cdn.npf.ie\/wp-content\/uploads\/0238-Paul-Nolan.compressed.pdf\";a:2:{s:2:\"id\";s:4:\"4433\";s:11:\"source_type\";s:13:\"media-library\";}s:88:\"\/\/www.npf.ie\/wp-content\/uploads\/2017\/09\/0237-No-Fry-Zone-4-Kids-Committee.compressed.pdf\";a:2:{s:2:\"id\";s:4:\"4432\";s:11:\"source_type\";s:13:\"media-library\";}s:80:\"\/\/cdn.npf.ie\/wp-content\/uploads\/0237-No-Fry-Zone-4-Kids-Committee.compressed.pdf\";a:2:{s:2:\"id\";s:4:\"4432\";s:11:\"source_type\";s:13:\"media-library\";}s:70:\"\/\/www.npf.ie\/wp-content\/uploads\/2017\/09\/0236-Liz-OBrien.compressed.pdf\";a:2:{s:2:\"id\";s:4:\"4431\";s:11:\"source_type\";s:13:\"media-library\";}s:62:\"\/\/cdn.npf.ie\/wp-content\/uploads\/0236-Liz-OBrien.compressed.pdf\";a:2:{s:2:\"id\";s:4:\"4431\";s:11:\"source_type\";s:13:\"media-library\";}s:69:\"\/\/www.npf.ie\/wp-content\/uploads\/2017\/09\/0235-Alan-Hand.compressed.pdf\";a:2:{s:2:\"id\";s:4:\"4430\";s:11:\"source_type\";s:13:\"media-library\";}s:61:\"\/\/cdn.npf.ie\/wp-content\/uploads\/0235-Alan-Hand.compressed.pdf\";a:2:{s:2:\"id\";s:4:\"4430\";s:11:\"source_type\";s:13:\"media-library\";}s:92:\"\/\/www.npf.ie\/wp-content\/uploads\/2017\/09\/0234-Monard-Concerned-Residents-Group.compressed.pdf\";a:2:{s:2:\"id\";s:4:\"4429\";s:11:\"source_type\";s:13:\"media-library\";}s:84:\"\/\/cdn.npf.ie\/wp-content\/uploads\/0234-Monard-Concerned-Residents-Group.compressed.pdf\";a:2:{s:2:\"id\";s:4:\"4429\";s:11:\"source_type\";s:13:\"media-library\";}s:80:\"\/\/www.npf.ie\/wp-content\/uploads\/2017\/09\/0233-Cllr-Andrew-Montague.compressed.pdf\";a:2:{s:2:\"id\";s:4:\"4428\";s:11:\"source_type\";s:13:\"media-library\";}s:72:\"\/\/cdn.npf.ie\/wp-content\/uploads\/0233-Cllr-Andrew-Montague.compressed.pdf\";a:2:{s:2:\"id\";s:4:\"4428\";s:11:\"source_type\";s:13:\"media-library\";}s:91:\"\/\/www.npf.ie\/wp-content\/uploads\/2017\/09\/0232-Climate-Change-Advisory-Council.compressed.pdf\";a:2:{s:2:\"id\";s:4:\"4427\";s:11:\"source_type\";s:13:\"media-library\";}s:83:\"\/\/cdn.npf.ie\/wp-content\/uploads\/0232-Climate-Change-Advisory-Council.compressed.pdf\";a:2:{s:2:\"id\";s:4:\"4427\";s:11:\"source_type\";s:13:\"media-library\";}s:82:\"\/\/www.npf.ie\/wp-content\/uploads\/2017\/09\/0231-David-Hughes-Architect.compressed.pdf\";a:2:{s:2:\"id\";s:4:\"4426\";s:11:\"source_type\";s:13:\"media-library\";}s:74:\"\/\/cdn.npf.ie\/wp-content\/uploads\/0231-David-Hughes-Architect.compressed.pdf\";a:2:{s:2:\"id\";s:4:\"4426\";s:11:\"source_type\";s:13:\"media-library\";}s:90:\"\/\/www.npf.ie\/wp-content\/uploads\/2017\/09\/0230-Institute-of-Technology-Carlow.compressed.pdf\";a:2:{s:2:\"id\";s:4:\"4425\";s:11:\"source_type\";s:13:\"media-library\";}s:82:\"\/\/cdn.npf.ie\/wp-content\/uploads\/0230-Institute-of-Technology-Carlow.compressed.pdf\";a:2:{s:2:\"id\";s:4:\"4425\";s:11:\"source_type\";s:13:\"media-library\";}s:78:\"\/\/www.npf.ie\/wp-content\/uploads\/2017\/09\/0229-Cllr-John-Naughten.compressed.pdf\";a:2:{s:2:\"id\";s:4:\"4424\";s:11:\"source_type\";s:13:\"media-library\";}s:70:\"\/\/cdn.npf.ie\/wp-content\/uploads\/0229-Cllr-John-Naughten.compressed.pdf\";a:2:{s:2:\"id\";s:4:\"4424\";s:11:\"source_type\";s:13:\"media-library\";}s:65:\"\/\/www.npf.ie\/wp-content\/uploads\/2017\/09\/0228-CORPO.compressed.pdf\";a:2:{s:2:\"id\";s:4:\"4423\";s:11:\"source_type\";s:13:\"media-library\";}s:57:\"\/\/cdn.npf.ie\/wp-content\/uploads\/0228-CORPO.compressed.pdf\";a:2:{s:2:\"id\";s:4:\"4423\";s:11:\"source_type\";s:13:\"media-library\";}s:80:\"\/\/www.npf.ie\/wp-content\/uploads\/2017\/09\/0227-Cllr-Fidelis-Doherty.compressed.pdf\";a:2:{s:2:\"id\";s:4:\"4422\";s:11:\"source_type\";s:13:\"media-library\";}s:72:\"\/\/cdn.npf.ie\/wp-content\/uploads\/0227-Cllr-Fidelis-Doherty.compressed.pdf\";a:2:{s:2:\"id\";s:4:\"4422\";s:11:\"source_type\";s:13:\"media-library\";}s:73:\"\/\/www.npf.ie\/wp-content\/uploads\/2017\/09\/0226-Gladys-Bowles.compressed.pdf\";a:2:{s:2:\"id\";s:4:\"4421\";s:11:\"source_type\";s:13:\"media-library\";}s:65:\"\/\/cdn.npf.ie\/wp-content\/uploads\/0226-Gladys-Bowles.compressed.pdf\";a:2:{s:2:\"id\";s:4:\"4421\";s:11:\"source_type\";s:13:\"media-library\";}s:88:\"\/\/www.npf.ie\/wp-content\/uploads\/2017\/09\/0225-Irish-Academy-of-Engineering.compressed.pdf\";a:2:{s:2:\"id\";s:4:\"4420\";s:11:\"source_type\";s:13:\"media-library\";}s:80:\"\/\/cdn.npf.ie\/wp-content\/uploads\/0225-Irish-Academy-of-Engineering.compressed.pdf\";a:2:{s:2:\"id\";s:4:\"4420\";s:11:\"source_type\";s:13:\"media-library\";}s:90:\"\/\/www.npf.ie\/wp-content\/uploads\/2017\/09\/0224-Dublin-Institute-of-Technology.compressed.pdf\";a:2:{s:2:\"id\";s:4:\"4419\";s:11:\"source_type\";s:13:\"media-library\";}s:82:\"\/\/cdn.npf.ie\/wp-content\/uploads\/0224-Dublin-Institute-of-Technology.compressed.pdf\";a:2:{s:2:\"id\";s:4:\"4419\";s:11:\"source_type\";s:13:\"media-library\";}s:75:\"\/\/www.npf.ie\/wp-content\/uploads\/2017\/09\/0223-David-Cullinane.compressed.pdf\";a:2:{s:2:\"id\";s:4:\"4418\";s:11:\"source_type\";s:13:\"media-library\";}s:67:\"\/\/cdn.npf.ie\/wp-content\/uploads\/0223-David-Cullinane.compressed.pdf\";a:2:{s:2:\"id\";s:4:\"4418\";s:11:\"source_type\";s:13:\"media-library\";}s:71:\"\/\/www.npf.ie\/wp-content\/uploads\/2017\/09\/0222-Mike-Molloy.compressed.pdf\";a:2:{s:2:\"id\";s:4:\"4417\";s:11:\"source_type\";s:13:\"media-library\";}s:63:\"\/\/cdn.npf.ie\/wp-content\/uploads\/0222-Mike-Molloy.compressed.pdf\";a:2:{s:2:\"id\";s:4:\"4417\";s:11:\"source_type\";s:13:\"media-library\";}s:90:\"\/\/www.npf.ie\/wp-content\/uploads\/2017\/09\/0221-All-Ireland-Smart-Cities-Forum.compressed.pdf\";a:2:{s:2:\"id\";s:4:\"4416\";s:11:\"source_type\";s:13:\"media-library\";}s:82:\"\/\/cdn.npf.ie\/wp-content\/uploads\/0221-All-Ireland-Smart-Cities-Forum.compressed.pdf\";a:2:{s:2:\"id\";s:4:\"4416\";s:11:\"source_type\";s:13:\"media-library\";}s:75:\"\/\/www.npf.ie\/wp-content\/uploads\/2017\/09\/0220-Gerald-McCarthy.compressed.pdf\";a:2:{s:2:\"id\";s:4:\"4415\";s:11:\"source_type\";s:13:\"media-library\";}s:67:\"\/\/cdn.npf.ie\/wp-content\/uploads\/0220-Gerald-McCarthy.compressed.pdf\";a:2:{s:2:\"id\";s:4:\"4415\";s:11:\"source_type\";s:13:\"media-library\";}s:79:\"\/\/www.npf.ie\/wp-content\/uploads\/2017\/09\/0219-Claremorris-Chamber.compressed.pdf\";a:2:{s:2:\"id\";s:4:\"4414\";s:11:\"source_type\";s:13:\"media-library\";}s:71:\"\/\/cdn.npf.ie\/wp-content\/uploads\/0219-Claremorris-Chamber.compressed.pdf\";a:2:{s:2:\"id\";s:4:\"4414\";s:11:\"source_type\";s:13:\"media-library\";}s:72:\"\/\/www.npf.ie\/wp-content\/uploads\/2017\/09\/0218-Holly-Hickey.compressed.pdf\";a:2:{s:2:\"id\";s:4:\"4413\";s:11:\"source_type\";s:13:\"media-library\";}s:64:\"\/\/cdn.npf.ie\/wp-content\/uploads\/0218-Holly-Hickey.compressed.pdf\";a:2:{s:2:\"id\";s:4:\"4413\";s:11:\"source_type\";s:13:\"media-library\";}s:74:\"\/\/www.npf.ie\/wp-content\/uploads\/2017\/09\/0217-Stephen-Cooney.compressed.pdf\";a:2:{s:2:\"id\";s:4:\"4412\";s:11:\"source_type\";s:13:\"media-library\";}s:66:\"\/\/cdn.npf.ie\/wp-content\/uploads\/0217-Stephen-Cooney.compressed.pdf\";a:2:{s:2:\"id\";s:4:\"4412\";s:11:\"source_type\";s:13:\"media-library\";}s:108:\"\/\/www.npf.ie\/wp-content\/uploads\/2017\/09\/0216-Kilkenny-and-Carlow-Education-and-Training-Board.compressed.pdf\";a:2:{s:2:\"id\";s:4:\"4411\";s:11:\"source_type\";s:13:\"media-library\";}s:100:\"\/\/cdn.npf.ie\/wp-content\/uploads\/0216-Kilkenny-and-Carlow-Education-and-Training-Board.compressed.pdf\";a:2:{s:2:\"id\";s:4:\"4411\";s:11:\"source_type\";s:13:\"media-library\";}s:73:\"\/\/www.npf.ie\/wp-content\/uploads\/2017\/09\/0215-Dr-Brid-Quinn.compressed.pdf\";a:2:{s:2:\"id\";s:4:\"4410\";s:11:\"source_type\";s:13:\"media-library\";}s:65:\"\/\/cdn.npf.ie\/wp-content\/uploads\/0215-Dr-Brid-Quinn.compressed.pdf\";a:2:{s:2:\"id\";s:4:\"4410\";s:11:\"source_type\";s:13:\"media-library\";}s:77:\"\/\/www.npf.ie\/wp-content\/uploads\/2017\/09\/0214-Dr-Warren-Whitney.compressed.pdf\";a:2:{s:2:\"id\";s:4:\"4409\";s:11:\"source_type\";s:13:\"media-library\";}s:69:\"\/\/cdn.npf.ie\/wp-content\/uploads\/0214-Dr-Warren-Whitney.compressed.pdf\";a:2:{s:2:\"id\";s:4:\"4409\";s:11:\"source_type\";s:13:\"media-library\";}s:83:\"\/\/www.npf.ie\/wp-content\/uploads\/2017\/09\/0213-Traolach-\u2021-Fionn\u2020in.compressed.pdf\";a:2:{s:2:\"id\";s:4:\"4408\";s:11:\"source_type\";s:13:\"media-library\";}s:75:\"\/\/cdn.npf.ie\/wp-content\/uploads\/0213-Traolach-\u2021-Fionn\u2020in.compressed.pdf\";a:2:{s:2:\"id\";s:4:\"4408\";s:11:\"source_type\";s:13:\"media-library\";}s:75:\"\/\/www.npf.ie\/wp-content\/uploads\/2017\/09\/0212-Siobhan-Carroll.compressed.pdf\";a:2:{s:2:\"id\";s:4:\"4407\";s:11:\"source_type\";s:13:\"media-library\";}s:67:\"\/\/cdn.npf.ie\/wp-content\/uploads\/0212-Siobhan-Carroll.compressed.pdf\";a:2:{s:2:\"id\";s:4:\"4407\";s:11:\"source_type\";s:13:\"media-library\";}s:70:\"\/\/www.npf.ie\/wp-content\/uploads\/2017\/09\/0211-Maud-Conry.compressed.pdf\";a:2:{s:2:\"id\";s:4:\"4406\";s:11:\"source_type\";s:13:\"media-library\";}s:62:\"\/\/cdn.npf.ie\/wp-content\/uploads\/0211-Maud-Conry.compressed.pdf\";a:2:{s:2:\"id\";s:4:\"4406\";s:11:\"source_type\";s:13:\"media-library\";}s:118:\"\/\/www.npf.ie\/wp-content\/uploads\/2017\/09\/0210-Research-Education-Foundation-at-Sligo-University-Hospital.compressed.pdf\";a:2:{s:2:\"id\";s:4:\"4405\";s:11:\"source_type\";s:13:\"media-library\";}s:110:\"\/\/cdn.npf.ie\/wp-content\/uploads\/0210-Research-Education-Foundation-at-Sligo-University-Hospital.compressed.pdf\";a:2:{s:2:\"id\";s:4:\"4405\";s:11:\"source_type\";s:13:\"media-library\";}s:74:\"\/\/www.npf.ie\/wp-content\/uploads\/2017\/09\/0209-Crystal-Leiker.compressed.pdf\";a:2:{s:2:\"id\";s:4:\"4404\";s:11:\"source_type\";s:13:\"media-library\";}s:66:\"\/\/cdn.npf.ie\/wp-content\/uploads\/0209-Crystal-Leiker.compressed.pdf\";a:2:{s:2:\"id\";s:4:\"4404\";s:11:\"source_type\";s:13:\"media-library\";}s:73:\"\/\/www.npf.ie\/wp-content\/uploads\/2017\/09\/0208-Michael-Boyle.compressed.pdf\";a:2:{s:2:\"id\";s:4:\"4403\";s:11:\"source_type\";s:13:\"media-library\";}s:65:\"\/\/cdn.npf.ie\/wp-content\/uploads\/0208-Michael-Boyle.compressed.pdf\";a:2:{s:2:\"id\";s:4:\"4403\";s:11:\"source_type\";s:13:\"media-library\";}s:83:\"\/\/www.npf.ie\/wp-content\/uploads\/2017\/09\/0207-University-College-Cork.compressed.pdf\";a:2:{s:2:\"id\";s:4:\"4402\";s:11:\"source_type\";s:13:\"media-library\";}s:75:\"\/\/cdn.npf.ie\/wp-content\/uploads\/0207-University-College-Cork.compressed.pdf\";a:2:{s:2:\"id\";s:4:\"4402\";s:11:\"source_type\";s:13:\"media-library\";}s:76:\"\/\/www.npf.ie\/wp-content\/uploads\/2017\/09\/0206-Michael-McCarthy.compressed.pdf\";a:2:{s:2:\"id\";s:4:\"4401\";s:11:\"source_type\";s:13:\"media-library\";}s:68:\"\/\/cdn.npf.ie\/wp-content\/uploads\/0206-Michael-McCarthy.compressed.pdf\";a:2:{s:2:\"id\";s:4:\"4401\";s:11:\"source_type\";s:13:\"media-library\";}s:102:\"\/\/www.npf.ie\/wp-content\/uploads\/2017\/09\/0205-Elected-Members-of-Longford-County-Council.compressed.pdf\";a:2:{s:2:\"id\";s:4:\"4400\";s:11:\"source_type\";s:13:\"media-library\";}s:94:\"\/\/cdn.npf.ie\/wp-content\/uploads\/0205-Elected-Members-of-Longford-County-Council.compressed.pdf\";a:2:{s:2:\"id\";s:4:\"4400\";s:11:\"source_type\";s:13:\"media-library\";}s:70:\"\/\/www.npf.ie\/wp-content\/uploads\/2017\/09\/0204-Fit-it-Out.compressed.pdf\";a:2:{s:2:\"id\";s:4:\"4399\";s:11:\"source_type\";s:13:\"media-library\";}s:62:\"\/\/cdn.npf.ie\/wp-content\/uploads\/0204-Fit-it-Out.compressed.pdf\";a:2:{s:2:\"id\";s:4:\"4399\";s:11:\"source_type\";s:13:\"media-library\";}s:102:\"\/\/www.npf.ie\/wp-content\/uploads\/2017\/09\/0203-Elected-Members-of-Kilkenny-County-Council.compressed.pdf\";a:2:{s:2:\"id\";s:4:\"4398\";s:11:\"source_type\";s:13:\"media-library\";}s:94:\"\/\/cdn.npf.ie\/wp-content\/uploads\/0203-Elected-Members-of-Kilkenny-County-Council.compressed.pdf\";a:2:{s:2:\"id\";s:4:\"4398\";s:11:\"source_type\";s:13:\"media-library\";}s:84:\"\/\/www.npf.ie\/wp-content\/uploads\/2017\/09\/0202-Inland-Fisheries-Ireland.compressed.pdf\";a:2:{s:2:\"id\";s:4:\"4397\";s:11:\"source_type\";s:13:\"media-library\";}s:76:\"\/\/cdn.npf.ie\/wp-content\/uploads\/0202-Inland-Fisheries-Ireland.compressed.pdf\";a:2:{s:2:\"id\";s:4:\"4397\";s:11:\"source_type\";s:13:\"media-library\";}s:79:\"\/\/www.npf.ie\/wp-content\/uploads\/2017\/09\/0201-InGranite-Recon-Ltd.compressed.pdf\";a:2:{s:2:\"id\";s:4:\"4396\";s:11:\"source_type\";s:13:\"media-library\";}s:71:\"\/\/cdn.npf.ie\/wp-content\/uploads\/0201-InGranite-Recon-Ltd.compressed.pdf\";a:2:{s:2:\"id\";s:4:\"4396\";s:11:\"source_type\";s:13:\"media-library\";}s:69:\"\/\/www.npf.ie\/wp-content\/uploads\/2017\/09\/0200-KCLR-96FM.compressed.pdf\";a:2:{s:2:\"id\";s:4:\"4395\";s:11:\"source_type\";s:13:\"media-library\";}s:61:\"\/\/cdn.npf.ie\/wp-content\/uploads\/0200-KCLR-96FM.compressed.pdf\";a:2:{s:2:\"id\";s:4:\"4395\";s:11:\"source_type\";s:13:\"media-library\";}s:74:\"\/\/www.npf.ie\/wp-content\/uploads\/2017\/09\/0199-Mollin-Estates.compressed.pdf\";a:2:{s:2:\"id\";s:4:\"4394\";s:11:\"source_type\";s:13:\"media-library\";}s:66:\"\/\/cdn.npf.ie\/wp-content\/uploads\/0199-Mollin-Estates.compressed.pdf\";a:2:{s:2:\"id\";s:4:\"4394\";s:11:\"source_type\";s:13:\"media-library\";}s:89:\"\/\/www.npf.ie\/wp-content\/uploads\/2017\/09\/0198-Molloy-Environmental-Services.compressed.pdf\";a:2:{s:2:\"id\";s:4:\"4393\";s:11:\"source_type\";s:13:\"media-library\";}s:81:\"\/\/cdn.npf.ie\/wp-content\/uploads\/0198-Molloy-Environmental-Services.compressed.pdf\";a:2:{s:2:\"id\";s:4:\"4393\";s:11:\"source_type\";s:13:\"media-library\";}s:79:\"\/\/www.npf.ie\/wp-content\/uploads\/2017\/09\/0197-Mullingar-Chamber-1.compressed.pdf\";a:2:{s:2:\"id\";s:4:\"4392\";s:11:\"source_type\";s:13:\"media-library\";}s:71:\"\/\/cdn.npf.ie\/wp-content\/uploads\/0197-Mullingar-Chamber-1.compressed.pdf\";a:2:{s:2:\"id\";s:4:\"4392\";s:11:\"source_type\";s:13:\"media-library\";}s:82:\"\/\/www.npf.ie\/wp-content\/uploads\/2017\/09\/0196-OCG-Office-Centres-Ltd.compressed.pdf\";a:2:{s:2:\"id\";s:4:\"4391\";s:11:\"source_type\";s:13:\"media-library\";}s:74:\"\/\/cdn.npf.ie\/wp-content\/uploads\/0196-OCG-Office-Centres-Ltd.compressed.pdf\";a:2:{s:2:\"id\";s:4:\"4391\";s:11:\"source_type\";s:13:\"media-library\";}s:102:\"\/\/www.npf.ie\/wp-content\/uploads\/2017\/09\/0195-SLR-on-behalf-of-Port-of-Waterford-Company.compressed.pdf\";a:2:{s:2:\"id\";s:4:\"4390\";s:11:\"source_type\";s:13:\"media-library\";}s:94:\"\/\/cdn.npf.ie\/wp-content\/uploads\/0195-SLR-on-behalf-of-Port-of-Waterford-Company.compressed.pdf\";a:2:{s:2:\"id\";s:4:\"4390\";s:11:\"source_type\";s:13:\"media-library\";}s:104:\"\/\/www.npf.ie\/wp-content\/uploads\/2017\/09\/0194-Association-of-Local-Authority-Arts-Officers.compressed.pdf\";a:2:{s:2:\"id\";s:4:\"4389\";s:11:\"source_type\";s:13:\"media-library\";}s:96:\"\/\/cdn.npf.ie\/wp-content\/uploads\/0194-Association-of-Local-Authority-Arts-Officers.compressed.pdf\";a:2:{s:2:\"id\";s:4:\"4389\";s:11:\"source_type\";s:13:\"media-library\";}s:85:\"\/\/www.npf.ie\/wp-content\/uploads\/2017\/09\/0193-Dick-Gleeson-Trinity-Haus.compressed.pdf\";a:2:{s:2:\"id\";s:4:\"4388\";s:11:\"source_type\";s:13:\"media-library\";}s:77:\"\/\/cdn.npf.ie\/wp-content\/uploads\/0193-Dick-Gleeson-Trinity-Haus.compressed.pdf\";a:2:{s:2:\"id\";s:4:\"4388\";s:11:\"source_type\";s:13:\"media-library\";}s:72:\"\/\/www.npf.ie\/wp-content\/uploads\/2017\/09\/0192-Evan-Keating.compressed.pdf\";a:2:{s:2:\"id\";s:4:\"4387\";s:11:\"source_type\";s:13:\"media-library\";}s:64:\"\/\/cdn.npf.ie\/wp-content\/uploads\/0192-Evan-Keating.compressed.pdf\";a:2:{s:2:\"id\";s:4:\"4387\";s:11:\"source_type\";s:13:\"media-library\";}s:72:\"\/\/www.npf.ie\/wp-content\/uploads\/2017\/09\/0191-John-McGowan.compressed.pdf\";a:2:{s:2:\"id\";s:4:\"4386\";s:11:\"source_type\";s:13:\"media-library\";}s:64:\"\/\/cdn.npf.ie\/wp-content\/uploads\/0191-John-McGowan.compressed.pdf\";a:2:{s:2:\"id\";s:4:\"4386\";s:11:\"source_type\";s:13:\"media-library\";}s:74:\"\/\/www.npf.ie\/wp-content\/uploads\/2017\/09\/0190-Kelpac-Medical.compressed.pdf\";a:2:{s:2:\"id\";s:4:\"4385\";s:11:\"source_type\";s:13:\"media-library\";}s:66:\"\/\/cdn.npf.ie\/wp-content\/uploads\/0190-Kelpac-Medical.compressed.pdf\";a:2:{s:2:\"id\";s:4:\"4385\";s:11:\"source_type\";s:13:\"media-library\";}s:97:\"\/\/www.npf.ie\/wp-content\/uploads\/2017\/09\/0189-Eastern-and-Midland-Regional-Assembly.compressed.pdf\";a:2:{s:2:\"id\";s:4:\"4384\";s:11:\"source_type\";s:13:\"media-library\";}s:89:\"\/\/cdn.npf.ie\/wp-content\/uploads\/0189-Eastern-and-Midland-Regional-Assembly.compressed.pdf\";a:2:{s:2:\"id\";s:4:\"4384\";s:11:\"source_type\";s:13:\"media-library\";}s:104:\"\/\/www.npf.ie\/wp-content\/uploads\/2017\/09\/0188-Department-of-AgricultureFood-and-the-Marine.compressed.pdf\";a:2:{s:2:\"id\";s:4:\"4383\";s:11:\"source_type\";s:13:\"media-library\";}s:96:\"\/\/cdn.npf.ie\/wp-content\/uploads\/0188-Department-of-AgricultureFood-and-the-Marine.compressed.pdf\";a:2:{s:2:\"id\";s:4:\"4383\";s:11:\"source_type\";s:13:\"media-library\";}s:95:\"\/\/www.npf.ie\/wp-content\/uploads\/2017\/09\/0187-Northern-Ireland-Environment-Agency.compressed.pdf\";a:2:{s:2:\"id\";s:4:\"4382\";s:11:\"source_type\";s:13:\"media-library\";}s:87:\"\/\/cdn.npf.ie\/wp-content\/uploads\/0187-Northern-Ireland-Environment-Agency.compressed.pdf\";a:2:{s:2:\"id\";s:4:\"4382\";s:11:\"source_type\";s:13:\"media-library\";}s:75:\"\/\/www.npf.ie\/wp-content\/uploads\/2017\/09\/0186-Fixmyi-Wireless.compressed.pdf\";a:2:{s:2:\"id\";s:4:\"4381\";s:11:\"source_type\";s:13:\"media-library\";}s:67:\"\/\/cdn.npf.ie\/wp-content\/uploads\/0186-Fixmyi-Wireless.compressed.pdf\";a:2:{s:2:\"id\";s:4:\"4381\";s:11:\"source_type\";s:13:\"media-library\";}s:103:\"\/\/www.npf.ie\/wp-content\/uploads\/2017\/09\/0185-Clare-CC-LIT-and-the-Limerick-and-Clare-ETB.compressed.pdf\";a:2:{s:2:\"id\";s:4:\"4380\";s:11:\"source_type\";s:13:\"media-library\";}s:95:\"\/\/cdn.npf.ie\/wp-content\/uploads\/0185-Clare-CC-LIT-and-the-Limerick-and-Clare-ETB.compressed.pdf\";a:2:{s:2:\"id\";s:4:\"4380\";s:11:\"source_type\";s:13:\"media-library\";}s:68:\"\/\/www.npf.ie\/wp-content\/uploads\/2017\/09\/0184-ASTR-Ltd.compressed.pdf\";a:2:{s:2:\"id\";s:4:\"4379\";s:11:\"source_type\";s:13:\"media-library\";}s:60:\"\/\/cdn.npf.ie\/wp-content\/uploads\/0184-ASTR-Ltd.compressed.pdf\";a:2:{s:2:\"id\";s:4:\"4379\";s:11:\"source_type\";s:13:\"media-library\";}s:78:\"\/\/www.npf.ie\/wp-content\/uploads\/2017\/09\/0183-Tullamore-Hardware.compressed.pdf\";a:2:{s:2:\"id\";s:4:\"4378\";s:11:\"source_type\";s:13:\"media-library\";}s:70:\"\/\/cdn.npf.ie\/wp-content\/uploads\/0183-Tullamore-Hardware.compressed.pdf\";a:2:{s:2:\"id\";s:4:\"4378\";s:11:\"source_type\";s:13:\"media-library\";}s:109:\"\/\/www.npf.ie\/wp-content\/uploads\/2017\/09\/0182-Brigid-Murphy-Ballyragget-Development-Association.compressed.pdf\";a:2:{s:2:\"id\";s:4:\"4377\";s:11:\"source_type\";s:13:\"media-library\";}s:101:\"\/\/cdn.npf.ie\/wp-content\/uploads\/0182-Brigid-Murphy-Ballyragget-Development-Association.compressed.pdf\";a:2:{s:2:\"id\";s:4:\"4377\";s:11:\"source_type\";s:13:\"media-library\";}s:78:\"\/\/www.npf.ie\/wp-content\/uploads\/2017\/09\/0181-Miriam-Fitzpatrick.compressed.pdf\";a:2:{s:2:\"id\";s:4:\"4376\";s:11:\"source_type\";s:13:\"media-library\";}s:70:\"\/\/cdn.npf.ie\/wp-content\/uploads\/0181-Miriam-Fitzpatrick.compressed.pdf\";a:2:{s:2:\"id\";s:4:\"4376\";s:11:\"source_type\";s:13:\"media-library\";}s:80:\"\/\/www.npf.ie\/wp-content\/uploads\/2017\/09\/0180-Coughlan-Engineering.compressed.pdf\";a:2:{s:2:\"id\";s:4:\"4375\";s:11:\"source_type\";s:13:\"media-library\";}s:72:\"\/\/cdn.npf.ie\/wp-content\/uploads\/0180-Coughlan-Engineering.compressed.pdf\";a:2:{s:2:\"id\";s:4:\"4375\";s:11:\"source_type\";s:13:\"media-library\";}s:68:\"\/\/www.npf.ie\/wp-content\/uploads\/2017\/09\/0179-E-Hunter.compressed.pdf\";a:2:{s:2:\"id\";s:4:\"4374\";s:11:\"source_type\";s:13:\"media-library\";}s:60:\"\/\/cdn.npf.ie\/wp-content\/uploads\/0179-E-Hunter.compressed.pdf\";a:2:{s:2:\"id\";s:4:\"4374\";s:11:\"source_type\";s:13:\"media-library\";}s:73:\"\/\/www.npf.ie\/wp-content\/uploads\/2017\/09\/0178-Bart-Zdrojowy.compressed.pdf\";a:2:{s:2:\"id\";s:4:\"4373\";s:11:\"source_type\";s:13:\"media-library\";}s:65:\"\/\/cdn.npf.ie\/wp-content\/uploads\/0178-Bart-Zdrojowy.compressed.pdf\";a:2:{s:2:\"id\";s:4:\"4373\";s:11:\"source_type\";s:13:\"media-library\";}s:77:\"\/\/www.npf.ie\/wp-content\/uploads\/2017\/09\/0177-Diarmuid-Kennelly.compressed.pdf\";a:2:{s:2:\"id\";s:4:\"4372\";s:11:\"source_type\";s:13:\"media-library\";}s:69:\"\/\/cdn.npf.ie\/wp-content\/uploads\/0177-Diarmuid-Kennelly.compressed.pdf\";a:2:{s:2:\"id\";s:4:\"4372\";s:11:\"source_type\";s:13:\"media-library\";}s:77:\"\/\/www.npf.ie\/wp-content\/uploads\/2017\/09\/0176-Lorraine-Sheridan.compressed.pdf\";a:2:{s:2:\"id\";s:4:\"4371\";s:11:\"source_type\";s:13:\"media-library\";}s:69:\"\/\/cdn.npf.ie\/wp-content\/uploads\/0176-Lorraine-Sheridan.compressed.pdf\";a:2:{s:2:\"id\";s:4:\"4371\";s:11:\"source_type\";s:13:\"media-library\";}s:77:\"\/\/www.npf.ie\/wp-content\/uploads\/2017\/09\/0175-Tullamore-Chamber.compressed.pdf\";a:2:{s:2:\"id\";s:4:\"4370\";s:11:\"source_type\";s:13:\"media-library\";}s:69:\"\/\/cdn.npf.ie\/wp-content\/uploads\/0175-Tullamore-Chamber.compressed.pdf\";a:2:{s:2:\"id\";s:4:\"4370\";s:11:\"source_type\";s:13:\"media-library\";}s:100:\"\/\/www.npf.ie\/wp-content\/uploads\/2017\/09\/0174-Patrick-C-Horan-Co-Chartered-Accountants.compressed.pdf\";a:2:{s:2:\"id\";s:4:\"4369\";s:11:\"source_type\";s:13:\"media-library\";}s:92:\"\/\/cdn.npf.ie\/wp-content\/uploads\/0174-Patrick-C-Horan-Co-Chartered-Accountants.compressed.pdf\";a:2:{s:2:\"id\";s:4:\"4369\";s:11:\"source_type\";s:13:\"media-library\";}s:73:\"\/\/www.npf.ie\/wp-content\/uploads\/2017\/09\/0173-Vincent-Roche.compressed.pdf\";a:2:{s:2:\"id\";s:4:\"4368\";s:11:\"source_type\";s:13:\"media-library\";}s:65:\"\/\/cdn.npf.ie\/wp-content\/uploads\/0173-Vincent-Roche.compressed.pdf\";a:2:{s:2:\"id\";s:4:\"4368\";s:11:\"source_type\";s:13:\"media-library\";}s:72:\"\/\/www.npf.ie\/wp-content\/uploads\/2017\/09\/0172-Seamus-Kelly.compressed.pdf\";a:2:{s:2:\"id\";s:4:\"4367\";s:11:\"source_type\";s:13:\"media-library\";}s:64:\"\/\/cdn.npf.ie\/wp-content\/uploads\/0172-Seamus-Kelly.compressed.pdf\";a:2:{s:2:\"id\";s:4:\"4367\";s:11:\"source_type\";s:13:\"media-library\";}s:72:\"\/\/www.npf.ie\/wp-content\/uploads\/2017\/09\/0171-Gerard-Buggy.compressed.pdf\";a:2:{s:2:\"id\";s:4:\"4366\";s:11:\"source_type\";s:13:\"media-library\";}s:64:\"\/\/cdn.npf.ie\/wp-content\/uploads\/0171-Gerard-Buggy.compressed.pdf\";a:2:{s:2:\"id\";s:4:\"4366\";s:11:\"source_type\";s:13:\"media-library\";}s:69:\"\/\/www.npf.ie\/wp-content\/uploads\/2017\/09\/0170-Ray-Breen.compressed.pdf\";a:2:{s:2:\"id\";s:4:\"4365\";s:11:\"source_type\";s:13:\"media-library\";}s:61:\"\/\/cdn.npf.ie\/wp-content\/uploads\/0170-Ray-Breen.compressed.pdf\";a:2:{s:2:\"id\";s:4:\"4365\";s:11:\"source_type\";s:13:\"media-library\";}s:72:\"\/\/www.npf.ie\/wp-content\/uploads\/2017\/09\/0169-Kilkenny-IFA.compressed.pdf\";a:2:{s:2:\"id\";s:4:\"4364\";s:11:\"source_type\";s:13:\"media-library\";}s:64:\"\/\/cdn.npf.ie\/wp-content\/uploads\/0169-Kilkenny-IFA.compressed.pdf\";a:2:{s:2:\"id\";s:4:\"4364\";s:11:\"source_type\";s:13:\"media-library\";}s:92:\"\/\/www.npf.ie\/wp-content\/uploads\/2017\/09\/0168-Construction-Industry-Federation.compressed.pdf\";a:2:{s:2:\"id\";s:4:\"4363\";s:11:\"source_type\";s:13:\"media-library\";}s:84:\"\/\/cdn.npf.ie\/wp-content\/uploads\/0168-Construction-Industry-Federation.compressed.pdf\";a:2:{s:2:\"id\";s:4:\"4363\";s:11:\"source_type\";s:13:\"media-library\";}s:87:\"\/\/www.npf.ie\/wp-content\/uploads\/2017\/09\/0167-South-Dublin-County-Council.compressed.pdf\";a:2:{s:2:\"id\";s:4:\"4362\";s:11:\"source_type\";s:13:\"media-library\";}s:79:\"\/\/cdn.npf.ie\/wp-content\/uploads\/0167-South-Dublin-County-Council.compressed.pdf\";a:2:{s:2:\"id\";s:4:\"4362\";s:11:\"source_type\";s:13:\"media-library\";}s:72:\"\/\/www.npf.ie\/wp-content\/uploads\/2017\/09\/0166-John-Cuddihy.compressed.pdf\";a:2:{s:2:\"id\";s:4:\"4361\";s:11:\"source_type\";s:13:\"media-library\";}s:64:\"\/\/cdn.npf.ie\/wp-content\/uploads\/0166-John-Cuddihy.compressed.pdf\";a:2:{s:2:\"id\";s:4:\"4361\";s:11:\"source_type\";s:13:\"media-library\";}s:101:\"\/\/www.npf.ie\/wp-content\/uploads\/2017\/09\/0165-FLAME-Former-Local-Authority-Members-Eire.compressed.pdf\";a:2:{s:2:\"id\";s:4:\"4360\";s:11:\"source_type\";s:13:\"media-library\";}s:93:\"\/\/cdn.npf.ie\/wp-content\/uploads\/0165-FLAME-Former-Local-Authority-Members-Eire.compressed.pdf\";a:2:{s:2:\"id\";s:4:\"4360\";s:11:\"source_type\";s:13:\"media-library\";}s:85:\"\/\/www.npf.ie\/wp-content\/uploads\/2017\/09\/0164-Hamilton-Young-Architects.compressed.pdf\";a:2:{s:2:\"id\";s:4:\"4359\";s:11:\"source_type\";s:13:\"media-library\";}s:77:\"\/\/cdn.npf.ie\/wp-content\/uploads\/0164-Hamilton-Young-Architects.compressed.pdf\";a:2:{s:2:\"id\";s:4:\"4359\";s:11:\"source_type\";s:13:\"media-library\";}s:108:\"\/\/www.npf.ie\/wp-content\/uploads\/2017\/09\/0163-Gerry-Galvin-Pat-Sexton-Tom-Maher-Vincent-Hussey.compressed.pdf\";a:2:{s:2:\"id\";s:4:\"4358\";s:11:\"source_type\";s:13:\"media-library\";}s:100:\"\/\/cdn.npf.ie\/wp-content\/uploads\/0163-Gerry-Galvin-Pat-Sexton-Tom-Maher-Vincent-Hussey.compressed.pdf\";a:2:{s:2:\"id\";s:4:\"4358\";s:11:\"source_type\";s:13:\"media-library\";}s:74:\"\/\/www.npf.ie\/wp-content\/uploads\/2017\/09\/0162-Adrian-OKeeffe.compressed.pdf\";a:2:{s:2:\"id\";s:4:\"4357\";s:11:\"source_type\";s:13:\"media-library\";}s:66:\"\/\/cdn.npf.ie\/wp-content\/uploads\/0162-Adrian-OKeeffe.compressed.pdf\";a:2:{s:2:\"id\";s:4:\"4357\";s:11:\"source_type\";s:13:\"media-library\";}s:86:\"\/\/www.npf.ie\/wp-content\/uploads\/2017\/09\/0161-National-Sculpture-Factory.compressed.pdf\";a:2:{s:2:\"id\";s:4:\"4356\";s:11:\"source_type\";s:13:\"media-library\";}s:78:\"\/\/cdn.npf.ie\/wp-content\/uploads\/0161-National-Sculpture-Factory.compressed.pdf\";a:2:{s:2:\"id\";s:4:\"4356\";s:11:\"source_type\";s:13:\"media-library\";}s:88:\"\/\/www.npf.ie\/wp-content\/uploads\/2017\/09\/0160-Kilkenny-GAA-Supporters-Club.compressed.pdf\";a:2:{s:2:\"id\";s:4:\"4355\";s:11:\"source_type\";s:13:\"media-library\";}s:80:\"\/\/cdn.npf.ie\/wp-content\/uploads\/0160-Kilkenny-GAA-Supporters-Club.compressed.pdf\";a:2:{s:2:\"id\";s:4:\"4355\";s:11:\"source_type\";s:13:\"media-library\";}s:83:\"\/\/www.npf.ie\/wp-content\/uploads\/2017\/09\/0159-Limerick-City-\u2021gra-FF.compressed.pdf\";a:2:{s:2:\"id\";s:4:\"4354\";s:11:\"source_type\";s:13:\"media-library\";}s:75:\"\/\/cdn.npf.ie\/wp-content\/uploads\/0159-Limerick-City-\u2021gra-FF.compressed.pdf\";a:2:{s:2:\"id\";s:4:\"4354\";s:11:\"source_type\";s:13:\"media-library\";}s:70:\"\/\/www.npf.ie\/wp-content\/uploads\/2017\/09\/0158-Derek-Daly.compressed.pdf\";a:2:{s:2:\"id\";s:4:\"4353\";s:11:\"source_type\";s:13:\"media-library\";}s:62:\"\/\/cdn.npf.ie\/wp-content\/uploads\/0158-Derek-Daly.compressed.pdf\";a:2:{s:2:\"id\";s:4:\"4353\";s:11:\"source_type\";s:13:\"media-library\";}s:91:\"\/\/www.npf.ie\/wp-content\/uploads\/2017\/09\/0157-St-Catherines-Carlow-Travellers.compressed.pdf\";a:2:{s:2:\"id\";s:4:\"4352\";s:11:\"source_type\";s:13:\"media-library\";}s:83:\"\/\/cdn.npf.ie\/wp-content\/uploads\/0157-St-Catherines-Carlow-Travellers.compressed.pdf\";a:2:{s:2:\"id\";s:4:\"4352\";s:11:\"source_type\";s:13:\"media-library\";}s:117:\"\/\/www.npf.ie\/wp-content\/uploads\/2017\/09\/0156-Music-Generation-National-Development-Office-Concert-Hall.compressed.pdf\";a:2:{s:2:\"id\";s:4:\"4351\";s:11:\"source_type\";s:13:\"media-library\";}s:109:\"\/\/cdn.npf.ie\/wp-content\/uploads\/0156-Music-Generation-National-Development-Office-Concert-Hall.compressed.pdf\";a:2:{s:2:\"id\";s:4:\"4351\";s:11:\"source_type\";s:13:\"media-library\";}s:71:\"\/\/www.npf.ie\/wp-content\/uploads\/2017\/09\/0155-Paul-OBrien.compressed.pdf\";a:2:{s:2:\"id\";s:4:\"4350\";s:11:\"source_type\";s:13:\"media-library\";}s:63:\"\/\/cdn.npf.ie\/wp-content\/uploads\/0155-Paul-OBrien.compressed.pdf\";a:2:{s:2:\"id\";s:4:\"4350\";s:11:\"source_type\";s:13:\"media-library\";}s:74:\"\/\/www.npf.ie\/wp-content\/uploads\/2017\/09\/0154-Matthew-Murphy.compressed.pdf\";a:2:{s:2:\"id\";s:4:\"4349\";s:11:\"source_type\";s:13:\"media-library\";}s:66:\"\/\/cdn.npf.ie\/wp-content\/uploads\/0154-Matthew-Murphy.compressed.pdf\";a:2:{s:2:\"id\";s:4:\"4349\";s:11:\"source_type\";s:13:\"media-library\";}s:77:\"\/\/www.npf.ie\/wp-content\/uploads\/2017\/09\/0153-Sligo-Tourism-Ltd.compressed.pdf\";a:2:{s:2:\"id\";s:4:\"4348\";s:11:\"source_type\";s:13:\"media-library\";}s:69:\"\/\/cdn.npf.ie\/wp-content\/uploads\/0153-Sligo-Tourism-Ltd.compressed.pdf\";a:2:{s:2:\"id\";s:4:\"4348\";s:11:\"source_type\";s:13:\"media-library\";}s:71:\"\/\/www.npf.ie\/wp-content\/uploads\/2017\/09\/0152-ASH-Ireland.compressed.pdf\";a:2:{s:2:\"id\";s:4:\"4347\";s:11:\"source_type\";s:13:\"media-library\";}s:63:\"\/\/cdn.npf.ie\/wp-content\/uploads\/0152-ASH-Ireland.compressed.pdf\";a:2:{s:2:\"id\";s:4:\"4347\";s:11:\"source_type\";s:13:\"media-library\";}s:100:\"\/\/www.npf.ie\/wp-content\/uploads\/2017\/09\/0151-Members-Limerick-City-and-County-Council.compressed.pdf\";a:2:{s:2:\"id\";s:4:\"4346\";s:11:\"source_type\";s:13:\"media-library\";}s:92:\"\/\/cdn.npf.ie\/wp-content\/uploads\/0151-Members-Limerick-City-and-County-Council.compressed.pdf\";a:2:{s:2:\"id\";s:4:\"4346\";s:11:\"source_type\";s:13:\"media-library\";}s:66:\"\/\/www.npf.ie\/wp-content\/uploads\/2017\/09\/0150-Cllr-Paul-Canning.pdf\";a:2:{s:2:\"id\";s:4:\"4345\";s:11:\"source_type\";s:13:\"media-library\";}s:58:\"\/\/cdn.npf.ie\/wp-content\/uploads\/0150-Cllr-Paul-Canning.pdf\";a:2:{s:2:\"id\";s:4:\"4345\";s:11:\"source_type\";s:13:\"media-library\";}s:73:\"\/\/www.npf.ie\/wp-content\/uploads\/2017\/09\/0149-James-Gibbons.compressed.pdf\";a:2:{s:2:\"id\";s:4:\"4344\";s:11:\"source_type\";s:13:\"media-library\";}s:65:\"\/\/cdn.npf.ie\/wp-content\/uploads\/0149-James-Gibbons.compressed.pdf\";a:2:{s:2:\"id\";s:4:\"4344\";s:11:\"source_type\";s:13:\"media-library\";}s:107:\"\/\/www.npf.ie\/wp-content\/uploads\/2017\/09\/0148-Ferrybank-Community-Development-Residents-Group.compressed.pdf\";a:2:{s:2:\"id\";s:4:\"4343\";s:11:\"source_type\";s:13:\"media-library\";}s:99:\"\/\/cdn.npf.ie\/wp-content\/uploads\/0148-Ferrybank-Community-Development-Residents-Group.compressed.pdf\";a:2:{s:2:\"id\";s:4:\"4343\";s:11:\"source_type\";s:13:\"media-library\";}s:72:\"\/\/www.npf.ie\/wp-content\/uploads\/2017\/09\/0147-Kilkenny-PPN.compressed.pdf\";a:2:{s:2:\"id\";s:4:\"4342\";s:11:\"source_type\";s:13:\"media-library\";}s:64:\"\/\/cdn.npf.ie\/wp-content\/uploads\/0147-Kilkenny-PPN.compressed.pdf\";a:2:{s:2:\"id\";s:4:\"4342\";s:11:\"source_type\";s:13:\"media-library\";}s:71:\"\/\/www.npf.ie\/wp-content\/uploads\/2017\/09\/0146-Kevin-Lynch.compressed.pdf\";a:2:{s:2:\"id\";s:4:\"4341\";s:11:\"source_type\";s:13:\"media-library\";}s:63:\"\/\/cdn.npf.ie\/wp-content\/uploads\/0146-Kevin-Lynch.compressed.pdf\";a:2:{s:2:\"id\";s:4:\"4341\";s:11:\"source_type\";s:13:\"media-library\";}s:75:\"\/\/www.npf.ie\/wp-content\/uploads\/2017\/09\/0145-Thomas-Jennings.compressed.pdf\";a:2:{s:2:\"id\";s:4:\"4340\";s:11:\"source_type\";s:13:\"media-library\";}s:67:\"\/\/cdn.npf.ie\/wp-content\/uploads\/0145-Thomas-Jennings.compressed.pdf\";a:2:{s:2:\"id\";s:4:\"4340\";s:11:\"source_type\";s:13:\"media-library\";}s:70:\"\/\/www.npf.ie\/wp-content\/uploads\/2017\/09\/0144-Pat-Dunphy.compressed.pdf\";a:2:{s:2:\"id\";s:4:\"4339\";s:11:\"source_type\";s:13:\"media-library\";}s:62:\"\/\/cdn.npf.ie\/wp-content\/uploads\/0144-Pat-Dunphy.compressed.pdf\";a:2:{s:2:\"id\";s:4:\"4339\";s:11:\"source_type\";s:13:\"media-library\";}s:70:\"\/\/www.npf.ie\/wp-content\/uploads\/2017\/09\/0143-James-OHea.compressed.pdf\";a:2:{s:2:\"id\";s:4:\"4338\";s:11:\"source_type\";s:13:\"media-library\";}s:62:\"\/\/cdn.npf.ie\/wp-content\/uploads\/0143-James-OHea.compressed.pdf\";a:2:{s:2:\"id\";s:4:\"4338\";s:11:\"source_type\";s:13:\"media-library\";}s:76:\"\/\/www.npf.ie\/wp-content\/uploads\/2017\/09\/0142-Michael-Connolly.compressed.pdf\";a:2:{s:2:\"id\";s:4:\"4337\";s:11:\"source_type\";s:13:\"media-library\";}s:68:\"\/\/cdn.npf.ie\/wp-content\/uploads\/0142-Michael-Connolly.compressed.pdf\";a:2:{s:2:\"id\";s:4:\"4337\";s:11:\"source_type\";s:13:\"media-library\";}s:72:\"\/\/www.npf.ie\/wp-content\/uploads\/2017\/09\/0141-John-Aylward.compressed.pdf\";a:2:{s:2:\"id\";s:4:\"4336\";s:11:\"source_type\";s:13:\"media-library\";}s:64:\"\/\/cdn.npf.ie\/wp-content\/uploads\/0141-John-Aylward.compressed.pdf\";a:2:{s:2:\"id\";s:4:\"4336\";s:11:\"source_type\";s:13:\"media-library\";}s:74:\"\/\/www.npf.ie\/wp-content\/uploads\/2017\/09\/0140-Anne-Marie-Fox.compressed.pdf\";a:2:{s:2:\"id\";s:4:\"4335\";s:11:\"source_type\";s:13:\"media-library\";}s:66:\"\/\/cdn.npf.ie\/wp-content\/uploads\/0140-Anne-Marie-Fox.compressed.pdf\";a:2:{s:2:\"id\";s:4:\"4335\";s:11:\"source_type\";s:13:\"media-library\";}s:95:\"\/\/www.npf.ie\/wp-content\/uploads\/2017\/09\/0139-Robbie-Grace-REA-Grace-Estate-Agent.compressed.pdf\";a:2:{s:2:\"id\";s:4:\"4334\";s:11:\"source_type\";s:13:\"media-library\";}s:87:\"\/\/cdn.npf.ie\/wp-content\/uploads\/0139-Robbie-Grace-REA-Grace-Estate-Agent.compressed.pdf\";a:2:{s:2:\"id\";s:4:\"4334\";s:11:\"source_type\";s:13:\"media-library\";}s:88:\"\/\/www.npf.ie\/wp-content\/uploads\/2017\/09\/0138-Thomastown-Community-Network.compressed.pdf\";a:2:{s:2:\"id\";s:4:\"4333\";s:11:\"source_type\";s:13:\"media-library\";}s:80:\"\/\/cdn.npf.ie\/wp-content\/uploads\/0138-Thomastown-Community-Network.compressed.pdf\";a:2:{s:2:\"id\";s:4:\"4333\";s:11:\"source_type\";s:13:\"media-library\";}s:77:\"\/\/www.npf.ie\/wp-content\/uploads\/2017\/09\/0137-Cllr-Oliver-Tully.compressed.pdf\";a:2:{s:2:\"id\";s:4:\"4332\";s:11:\"source_type\";s:13:\"media-library\";}s:69:\"\/\/cdn.npf.ie\/wp-content\/uploads\/0137-Cllr-Oliver-Tully.compressed.pdf\";a:2:{s:2:\"id\";s:4:\"4332\";s:11:\"source_type\";s:13:\"media-library\";}s:80:\"\/\/www.npf.ie\/wp-content\/uploads\/2017\/09\/0136-Irish-Cancer-Society.compressed.pdf\";a:2:{s:2:\"id\";s:4:\"4331\";s:11:\"source_type\";s:13:\"media-library\";}s:72:\"\/\/cdn.npf.ie\/wp-content\/uploads\/0136-Irish-Cancer-Society.compressed.pdf\";a:2:{s:2:\"id\";s:4:\"4331\";s:11:\"source_type\";s:13:\"media-library\";}s:73:\"\/\/www.npf.ie\/wp-content\/uploads\/2017\/09\/0135-Tom-Geoghegan.compressed.pdf\";a:2:{s:2:\"id\";s:4:\"4330\";s:11:\"source_type\";s:13:\"media-library\";}s:65:\"\/\/cdn.npf.ie\/wp-content\/uploads\/0135-Tom-Geoghegan.compressed.pdf\";a:2:{s:2:\"id\";s:4:\"4330\";s:11:\"source_type\";s:13:\"media-library\";}s:105:\"\/\/www.npf.ie\/wp-content\/uploads\/2017\/09\/0134-Comharchumann-Forbartha-an-Leith-Tri\u00a3igh-Teo.compressed.pdf\";a:2:{s:2:\"id\";s:4:\"4329\";s:11:\"source_type\";s:13:\"media-library\";}s:97:\"\/\/cdn.npf.ie\/wp-content\/uploads\/0134-Comharchumann-Forbartha-an-Leith-Tri\u00a3igh-Teo.compressed.pdf\";a:2:{s:2:\"id\";s:4:\"4329\";s:11:\"source_type\";s:13:\"media-library\";}s:68:\"\/\/www.npf.ie\/wp-content\/uploads\/2017\/09\/0133-Dan-Cody.compressed.pdf\";a:2:{s:2:\"id\";s:4:\"4328\";s:11:\"source_type\";s:13:\"media-library\";}s:60:\"\/\/cdn.npf.ie\/wp-content\/uploads\/0133-Dan-Cody.compressed.pdf\";a:2:{s:2:\"id\";s:4:\"4328\";s:11:\"source_type\";s:13:\"media-library\";}s:75:\"\/\/www.npf.ie\/wp-content\/uploads\/2017\/09\/0132-Bretts-Hardware.compressed.pdf\";a:2:{s:2:\"id\";s:4:\"4327\";s:11:\"source_type\";s:13:\"media-library\";}s:67:\"\/\/cdn.npf.ie\/wp-content\/uploads\/0132-Bretts-Hardware.compressed.pdf\";a:2:{s:2:\"id\";s:4:\"4327\";s:11:\"source_type\";s:13:\"media-library\";}s:93:\"\/\/www.npf.ie\/wp-content\/uploads\/2017\/09\/0131-Midlands-Airport-Developments-Ltd.compressed.pdf\";a:2:{s:2:\"id\";s:4:\"4326\";s:11:\"source_type\";s:13:\"media-library\";}s:85:\"\/\/cdn.npf.ie\/wp-content\/uploads\/0131-Midlands-Airport-Developments-Ltd.compressed.pdf\";a:2:{s:2:\"id\";s:4:\"4326\";s:11:\"source_type\";s:13:\"media-library\";}s:75:\"\/\/www.npf.ie\/wp-content\/uploads\/2017\/09\/0130-Diarmuid-Curtin.compressed.pdf\";a:2:{s:2:\"id\";s:4:\"4325\";s:11:\"source_type\";s:13:\"media-library\";}s:67:\"\/\/cdn.npf.ie\/wp-content\/uploads\/0130-Diarmuid-Curtin.compressed.pdf\";a:2:{s:2:\"id\";s:4:\"4325\";s:11:\"source_type\";s:13:\"media-library\";}s:98:\"\/\/www.npf.ie\/wp-content\/uploads\/2017\/09\/0129-LERO-Irish-Software-Research-Centre-UL.compressed.pdf\";a:2:{s:2:\"id\";s:4:\"4324\";s:11:\"source_type\";s:13:\"media-library\";}s:90:\"\/\/cdn.npf.ie\/wp-content\/uploads\/0129-LERO-Irish-Software-Research-Centre-UL.compressed.pdf\";a:2:{s:2:\"id\";s:4:\"4324\";s:11:\"source_type\";s:13:\"media-library\";}s:76:\"\/\/www.npf.ie\/wp-content\/uploads\/2017\/09\/0128-DCU-Age-Friendly.compressed.pdf\";a:2:{s:2:\"id\";s:4:\"4323\";s:11:\"source_type\";s:13:\"media-library\";}s:68:\"\/\/cdn.npf.ie\/wp-content\/uploads\/0128-DCU-Age-Friendly.compressed.pdf\";a:2:{s:2:\"id\";s:4:\"4323\";s:11:\"source_type\";s:13:\"media-library\";}s:77:\"\/\/www.npf.ie\/wp-content\/uploads\/2017\/09\/0127-Keep-Ireland-Open.compressed.pdf\";a:2:{s:2:\"id\";s:4:\"4322\";s:11:\"source_type\";s:13:\"media-library\";}s:69:\"\/\/cdn.npf.ie\/wp-content\/uploads\/0127-Keep-Ireland-Open.compressed.pdf\";a:2:{s:2:\"id\";s:4:\"4322\";s:11:\"source_type\";s:13:\"media-library\";}s:74:\"\/\/www.npf.ie\/wp-content\/uploads\/2017\/09\/0126-Kieran-Cunnane.compressed.pdf\";a:2:{s:2:\"id\";s:4:\"4321\";s:11:\"source_type\";s:13:\"media-library\";}s:66:\"\/\/cdn.npf.ie\/wp-content\/uploads\/0126-Kieran-Cunnane.compressed.pdf\";a:2:{s:2:\"id\";s:4:\"4321\";s:11:\"source_type\";s:13:\"media-library\";}s:89:\"\/\/www.npf.ie\/wp-content\/uploads\/2017\/09\/0125-Engineers-Ireland-West-Region.compressed.pdf\";a:2:{s:2:\"id\";s:4:\"4320\";s:11:\"source_type\";s:13:\"media-library\";}s:81:\"\/\/cdn.npf.ie\/wp-content\/uploads\/0125-Engineers-Ireland-West-Region.compressed.pdf\";a:2:{s:2:\"id\";s:4:\"4320\";s:11:\"source_type\";s:13:\"media-library\";}s:81:\"\/\/www.npf.ie\/wp-content\/uploads\/2017\/09\/0124-Gridlink-Action-Group.compressed.pdf\";a:2:{s:2:\"id\";s:4:\"4319\";s:11:\"source_type\";s:13:\"media-library\";}s:73:\"\/\/cdn.npf.ie\/wp-content\/uploads\/0124-Gridlink-Action-Group.compressed.pdf\";a:2:{s:2:\"id\";s:4:\"4319\";s:11:\"source_type\";s:13:\"media-library\";}s:74:\"\/\/www.npf.ie\/wp-content\/uploads\/2017\/09\/0123-Michael-Mannix.compressed.pdf\";a:2:{s:2:\"id\";s:4:\"4318\";s:11:\"source_type\";s:13:\"media-library\";}s:66:\"\/\/cdn.npf.ie\/wp-content\/uploads\/0123-Michael-Mannix.compressed.pdf\";a:2:{s:2:\"id\";s:4:\"4318\";s:11:\"source_type\";s:13:\"media-library\";}s:72:\"\/\/www.npf.ie\/wp-content\/uploads\/2017\/09\/0122-Guanren-Wang.compressed.pdf\";a:2:{s:2:\"id\";s:4:\"4317\";s:11:\"source_type\";s:13:\"media-library\";}s:64:\"\/\/cdn.npf.ie\/wp-content\/uploads\/0122-Guanren-Wang.compressed.pdf\";a:2:{s:2:\"id\";s:4:\"4317\";s:11:\"source_type\";s:13:\"media-library\";}s:85:\"\/\/www.npf.ie\/wp-content\/uploads\/2017\/09\/0121-Christopher-ORourke-Group.compressed.pdf\";a:2:{s:2:\"id\";s:4:\"4316\";s:11:\"source_type\";s:13:\"media-library\";}s:77:\"\/\/cdn.npf.ie\/wp-content\/uploads\/0121-Christopher-ORourke-Group.compressed.pdf\";a:2:{s:2:\"id\";s:4:\"4316\";s:11:\"source_type\";s:13:\"media-library\";}s:72:\"\/\/www.npf.ie\/wp-content\/uploads\/2017\/09\/0120-John-Buckley.compressed.pdf\";a:2:{s:2:\"id\";s:4:\"4315\";s:11:\"source_type\";s:13:\"media-library\";}s:64:\"\/\/cdn.npf.ie\/wp-content\/uploads\/0120-John-Buckley.compressed.pdf\";a:2:{s:2:\"id\";s:4:\"4315\";s:11:\"source_type\";s:13:\"media-library\";}s:73:\"\/\/www.npf.ie\/wp-content\/uploads\/2017\/09\/0119-Nigel-de-Haas.compressed.pdf\";a:2:{s:2:\"id\";s:4:\"4314\";s:11:\"source_type\";s:13:\"media-library\";}s:65:\"\/\/cdn.npf.ie\/wp-content\/uploads\/0119-Nigel-de-Haas.compressed.pdf\";a:2:{s:2:\"id\";s:4:\"4314\";s:11:\"source_type\";s:13:\"media-library\";}s:72:\"\/\/www.npf.ie\/wp-content\/uploads\/2017\/09\/0118-Ivan-Cummins.compressed.pdf\";a:2:{s:2:\"id\";s:4:\"4313\";s:11:\"source_type\";s:13:\"media-library\";}s:64:\"\/\/cdn.npf.ie\/wp-content\/uploads\/0118-Ivan-Cummins.compressed.pdf\";a:2:{s:2:\"id\";s:4:\"4313\";s:11:\"source_type\";s:13:\"media-library\";}s:90:\"\/\/www.npf.ie\/wp-content\/uploads\/2017\/09\/0117-John-Fitzgerald-Wild-Way-Tours.compressed.pdf\";a:2:{s:2:\"id\";s:4:\"4312\";s:11:\"source_type\";s:13:\"media-library\";}s:82:\"\/\/cdn.npf.ie\/wp-content\/uploads\/0117-John-Fitzgerald-Wild-Way-Tours.compressed.pdf\";a:2:{s:2:\"id\";s:4:\"4312\";s:11:\"source_type\";s:13:\"media-library\";}s:75:\"\/\/www.npf.ie\/wp-content\/uploads\/2017\/09\/0116-Gerard-Corcoran.compressed.pdf\";a:2:{s:2:\"id\";s:4:\"4311\";s:11:\"source_type\";s:13:\"media-library\";}s:67:\"\/\/cdn.npf.ie\/wp-content\/uploads\/0116-Gerard-Corcoran.compressed.pdf\";a:2:{s:2:\"id\";s:4:\"4311\";s:11:\"source_type\";s:13:\"media-library\";}s:70:\"\/\/www.npf.ie\/wp-content\/uploads\/2017\/09\/0115-Jason-Ryan.compressed.pdf\";a:2:{s:2:\"id\";s:4:\"4310\";s:11:\"source_type\";s:13:\"media-library\";}s:62:\"\/\/cdn.npf.ie\/wp-content\/uploads\/0115-Jason-Ryan.compressed.pdf\";a:2:{s:2:\"id\";s:4:\"4310\";s:11:\"source_type\";s:13:\"media-library\";}s:78:\"\/\/www.npf.ie\/wp-content\/uploads\/2017\/09\/0114-Cllr-Gerry-Warnock.compressed.pdf\";a:2:{s:2:\"id\";s:4:\"4309\";s:11:\"source_type\";s:13:\"media-library\";}s:70:\"\/\/cdn.npf.ie\/wp-content\/uploads\/0114-Cllr-Gerry-Warnock.compressed.pdf\";a:2:{s:2:\"id\";s:4:\"4309\";s:11:\"source_type\";s:13:\"media-library\";}s:76:\"\/\/www.npf.ie\/wp-content\/uploads\/2017\/09\/0113-Sheila-Gilmartin.compressed.pdf\";a:2:{s:2:\"id\";s:4:\"4308\";s:11:\"source_type\";s:13:\"media-library\";}s:68:\"\/\/cdn.npf.ie\/wp-content\/uploads\/0113-Sheila-Gilmartin.compressed.pdf\";a:2:{s:2:\"id\";s:4:\"4308\";s:11:\"source_type\";s:13:\"media-library\";}s:71:\"\/\/www.npf.ie\/wp-content\/uploads\/2017\/09\/0112-Trevor-Ryan.compressed.pdf\";a:2:{s:2:\"id\";s:4:\"4307\";s:11:\"source_type\";s:13:\"media-library\";}s:63:\"\/\/cdn.npf.ie\/wp-content\/uploads\/0112-Trevor-Ryan.compressed.pdf\";a:2:{s:2:\"id\";s:4:\"4307\";s:11:\"source_type\";s:13:\"media-library\";}s:70:\"\/\/www.npf.ie\/wp-content\/uploads\/2017\/09\/0111-John-Cully.compressed.pdf\";a:2:{s:2:\"id\";s:4:\"4306\";s:11:\"source_type\";s:13:\"media-library\";}s:62:\"\/\/cdn.npf.ie\/wp-content\/uploads\/0111-John-Cully.compressed.pdf\";a:2:{s:2:\"id\";s:4:\"4306\";s:11:\"source_type\";s:13:\"media-library\";}s:74:\"\/\/www.npf.ie\/wp-content\/uploads\/2017\/09\/0110-Robert-Rockett.compressed.pdf\";a:2:{s:2:\"id\";s:4:\"4305\";s:11:\"source_type\";s:13:\"media-library\";}s:66:\"\/\/cdn.npf.ie\/wp-content\/uploads\/0110-Robert-Rockett.compressed.pdf\";a:2:{s:2:\"id\";s:4:\"4305\";s:11:\"source_type\";s:13:\"media-library\";}s:97:\"\/\/www.npf.ie\/wp-content\/uploads\/2017\/09\/0109-Barry-Fleming-Highway-Wholesalers-Ltd.compressed.pdf\";a:2:{s:2:\"id\";s:4:\"4304\";s:11:\"source_type\";s:13:\"media-library\";}s:89:\"\/\/cdn.npf.ie\/wp-content\/uploads\/0109-Barry-Fleming-Highway-Wholesalers-Ltd.compressed.pdf\";a:2:{s:2:\"id\";s:4:\"4304\";s:11:\"source_type\";s:13:\"media-library\";}s:74:\"\/\/www.npf.ie\/wp-content\/uploads\/2017\/09\/0108-Brendan-Gilmer.compressed.pdf\";a:2:{s:2:\"id\";s:4:\"4303\";s:11:\"source_type\";s:13:\"media-library\";}s:66:\"\/\/cdn.npf.ie\/wp-content\/uploads\/0108-Brendan-Gilmer.compressed.pdf\";a:2:{s:2:\"id\";s:4:\"4303\";s:11:\"source_type\";s:13:\"media-library\";}s:73:\"\/\/www.npf.ie\/wp-content\/uploads\/2017\/09\/0107-Annie-Sheehan.compressed.pdf\";a:2:{s:2:\"id\";s:4:\"4302\";s:11:\"source_type\";s:13:\"media-library\";}s:65:\"\/\/cdn.npf.ie\/wp-content\/uploads\/0107-Annie-Sheehan.compressed.pdf\";a:2:{s:2:\"id\";s:4:\"4302\";s:11:\"source_type\";s:13:\"media-library\";}s:76:\"\/\/www.npf.ie\/wp-content\/uploads\/2017\/09\/0106-Caroline-Joyce-2.compressed.pdf\";a:2:{s:2:\"id\";s:4:\"4301\";s:11:\"source_type\";s:13:\"media-library\";}s:68:\"\/\/cdn.npf.ie\/wp-content\/uploads\/0106-Caroline-Joyce-2.compressed.pdf\";a:2:{s:2:\"id\";s:4:\"4301\";s:11:\"source_type\";s:13:\"media-library\";}s:115:\"\/\/www.npf.ie\/wp-content\/uploads\/2017\/09\/0105-Minister-Chris-Hazzard-Department-for-Infrastructure-NI.compressed.pdf\";a:2:{s:2:\"id\";s:4:\"4300\";s:11:\"source_type\";s:13:\"media-library\";}s:107:\"\/\/cdn.npf.ie\/wp-content\/uploads\/0105-Minister-Chris-Hazzard-Department-for-Infrastructure-NI.compressed.pdf\";a:2:{s:2:\"id\";s:4:\"4300\";s:11:\"source_type\";s:13:\"media-library\";}s:74:\"\/\/www.npf.ie\/wp-content\/uploads\/2017\/09\/0104-Nicholas-Dawes.compressed.pdf\";a:2:{s:2:\"id\";s:4:\"4299\";s:11:\"source_type\";s:13:\"media-library\";}s:66:\"\/\/cdn.npf.ie\/wp-content\/uploads\/0104-Nicholas-Dawes.compressed.pdf\";a:2:{s:2:\"id\";s:4:\"4299\";s:11:\"source_type\";s:13:\"media-library\";}s:75:\"\/\/www.npf.ie\/wp-content\/uploads\/2017\/09\/0103-Brian-Conneally.compressed.pdf\";a:2:{s:2:\"id\";s:4:\"4298\";s:11:\"source_type\";s:13:\"media-library\";}s:67:\"\/\/cdn.npf.ie\/wp-content\/uploads\/0103-Brian-Conneally.compressed.pdf\";a:2:{s:2:\"id\";s:4:\"4298\";s:11:\"source_type\";s:13:\"media-library\";}s:78:\"\/\/www.npf.ie\/wp-content\/uploads\/2017\/09\/0102-Henriette-Roessing.compressed.pdf\";a:2:{s:2:\"id\";s:4:\"4297\";s:11:\"source_type\";s:13:\"media-library\";}s:70:\"\/\/cdn.npf.ie\/wp-content\/uploads\/0102-Henriette-Roessing.compressed.pdf\";a:2:{s:2:\"id\";s:4:\"4297\";s:11:\"source_type\";s:13:\"media-library\";}s:74:\"\/\/www.npf.ie\/wp-content\/uploads\/2017\/09\/0101-Breffni-OBrien.compressed.pdf\";a:2:{s:2:\"id\";s:4:\"4296\";s:11:\"source_type\";s:13:\"media-library\";}s:66:\"\/\/cdn.npf.ie\/wp-content\/uploads\/0101-Breffni-OBrien.compressed.pdf\";a:2:{s:2:\"id\";s:4:\"4296\";s:11:\"source_type\";s:13:\"media-library\";}s:72:\"\/\/www.npf.ie\/wp-content\/uploads\/2017\/09\/0100-Aisling-Deng.compressed.pdf\";a:2:{s:2:\"id\";s:4:\"4295\";s:11:\"source_type\";s:13:\"media-library\";}s:64:\"\/\/cdn.npf.ie\/wp-content\/uploads\/0100-Aisling-Deng.compressed.pdf\";a:2:{s:2:\"id\";s:4:\"4295\";s:11:\"source_type\";s:13:\"media-library\";}s:74:\"\/\/www.npf.ie\/wp-content\/uploads\/2017\/09\/0099-Caroline-Joyce.compressed.pdf\";a:2:{s:2:\"id\";s:4:\"4294\";s:11:\"source_type\";s:13:\"media-library\";}s:66:\"\/\/cdn.npf.ie\/wp-content\/uploads\/0099-Caroline-Joyce.compressed.pdf\";a:2:{s:2:\"id\";s:4:\"4294\";s:11:\"source_type\";s:13:\"media-library\";}s:74:\"\/\/www.npf.ie\/wp-content\/uploads\/2017\/09\/0098-Aaron-ODoherty.compressed.pdf\";a:2:{s:2:\"id\";s:4:\"4293\";s:11:\"source_type\";s:13:\"media-library\";}s:66:\"\/\/cdn.npf.ie\/wp-content\/uploads\/0098-Aaron-ODoherty.compressed.pdf\";a:2:{s:2:\"id\";s:4:\"4293\";s:11:\"source_type\";s:13:\"media-library\";}s:83:\"\/\/www.npf.ie\/wp-content\/uploads\/2017\/09\/0097-Prof-Irene-Sheridan-CIT.compressed.pdf\";a:2:{s:2:\"id\";s:4:\"4292\";s:11:\"source_type\";s:13:\"media-library\";}s:75:\"\/\/cdn.npf.ie\/wp-content\/uploads\/0097-Prof-Irene-Sheridan-CIT.compressed.pdf\";a:2:{s:2:\"id\";s:4:\"4292\";s:11:\"source_type\";s:13:\"media-library\";}s:76:\"\/\/www.npf.ie\/wp-content\/uploads\/2017\/09\/0096-Hannah-OFlaherty.compressed.pdf\";a:2:{s:2:\"id\";s:4:\"4291\";s:11:\"source_type\";s:13:\"media-library\";}s:68:\"\/\/cdn.npf.ie\/wp-content\/uploads\/0096-Hannah-OFlaherty.compressed.pdf\";a:2:{s:2:\"id\";s:4:\"4291\";s:11:\"source_type\";s:13:\"media-library\";}s:105:\"\/\/www.npf.ie\/wp-content\/uploads\/2017\/09\/0095-Royal-Irish-Academy-of-Music-Deborah-Kelleher.compressed.pdf\";a:2:{s:2:\"id\";s:4:\"4290\";s:11:\"source_type\";s:13:\"media-library\";}s:97:\"\/\/cdn.npf.ie\/wp-content\/uploads\/0095-Royal-Irish-Academy-of-Music-Deborah-Kelleher.compressed.pdf\";a:2:{s:2:\"id\";s:4:\"4290\";s:11:\"source_type\";s:13:\"media-library\";}s:72:\"\/\/www.npf.ie\/wp-content\/uploads\/2017\/09\/0094-Alan-OConnor.compressed.pdf\";a:2:{s:2:\"id\";s:4:\"4289\";s:11:\"source_type\";s:13:\"media-library\";}s:64:\"\/\/cdn.npf.ie\/wp-content\/uploads\/0094-Alan-OConnor.compressed.pdf\";a:2:{s:2:\"id\";s:4:\"4289\";s:11:\"source_type\";s:13:\"media-library\";}s:76:\"\/\/www.npf.ie\/wp-content\/uploads\/2017\/09\/0093-Madelaine-Murray.compressed.pdf\";a:2:{s:2:\"id\";s:4:\"4288\";s:11:\"source_type\";s:13:\"media-library\";}s:68:\"\/\/cdn.npf.ie\/wp-content\/uploads\/0093-Madelaine-Murray.compressed.pdf\";a:2:{s:2:\"id\";s:4:\"4288\";s:11:\"source_type\";s:13:\"media-library\";}s:74:\"\/\/www.npf.ie\/wp-content\/uploads\/2017\/09\/0092-Joseph-Kelly-7.compressed.pdf\";a:2:{s:2:\"id\";s:4:\"4287\";s:11:\"source_type\";s:13:\"media-library\";}s:66:\"\/\/cdn.npf.ie\/wp-content\/uploads\/0092-Joseph-Kelly-7.compressed.pdf\";a:2:{s:2:\"id\";s:4:\"4287\";s:11:\"source_type\";s:13:\"media-library\";}s:74:\"\/\/www.npf.ie\/wp-content\/uploads\/2017\/09\/0091-Joseph-Kelly-6.compressed.pdf\";a:2:{s:2:\"id\";s:4:\"4286\";s:11:\"source_type\";s:13:\"media-library\";}s:66:\"\/\/cdn.npf.ie\/wp-content\/uploads\/0091-Joseph-Kelly-6.compressed.pdf\";a:2:{s:2:\"id\";s:4:\"4286\";s:11:\"source_type\";s:13:\"media-library\";}s:74:\"\/\/www.npf.ie\/wp-content\/uploads\/2017\/09\/0090-Joseph-Kelly-5.compressed.pdf\";a:2:{s:2:\"id\";s:4:\"4285\";s:11:\"source_type\";s:13:\"media-library\";}s:66:\"\/\/cdn.npf.ie\/wp-content\/uploads\/0090-Joseph-Kelly-5.compressed.pdf\";a:2:{s:2:\"id\";s:4:\"4285\";s:11:\"source_type\";s:13:\"media-library\";}s:74:\"\/\/www.npf.ie\/wp-content\/uploads\/2017\/09\/0089-Joseph-Kelly-4.compressed.pdf\";a:2:{s:2:\"id\";s:4:\"4284\";s:11:\"source_type\";s:13:\"media-library\";}s:66:\"\/\/cdn.npf.ie\/wp-content\/uploads\/0089-Joseph-Kelly-4.compressed.pdf\";a:2:{s:2:\"id\";s:4:\"4284\";s:11:\"source_type\";s:13:\"media-library\";}s:74:\"\/\/www.npf.ie\/wp-content\/uploads\/2017\/09\/0088-Joseph-Kelly-3.compressed.pdf\";a:2:{s:2:\"id\";s:4:\"4283\";s:11:\"source_type\";s:13:\"media-library\";}s:66:\"\/\/cdn.npf.ie\/wp-content\/uploads\/0088-Joseph-Kelly-3.compressed.pdf\";a:2:{s:2:\"id\";s:4:\"4283\";s:11:\"source_type\";s:13:\"media-library\";}s:74:\"\/\/www.npf.ie\/wp-content\/uploads\/2017\/09\/0087-Joseph-Kelly-2.compressed.pdf\";a:2:{s:2:\"id\";s:4:\"4282\";s:11:\"source_type\";s:13:\"media-library\";}s:66:\"\/\/cdn.npf.ie\/wp-content\/uploads\/0087-Joseph-Kelly-2.compressed.pdf\";a:2:{s:2:\"id\";s:4:\"4282\";s:11:\"source_type\";s:13:\"media-library\";}s:74:\"\/\/www.npf.ie\/wp-content\/uploads\/2017\/09\/0086-Joseph-Kelly-1.compressed.pdf\";a:2:{s:2:\"id\";s:4:\"4281\";s:11:\"source_type\";s:13:\"media-library\";}s:66:\"\/\/cdn.npf.ie\/wp-content\/uploads\/0086-Joseph-Kelly-1.compressed.pdf\";a:2:{s:2:\"id\";s:4:\"4281\";s:11:\"source_type\";s:13:\"media-library\";}s:70:\"\/\/www.npf.ie\/wp-content\/uploads\/2017\/09\/0085-Niamh-Ryan.compressed.pdf\";a:2:{s:2:\"id\";s:4:\"4280\";s:11:\"source_type\";s:13:\"media-library\";}s:62:\"\/\/cdn.npf.ie\/wp-content\/uploads\/0085-Niamh-Ryan.compressed.pdf\";a:2:{s:2:\"id\";s:4:\"4280\";s:11:\"source_type\";s:13:\"media-library\";}s:72:\"\/\/www.npf.ie\/wp-content\/uploads\/2017\/09\/0084-Rob-Matthews.compressed.pdf\";a:2:{s:2:\"id\";s:4:\"4279\";s:11:\"source_type\";s:13:\"media-library\";}s:64:\"\/\/cdn.npf.ie\/wp-content\/uploads\/0084-Rob-Matthews.compressed.pdf\";a:2:{s:2:\"id\";s:4:\"4279\";s:11:\"source_type\";s:13:\"media-library\";}s:73:\"\/\/www.npf.ie\/wp-content\/uploads\/2017\/09\/0083-Sean-Corcoran.compressed.pdf\";a:2:{s:2:\"id\";s:4:\"4278\";s:11:\"source_type\";s:13:\"media-library\";}s:65:\"\/\/cdn.npf.ie\/wp-content\/uploads\/0083-Sean-Corcoran.compressed.pdf\";a:2:{s:2:\"id\";s:4:\"4278\";s:11:\"source_type\";s:13:\"media-library\";}s:72:\"\/\/www.npf.ie\/wp-content\/uploads\/2017\/09\/0082-John-Hosford.compressed.pdf\";a:2:{s:2:\"id\";s:4:\"4277\";s:11:\"source_type\";s:13:\"media-library\";}s:64:\"\/\/cdn.npf.ie\/wp-content\/uploads\/0082-John-Hosford.compressed.pdf\";a:2:{s:2:\"id\";s:4:\"4277\";s:11:\"source_type\";s:13:\"media-library\";}s:81:\"\/\/www.npf.ie\/wp-content\/uploads\/2017\/09\/0081-Prof-Edmond-Byrne-UCC.compressed.pdf\";a:2:{s:2:\"id\";s:4:\"4276\";s:11:\"source_type\";s:13:\"media-library\";}s:73:\"\/\/cdn.npf.ie\/wp-content\/uploads\/0081-Prof-Edmond-Byrne-UCC.compressed.pdf\";a:2:{s:2:\"id\";s:4:\"4276\";s:11:\"source_type\";s:13:\"media-library\";}s:76:\"\/\/www.npf.ie\/wp-content\/uploads\/2017\/09\/0080-Brian-Stanley-TD.compressed.pdf\";a:2:{s:2:\"id\";s:4:\"4275\";s:11:\"source_type\";s:13:\"media-library\";}s:68:\"\/\/cdn.npf.ie\/wp-content\/uploads\/0080-Brian-Stanley-TD.compressed.pdf\";a:2:{s:2:\"id\";s:4:\"4275\";s:11:\"source_type\";s:13:\"media-library\";}s:72:\"\/\/www.npf.ie\/wp-content\/uploads\/2017\/09\/0078-Jamie-Tanner.compressed.pdf\";a:2:{s:2:\"id\";s:4:\"4273\";s:11:\"source_type\";s:13:\"media-library\";}s:64:\"\/\/cdn.npf.ie\/wp-content\/uploads\/0078-Jamie-Tanner.compressed.pdf\";a:2:{s:2:\"id\";s:4:\"4273\";s:11:\"source_type\";s:13:\"media-library\";}s:76:\"\/\/www.npf.ie\/wp-content\/uploads\/2017\/09\/0077-Breffin\u00b0-Lennon.compressed.pdf\";a:2:{s:2:\"id\";s:4:\"4272\";s:11:\"source_type\";s:13:\"media-library\";}s:68:\"\/\/cdn.npf.ie\/wp-content\/uploads\/0077-Breffin\u00b0-Lennon.compressed.pdf\";a:2:{s:2:\"id\";s:4:\"4272\";s:11:\"source_type\";s:13:\"media-library\";}s:73:\"\/\/www.npf.ie\/wp-content\/uploads\/2017\/09\/0076-Garrett-Fox-1.compressed.pdf\";a:2:{s:2:\"id\";s:4:\"4271\";s:11:\"source_type\";s:13:\"media-library\";}s:65:\"\/\/cdn.npf.ie\/wp-content\/uploads\/0076-Garrett-Fox-1.compressed.pdf\";a:2:{s:2:\"id\";s:4:\"4271\";s:11:\"source_type\";s:13:\"media-library\";}s:75:\"\/\/www.npf.ie\/wp-content\/uploads\/2017\/09\/0075-Gerry-McCormack.compressed.pdf\";a:2:{s:2:\"id\";s:4:\"4270\";s:11:\"source_type\";s:13:\"media-library\";}s:67:\"\/\/cdn.npf.ie\/wp-content\/uploads\/0075-Gerry-McCormack.compressed.pdf\";a:2:{s:2:\"id\";s:4:\"4270\";s:11:\"source_type\";s:13:\"media-library\";}s:87:\"\/\/www.npf.ie\/wp-content\/uploads\/2017\/09\/0074-Galway-Limerick-City-Region.compressed.pdf\";a:2:{s:2:\"id\";s:4:\"4269\";s:11:\"source_type\";s:13:\"media-library\";}s:79:\"\/\/cdn.npf.ie\/wp-content\/uploads\/0074-Galway-Limerick-City-Region.compressed.pdf\";a:2:{s:2:\"id\";s:4:\"4269\";s:11:\"source_type\";s:13:\"media-library\";}s:91:\"\/\/www.npf.ie\/wp-content\/uploads\/2017\/09\/0073-Clara-Clark-Cycling-Without-Age.compressed.pdf\";a:2:{s:2:\"id\";s:4:\"4268\";s:11:\"source_type\";s:13:\"media-library\";}s:83:\"\/\/cdn.npf.ie\/wp-content\/uploads\/0073-Clara-Clark-Cycling-Without-Age.compressed.pdf\";a:2:{s:2:\"id\";s:4:\"4268\";s:11:\"source_type\";s:13:\"media-library\";}s:71:\"\/\/www.npf.ie\/wp-content\/uploads\/2017\/09\/0072-Tadhg-Kenna.compressed.pdf\";a:2:{s:2:\"id\";s:4:\"4267\";s:11:\"source_type\";s:13:\"media-library\";}s:63:\"\/\/cdn.npf.ie\/wp-content\/uploads\/0072-Tadhg-Kenna.compressed.pdf\";a:2:{s:2:\"id\";s:4:\"4267\";s:11:\"source_type\";s:13:\"media-library\";}s:71:\"\/\/www.npf.ie\/wp-content\/uploads\/2017\/09\/0071-Marie-Smith.compressed.pdf\";a:2:{s:2:\"id\";s:4:\"4266\";s:11:\"source_type\";s:13:\"media-library\";}s:63:\"\/\/cdn.npf.ie\/wp-content\/uploads\/0071-Marie-Smith.compressed.pdf\";a:2:{s:2:\"id\";s:4:\"4266\";s:11:\"source_type\";s:13:\"media-library\";}s:74:\"\/\/www.npf.ie\/wp-content\/uploads\/2017\/09\/0070-Julie-Mortimer.compressed.pdf\";a:2:{s:2:\"id\";s:4:\"4265\";s:11:\"source_type\";s:13:\"media-library\";}s:66:\"\/\/cdn.npf.ie\/wp-content\/uploads\/0070-Julie-Mortimer.compressed.pdf\";a:2:{s:2:\"id\";s:4:\"4265\";s:11:\"source_type\";s:13:\"media-library\";}s:96:\"\/\/www.npf.ie\/wp-content\/uploads\/2017\/09\/0069-Rachel-Mescall-Fitzpatrick-Carambola.compressed.pdf\";a:2:{s:2:\"id\";s:4:\"4264\";s:11:\"source_type\";s:13:\"media-library\";}s:88:\"\/\/cdn.npf.ie\/wp-content\/uploads\/0069-Rachel-Mescall-Fitzpatrick-Carambola.compressed.pdf\";a:2:{s:2:\"id\";s:4:\"4264\";s:11:\"source_type\";s:13:\"media-library\";}s:76:\"\/\/www.npf.ie\/wp-content\/uploads\/2017\/09\/0068-Pat-Brereton-DCU.compressed.pdf\";a:2:{s:2:\"id\";s:4:\"4263\";s:11:\"source_type\";s:13:\"media-library\";}s:68:\"\/\/cdn.npf.ie\/wp-content\/uploads\/0068-Pat-Brereton-DCU.compressed.pdf\";a:2:{s:2:\"id\";s:4:\"4263\";s:11:\"source_type\";s:13:\"media-library\";}s:80:\"\/\/www.npf.ie\/wp-content\/uploads\/2017\/09\/0067-Cllr-William-Lavelle.compressed.pdf\";a:2:{s:2:\"id\";s:4:\"4262\";s:11:\"source_type\";s:13:\"media-library\";}s:72:\"\/\/cdn.npf.ie\/wp-content\/uploads\/0067-Cllr-William-Lavelle.compressed.pdf\";a:2:{s:2:\"id\";s:4:\"4262\";s:11:\"source_type\";s:13:\"media-library\";}s:70:\"\/\/www.npf.ie\/wp-content\/uploads\/2017\/09\/0066-Tim-Twomey.compressed.pdf\";a:2:{s:2:\"id\";s:4:\"4261\";s:11:\"source_type\";s:13:\"media-library\";}s:62:\"\/\/cdn.npf.ie\/wp-content\/uploads\/0066-Tim-Twomey.compressed.pdf\";a:2:{s:2:\"id\";s:4:\"4261\";s:11:\"source_type\";s:13:\"media-library\";}s:71:\"\/\/www.npf.ie\/wp-content\/uploads\/2017\/09\/0065-Robin-Mosse.compressed.pdf\";a:2:{s:2:\"id\";s:4:\"4260\";s:11:\"source_type\";s:13:\"media-library\";}s:63:\"\/\/cdn.npf.ie\/wp-content\/uploads\/0065-Robin-Mosse.compressed.pdf\";a:2:{s:2:\"id\";s:4:\"4260\";s:11:\"source_type\";s:13:\"media-library\";}s:72:\"\/\/www.npf.ie\/wp-content\/uploads\/2017\/09\/0064-Gordon-DArcy.compressed.pdf\";a:2:{s:2:\"id\";s:4:\"4259\";s:11:\"source_type\";s:13:\"media-library\";}s:64:\"\/\/cdn.npf.ie\/wp-content\/uploads\/0064-Gordon-DArcy.compressed.pdf\";a:2:{s:2:\"id\";s:4:\"4259\";s:11:\"source_type\";s:13:\"media-library\";}s:71:\"\/\/www.npf.ie\/wp-content\/uploads\/2017\/09\/0063-David-Dixon.compressed.pdf\";a:2:{s:2:\"id\";s:4:\"4258\";s:11:\"source_type\";s:13:\"media-library\";}s:63:\"\/\/cdn.npf.ie\/wp-content\/uploads\/0063-David-Dixon.compressed.pdf\";a:2:{s:2:\"id\";s:4:\"4258\";s:11:\"source_type\";s:13:\"media-library\";}s:72:\"\/\/www.npf.ie\/wp-content\/uploads\/2017\/09\/0062-Andy-Redmond.compressed.pdf\";a:2:{s:2:\"id\";s:4:\"4257\";s:11:\"source_type\";s:13:\"media-library\";}s:64:\"\/\/cdn.npf.ie\/wp-content\/uploads\/0062-Andy-Redmond.compressed.pdf\";a:2:{s:2:\"id\";s:4:\"4257\";s:11:\"source_type\";s:13:\"media-library\";}s:73:\"\/\/www.npf.ie\/wp-content\/uploads\/2017\/09\/0061-David-Tamas-2.compressed.pdf\";a:2:{s:2:\"id\";s:4:\"4256\";s:11:\"source_type\";s:13:\"media-library\";}s:65:\"\/\/cdn.npf.ie\/wp-content\/uploads\/0061-David-Tamas-2.compressed.pdf\";a:2:{s:2:\"id\";s:4:\"4256\";s:11:\"source_type\";s:13:\"media-library\";}s:73:\"\/\/www.npf.ie\/wp-content\/uploads\/2017\/09\/0060-David-Tamas-1.compressed.pdf\";a:2:{s:2:\"id\";s:4:\"4255\";s:11:\"source_type\";s:13:\"media-library\";}s:65:\"\/\/cdn.npf.ie\/wp-content\/uploads\/0060-David-Tamas-1.compressed.pdf\";a:2:{s:2:\"id\";s:4:\"4255\";s:11:\"source_type\";s:13:\"media-library\";}s:80:\"\/\/www.npf.ie\/wp-content\/uploads\/2017\/09\/0059-John-Moran-Mayo-Plus.compressed.pdf\";a:2:{s:2:\"id\";s:4:\"4254\";s:11:\"source_type\";s:13:\"media-library\";}s:72:\"\/\/cdn.npf.ie\/wp-content\/uploads\/0059-John-Moran-Mayo-Plus.compressed.pdf\";a:2:{s:2:\"id\";s:4:\"4254\";s:11:\"source_type\";s:13:\"media-library\";}s:74:\"\/\/www.npf.ie\/wp-content\/uploads\/2017\/09\/0058-Jason-Kenny-11.compressed.pdf\";a:2:{s:2:\"id\";s:4:\"4253\";s:11:\"source_type\";s:13:\"media-library\";}s:66:\"\/\/cdn.npf.ie\/wp-content\/uploads\/0058-Jason-Kenny-11.compressed.pdf\";a:2:{s:2:\"id\";s:4:\"4253\";s:11:\"source_type\";s:13:\"media-library\";}s:74:\"\/\/www.npf.ie\/wp-content\/uploads\/2017\/09\/0057-Jason-Kenny-12.compressed.pdf\";a:2:{s:2:\"id\";s:4:\"4252\";s:11:\"source_type\";s:13:\"media-library\";}s:66:\"\/\/cdn.npf.ie\/wp-content\/uploads\/0057-Jason-Kenny-12.compressed.pdf\";a:2:{s:2:\"id\";s:4:\"4252\";s:11:\"source_type\";s:13:\"media-library\";}s:74:\"\/\/www.npf.ie\/wp-content\/uploads\/2017\/09\/0056-Gerard-Quigley.compressed.pdf\";a:2:{s:2:\"id\";s:4:\"4251\";s:11:\"source_type\";s:13:\"media-library\";}s:66:\"\/\/cdn.npf.ie\/wp-content\/uploads\/0056-Gerard-Quigley.compressed.pdf\";a:2:{s:2:\"id\";s:4:\"4251\";s:11:\"source_type\";s:13:\"media-library\";}s:73:\"\/\/www.npf.ie\/wp-content\/uploads\/2017\/09\/0055-David-OConnor.compressed.pdf\";a:2:{s:2:\"id\";s:4:\"4250\";s:11:\"source_type\";s:13:\"media-library\";}s:65:\"\/\/cdn.npf.ie\/wp-content\/uploads\/0055-David-OConnor.compressed.pdf\";a:2:{s:2:\"id\";s:4:\"4250\";s:11:\"source_type\";s:13:\"media-library\";}s:70:\"\/\/www.npf.ie\/wp-content\/uploads\/2017\/09\/0054-Don-Reilly.compressed.pdf\";a:2:{s:2:\"id\";s:4:\"4249\";s:11:\"source_type\";s:13:\"media-library\";}s:62:\"\/\/cdn.npf.ie\/wp-content\/uploads\/0054-Don-Reilly.compressed.pdf\";a:2:{s:2:\"id\";s:4:\"4249\";s:11:\"source_type\";s:13:\"media-library\";}s:75:\"\/\/www.npf.ie\/wp-content\/uploads\/2017\/09\/0053-Caroline-Jolley.compressed.pdf\";a:2:{s:2:\"id\";s:4:\"4248\";s:11:\"source_type\";s:13:\"media-library\";}s:67:\"\/\/cdn.npf.ie\/wp-content\/uploads\/0053-Caroline-Jolley.compressed.pdf\";a:2:{s:2:\"id\";s:4:\"4248\";s:11:\"source_type\";s:13:\"media-library\";}s:72:\"\/\/www.npf.ie\/wp-content\/uploads\/2017\/09\/0052-Aaron-Murphy.compressed.pdf\";a:2:{s:2:\"id\";s:4:\"4247\";s:11:\"source_type\";s:13:\"media-library\";}s:64:\"\/\/cdn.npf.ie\/wp-content\/uploads\/0052-Aaron-Murphy.compressed.pdf\";a:2:{s:2:\"id\";s:4:\"4247\";s:11:\"source_type\";s:13:\"media-library\";}s:76:\"\/\/www.npf.ie\/wp-content\/uploads\/2017\/09\/0051-Michael-Molloy-1.compressed.pdf\";a:2:{s:2:\"id\";s:4:\"4246\";s:11:\"source_type\";s:13:\"media-library\";}s:68:\"\/\/cdn.npf.ie\/wp-content\/uploads\/0051-Michael-Molloy-1.compressed.pdf\";a:2:{s:2:\"id\";s:4:\"4246\";s:11:\"source_type\";s:13:\"media-library\";}s:81:\"\/\/www.npf.ie\/wp-content\/uploads\/2017\/09\/0050-Mike-and-Angela-Parle.compressed.pdf\";a:2:{s:2:\"id\";s:4:\"4245\";s:11:\"source_type\";s:13:\"media-library\";}s:73:\"\/\/cdn.npf.ie\/wp-content\/uploads\/0050-Mike-and-Angela-Parle.compressed.pdf\";a:2:{s:2:\"id\";s:4:\"4245\";s:11:\"source_type\";s:13:\"media-library\";}s:74:\"\/\/www.npf.ie\/wp-content\/uploads\/2017\/09\/0049-Nicola-Kenny-2.compressed.pdf\";a:2:{s:2:\"id\";s:4:\"4244\";s:11:\"source_type\";s:13:\"media-library\";}s:66:\"\/\/cdn.npf.ie\/wp-content\/uploads\/0049-Nicola-Kenny-2.compressed.pdf\";a:2:{s:2:\"id\";s:4:\"4244\";s:11:\"source_type\";s:13:\"media-library\";}s:74:\"\/\/www.npf.ie\/wp-content\/uploads\/2017\/09\/0048-Nicola-Kelly-1.compressed.pdf\";a:2:{s:2:\"id\";s:4:\"4243\";s:11:\"source_type\";s:13:\"media-library\";}s:66:\"\/\/cdn.npf.ie\/wp-content\/uploads\/0048-Nicola-Kelly-1.compressed.pdf\";a:2:{s:2:\"id\";s:4:\"4243\";s:11:\"source_type\";s:13:\"media-library\";}s:108:\"\/\/www.npf.ie\/wp-content\/uploads\/2017\/09\/0047-Peter-MacNulty-Tourism-Development-International.compressed.pdf\";a:2:{s:2:\"id\";s:4:\"4242\";s:11:\"source_type\";s:13:\"media-library\";}s:100:\"\/\/cdn.npf.ie\/wp-content\/uploads\/0047-Peter-MacNulty-Tourism-Development-International.compressed.pdf\";a:2:{s:2:\"id\";s:4:\"4242\";s:11:\"source_type\";s:13:\"media-library\";}s:74:\"\/\/www.npf.ie\/wp-content\/uploads\/2017\/09\/0046-Jason-Kenny-10.compressed.pdf\";a:2:{s:2:\"id\";s:4:\"4241\";s:11:\"source_type\";s:13:\"media-library\";}s:66:\"\/\/cdn.npf.ie\/wp-content\/uploads\/0046-Jason-Kenny-10.compressed.pdf\";a:2:{s:2:\"id\";s:4:\"4241\";s:11:\"source_type\";s:13:\"media-library\";}s:74:\"\/\/www.npf.ie\/wp-content\/uploads\/2017\/09\/0045-Alex-Wilsdon-2.compressed.pdf\";a:2:{s:2:\"id\";s:4:\"4240\";s:11:\"source_type\";s:13:\"media-library\";}s:66:\"\/\/cdn.npf.ie\/wp-content\/uploads\/0045-Alex-Wilsdon-2.compressed.pdf\";a:2:{s:2:\"id\";s:4:\"4240\";s:11:\"source_type\";s:13:\"media-library\";}s:74:\"\/\/www.npf.ie\/wp-content\/uploads\/2017\/09\/0044-Alex-Wilsdon-1.compressed.pdf\";a:2:{s:2:\"id\";s:4:\"4239\";s:11:\"source_type\";s:13:\"media-library\";}s:66:\"\/\/cdn.npf.ie\/wp-content\/uploads\/0044-Alex-Wilsdon-1.compressed.pdf\";a:2:{s:2:\"id\";s:4:\"4239\";s:11:\"source_type\";s:13:\"media-library\";}s:73:\"\/\/www.npf.ie\/wp-content\/uploads\/2017\/09\/0043-Jason-Kenny-7.compressed.pdf\";a:2:{s:2:\"id\";s:4:\"4238\";s:11:\"source_type\";s:13:\"media-library\";}s:65:\"\/\/cdn.npf.ie\/wp-content\/uploads\/0043-Jason-Kenny-7.compressed.pdf\";a:2:{s:2:\"id\";s:4:\"4238\";s:11:\"source_type\";s:13:\"media-library\";}s:73:\"\/\/www.npf.ie\/wp-content\/uploads\/2017\/09\/0042-Jason-Kenny-6.compressed.pdf\";a:2:{s:2:\"id\";s:4:\"4237\";s:11:\"source_type\";s:13:\"media-library\";}s:65:\"\/\/cdn.npf.ie\/wp-content\/uploads\/0042-Jason-Kenny-6.compressed.pdf\";a:2:{s:2:\"id\";s:4:\"4237\";s:11:\"source_type\";s:13:\"media-library\";}s:73:\"\/\/www.npf.ie\/wp-content\/uploads\/2017\/09\/0041-Jason-Kenny-9.compressed.pdf\";a:2:{s:2:\"id\";s:4:\"4236\";s:11:\"source_type\";s:13:\"media-library\";}s:65:\"\/\/cdn.npf.ie\/wp-content\/uploads\/0041-Jason-Kenny-9.compressed.pdf\";a:2:{s:2:\"id\";s:4:\"4236\";s:11:\"source_type\";s:13:\"media-library\";}s:72:\"\/\/www.npf.ie\/wp-content\/uploads\/2017\/09\/0040-Shane-Cooney.compressed.pdf\";a:2:{s:2:\"id\";s:4:\"4235\";s:11:\"source_type\";s:13:\"media-library\";}s:64:\"\/\/cdn.npf.ie\/wp-content\/uploads\/0040-Shane-Cooney.compressed.pdf\";a:2:{s:2:\"id\";s:4:\"4235\";s:11:\"source_type\";s:13:\"media-library\";}s:70:\"\/\/www.npf.ie\/wp-content\/uploads\/2017\/09\/0039-Joe-Palmer.compressed.pdf\";a:2:{s:2:\"id\";s:4:\"4234\";s:11:\"source_type\";s:13:\"media-library\";}s:62:\"\/\/cdn.npf.ie\/wp-content\/uploads\/0039-Joe-Palmer.compressed.pdf\";a:2:{s:2:\"id\";s:4:\"4234\";s:11:\"source_type\";s:13:\"media-library\";}s:74:\"\/\/www.npf.ie\/wp-content\/uploads\/2017\/09\/0038-Brian-Flaherty.compressed.pdf\";a:2:{s:2:\"id\";s:4:\"4233\";s:11:\"source_type\";s:13:\"media-library\";}s:66:\"\/\/cdn.npf.ie\/wp-content\/uploads\/0038-Brian-Flaherty.compressed.pdf\";a:2:{s:2:\"id\";s:4:\"4233\";s:11:\"source_type\";s:13:\"media-library\";}s:79:\"\/\/www.npf.ie\/wp-content\/uploads\/2017\/09\/0037-Brendan-Guiden-RIAI.compressed.pdf\";a:2:{s:2:\"id\";s:4:\"4232\";s:11:\"source_type\";s:13:\"media-library\";}s:71:\"\/\/cdn.npf.ie\/wp-content\/uploads\/0037-Brendan-Guiden-RIAI.compressed.pdf\";a:2:{s:2:\"id\";s:4:\"4232\";s:11:\"source_type\";s:13:\"media-library\";}s:95:\"\/\/www.npf.ie\/wp-content\/uploads\/2017\/09\/0036-Caroline-Phelan-Glaway-City-Council.compressed.pdf\";a:2:{s:2:\"id\";s:4:\"4231\";s:11:\"source_type\";s:13:\"media-library\";}s:87:\"\/\/cdn.npf.ie\/wp-content\/uploads\/0036-Caroline-Phelan-Glaway-City-Council.compressed.pdf\";a:2:{s:2:\"id\";s:4:\"4231\";s:11:\"source_type\";s:13:\"media-library\";}s:112:\"\/\/www.npf.ie\/wp-content\/uploads\/2017\/09\/0035-Dr.-Powell-West-Wicklow-Gifted-Childrens-Association.compressed.pdf\";a:2:{s:2:\"id\";s:4:\"4230\";s:11:\"source_type\";s:13:\"media-library\";}s:104:\"\/\/cdn.npf.ie\/wp-content\/uploads\/0035-Dr.-Powell-West-Wicklow-Gifted-Childrens-Association.compressed.pdf\";a:2:{s:2:\"id\";s:4:\"4230\";s:11:\"source_type\";s:13:\"media-library\";}s:76:\"\/\/www.npf.ie\/wp-content\/uploads\/2017\/09\/0034-Liam-Mac-Mathuna.compressed.pdf\";a:2:{s:2:\"id\";s:4:\"4229\";s:11:\"source_type\";s:13:\"media-library\";}s:68:\"\/\/cdn.npf.ie\/wp-content\/uploads\/0034-Liam-Mac-Mathuna.compressed.pdf\";a:2:{s:2:\"id\";s:4:\"4229\";s:11:\"source_type\";s:13:\"media-library\";}s:72:\"\/\/www.npf.ie\/wp-content\/uploads\/2017\/09\/0033-Tom-Horrigan.compressed.pdf\";a:2:{s:2:\"id\";s:4:\"4228\";s:11:\"source_type\";s:13:\"media-library\";}s:64:\"\/\/cdn.npf.ie\/wp-content\/uploads\/0033-Tom-Horrigan.compressed.pdf\";a:2:{s:2:\"id\";s:4:\"4228\";s:11:\"source_type\";s:13:\"media-library\";}s:74:\"\/\/www.npf.ie\/wp-content\/uploads\/2017\/09\/0032-Vincent-Holmes.compressed.pdf\";a:2:{s:2:\"id\";s:4:\"4227\";s:11:\"source_type\";s:13:\"media-library\";}s:66:\"\/\/cdn.npf.ie\/wp-content\/uploads\/0032-Vincent-Holmes.compressed.pdf\";a:2:{s:2:\"id\";s:4:\"4227\";s:11:\"source_type\";s:13:\"media-library\";}s:73:\"\/\/www.npf.ie\/wp-content\/uploads\/2017\/09\/0031-Jason-Kenny-5.compressed.pdf\";a:2:{s:2:\"id\";s:4:\"4226\";s:11:\"source_type\";s:13:\"media-library\";}s:65:\"\/\/cdn.npf.ie\/wp-content\/uploads\/0031-Jason-Kenny-5.compressed.pdf\";a:2:{s:2:\"id\";s:4:\"4226\";s:11:\"source_type\";s:13:\"media-library\";}s:73:\"\/\/www.npf.ie\/wp-content\/uploads\/2017\/09\/0030-Jason-Kenny-8.compressed.pdf\";a:2:{s:2:\"id\";s:4:\"4225\";s:11:\"source_type\";s:13:\"media-library\";}s:65:\"\/\/cdn.npf.ie\/wp-content\/uploads\/0030-Jason-Kenny-8.compressed.pdf\";a:2:{s:2:\"id\";s:4:\"4225\";s:11:\"source_type\";s:13:\"media-library\";}s:73:\"\/\/www.npf.ie\/wp-content\/uploads\/2017\/09\/0029-Brendan-Boyle.compressed.pdf\";a:2:{s:2:\"id\";s:4:\"4224\";s:11:\"source_type\";s:13:\"media-library\";}s:65:\"\/\/cdn.npf.ie\/wp-content\/uploads\/0029-Brendan-Boyle.compressed.pdf\";a:2:{s:2:\"id\";s:4:\"4224\";s:11:\"source_type\";s:13:\"media-library\";}s:77:\"\/\/www.npf.ie\/wp-content\/uploads\/2017\/09\/0028-Gerard-Corcoran-5.compressed.pdf\";a:2:{s:2:\"id\";s:4:\"4223\";s:11:\"source_type\";s:13:\"media-library\";}s:69:\"\/\/cdn.npf.ie\/wp-content\/uploads\/0028-Gerard-Corcoran-5.compressed.pdf\";a:2:{s:2:\"id\";s:4:\"4223\";s:11:\"source_type\";s:13:\"media-library\";}s:77:\"\/\/www.npf.ie\/wp-content\/uploads\/2017\/09\/0027-Gerard-Corcoran-3.compressed.pdf\";a:2:{s:2:\"id\";s:4:\"4222\";s:11:\"source_type\";s:13:\"media-library\";}s:69:\"\/\/cdn.npf.ie\/wp-content\/uploads\/0027-Gerard-Corcoran-3.compressed.pdf\";a:2:{s:2:\"id\";s:4:\"4222\";s:11:\"source_type\";s:13:\"media-library\";}s:77:\"\/\/www.npf.ie\/wp-content\/uploads\/2017\/09\/0026-Gerard-Corcoran-4.compressed.pdf\";a:2:{s:2:\"id\";s:4:\"4221\";s:11:\"source_type\";s:13:\"media-library\";}s:69:\"\/\/cdn.npf.ie\/wp-content\/uploads\/0026-Gerard-Corcoran-4.compressed.pdf\";a:2:{s:2:\"id\";s:4:\"4221\";s:11:\"source_type\";s:13:\"media-library\";}s:77:\"\/\/www.npf.ie\/wp-content\/uploads\/2017\/09\/0025-Gerard-Corcoran-2.compressed.pdf\";a:2:{s:2:\"id\";s:4:\"4220\";s:11:\"source_type\";s:13:\"media-library\";}s:69:\"\/\/cdn.npf.ie\/wp-content\/uploads\/0025-Gerard-Corcoran-2.compressed.pdf\";a:2:{s:2:\"id\";s:4:\"4220\";s:11:\"source_type\";s:13:\"media-library\";}s:75:\"\/\/www.npf.ie\/wp-content\/uploads\/2017\/09\/0024-Gerard-Corcoran.compressed.pdf\";a:2:{s:2:\"id\";s:4:\"4219\";s:11:\"source_type\";s:13:\"media-library\";}s:67:\"\/\/cdn.npf.ie\/wp-content\/uploads\/0024-Gerard-Corcoran.compressed.pdf\";a:2:{s:2:\"id\";s:4:\"4219\";s:11:\"source_type\";s:13:\"media-library\";}s:72:\"\/\/www.npf.ie\/wp-content\/uploads\/2017\/09\/0023-Seamus-Fagan.compressed.pdf\";a:2:{s:2:\"id\";s:4:\"4218\";s:11:\"source_type\";s:13:\"media-library\";}s:64:\"\/\/cdn.npf.ie\/wp-content\/uploads\/0023-Seamus-Fagan.compressed.pdf\";a:2:{s:2:\"id\";s:4:\"4218\";s:11:\"source_type\";s:13:\"media-library\";}s:73:\"\/\/www.npf.ie\/wp-content\/uploads\/2017\/09\/0022-Jason-Kenny-4.compressed.pdf\";a:2:{s:2:\"id\";s:4:\"4217\";s:11:\"source_type\";s:13:\"media-library\";}s:65:\"\/\/cdn.npf.ie\/wp-content\/uploads\/0022-Jason-Kenny-4.compressed.pdf\";a:2:{s:2:\"id\";s:4:\"4217\";s:11:\"source_type\";s:13:\"media-library\";}s:73:\"\/\/www.npf.ie\/wp-content\/uploads\/2017\/09\/0021-Jason-Kenny-3.compressed.pdf\";a:2:{s:2:\"id\";s:4:\"4216\";s:11:\"source_type\";s:13:\"media-library\";}s:65:\"\/\/cdn.npf.ie\/wp-content\/uploads\/0021-Jason-Kenny-3.compressed.pdf\";a:2:{s:2:\"id\";s:4:\"4216\";s:11:\"source_type\";s:13:\"media-library\";}s:73:\"\/\/www.npf.ie\/wp-content\/uploads\/2017\/09\/0020-Fergus-OBrien.compressed.pdf\";a:2:{s:2:\"id\";s:4:\"4215\";s:11:\"source_type\";s:13:\"media-library\";}s:65:\"\/\/cdn.npf.ie\/wp-content\/uploads\/0020-Fergus-OBrien.compressed.pdf\";a:2:{s:2:\"id\";s:4:\"4215\";s:11:\"source_type\";s:13:\"media-library\";}s:77:\"\/\/www.npf.ie\/wp-content\/uploads\/2017\/09\/0019-Cllr-Noel-Cribbin.compressed.pdf\";a:2:{s:2:\"id\";s:4:\"4214\";s:11:\"source_type\";s:13:\"media-library\";}s:69:\"\/\/cdn.npf.ie\/wp-content\/uploads\/0019-Cllr-Noel-Cribbin.compressed.pdf\";a:2:{s:2:\"id\";s:4:\"4214\";s:11:\"source_type\";s:13:\"media-library\";}s:74:\"\/\/www.npf.ie\/wp-content\/uploads\/2017\/09\/0018-Emmet-Flanagan.compressed.pdf\";a:2:{s:2:\"id\";s:4:\"4213\";s:11:\"source_type\";s:13:\"media-library\";}s:66:\"\/\/cdn.npf.ie\/wp-content\/uploads\/0018-Emmet-Flanagan.compressed.pdf\";a:2:{s:2:\"id\";s:4:\"4213\";s:11:\"source_type\";s:13:\"media-library\";}s:71:\"\/\/www.npf.ie\/wp-content\/uploads\/2017\/09\/0017-Danny-Burke.compressed.pdf\";a:2:{s:2:\"id\";s:4:\"4212\";s:11:\"source_type\";s:13:\"media-library\";}s:63:\"\/\/cdn.npf.ie\/wp-content\/uploads\/0017-Danny-Burke.compressed.pdf\";a:2:{s:2:\"id\";s:4:\"4212\";s:11:\"source_type\";s:13:\"media-library\";}s:73:\"\/\/www.npf.ie\/wp-content\/uploads\/2017\/09\/0016-Jason-Kenny-2.compressed.pdf\";a:2:{s:2:\"id\";s:4:\"4211\";s:11:\"source_type\";s:13:\"media-library\";}s:65:\"\/\/cdn.npf.ie\/wp-content\/uploads\/0016-Jason-Kenny-2.compressed.pdf\";a:2:{s:2:\"id\";s:4:\"4211\";s:11:\"source_type\";s:13:\"media-library\";}s:71:\"\/\/www.npf.ie\/wp-content\/uploads\/2017\/09\/0015-John-Jordan.compressed.pdf\";a:2:{s:2:\"id\";s:4:\"4210\";s:11:\"source_type\";s:13:\"media-library\";}s:63:\"\/\/cdn.npf.ie\/wp-content\/uploads\/0015-John-Jordan.compressed.pdf\";a:2:{s:2:\"id\";s:4:\"4210\";s:11:\"source_type\";s:13:\"media-library\";}s:74:\"\/\/www.npf.ie\/wp-content\/uploads\/2017\/09\/0014-Trevor-Stanley.compressed.pdf\";a:2:{s:2:\"id\";s:4:\"4209\";s:11:\"source_type\";s:13:\"media-library\";}s:66:\"\/\/cdn.npf.ie\/wp-content\/uploads\/0014-Trevor-Stanley.compressed.pdf\";a:2:{s:2:\"id\";s:4:\"4209\";s:11:\"source_type\";s:13:\"media-library\";}s:73:\"\/\/www.npf.ie\/wp-content\/uploads\/2017\/09\/0013-Jason-Kenny-1.compressed.pdf\";a:2:{s:2:\"id\";s:4:\"4208\";s:11:\"source_type\";s:13:\"media-library\";}s:65:\"\/\/cdn.npf.ie\/wp-content\/uploads\/0013-Jason-Kenny-1.compressed.pdf\";a:2:{s:2:\"id\";s:4:\"4208\";s:11:\"source_type\";s:13:\"media-library\";}s:73:\"\/\/www.npf.ie\/wp-content\/uploads\/2017\/09\/0012-Kevin-Buckley.compressed.pdf\";a:2:{s:2:\"id\";s:4:\"4207\";s:11:\"source_type\";s:13:\"media-library\";}s:65:\"\/\/cdn.npf.ie\/wp-content\/uploads\/0012-Kevin-Buckley.compressed.pdf\";a:2:{s:2:\"id\";s:4:\"4207\";s:11:\"source_type\";s:13:\"media-library\";}s:72:\"\/\/www.npf.ie\/wp-content\/uploads\/2017\/09\/0011-Michael-Fahy.compressed.pdf\";a:2:{s:2:\"id\";s:4:\"4206\";s:11:\"source_type\";s:13:\"media-library\";}s:64:\"\/\/cdn.npf.ie\/wp-content\/uploads\/0011-Michael-Fahy.compressed.pdf\";a:2:{s:2:\"id\";s:4:\"4206\";s:11:\"source_type\";s:13:\"media-library\";}s:73:\"\/\/www.npf.ie\/wp-content\/uploads\/2017\/09\/0010-Richard-Burke.compressed.pdf\";a:2:{s:2:\"id\";s:4:\"4205\";s:11:\"source_type\";s:13:\"media-library\";}s:65:\"\/\/cdn.npf.ie\/wp-content\/uploads\/0010-Richard-Burke.compressed.pdf\";a:2:{s:2:\"id\";s:4:\"4205\";s:11:\"source_type\";s:13:\"media-library\";}s:74:\"\/\/www.npf.ie\/wp-content\/uploads\/2017\/09\/0009-Stephen-Clarke.compressed.pdf\";a:2:{s:2:\"id\";s:4:\"4204\";s:11:\"source_type\";s:13:\"media-library\";}s:66:\"\/\/cdn.npf.ie\/wp-content\/uploads\/0009-Stephen-Clarke.compressed.pdf\";a:2:{s:2:\"id\";s:4:\"4204\";s:11:\"source_type\";s:13:\"media-library\";}s:71:\"\/\/www.npf.ie\/wp-content\/uploads\/2017\/09\/0008-Owen-Curran.compressed.pdf\";a:2:{s:2:\"id\";s:4:\"4203\";s:11:\"source_type\";s:13:\"media-library\";}s:63:\"\/\/cdn.npf.ie\/wp-content\/uploads\/0008-Owen-Curran.compressed.pdf\";a:2:{s:2:\"id\";s:4:\"4203\";s:11:\"source_type\";s:13:\"media-library\";}s:73:\"\/\/www.npf.ie\/wp-content\/uploads\/2017\/09\/0007-Oliver-Browne.compressed.pdf\";a:2:{s:2:\"id\";s:4:\"4202\";s:11:\"source_type\";s:13:\"media-library\";}s:65:\"\/\/cdn.npf.ie\/wp-content\/uploads\/0007-Oliver-Browne.compressed.pdf\";a:2:{s:2:\"id\";s:4:\"4202\";s:11:\"source_type\";s:13:\"media-library\";}s:70:\"\/\/www.npf.ie\/wp-content\/uploads\/2017\/09\/0006-John-Byrne.compressed.pdf\";a:2:{s:2:\"id\";s:4:\"4201\";s:11:\"source_type\";s:13:\"media-library\";}s:62:\"\/\/cdn.npf.ie\/wp-content\/uploads\/0006-John-Byrne.compressed.pdf\";a:2:{s:2:\"id\";s:4:\"4201\";s:11:\"source_type\";s:13:\"media-library\";}s:72:\"\/\/www.npf.ie\/wp-content\/uploads\/2017\/09\/0005-James-Kerins.compressed.pdf\";a:2:{s:2:\"id\";s:4:\"4200\";s:11:\"source_type\";s:13:\"media-library\";}s:64:\"\/\/cdn.npf.ie\/wp-content\/uploads\/0005-James-Kerins.compressed.pdf\";a:2:{s:2:\"id\";s:4:\"4200\";s:11:\"source_type\";s:13:\"media-library\";}s:70:\"\/\/www.npf.ie\/wp-content\/uploads\/2017\/09\/0004-Jack-Barry.compressed.pdf\";a:2:{s:2:\"id\";s:4:\"4199\";s:11:\"source_type\";s:13:\"media-library\";}s:62:\"\/\/cdn.npf.ie\/wp-content\/uploads\/0004-Jack-Barry.compressed.pdf\";a:2:{s:2:\"id\";s:4:\"4199\";s:11:\"source_type\";s:13:\"media-library\";}s:71:\"\/\/www.npf.ie\/wp-content\/uploads\/2017\/09\/0003-David-Whyte.compressed.pdf\";a:2:{s:2:\"id\";s:4:\"4198\";s:11:\"source_type\";s:13:\"media-library\";}s:63:\"\/\/cdn.npf.ie\/wp-content\/uploads\/0003-David-Whyte.compressed.pdf\";a:2:{s:2:\"id\";s:4:\"4198\";s:11:\"source_type\";s:13:\"media-library\";}s:74:\"\/\/www.npf.ie\/wp-content\/uploads\/2017\/09\/0002-Grainne-Conaty.compressed.pdf\";a:2:{s:2:\"id\";s:4:\"4197\";s:11:\"source_type\";s:13:\"media-library\";}s:66:\"\/\/cdn.npf.ie\/wp-content\/uploads\/0002-Grainne-Conaty.compressed.pdf\";a:2:{s:2:\"id\";s:4:\"4197\";s:11:\"source_type\";s:13:\"media-library\";}s:73:\"\/\/www.npf.ie\/wp-content\/uploads\/2017\/09\/0001-Conor-Tiernan.compressed.pdf\";a:2:{s:2:\"id\";s:4:\"4196\";s:11:\"source_type\";s:13:\"media-library\";}s:65:\"\/\/cdn.npf.ie\/wp-content\/uploads\/0001-Conor-Tiernan.compressed.pdf\";a:2:{s:2:\"id\";s:4:\"4196\";s:11:\"source_type\";s:13:\"media-library\";}s:77:\"\/\/www.npf.ie\/wp-content\/uploads\/2017\/09\/0079-S\u00c7amus-OFlaherty.compressed.pdf\";a:1:{s:9:\"timestamp\";i:1772007006;}s:60:\"\/\/www.npf.ie\/wp-content\/uploads\/0274-Iarnro\u0301d-E\u0301ireann.pdf\";a:1:{s:9:\"timestamp\";i:1772007006;}s:79:\"\/\/www.npf.ie\/wp-content\/uploads\/2017\/09\/0612-Cllr-Damien-OReilly.compressed.pdf\";a:1:{s:9:\"timestamp\";i:1772007006;}}"],"_uag_page_assets":["a:9:{s:3:\"css\";s:5444:\".wp-block-uagb-container.uagb-block-5aee6c9c.wp-block-uagb-container{color: var(--ast-global-color-5);}.wp-block-uagb-container.uagb-block-5aee6c9c.wp-block-uagb-container *{color: var(--ast-global-color-5);}.wp-block-uagb-container.uagb-block-5aee6c9c .uagb-container__shape-top svg{width: calc( 100% + 1.3px );}.wp-block-uagb-container.uagb-block-5aee6c9c .uagb-container__shape.uagb-container__shape-top .uagb-container__shape-fill{fill: rgba(51,51,51,1);}.wp-block-uagb-container.uagb-block-5aee6c9c .uagb-container__shape-bottom svg{width: calc( 100% + 1.3px );}.wp-block-uagb-container.uagb-block-5aee6c9c .uagb-container__shape.uagb-container__shape-bottom .uagb-container__shape-fill{fill: rgba(51,51,51,1);}.wp-block-uagb-container.uagb-block-5aee6c9c .uagb-container__video-wrap video{opacity: 1;}.wp-block-uagb-container.uagb-is-root-container .uagb-block-5aee6c9c{max-width: 100%;width: 100%;}.wp-block-uagb-container.uagb-is-root-container.alignfull.uagb-block-5aee6c9c > .uagb-container-inner-blocks-wrap{--inner-content-custom-width: min( 100%, 1200px);max-width: var(--inner-content-custom-width);width: 100%;flex-direction: column;align-items: center;justify-content: center;flex-wrap: nowrap;row-gap: 20px;column-gap: 20px;}.wp-block-uagb-container.uagb-block-5aee6c9c{box-shadow: 0px 0px   #00000070 ;padding-top: 10px;padding-bottom: 10px;padding-left: 10px;padding-right: 10px;margin-top:  !important;margin-bottom:  !important;overflow: visible;order: initial;border-color: inherit;background-color: #30665f;;row-gap: 20px;column-gap: 20px;}@media only screen and (max-width: 976px) {.wp-block-uagb-container.uagb-is-root-container .uagb-block-5aee6c9c{width: 100%;}.wp-block-uagb-container.uagb-is-root-container.alignfull.uagb-block-5aee6c9c > .uagb-container-inner-blocks-wrap{--inner-content-custom-width: min( 100%, 1024px);max-width: var(--inner-content-custom-width);width: 100%;}.wp-block-uagb-container.uagb-block-5aee6c9c{padding-top: 10px;padding-bottom: 10px;padding-left: 10px;padding-right: 10px;margin-top:  !important;margin-bottom:  !important;order: initial;background-color: #30665f;;}}@media only screen and (max-width: 767px) {.wp-block-uagb-container.uagb-is-root-container .uagb-block-5aee6c9c{max-width: 100%;width: 100%;}.wp-block-uagb-container.uagb-is-root-container.alignfull.uagb-block-5aee6c9c > .uagb-container-inner-blocks-wrap{--inner-content-custom-width: min( 100%, 767px);max-width: var(--inner-content-custom-width);width: 100%;flex-wrap: wrap;}.wp-block-uagb-container.uagb-block-5aee6c9c{padding-top: 10px;padding-bottom: 10px;padding-left: 10px;padding-right: 10px;margin-top:  !important;margin-bottom:  !important;order: initial;background-color: #30665f;;}}.wp-block-uagb-container.uagb-block-58e00206.wp-block-uagb-container{color: var(--ast-global-color-5);}.wp-block-uagb-container.uagb-block-58e00206.wp-block-uagb-container *{color: var(--ast-global-color-5);}.wp-block-uagb-container.uagb-block-58e00206 .uagb-container__shape-top svg{width: calc( 100% + 1.3px );}.wp-block-uagb-container.uagb-block-58e00206 .uagb-container__shape.uagb-container__shape-top .uagb-container__shape-fill{fill: rgba(51,51,51,1);}.wp-block-uagb-container.uagb-block-58e00206 .uagb-container__shape-bottom svg{width: calc( 100% + 1.3px );}.wp-block-uagb-container.uagb-block-58e00206 .uagb-container__shape.uagb-container__shape-bottom .uagb-container__shape-fill{fill: rgba(51,51,51,1);}.wp-block-uagb-container.uagb-block-58e00206 .uagb-container__video-wrap video{opacity: 1;}.wp-block-uagb-container.uagb-is-root-container .uagb-block-58e00206{max-width: 100%;width: 100%;}.wp-block-uagb-container.uagb-is-root-container.alignfull.uagb-block-58e00206 > .uagb-container-inner-blocks-wrap{--inner-content-custom-width: min( 100%, 1200px);max-width: var(--inner-content-custom-width);width: 100%;flex-direction: column;align-items: center;justify-content: center;flex-wrap: nowrap;row-gap: 20px;column-gap: 20px;}.wp-block-uagb-container.uagb-block-58e00206{box-shadow: 0px 0px   #00000070 ;padding-top: 10px;padding-bottom: 10px;padding-left: 10px;padding-right: 10px;margin-top:  !important;margin-bottom:  !important;overflow: visible;order: initial;border-color: inherit;background-color: #30665f;;row-gap: 20px;column-gap: 20px;}@media only screen and (max-width: 976px) {.wp-block-uagb-container.uagb-is-root-container .uagb-block-58e00206{width: 100%;}.wp-block-uagb-container.uagb-is-root-container.alignfull.uagb-block-58e00206 > .uagb-container-inner-blocks-wrap{--inner-content-custom-width: min( 100%, 1024px);max-width: var(--inner-content-custom-width);width: 100%;}.wp-block-uagb-container.uagb-block-58e00206{padding-top: 10px;padding-bottom: 10px;padding-left: 10px;padding-right: 10px;margin-top:  !important;margin-bottom:  !important;order: initial;background-color: #30665f;;}}@media only screen and (max-width: 767px) {.wp-block-uagb-container.uagb-is-root-container .uagb-block-58e00206{max-width: 100%;width: 100%;}.wp-block-uagb-container.uagb-is-root-container.alignfull.uagb-block-58e00206 > .uagb-container-inner-blocks-wrap{--inner-content-custom-width: min( 100%, 767px);max-width: var(--inner-content-custom-width);width: 100%;flex-wrap: wrap;}.wp-block-uagb-container.uagb-block-58e00206{padding-top: 10px;padding-bottom: 10px;padding-left: 10px;padding-right: 10px;margin-top:  !important;margin-bottom:  !important;order: initial;background-color: #30665f;;}}\";s:2:\"js\";s:0:\"\";s:18:\"current_block_list\";a:4:{i:0;s:14:\"uagb\/container\";i:1;s:14:\"core\/paragraph\";i:2;s:9:\"core\/list\";i:3;s:14:\"core\/list-item\";}s:8:\"uag_flag\";b:1;s:11:\"uag_version\";s:10:\"1777503595\";s:6:\"gfonts\";a:0:{}s:10:\"gfonts_url\";s:0:\"\";s:12:\"gfonts_files\";a:0:{}s:14:\"uag_faq_layout\";b:0;}"]},"uagb_featured_image_src":{"full":false,"thumbnail":false,"medium":false,"medium_large":false,"large":false,"1536x1536":false,"2048x2048":false},"uagb_author_info":{"display_name":"Colette McCarthy","author_link":"https:\/\/www.npf.ie\/ga\/author\/colette-mccarthy\/"},"uagb_comment_info":0,"uagb_excerpt":"[vc_row][vc_column][vc_column_text] Fuarthas&nbsp;na haighneachta\u00ed seo a leanas mar chuid den Chomhairli\u00fach\u00e1n R\u00e9amhdhr\u00e9achta. [\/vc_column_text][\/vc_column][\/vc_row][vc_row][vc_column width=&#8221;1\/2&#8243;][vc_column_text]1-330 [\/vc_column_text][vc_column_text] 0001 Conor Tiernan0002 Grainne Conaty 0003 [&hellip;]","_links":{"self":[{"href":"https:\/\/www.npf.ie\/ga\/wp-json\/wp\/v2\/pages\/3967","targetHints":{"allow":["GET"]}}],"collection":[{"href":"https:\/\/www.npf.ie\/ga\/wp-json\/wp\/v2\/pages"}],"about":[{"href":"https:\/\/www.npf.ie\/ga\/wp-json\/wp\/v2\/types\/page"}],"author":[{"embeddable":true,"href":"https:\/\/www.npf.ie\/ga\/wp-json\/wp\/v2\/users\/10"}],"replies":[{"embeddable":true,"href":"https:\/\/www.npf.ie\/ga\/wp-json\/wp\/v2\/comments?post=3967"}],"version-history":[{"count":2,"href":"https:\/\/www.npf.ie\/ga\/wp-json\/wp\/v2\/pages\/3967\/revisions"}],"predecessor-version":[{"id":5981,"href":"https:\/\/www.npf.ie\/ga\/wp-json\/wp\/v2\/pages\/3967\/revisions\/5981"}],"wp:attachment":[{"href":"https:\/\/www.npf.ie\/ga\/wp-json\/wp\/v2\/media?parent=3967"}],"curies":[{"name":"wp","href":"https:\/\/api.w.org\/{rel}","templated":true}]}}