
{"id":3785,"date":"2014-03-06T13:59:56","date_gmt":"2014-03-06T13:59:56","guid":{"rendered":"https:\/\/www.npf.ie\/baile\/"},"modified":"2024-05-20T15:33:33","modified_gmt":"2024-05-20T15:33:33","slug":"baile","status":"publish","type":"page","link":"https:\/\/www.npf.ie\/ga\/baile\/","title":{"rendered":"Baile"},"content":{"rendered":"\n<div class=\"wp-block-themepunch-revslider revslider\" data-modal=\"false\" data-slidertitle=\"Februrary 2018\" style=\"\">[rev_slider alias=&#8221;februrary-2018&#8243; slidertitle=&#8221;Februrary 2018&#8243;][\/rev_slider]<\/div>\r\n\n<section class=\"inherit-container-width wp-block-group alignfull has-ast-global-color-0-background-color has-background is-layout-constrained wp-block-group-is-layout-constrained\">\n<div class=\"wp-block-columns is-layout-flex wp-container-core-columns-is-layout-28f84493 wp-block-columns-is-layout-flex\">\n<div class=\"wp-block-column ticss-df6151e4 has-ast-global-color-0-background-color has-background is-layout-flow wp-block-column-is-layout-flow\" style=\"padding-top:var(--wp--preset--spacing--50);padding-right:var(--wp--preset--spacing--50);padding-bottom:var(--wp--preset--spacing--50);padding-left:var(--wp--preset--spacing--50)\">\n<div class=\"wp-block-columns is-layout-flex wp-container-core-columns-is-layout-28f84493 wp-block-columns-is-layout-flex\">\n<div class=\"wp-block-column is-layout-flow wp-block-column-is-layout-flow\">\n<h2 class=\"wp-block-heading has-text-align-center has-ast-global-color-5-color has-text-color has-link-color wp-elements-ee074150faf1db7b4486a99580f300ba\"><strong>Comhth\u00e9acs don Chreat N\u00e1isi\u00fanta Plean\u00e1la 2018<\/strong><\/h2>\n\n\n\n<ul class=\"has-ast-global-color-5-color has-text-color has-link-color has-medium-font-size wp-block-list wp-elements-1bad417ff98d684dfa6351aa775eb89d\">\n<li>In 2018, th\u00e1inig an Creat N\u00e1isi\u00fanta Plean\u00e1la (CNP) in ionad na Strait\u00e9ise Sp\u00e1is N\u00e1isi\u00fanta mar strait\u00e9is fhorioml\u00e1n phlean\u00e1la agus forbartha sp\u00e1s\u00falachta d\u2019\u00c9irinn. Tagann an CNP, mar aon leis an bPlean Forbartha N\u00e1isi\u00fanta, le ch\u00e9ile chun Tionscadal \u00c9ireann 2040, an creat uileghabh\u00e1lach beartais agus plean\u00e1la agus infheist\u00edochta d\u2019fhorbairt sh\u00f3isialta, eacnama\u00edoch agus chult\u00fartha na h\u00c9ireann, a fhorbairt: <a href=\"http:\/\/www.npf.ie\">www.npf.ie<\/a><\/li>\n<\/ul>\n\n\n\n<ul class=\"has-ast-global-color-5-color has-text-color has-link-color has-medium-font-size wp-block-list wp-elements-65ed337150e778c51cc209b4bb39afb2\">\n<li>Leagann an CNP amach beartais agus cusp\u00f3ir\u00ed n\u00e1isi\u00fanta ardleibh\u00e9il, at\u00e1 riachtanach chun plean\u00e1il cheart agus forbairt inbhuanaithe a bhaint amach, le f\u00eds shoil\u00e9ir chun cinnt\u00ed forbartha agus infheist\u00edochta a threor\u00fa amach anseo.<\/li>\n<\/ul>\n<\/div>\n<\/div>\n<\/div>\n<\/div>\n<\/section>\n\n<section class=\"inherit-container-width wp-block-group alignfull has-ast-global-color-8-background-color has-background is-layout-constrained wp-block-group-is-layout-constrained\">\n<div class=\"wp-block-columns is-layout-flex wp-container-core-columns-is-layout-28f84493 wp-block-columns-is-layout-flex\">\n<div class=\"wp-block-column ticss-df6151e4 has-ast-global-color-8-background-color has-background is-layout-flow wp-block-column-is-layout-flow\" style=\"padding-top:var(--wp--preset--spacing--50);padding-right:var(--wp--preset--spacing--50);padding-bottom:var(--wp--preset--spacing--50);padding-left:var(--wp--preset--spacing--50)\">\n<div class=\"wp-block-columns is-layout-flex wp-container-core-columns-is-layout-28f84493 wp-block-columns-is-layout-flex\">\n<div class=\"wp-block-column is-layout-flow wp-block-column-is-layout-flow\">\n<h2 class=\"wp-block-heading has-text-align-center\">An Ch\u00e9ad Athbhreithni\u00fa ar an gCreat Plean\u00e1la N\u00e1isi\u00fanta<\/h2>\n\n\n\n<p class=\"has-medium-font-size\">\u00c1ir\u00edtear san Acht um Plean\u00e1il agus Forbairt, 2000 (arna leas\u00fa) meicn\u00edochta\u00ed ionsuite a cheada\u00edonn athbhreithni\u00fa rialta agus athshol\u00e1thar an CNP. T\u00e1 leasuithe den s\u00f3rt sin \u00e1bhartha chun imthosca athraitheacha a tharla \u00f3 foils\u00edodh an CNP a l\u00e9iri\u00fa.<\/p>\n\n\n\n<p class=\"has-medium-font-size\">Gheall an Cl\u00e1r don Rialtas (CdR) freisin go nd\u00e9anfa\u00ed athbhreithni\u00fa ar an CNP in 2024. Aibhs\u00edonn an CdR go n-aithn\u00edonn an CNP an \u2018t\u00e1bhacht r\u00edth\u00e1bhachtach a bhaineann le forbairt r\u00e9igi\u00fanach chothrom, f\u00e1s cnuasaithe agus dl\u00fath, agus nascacht fheabhsaithe chun rath\u00fanas eacnama\u00edoch agus inbhuanaitheacht chomhshaoil a sheachadadh\u2019.<\/p>\n\n\n\n<p class=\"has-medium-font-size\">Ar an 20 Meitheamh 2023, thug an Rialtas faomhadh chun t\u00fas a chur leis an bpr\u00f3iseas chun tabhairt faoin gC\u00e9ad Athbhreithni\u00fa ar an CNP, de bhun Alt 20C (5) den Acht um Plean\u00e1il agus Forbairt, 2000 (arna leas\u00fa) agus chun Treochl\u00e1r don Ch\u00e9ad Athbhreithni\u00fa a fhoilsi\u00fa ina leagtar amach an pr\u00f3iseas agus an aml\u00edne don phr\u00f3iseas athbhreithnithe: <a href=\"https:\/\/www.gov.ie\/pdf\/?file=https:\/\/assets.gov.ie\/261206\/107b5edc-533d-4f74-8c85-00763d457503.pdf#page=null.\" target=\"_blank\" rel=\"noreferrer noopener\">Treochl\u00e1r<\/a><\/p>\n\n\n\n<p class=\"has-medium-font-size\">Mar a l\u00e9ir\u00edodh sa Treochl\u00e1r don Ch\u00e9ad Athbhreithni\u00fa, aithn\u00edodh roinnt pr\u00edomhch\u00fains\u00ed don athbhreithni\u00fa:<\/p>\n\n\n\n<ul class=\"has-medium-font-size wp-block-list\">\n<li>Aistri\u00fa Aer\u00e1ide \u2013 aghaidh a thabhairt ar spriocanna asta\u00edochta\u00ed earn\u00e1la agus ar an bPlean Gn\u00edomhaithe ar son na hAer\u00e1ide 2023;<\/li>\n\n\n\n<li>Forbairt R\u00e9igi\u00fanach \u2013 r\u00e9altacht na huaillmh\u00e9ine r\u00e9igi\u00fana\u00ed agus an d\u00fashl\u00e1n a bhaineann le haistri\u00fa \u00f3 \u2018gn\u00f3 mar is gn\u00e1ch\u2019;<\/li>\n\n\n\n<li>D\u00e9imeagrafaigh Athraithe agus \u00c9ags\u00fala \u2013 plean\u00e1il le haghaidh \u00e9iginnteachta;<\/li>\n\n\n\n<li>Digiti\u00fa \u2013 Tionchair ar obair, ar mhiond\u00edol, ar chomait\u00e9ireacht agus ar r\u00e9igi\u00fain; agus<\/li>\n\n\n\n<li>Infheist\u00edocht agus Tosa\u00edocht &#8211; uaini\u00fa agus sol\u00e1thar.<\/li>\n<\/ul>\n\n\n\n<p class=\"has-medium-font-size\">Buna\u00edodh Gr\u00fapa Saineolaithe ar a bhfuil tri\u00far saineolaithe neamhsple\u00e1cha a bhfuil taith\u00ed acu ar phlean\u00e1il sp\u00e1s\u00falachta, ar fhorbairt eacnama\u00edoch agus sh\u00f3isialta agus ar chosaint an chomhshaoil, i m\u00ed an Mh\u00e1rta 2023. D\u2019iarr an tAire Tith\u00edochta, Rialtais \u00c1iti\u00fail agus Oidhreachta ar an nGr\u00fapa Saineolaithe, forbhreathn\u00fa ardleibh\u00e9il a shol\u00e1thar ar an CNP, a foils\u00edodh in 2018, agus nithe a aithint a bheadh le pl\u00e9 sa ch\u00e9ad athbhreithni\u00fa reacht\u00fail ar an CNP. Chuir an Sainghr\u00fapa a dtuarasc\u00e1il faoi bhr\u00e1id an Aire O\u2019Brien ar an 16 L\u00fanasa 2023: <a href=\"https:\/\/www.gov.ie\/pdf\/?file=https:\/\/assets.gov.ie\/269769\/2849f227-34e6-46da-82ff-6775c8fcb646.pdf\" target=\"_blank\" rel=\"noreferrer noopener\">Tuarasc\u00e1il an Ghr\u00fapa Saineolaithe<\/a><\/p>\n\n\n\n<p class=\"has-medium-font-size\">Mar thoradh ar Dhaon\u00e1ireamh 2022, d\u2019fhostaigh an Roinn Tith\u00edochta, Rialtais \u00c1iti\u00fail agus Oidhreachta an Institi\u00faid Eacnama\u00edochta, S\u00f3isialta agus Taighde (ESRI) chun a r\u00e9amh-mheastach\u00e1in roimhe seo maidir le f\u00e1s daonra a nuashonr\u00fa go dt\u00ed 2040, bunaithe ar shamhalt\u00fa d\u00e9imeagrafach agus eacnaim\u00e9adrach agus ag f\u00e9achaint do thortha\u00ed Dhaon\u00e1ireamh 2022 agus facht\u00f3ir\u00ed eile a d\u2019fh\u00e9adfadh tionchar a bheith acu ar thorth\u00falacht, ar bh\u00e1smhaireacht agus ar threochta\u00ed imirce. Ina theannta sin, leagfaidh an taighde amach r\u00e9amh-mheastach\u00e1in a bhaineann leis an \u00e9ileamh ar thith\u00edocht strucht\u00farach ag f\u00e9achaint do thosca mar cheannaireacht agus d\u00edfheidhmeacht.<\/p>\n\n\n\n<p class=\"has-medium-font-size\">T\u00e1 sonra\u00ed an ESRI ag teast\u00e1il chun na nuashonruithe ar spriocanna daonra a thabhairt chun cr\u00edche ar bhonn r\u00e9igi\u00fanach go dt\u00ed 2030 agus 2040 mar at\u00e1 san \u00e1ireamh sa strait\u00e9is, agus pr\u00edomhghn\u00e9ithe eile a bhaineann le l\u00edon measta na dtithe a bhfuil g\u00e1 le freastal orthu thar an tr\u00e9imhse go dt\u00ed 2040. <\/p>\n\n\n\n<p class=\"has-medium-font-size\">D\u00e1 r\u00e9ir sin, ar an 5 M\u00e1rta 2024, d\u2019aontaigh an Rialtas cead\u00fa dr\u00e9achta agus deiridh CNP athbhreithnithe a chur siar agus t\u00e1 aml\u00edne athbhreithnithe don phr\u00f3iseas ceadaithe &#8211; <a href=\"https:\/\/www.gov.ie\/en\/press-release\/b7288-statement-from-department-of-housing-local-government-and-heritage\/\">Preasr\u00e1itis<\/a><\/p>\n\n\n\n<p class=\"has-medium-font-size\">T\u00e1 aml\u00edne athbhreithnithe an phr\u00f3isis athbhreithnithe mar at\u00e1 th\u00edos:<\/p>\n\n\n\n<ul class=\"has-medium-font-size wp-block-list\">\n<li><strong>Dr\u00e9achtch\u00e9im (Meitheamh\/I\u00fail 2024):<\/strong> Foilsi\u00fa dr\u00e9acht-athbhreithni\u00fa an CNP agus meas\u00fanuithe teicni\u00fala a th\u00e9ann leis i gcomhairli\u00fach\u00e1n poibl\u00ed n\u00e1isi\u00fanta.<\/li>\n\n\n\n<li><strong>C\u00e9im an Leasaithe (L\u00fanasa 2024):<\/strong> Athbhreithni\u00fa agus breithni\u00fa ar aighneachta\u00ed agus aon leasuithe \u00e1bhartha a chur i bhfeidhm.<\/li>\n\n\n\n<li><strong>An Ch\u00e9im Dheiridh (Me\u00e1n F\u00f3mhair 2024):<\/strong> Faomhadh an doicim\u00e9id deiridh agus an foilsi\u00fa ina dhiaidh sin.<\/li>\n<\/ul>\n<\/div>\n\n\n\n<div class=\"wp-block-column is-vertically-aligned-top ticss-f0d51eeb has-ast-global-color-6-background-color has-background is-layout-flow wp-block-column-is-layout-flow\" style=\"padding-top:var(--wp--preset--spacing--50);padding-right:var(--wp--preset--spacing--50);padding-bottom:var(--wp--preset--spacing--50);padding-left:var(--wp--preset--spacing--50);flex-basis:35%\">\n<h2 class=\"wp-block-heading has-text-align-center has-text-color\" style=\"color:#211f21;font-size:22px\">Naisc Ghasta<\/h2>\n\n\n\n<div class=\"wp-block-buttons is-content-justification-center is-layout-flex wp-container-core-buttons-is-layout-a89b3969 wp-block-buttons-is-layout-flex\">\n<div class=\"wp-block-button has-custom-font-size has-medium-font-size\"><a class=\"wp-block-button__link wp-element-button\" href=\"https:\/\/www.gov.ie\/pdf\/?file=https:\/\/assets.gov.ie\/261206\/107b5edc-533d-4f74-8c85-00763d457503.pdf#page=null.\" target=\"_blank\" rel=\"noreferrer noopener\">Treochl\u00e1r<\/a><\/div>\n<\/div>\n\n\n\n<div class=\"wp-block-buttons is-content-justification-center is-layout-flex wp-container-core-buttons-is-layout-a89b3969 wp-block-buttons-is-layout-flex\">\n<div class=\"wp-block-button has-custom-font-size has-medium-font-size\"><a class=\"wp-block-button__link wp-element-button\" href=\"https:\/\/www.gov.ie\/pdf\/?file=https:\/\/assets.gov.ie\/269769\/2849f227-34e6-46da-82ff-6775c8fcb646.pdf\" target=\"_blank\" rel=\"noreferrer noopener\">Tuarasc\u00e1il an Ghr\u00fapa Saineolaithe<\/a><\/div>\n<\/div>\n\n\n\n<div class=\"wp-block-buttons is-content-justification-center is-layout-flex wp-container-core-buttons-is-layout-a89b3969 wp-block-buttons-is-layout-flex\">\n<div class=\"wp-block-button has-custom-font-size has-medium-font-size\"><a class=\"wp-block-button__link wp-element-button\" href=\"https:\/\/www.gov.ie\/en\/press-release\/b7288-statement-from-department-of-housing-local-government-and-heritage\/\" target=\"_blank\" rel=\"noreferrer noopener\">Preasr\u00e1iteas an 5 M\u00e1rta 2024<\/a><\/div>\n<\/div>\n<\/div>\n<\/div>\n<\/div>\n<\/div>\n<\/section>\n\n<section class=\"inherit-container-width wp-block-group alignfull has-ast-global-color-5-color has-text-color has-background is-layout-constrained wp-block-group-is-layout-constrained\" style=\"background-color:#256382\">\n<div class=\"wp-block-columns is-layout-flex wp-container-core-columns-is-layout-28f84493 wp-block-columns-is-layout-flex\">\n<div class=\"wp-block-column is-layout-flow wp-block-column-is-layout-flow\">\n<figure class=\"wp-block-image size-full is-resized\"><img loading=\"lazy\" decoding=\"async\" width=\"500\" height=\"316\" src=\"https:\/\/www.npf.ie\/wp-content\/uploads\/npf_logo_feb18_reversed.png\" alt=\"&#xC9;ire 2040: An Tionscadal; An Creat N&#xE1;isi&#xFA;nta Plean&#xE1;la\" class=\"wp-image-2100\" style=\"width:200px;height:undefinedpx\" srcset=\"https:\/\/www.npf.ie\/wp-content\/uploads\/npf_logo_feb18_reversed.png 500w, https:\/\/www.npf.ie\/wp-content\/uploads\/npf_logo_feb18_reversed-300x190.png 300w\" sizes=\"auto, (max-width: 500px) 100vw, 500px\" \/><\/figure>\n\n\n\n<h3 class=\"wp-block-heading has-ast-global-color-5-color has-text-color\">Naisc \u00das\u00e1ideacha<\/h3>\n\n\n\n<ul id=\"menu-useful-links\" class=\"has-link-color has-medium-font-size wp-block-list wp-elements-cec2d0daa3f4e127a7133f7ab689acfa\">\n<li><a href=\"https:\/\/www.npf.ie\/ga\/an-creat-naisiunta-pleanala\/#publications\">Foilseach\u00e1in<\/a><\/li>\n\n\n\n<li><a href=\"https:\/\/www.npf.ie\/ga\/cookie-policy-eu\/\">Polasa\u00ed maidir le Fian\u00e1in<\/a><\/li>\n\n\n\n<li><a href=\"https:\/\/www.npf.ie\/ga\/suiomh-greasain-npf-ie-arna-bhainistiu-ag-nrup\/\">Polasa\u00ed Pr\u00edobh\u00e1ideachais<\/a><\/li>\n\n\n\n<li><a href=\"https:\/\/www.npf.ie\/ga\/inrochtaineacht\/\">Inrochtaineacht<\/a><\/li>\n<\/ul>\n<\/div>\n\n\n\n<div class=\"wp-block-column is-layout-flow wp-block-column-is-layout-flow\"><\/div>\n<\/div>\n<\/section>\n","protected":false},"excerpt":{"rendered":"<p>Comhth\u00e9acs don Chreat N\u00e1isi\u00fanta Plean\u00e1la 2018 An Ch\u00e9ad Athbhreithni\u00fa ar an gCreat Plean\u00e1la N\u00e1isi\u00fanta \u00c1ir\u00edtear san Acht um Plean\u00e1il agus [&hellip;]<\/p>\n","protected":false},"author":10,"featured_media":0,"parent":0,"menu_order":0,"comment_status":"closed","ping_status":"closed","template":"","meta":{"_uag_custom_page_level_css":"","site-sidebar-layout":"default","site-content-layout":"","ast-site-content-layout":"default","site-content-style":"default","site-sidebar-style":"default","ast-global-header-display":"","ast-banner-title-visibility":"","ast-main-header-display":"","ast-hfb-above-header-display":"","ast-hfb-below-header-display":"","ast-hfb-mobile-header-display":"","site-post-title":"disabled","ast-breadcrumbs-content":"","ast-featured-img":"","footer-sml-layout":"","ast-disable-related-posts":"","theme-transparent-header-meta":"","adv-header-id-meta":"","stick-header-meta":"","header-above-stick-meta":"","header-main-stick-meta":"","header-below-stick-meta":"","astra-migrate-meta-layouts":"default","ast-page-background-enabled":"default","ast-page-background-meta":{"desktop":{"background-color":"var(--ast-global-color-5)","background-image":"","background-repeat":"repeat","background-position":"center center","background-size":"auto","background-attachment":"scroll","background-type":"","background-media":"","overlay-type":"","overlay-color":"","overlay-opacity":"","overlay-gradient":""},"tablet":{"background-color":"","background-image":"","background-repeat":"repeat","background-position":"center center","background-size":"auto","background-attachment":"scroll","background-type":"","background-media":"","overlay-type":"","overlay-color":"","overlay-opacity":"","overlay-gradient":""},"mobile":{"background-color":"","background-image":"","background-repeat":"repeat","background-position":"center center","background-size":"auto","background-attachment":"scroll","background-type":"","background-media":"","overlay-type":"","overlay-color":"","overlay-opacity":"","overlay-gradient":""}},"ast-content-background-meta":{"desktop":{"background-color":"var(--ast-global-color-4)","background-image":"","background-repeat":"repeat","background-position":"center center","background-size":"auto","background-attachment":"scroll","background-type":"","background-media":"","overlay-type":"","overlay-color":"","overlay-opacity":"","overlay-gradient":""},"tablet":{"background-color":"var(--ast-global-color-4)","background-image":"","background-repeat":"repeat","background-position":"center center","background-size":"auto","background-attachment":"scroll","background-type":"","background-media":"","overlay-type":"","overlay-color":"","overlay-opacity":"","overlay-gradient":""},"mobile":{"background-color":"var(--ast-global-color-4)","background-image":"","background-repeat":"repeat","background-position":"center center","background-size":"auto","background-attachment":"scroll","background-type":"","background-media":"","overlay-type":"","overlay-color":"","overlay-opacity":"","overlay-gradient":""}},"footnotes":""},"class_list":["post-3785","page","type-page","status-publish","hentry"],"yoast_head":"<!-- This site is optimized with the Yoast SEO plugin v27.5 - https:\/\/yoast.com\/product\/yoast-seo-wordpress\/ -->\n<title>Baile - The National Planning Framework<\/title>\n<meta name=\"robots\" content=\"index, follow, max-snippet:-1, max-image-preview:large, max-video-preview:-1\" \/>\n<link rel=\"canonical\" href=\"https:\/\/www.npf.ie\/ga\/baile\/\" \/>\n<meta property=\"og:locale\" content=\"ga_IE\" \/>\n<meta property=\"og:type\" content=\"article\" \/>\n<meta property=\"og:title\" content=\"Baile - The National Planning Framework\" \/>\n<meta property=\"og:description\" content=\"Comhth\u00e9acs don Chreat N\u00e1isi\u00fanta Plean\u00e1la 2018 An Ch\u00e9ad Athbhreithni\u00fa ar an gCreat Plean\u00e1la N\u00e1isi\u00fanta \u00c1ir\u00edtear san Acht um Plean\u00e1il agus [&hellip;]\" \/>\n<meta property=\"og:url\" content=\"https:\/\/www.npf.ie\/ga\/baile\/\" \/>\n<meta property=\"og:site_name\" content=\"The National Planning Framework\" \/>\n<meta property=\"article:modified_time\" content=\"2024-05-20T15:33:33+00:00\" \/>\n<meta property=\"og:image\" content=\"https:\/\/www.npf.ie\/wp-content\/uploads\/npf_logo_feb18_reversed.png\" \/>\n<meta name=\"twitter:card\" content=\"summary_large_image\" \/>\n<meta name=\"twitter:label1\" content=\"Est. reading time\" \/>\n\t<meta name=\"twitter:data1\" content=\"4 minutes\" \/>\n<script type=\"application\/ld+json\" class=\"yoast-schema-graph\">{\"@context\":\"https:\\\/\\\/schema.org\",\"@graph\":[{\"@type\":\"WebPage\",\"@id\":\"https:\\\/\\\/www.npf.ie\\\/ga\\\/baile\\\/\",\"url\":\"https:\\\/\\\/www.npf.ie\\\/ga\\\/baile\\\/\",\"name\":\"Baile - The National Planning Framework\",\"isPartOf\":{\"@id\":\"https:\\\/\\\/www.npf.ie\\\/ga\\\/#website\"},\"primaryImageOfPage\":{\"@id\":\"https:\\\/\\\/www.npf.ie\\\/ga\\\/baile\\\/#primaryimage\"},\"image\":{\"@id\":\"https:\\\/\\\/www.npf.ie\\\/ga\\\/baile\\\/#primaryimage\"},\"thumbnailUrl\":\"https:\\\/\\\/www.npf.ie\\\/wp-content\\\/uploads\\\/npf_logo_feb18_reversed.png\",\"datePublished\":\"2014-03-06T13:59:56+00:00\",\"dateModified\":\"2024-05-20T15:33:33+00:00\",\"breadcrumb\":{\"@id\":\"https:\\\/\\\/www.npf.ie\\\/ga\\\/baile\\\/#breadcrumb\"},\"inLanguage\":\"ga-IE\",\"potentialAction\":[{\"@type\":\"ReadAction\",\"target\":[\"https:\\\/\\\/www.npf.ie\\\/ga\\\/baile\\\/\"]}]},{\"@type\":\"ImageObject\",\"inLanguage\":\"ga-IE\",\"@id\":\"https:\\\/\\\/www.npf.ie\\\/ga\\\/baile\\\/#primaryimage\",\"url\":\"https:\\\/\\\/www.npf.ie\\\/wp-content\\\/uploads\\\/npf_logo_feb18_reversed.png\",\"contentUrl\":\"https:\\\/\\\/www.npf.ie\\\/wp-content\\\/uploads\\\/npf_logo_feb18_reversed.png\"},{\"@type\":\"BreadcrumbList\",\"@id\":\"https:\\\/\\\/www.npf.ie\\\/ga\\\/baile\\\/#breadcrumb\",\"itemListElement\":[{\"@type\":\"ListItem\",\"position\":1,\"name\":\"Home\",\"item\":\"https:\\\/\\\/www.npf.ie\\\/ga\\\/\"},{\"@type\":\"ListItem\",\"position\":2,\"name\":\"Baile\"}]},{\"@type\":\"WebSite\",\"@id\":\"https:\\\/\\\/www.npf.ie\\\/ga\\\/#website\",\"url\":\"https:\\\/\\\/www.npf.ie\\\/ga\\\/\",\"name\":\"National Planning Framework\",\"description\":\"\",\"publisher\":{\"@id\":\"https:\\\/\\\/www.npf.ie\\\/ga\\\/#organization\"},\"potentialAction\":[{\"@type\":\"SearchAction\",\"target\":{\"@type\":\"EntryPoint\",\"urlTemplate\":\"https:\\\/\\\/www.npf.ie\\\/ga\\\/?s={search_term_string}\"},\"query-input\":{\"@type\":\"PropertyValueSpecification\",\"valueRequired\":true,\"valueName\":\"search_term_string\"}}],\"inLanguage\":\"ga-IE\"},{\"@type\":\"Organization\",\"@id\":\"https:\\\/\\\/www.npf.ie\\\/ga\\\/#organization\",\"name\":\"Department of Housing, Local Government and Heritage\",\"url\":\"https:\\\/\\\/www.npf.ie\\\/ga\\\/\",\"logo\":{\"@type\":\"ImageObject\",\"inLanguage\":\"ga-IE\",\"@id\":\"https:\\\/\\\/www.npf.ie\\\/ga\\\/#\\\/schema\\\/logo\\\/image\\\/\",\"url\":\"https:\\\/\\\/www.npf.ie\\\/wp-content\\\/uploads\\\/npf_logo_feb18_horizontal-3-1-1.png\",\"contentUrl\":\"https:\\\/\\\/www.npf.ie\\\/wp-content\\\/uploads\\\/npf_logo_feb18_horizontal-3-1-1.png\",\"width\":255,\"height\":46,\"caption\":\"Department of Housing, Local Government and Heritage\"},\"image\":{\"@id\":\"https:\\\/\\\/www.npf.ie\\\/ga\\\/#\\\/schema\\\/logo\\\/image\\\/\"}}]}<\/script>\n<!-- \/ Yoast SEO plugin. -->","yoast_head_json":{"title":"Baile - The National Planning Framework","robots":{"index":"index","follow":"follow","max-snippet":"max-snippet:-1","max-image-preview":"max-image-preview:large","max-video-preview":"max-video-preview:-1"},"canonical":"https:\/\/www.npf.ie\/ga\/baile\/","og_locale":"ga_IE","og_type":"article","og_title":"Baile - The National Planning Framework","og_description":"Comhth\u00e9acs don Chreat N\u00e1isi\u00fanta Plean\u00e1la 2018 An Ch\u00e9ad Athbhreithni\u00fa ar an gCreat Plean\u00e1la N\u00e1isi\u00fanta \u00c1ir\u00edtear san Acht um Plean\u00e1il agus [&hellip;]","og_url":"https:\/\/www.npf.ie\/ga\/baile\/","og_site_name":"The National Planning Framework","article_modified_time":"2024-05-20T15:33:33+00:00","og_image":[{"url":"https:\/\/www.npf.ie\/wp-content\/uploads\/npf_logo_feb18_reversed.png","type":"","width":"","height":""}],"twitter_card":"summary_large_image","twitter_misc":{"Est. reading time":"4 minutes"},"schema":{"@context":"https:\/\/schema.org","@graph":[{"@type":"WebPage","@id":"https:\/\/www.npf.ie\/ga\/baile\/","url":"https:\/\/www.npf.ie\/ga\/baile\/","name":"Baile - The National Planning Framework","isPartOf":{"@id":"https:\/\/www.npf.ie\/ga\/#website"},"primaryImageOfPage":{"@id":"https:\/\/www.npf.ie\/ga\/baile\/#primaryimage"},"image":{"@id":"https:\/\/www.npf.ie\/ga\/baile\/#primaryimage"},"thumbnailUrl":"https:\/\/www.npf.ie\/wp-content\/uploads\/npf_logo_feb18_reversed.png","datePublished":"2014-03-06T13:59:56+00:00","dateModified":"2024-05-20T15:33:33+00:00","breadcrumb":{"@id":"https:\/\/www.npf.ie\/ga\/baile\/#breadcrumb"},"inLanguage":"ga-IE","potentialAction":[{"@type":"ReadAction","target":["https:\/\/www.npf.ie\/ga\/baile\/"]}]},{"@type":"ImageObject","inLanguage":"ga-IE","@id":"https:\/\/www.npf.ie\/ga\/baile\/#primaryimage","url":"https:\/\/www.npf.ie\/wp-content\/uploads\/npf_logo_feb18_reversed.png","contentUrl":"https:\/\/www.npf.ie\/wp-content\/uploads\/npf_logo_feb18_reversed.png"},{"@type":"BreadcrumbList","@id":"https:\/\/www.npf.ie\/ga\/baile\/#breadcrumb","itemListElement":[{"@type":"ListItem","position":1,"name":"Home","item":"https:\/\/www.npf.ie\/ga\/"},{"@type":"ListItem","position":2,"name":"Baile"}]},{"@type":"WebSite","@id":"https:\/\/www.npf.ie\/ga\/#website","url":"https:\/\/www.npf.ie\/ga\/","name":"National Planning Framework","description":"","publisher":{"@id":"https:\/\/www.npf.ie\/ga\/#organization"},"potentialAction":[{"@type":"SearchAction","target":{"@type":"EntryPoint","urlTemplate":"https:\/\/www.npf.ie\/ga\/?s={search_term_string}"},"query-input":{"@type":"PropertyValueSpecification","valueRequired":true,"valueName":"search_term_string"}}],"inLanguage":"ga-IE"},{"@type":"Organization","@id":"https:\/\/www.npf.ie\/ga\/#organization","name":"Department of Housing, Local Government and Heritage","url":"https:\/\/www.npf.ie\/ga\/","logo":{"@type":"ImageObject","inLanguage":"ga-IE","@id":"https:\/\/www.npf.ie\/ga\/#\/schema\/logo\/image\/","url":"https:\/\/www.npf.ie\/wp-content\/uploads\/npf_logo_feb18_horizontal-3-1-1.png","contentUrl":"https:\/\/www.npf.ie\/wp-content\/uploads\/npf_logo_feb18_horizontal-3-1-1.png","width":255,"height":46,"caption":"Department of Housing, Local Government and Heritage"},"image":{"@id":"https:\/\/www.npf.ie\/ga\/#\/schema\/logo\/image\/"}}]}},"spectra_custom_meta":{"_alp_processed":["1543839163"],"_top_nav_excluded":[""],"_cms_nav_minihome":[""],"_wp_page_template":["default"],"_wpml_word_count":["{\"total\":2,\"to_translate\":{\"en\":2}}"],"_oembed_5cbb060c92e5e939f1d2357986fa8278":["<iframe width=\"500\" height=\"281\" src=\"https:\/\/www.youtube.com\/embed\/jkz63SbwhMY?feature=oembed\" frameborder=\"0\" allow=\"autoplay; encrypted-media\" allowfullscreen><\/iframe>"],"_oembed_time_5cbb060c92e5e939f1d2357986fa8278":["1528989319"],"_edit_lock":["1716220071:7"],"_edit_last":["7"],"_wpb_vc_js_status":["false"],"_wpml_media_duplicate":["1"],"_wp_attachment_metadata":[""],"rs_page_bg_color":["#ffffff"],"_last_translation_edit_mode":["translation-editor"],"dt_portfolio_columns":["grid"],"dt_portfolio_navigation":["filter"],"dt_nav_number":["8"],"dt_blog_layout":["masonry-3-cols"],"dt_posts_number":["10"],"dt_sidebar_position":["no-sidebar"],"dt_all_sidebars":["sidebar"],"adv-header-id-meta":[""],"stick-header-meta":[""],"site-post-title":["disabled"],"theme-transparent-header-meta":[""],"_wpml_location_migration_done":["1"],"_wpb_post_custom_css":[".video-responsive {\r\n  text-align: center;\r\n}\r\n\r\n@media screen and (max-width: 720px) {\r\n  .video-responsive {\r\n    overflow: hidden;\r\n    padding-bottom: 56.25%;\r\n    position: relative;\r\n    height: 0;\r\n  }\r\n  .video-responsive iframe {\r\n    left: 0;\r\n    top: 0;\r\n    height: 100%;\r\n    width: 100%;\r\n    position: absolute;\r\n  }\r\n}"],"ast-site-content-layout":["default"],"dt_blog_vc_content":["below-posts"],"slide_template":["default"],"vc_teaser":["a:2:{s:4:\"data\";s:115:\"[{\"name\":\"title\",\"link\":\"post\"},{\"name\":\"image\",\"image\":\"featured\",\"link\":\"none\"},{\"name\":\"text\",\"mode\":\"excerpt\"}]\";s:7:\"bgcolor\";s:0:\"\";}"],"_uag_css_file_name":["uag-css-3785.css"],"amazonS3_cache":["a:2:{s:59:\"\/\/www.npf.ie\/wp-content\/uploads\/npf_logo_feb18_reversed.png\";a:2:{s:2:\"id\";i:2100;s:11:\"source_type\";s:13:\"media-library\";}s:59:\"\/\/cdn.npf.ie\/wp-content\/uploads\/npf_logo_feb18_reversed.png\";a:2:{s:2:\"id\";i:2100;s:11:\"source_type\";s:13:\"media-library\";}}"],"_uagb_previous_block_counts":["a:90:{s:21:\"uagb\/advanced-heading\";i:0;s:15:\"uagb\/blockquote\";i:0;s:12:\"uagb\/buttons\";i:0;s:18:\"uagb\/buttons-child\";i:0;s:19:\"uagb\/call-to-action\";i:0;s:15:\"uagb\/cf7-styler\";i:0;s:11:\"uagb\/column\";i:0;s:12:\"uagb\/columns\";i:0;s:14:\"uagb\/container\";i:0;s:21:\"uagb\/content-timeline\";i:0;s:27:\"uagb\/content-timeline-child\";i:0;s:14:\"uagb\/countdown\";i:0;s:12:\"uagb\/counter\";i:0;s:8:\"uagb\/faq\";i:0;s:14:\"uagb\/faq-child\";i:0;s:10:\"uagb\/forms\";i:0;s:17:\"uagb\/forms-accept\";i:0;s:19:\"uagb\/forms-checkbox\";i:0;s:15:\"uagb\/forms-date\";i:0;s:16:\"uagb\/forms-email\";i:0;s:17:\"uagb\/forms-hidden\";i:0;s:15:\"uagb\/forms-name\";i:0;s:16:\"uagb\/forms-phone\";i:0;s:16:\"uagb\/forms-radio\";i:0;s:17:\"uagb\/forms-select\";i:0;s:19:\"uagb\/forms-textarea\";i:0;s:17:\"uagb\/forms-toggle\";i:0;s:14:\"uagb\/forms-url\";i:0;s:14:\"uagb\/gf-styler\";i:0;s:15:\"uagb\/google-map\";i:0;s:11:\"uagb\/how-to\";i:0;s:16:\"uagb\/how-to-step\";i:0;s:9:\"uagb\/icon\";i:0;s:14:\"uagb\/icon-list\";i:0;s:20:\"uagb\/icon-list-child\";i:0;s:10:\"uagb\/image\";i:0;s:18:\"uagb\/image-gallery\";i:0;s:13:\"uagb\/info-box\";i:0;s:18:\"uagb\/inline-notice\";i:0;s:11:\"uagb\/lottie\";i:0;s:21:\"uagb\/marketing-button\";i:0;s:10:\"uagb\/modal\";i:0;s:18:\"uagb\/popup-builder\";i:0;s:16:\"uagb\/post-button\";i:0;s:18:\"uagb\/post-carousel\";i:0;s:17:\"uagb\/post-excerpt\";i:0;s:14:\"uagb\/post-grid\";i:0;s:15:\"uagb\/post-image\";i:0;s:17:\"uagb\/post-masonry\";i:0;s:14:\"uagb\/post-meta\";i:0;s:18:\"uagb\/post-taxonomy\";i:0;s:18:\"uagb\/post-timeline\";i:0;s:15:\"uagb\/post-title\";i:0;s:20:\"uagb\/restaurant-menu\";i:0;s:26:\"uagb\/restaurant-menu-child\";i:0;s:11:\"uagb\/review\";i:0;s:12:\"uagb\/section\";i:0;s:14:\"uagb\/separator\";i:0;s:11:\"uagb\/slider\";i:0;s:17:\"uagb\/slider-child\";i:0;s:17:\"uagb\/social-share\";i:0;s:23:\"uagb\/social-share-child\";i:0;s:16:\"uagb\/star-rating\";i:0;s:23:\"uagb\/sure-cart-checkout\";i:0;s:22:\"uagb\/sure-cart-product\";i:0;s:15:\"uagb\/sure-forms\";i:0;s:22:\"uagb\/table-of-contents\";i:0;s:9:\"uagb\/tabs\";i:0;s:15:\"uagb\/tabs-child\";i:0;s:18:\"uagb\/taxonomy-list\";i:0;s:9:\"uagb\/team\";i:0;s:16:\"uagb\/testimonial\";i:0;s:14:\"uagb\/wp-search\";i:0;s:19:\"uagb\/instagram-feed\";i:0;s:10:\"uagb\/login\";i:0;s:17:\"uagb\/loop-builder\";i:0;s:18:\"uagb\/loop-category\";i:0;s:20:\"uagb\/loop-pagination\";i:0;s:15:\"uagb\/loop-reset\";i:0;s:16:\"uagb\/loop-search\";i:0;s:14:\"uagb\/loop-sort\";i:0;s:17:\"uagb\/loop-wrapper\";i:0;s:13:\"uagb\/register\";i:0;s:19:\"uagb\/register-email\";i:0;s:24:\"uagb\/register-first-name\";i:0;s:23:\"uagb\/register-last-name\";i:0;s:22:\"uagb\/register-password\";i:0;s:30:\"uagb\/register-reenter-password\";i:0;s:19:\"uagb\/register-terms\";i:0;s:22:\"uagb\/register-username\";i:0;}"],"_uag_page_assets":["a:9:{s:3:\"css\";s:5444:\".wp-block-uagb-container.uagb-block-5aee6c9c.wp-block-uagb-container{color: var(--ast-global-color-5);}.wp-block-uagb-container.uagb-block-5aee6c9c.wp-block-uagb-container *{color: var(--ast-global-color-5);}.wp-block-uagb-container.uagb-block-5aee6c9c .uagb-container__shape-top svg{width: calc( 100% + 1.3px );}.wp-block-uagb-container.uagb-block-5aee6c9c .uagb-container__shape.uagb-container__shape-top .uagb-container__shape-fill{fill: rgba(51,51,51,1);}.wp-block-uagb-container.uagb-block-5aee6c9c .uagb-container__shape-bottom svg{width: calc( 100% + 1.3px );}.wp-block-uagb-container.uagb-block-5aee6c9c .uagb-container__shape.uagb-container__shape-bottom .uagb-container__shape-fill{fill: rgba(51,51,51,1);}.wp-block-uagb-container.uagb-block-5aee6c9c .uagb-container__video-wrap video{opacity: 1;}.wp-block-uagb-container.uagb-is-root-container .uagb-block-5aee6c9c{max-width: 100%;width: 100%;}.wp-block-uagb-container.uagb-is-root-container.alignfull.uagb-block-5aee6c9c > .uagb-container-inner-blocks-wrap{--inner-content-custom-width: min( 100%, 1200px);max-width: var(--inner-content-custom-width);width: 100%;flex-direction: column;align-items: center;justify-content: center;flex-wrap: nowrap;row-gap: 20px;column-gap: 20px;}.wp-block-uagb-container.uagb-block-5aee6c9c{box-shadow: 0px 0px   #00000070 ;padding-top: 10px;padding-bottom: 10px;padding-left: 10px;padding-right: 10px;margin-top:  !important;margin-bottom:  !important;overflow: visible;order: initial;border-color: inherit;background-color: #30665f;;row-gap: 20px;column-gap: 20px;}@media only screen and (max-width: 976px) {.wp-block-uagb-container.uagb-is-root-container .uagb-block-5aee6c9c{width: 100%;}.wp-block-uagb-container.uagb-is-root-container.alignfull.uagb-block-5aee6c9c > .uagb-container-inner-blocks-wrap{--inner-content-custom-width: min( 100%, 1024px);max-width: var(--inner-content-custom-width);width: 100%;}.wp-block-uagb-container.uagb-block-5aee6c9c{padding-top: 10px;padding-bottom: 10px;padding-left: 10px;padding-right: 10px;margin-top:  !important;margin-bottom:  !important;order: initial;background-color: #30665f;;}}@media only screen and (max-width: 767px) {.wp-block-uagb-container.uagb-is-root-container .uagb-block-5aee6c9c{max-width: 100%;width: 100%;}.wp-block-uagb-container.uagb-is-root-container.alignfull.uagb-block-5aee6c9c > .uagb-container-inner-blocks-wrap{--inner-content-custom-width: min( 100%, 767px);max-width: var(--inner-content-custom-width);width: 100%;flex-wrap: wrap;}.wp-block-uagb-container.uagb-block-5aee6c9c{padding-top: 10px;padding-bottom: 10px;padding-left: 10px;padding-right: 10px;margin-top:  !important;margin-bottom:  !important;order: initial;background-color: #30665f;;}}.wp-block-uagb-container.uagb-block-58e00206.wp-block-uagb-container{color: var(--ast-global-color-5);}.wp-block-uagb-container.uagb-block-58e00206.wp-block-uagb-container *{color: var(--ast-global-color-5);}.wp-block-uagb-container.uagb-block-58e00206 .uagb-container__shape-top svg{width: calc( 100% + 1.3px );}.wp-block-uagb-container.uagb-block-58e00206 .uagb-container__shape.uagb-container__shape-top .uagb-container__shape-fill{fill: rgba(51,51,51,1);}.wp-block-uagb-container.uagb-block-58e00206 .uagb-container__shape-bottom svg{width: calc( 100% + 1.3px );}.wp-block-uagb-container.uagb-block-58e00206 .uagb-container__shape.uagb-container__shape-bottom .uagb-container__shape-fill{fill: rgba(51,51,51,1);}.wp-block-uagb-container.uagb-block-58e00206 .uagb-container__video-wrap video{opacity: 1;}.wp-block-uagb-container.uagb-is-root-container .uagb-block-58e00206{max-width: 100%;width: 100%;}.wp-block-uagb-container.uagb-is-root-container.alignfull.uagb-block-58e00206 > .uagb-container-inner-blocks-wrap{--inner-content-custom-width: min( 100%, 1200px);max-width: var(--inner-content-custom-width);width: 100%;flex-direction: column;align-items: center;justify-content: center;flex-wrap: nowrap;row-gap: 20px;column-gap: 20px;}.wp-block-uagb-container.uagb-block-58e00206{box-shadow: 0px 0px   #00000070 ;padding-top: 10px;padding-bottom: 10px;padding-left: 10px;padding-right: 10px;margin-top:  !important;margin-bottom:  !important;overflow: visible;order: initial;border-color: inherit;background-color: #30665f;;row-gap: 20px;column-gap: 20px;}@media only screen and (max-width: 976px) {.wp-block-uagb-container.uagb-is-root-container .uagb-block-58e00206{width: 100%;}.wp-block-uagb-container.uagb-is-root-container.alignfull.uagb-block-58e00206 > .uagb-container-inner-blocks-wrap{--inner-content-custom-width: min( 100%, 1024px);max-width: var(--inner-content-custom-width);width: 100%;}.wp-block-uagb-container.uagb-block-58e00206{padding-top: 10px;padding-bottom: 10px;padding-left: 10px;padding-right: 10px;margin-top:  !important;margin-bottom:  !important;order: initial;background-color: #30665f;;}}@media only screen and (max-width: 767px) {.wp-block-uagb-container.uagb-is-root-container .uagb-block-58e00206{max-width: 100%;width: 100%;}.wp-block-uagb-container.uagb-is-root-container.alignfull.uagb-block-58e00206 > .uagb-container-inner-blocks-wrap{--inner-content-custom-width: min( 100%, 767px);max-width: var(--inner-content-custom-width);width: 100%;flex-wrap: wrap;}.wp-block-uagb-container.uagb-block-58e00206{padding-top: 10px;padding-bottom: 10px;padding-left: 10px;padding-right: 10px;margin-top:  !important;margin-bottom:  !important;order: initial;background-color: #30665f;;}}\";s:2:\"js\";s:0:\"\";s:18:\"current_block_list\";a:12:{i:0;s:20:\"themepunch\/revslider\";i:1;s:10:\"core\/group\";i:2;s:12:\"core\/columns\";i:3;s:11:\"core\/column\";i:6;s:12:\"core\/heading\";i:7;s:9:\"core\/list\";i:8;s:14:\"core\/list-item\";i:9;s:14:\"core\/paragraph\";i:10;s:12:\"core\/buttons\";i:11;s:11:\"core\/button\";i:15;s:10:\"core\/image\";i:16;s:14:\"uagb\/container\";}s:8:\"uag_flag\";b:1;s:11:\"uag_version\";s:10:\"1777364306\";s:6:\"gfonts\";a:0:{}s:10:\"gfonts_url\";s:0:\"\";s:12:\"gfonts_files\";a:0:{}s:14:\"uag_faq_layout\";b:0;}"]},"uagb_featured_image_src":{"full":false,"thumbnail":false,"medium":false,"medium_large":false,"large":false,"1536x1536":false,"2048x2048":false},"uagb_author_info":{"display_name":"Colette McCarthy","author_link":"https:\/\/www.npf.ie\/ga\/author\/colette-mccarthy\/"},"uagb_comment_info":0,"uagb_excerpt":"Comhth\u00e9acs don Chreat N\u00e1isi\u00fanta Plean\u00e1la 2018 An Ch\u00e9ad Athbhreithni\u00fa ar an gCreat Plean\u00e1la N\u00e1isi\u00fanta \u00c1ir\u00edtear san Acht um Plean\u00e1il agus [&hellip;]","_links":{"self":[{"href":"https:\/\/www.npf.ie\/ga\/wp-json\/wp\/v2\/pages\/3785","targetHints":{"allow":["GET"]}}],"collection":[{"href":"https:\/\/www.npf.ie\/ga\/wp-json\/wp\/v2\/pages"}],"about":[{"href":"https:\/\/www.npf.ie\/ga\/wp-json\/wp\/v2\/types\/page"}],"author":[{"embeddable":true,"href":"https:\/\/www.npf.ie\/ga\/wp-json\/wp\/v2\/users\/10"}],"replies":[{"embeddable":true,"href":"https:\/\/www.npf.ie\/ga\/wp-json\/wp\/v2\/comments?post=3785"}],"version-history":[{"count":52,"href":"https:\/\/www.npf.ie\/ga\/wp-json\/wp\/v2\/pages\/3785\/revisions"}],"predecessor-version":[{"id":7221,"href":"https:\/\/www.npf.ie\/ga\/wp-json\/wp\/v2\/pages\/3785\/revisions\/7221"}],"wp:attachment":[{"href":"https:\/\/www.npf.ie\/ga\/wp-json\/wp\/v2\/media?parent=3785"}],"curies":[{"name":"wp","href":"https:\/\/api.w.org\/{rel}","templated":true}]}}