
{"version":"1.0","provider_name":"The National Planning Framework","provider_url":"https:\/\/www.npf.ie\/ga\/","title":"Aighneachta\u00ed (Comhairli\u00fach\u00e1n R\u00e9amhdhr\u00e9achta) - The National Planning Framework","type":"rich","width":600,"height":338,"html":"<blockquote class=\"wp-embedded-content\" data-secret=\"KAnTH2hHET\"><a href=\"https:\/\/www.npf.ie\/ga\/aighneachtai-comhairliuchan-reamhdhreachta\/\">Aighneachta\u00ed <br\/>(Comhairli\u00fach\u00e1n R\u00e9amhdhr\u00e9achta)<\/a><\/blockquote><iframe sandbox=\"allow-scripts\" security=\"restricted\" src=\"https:\/\/www.npf.ie\/ga\/aighneachtai-comhairliuchan-reamhdhreachta\/embed\/#?secret=KAnTH2hHET\" width=\"600\" height=\"338\" title=\"&#8220;Aighneachta\u00ed &lt;br\/&gt;(Comhairli\u00fach\u00e1n R\u00e9amhdhr\u00e9achta)&#8221; &#8212; The National Planning Framework\" data-secret=\"KAnTH2hHET\" frameborder=\"0\" marginwidth=\"0\" marginheight=\"0\" scrolling=\"no\" class=\"wp-embedded-content\"><\/iframe><script>\n\/*! This file is auto-generated *\/\n!function(d,l){\"use strict\";l.querySelector&&d.addEventListener&&\"undefined\"!=typeof URL&&(d.wp=d.wp||{},d.wp.receiveEmbedMessage||(d.wp.receiveEmbedMessage=function(e){var t=e.data;if((t||t.secret||t.message||t.value)&&!\/[^a-zA-Z0-9]\/.test(t.secret)){for(var s,r,n,a=l.querySelectorAll('iframe[data-secret=\"'+t.secret+'\"]'),o=l.querySelectorAll('blockquote[data-secret=\"'+t.secret+'\"]'),c=new RegExp(\"^https?:$\",\"i\"),i=0;i<o.length;i++)o[i].style.display=\"none\";for(i=0;i<a.length;i++)s=a[i],e.source===s.contentWindow&&(s.removeAttribute(\"style\"),\"height\"===t.message?(1e3<(r=parseInt(t.value,10))?r=1e3:~~r<200&&(r=200),s.height=r):\"link\"===t.message&&(r=new URL(s.getAttribute(\"src\")),n=new URL(t.value),c.test(n.protocol))&&n.host===r.host&&l.activeElement===s&&(d.top.location.href=t.value))}},d.addEventListener(\"message\",d.wp.receiveEmbedMessage,!1),l.addEventListener(\"DOMContentLoaded\",function(){for(var e,t,s=l.querySelectorAll(\"iframe.wp-embedded-content\"),r=0;r<s.length;r++)(t=(e=s[r]).getAttribute(\"data-secret\"))||(t=Math.random().toString(36).substring(2,12),e.src+=\"#?secret=\"+t,e.setAttribute(\"data-secret\",t)),e.contentWindow.postMessage({message:\"ready\",secret:t},\"*\")},!1)))}(window,document);\n\/\/# sourceURL=https:\/\/www.npf.ie\/wp-includes\/js\/wp-embed.min.js\n<\/script>\n","description":"[vc_row][vc_column][vc_column_text] Fuarthas&nbsp;na haighneachta\u00ed seo a leanas mar chuid den Chomhairli\u00fach\u00e1n R\u00e9amhdhr\u00e9achta. [\/vc_column_text][\/vc_column][\/vc_row][vc_row][vc_column width=&#8221;1\/2&#8243;][vc_column_text]1-330 [\/vc_column_text][vc_column_text] 0001 Conor Tiernan0002 Grainne Conaty 0003 [&hellip;]"}